{"id":3733,"date":"2016-11-01T22:09:01","date_gmt":"2016-11-01T22:09:01","guid":{"rendered":"http:\/\/www.tvportugal.tv\/portal\/?page_id=3733"},"modified":"2016-12-12T01:26:13","modified_gmt":"2016-12-12T01:26:13","slug":"noticias-sintra-videos-portugal","status":"publish","type":"page","link":"https:\/\/www.tvportugal.tv\/portal\/noticias-sintra-videos-portugal\/","title":{"rendered":"SINTRA"},"content":{"rendered":"<p>[vc_row][vc_column]<div class=\"column_filters\"><div class=\"blog_wrapper isotope_wrapper clearfix\"><div class=\"posts_group lm_wrapper col-2 classic hide-more\"><div class=\"post-item isotope-item clearfix author-antonio-assuncao post-7951 post type-post status-publish format-standard has-post-thumbnail hentry category-cascais category-comunidade category-cultura category-educacao category-eventos category-festas category-junior category-mafra category-oeiras category-saude category-senior category-sintra category-varios tag-cascais tag-frederico-pinho-de-almeida tag-jose-filipe-ribeiro tag-junta-de-freguesia-de-alcabideche tag-nuno-piteira-lopes\" ><div class=\"date_label\">26\/06\/2025<\/div><div class=\"image_frame post-photo-wrapper scale-with-grid image\"><div class=\"image_wrapper\"><a href=\"https:\/\/www.tvportugal.tv\/portal\/tradicional-sardinhada-uniao-de-freguesias-cascais-estoril\/\"><div class=\"mask\"><\/div><img loading=\"lazy\" decoding=\"async\" width=\"400\" height=\"300\" src=\"https:\/\/www.tvportugal.tv\/portal\/wp-content\/uploads\/2025\/06\/Sardinhada-400x300.png\" class=\"scale-with-grid wp-post-image\" alt=\"&quot;A tradi\u00e7\u00e3o a cumprir-se, s\u00e3o 800 pessoas, cerca de 100 volunt\u00e1rios a ajudar a proporcionar uma tarde diferente daquilo que \u00e9 a verdadeira sardinhada da nossa terra. A sardinhada de Cascais realizada aqui na Charneca para todos aqueles que nos ajudaram ao longo do ano. Um agradecimento a todos eles por esta bel\u00edssima festa.&quot; Pedro Morais Soares, Presidente da Uni\u00e3o de Freguesias Cascais - Estoril. Reportagem, Imagem e Edi\u00e7\" itemprop=\"image\" srcset=\"https:\/\/www.tvportugal.tv\/portal\/wp-content\/uploads\/2025\/06\/Sardinhada-400x300.png 400w, https:\/\/www.tvportugal.tv\/portal\/wp-content\/uploads\/2025\/06\/Sardinhada-300x225.png 300w, https:\/\/www.tvportugal.tv\/portal\/wp-content\/uploads\/2025\/06\/Sardinhada-768x576.png 768w, https:\/\/www.tvportugal.tv\/portal\/wp-content\/uploads\/2025\/06\/Sardinhada-195x146.png 195w, https:\/\/www.tvportugal.tv\/portal\/wp-content\/uploads\/2025\/06\/Sardinhada-50x38.png 50w, https:\/\/www.tvportugal.tv\/portal\/wp-content\/uploads\/2025\/06\/Sardinhada-100x75.png 100w, https:\/\/www.tvportugal.tv\/portal\/wp-content\/uploads\/2025\/06\/Sardinhada-350x263.png 350w, https:\/\/www.tvportugal.tv\/portal\/wp-content\/uploads\/2025\/06\/Sardinhada.png 800w\" sizes=\"auto, (max-width: 400px) 100vw, 400px\" \/><\/a><div class=\"image_links double\"><a href=\"https:\/\/www.tvportugal.tv\/portal\/wp-content\/uploads\/2025\/06\/Sardinhada.png\" class=\"zoom\" rel=\"prettyphoto\"><i class=\"icon-search\"><\/i><\/a><a href=\"https:\/\/www.tvportugal.tv\/portal\/tradicional-sardinhada-uniao-de-freguesias-cascais-estoril\/\" class=\"link\"><i class=\"icon-link\"><\/i><\/a><\/div><\/div><\/div><div class=\"post-desc-wrapper\"><div class=\"post-desc\"><div class=\"post-head\"><div class=\"post-meta clearfix\"><div class=\"author-date\"><span class=\"vcard author post-author\"><span class=\"label\">By <\/span><i class=\"icon-user\"><\/i> <span class=\"fn\"><a href=\"https:\/\/www.tvportugal.tv\/portal\/author\/antonio-assuncao\/\">Antonio Assuncao<\/a><\/span><\/span> <span class=\"date\"><span class=\"label\">em <\/span><i class=\"icon-clock\"><\/i> <span class=\"post-date updated\">26\/06\/2025<\/span><\/span><\/div><div class=\"category\"><span class=\"cat-btn\">Categorias <i class=\"icon-down-dir\"><\/i><\/span><div class=\"cat-wrapper\"><ul class=\"post-categories\">\n\t<li><a href=\"https:\/\/www.tvportugal.tv\/portal\/televisao\/cascais\/\" rel=\"category tag\">Cascais<\/a><\/li>\n\t<li><a href=\"https:\/\/www.tvportugal.tv\/portal\/televisao\/comunidade\/\" rel=\"category tag\">Comunidade<\/a><\/li>\n\t<li><a href=\"https:\/\/www.tvportugal.tv\/portal\/televisao\/cultura\/\" rel=\"category tag\">Cultura<\/a><\/li>\n\t<li><a href=\"https:\/\/www.tvportugal.tv\/portal\/televisao\/educacao\/\" rel=\"category tag\">Educa\u00e7\u00e3o<\/a><\/li>\n\t<li><a href=\"https:\/\/www.tvportugal.tv\/portal\/televisao\/eventos\/\" rel=\"category tag\">Eventos<\/a><\/li>\n\t<li><a href=\"https:\/\/www.tvportugal.tv\/portal\/televisao\/festas\/\" rel=\"category tag\">Festas<\/a><\/li>\n\t<li><a href=\"https:\/\/www.tvportugal.tv\/portal\/televisao\/junior\/\" rel=\"category tag\">Junior<\/a><\/li>\n\t<li><a href=\"https:\/\/www.tvportugal.tv\/portal\/televisao\/mafra\/\" rel=\"category tag\">Mafra<\/a><\/li>\n\t<li><a href=\"https:\/\/www.tvportugal.tv\/portal\/televisao\/oeiras\/\" rel=\"category tag\">Oeiras<\/a><\/li>\n\t<li><a href=\"https:\/\/www.tvportugal.tv\/portal\/televisao\/saude\/\" rel=\"category tag\">Sa\u00fade<\/a><\/li>\n\t<li><a href=\"https:\/\/www.tvportugal.tv\/portal\/televisao\/senior\/\" rel=\"category tag\">S\u00e9nior<\/a><\/li>\n\t<li><a href=\"https:\/\/www.tvportugal.tv\/portal\/televisao\/sintra\/\" rel=\"category tag\">Sintra<\/a><\/li>\n\t<li><a href=\"https:\/\/www.tvportugal.tv\/portal\/televisao\/varios\/\" rel=\"category tag\">V\u00e1rios<\/a><\/li><\/ul><\/div><\/div><\/div><\/div><div class=\"post-title\"><h2 class=\"entry-title\" itemprop=\"headline\"><a href=\"https:\/\/www.tvportugal.tv\/portal\/tradicional-sardinhada-uniao-de-freguesias-cascais-estoril\/\">Tradicional Sardinhada Uni\u00e3o de Freguesias Cascais &#8211; Estoril<\/a><\/h2><\/div><div class=\"post-excerpt\">&#8220;A tradi\u00e7\u00e3o a cumprir-se, s\u00e3o 800 pessoas, cerca de 100 volunt\u00e1rios a ajudar a proporcionar uma tarde diferente daquilo que \u00e9 a verdadeira sardinhada da nossa terra. A sardinhada de Cascais realizada aqui na Charneca para todos aqueles que nos ajudaram ao longo do ano. Um agradecimento a todos eles<span class=\"excerpt-hellip\"> [\u2026]<\/span><\/div><div class=\"post-footer\"><div class=\"button-love\"><span class=\"love-text\">Voc\u00ea gosta disso?<\/span><a href=\"#\" class=\"mfn-love \" data-id=\"7951\"><span class=\"icons-wrapper\"><i class=\"icon-heart-empty-fa\"><\/i><i class=\"icon-heart-fa\"><\/i><\/span><span class=\"label\">33<\/span><\/a><\/div><div class=\"post-links\"><i class=\"icon-doc-text\"><\/i> <a href=\"https:\/\/www.tvportugal.tv\/portal\/tradicional-sardinhada-uniao-de-freguesias-cascais-estoril\/\" class=\"post-more\">Ler mais<\/a><\/div><\/div><\/div><\/div><\/div><div class=\"post-item isotope-item clearfix author-antonio-assuncao post-7934 post type-post status-publish format-standard has-post-thumbnail hentry category-cascais category-comunidade category-cultura category-educacao category-eventos category-festas category-junior category-mafra category-oeiras category-saude category-senior category-sintra category-varios tag-cascais tag-frederico-pinho-de-almeida tag-jose-filipe-ribeiro tag-junta-de-freguesia-de-alcabideche tag-nuno-piteira-lopes\" ><div class=\"date_label\">06\/04\/2025<\/div><div class=\"image_frame post-photo-wrapper scale-with-grid image\"><div class=\"image_wrapper\"><a href=\"https:\/\/www.tvportugal.tv\/portal\/4-encontro-de-modelismo-ferroviario-em-alcabideche\/\"><div class=\"mask\"><\/div><img loading=\"lazy\" decoding=\"async\" width=\"400\" height=\"300\" src=\"https:\/\/www.tvportugal.tv\/portal\/wp-content\/uploads\/2025\/04\/Captura-de-ecra\u0303-2025-04-06-a\u0300s-14.46.36-400x300.png\" class=\"scale-with-grid wp-post-image\" alt=\"4\u00ba. Encontro de Modelismo Ferrovi\u00e1rio em Alcabideche, Jos\u00e9 Filipe Ribeiro, Presidente da Junta de Freguesia de Alcabideche\" itemprop=\"image\" srcset=\"https:\/\/www.tvportugal.tv\/portal\/wp-content\/uploads\/2025\/04\/Captura-de-ecra\u0303-2025-04-06-a\u0300s-14.46.36-400x300.png 400w, https:\/\/www.tvportugal.tv\/portal\/wp-content\/uploads\/2025\/04\/Captura-de-ecra\u0303-2025-04-06-a\u0300s-14.46.36-300x225.png 300w, https:\/\/www.tvportugal.tv\/portal\/wp-content\/uploads\/2025\/04\/Captura-de-ecra\u0303-2025-04-06-a\u0300s-14.46.36-768x576.png 768w, https:\/\/www.tvportugal.tv\/portal\/wp-content\/uploads\/2025\/04\/Captura-de-ecra\u0303-2025-04-06-a\u0300s-14.46.36-195x146.png 195w, https:\/\/www.tvportugal.tv\/portal\/wp-content\/uploads\/2025\/04\/Captura-de-ecra\u0303-2025-04-06-a\u0300s-14.46.36-50x38.png 50w, https:\/\/www.tvportugal.tv\/portal\/wp-content\/uploads\/2025\/04\/Captura-de-ecra\u0303-2025-04-06-a\u0300s-14.46.36-100x75.png 100w, https:\/\/www.tvportugal.tv\/portal\/wp-content\/uploads\/2025\/04\/Captura-de-ecra\u0303-2025-04-06-a\u0300s-14.46.36-350x263.png 350w, https:\/\/www.tvportugal.tv\/portal\/wp-content\/uploads\/2025\/04\/Captura-de-ecra\u0303-2025-04-06-a\u0300s-14.46.36.png 800w\" sizes=\"auto, (max-width: 400px) 100vw, 400px\" \/><\/a><div class=\"image_links double\"><a href=\"https:\/\/www.tvportugal.tv\/portal\/wp-content\/uploads\/2025\/04\/Captura-de-ecra\u0303-2025-04-06-a\u0300s-14.46.36.png\" class=\"zoom\" rel=\"prettyphoto\"><i class=\"icon-search\"><\/i><\/a><a href=\"https:\/\/www.tvportugal.tv\/portal\/4-encontro-de-modelismo-ferroviario-em-alcabideche\/\" class=\"link\"><i class=\"icon-link\"><\/i><\/a><\/div><\/div><\/div><div class=\"post-desc-wrapper\"><div class=\"post-desc\"><div class=\"post-head\"><div class=\"post-meta clearfix\"><div class=\"author-date\"><span class=\"vcard author post-author\"><span class=\"label\">By <\/span><i class=\"icon-user\"><\/i> <span class=\"fn\"><a href=\"https:\/\/www.tvportugal.tv\/portal\/author\/antonio-assuncao\/\">Antonio Assuncao<\/a><\/span><\/span> <span class=\"date\"><span class=\"label\">em <\/span><i class=\"icon-clock\"><\/i> <span class=\"post-date updated\">06\/04\/2025<\/span><\/span><\/div><div class=\"category\"><span class=\"cat-btn\">Categorias <i class=\"icon-down-dir\"><\/i><\/span><div class=\"cat-wrapper\"><ul class=\"post-categories\">\n\t<li><a href=\"https:\/\/www.tvportugal.tv\/portal\/televisao\/cascais\/\" rel=\"category tag\">Cascais<\/a><\/li>\n\t<li><a href=\"https:\/\/www.tvportugal.tv\/portal\/televisao\/comunidade\/\" rel=\"category tag\">Comunidade<\/a><\/li>\n\t<li><a href=\"https:\/\/www.tvportugal.tv\/portal\/televisao\/cultura\/\" rel=\"category tag\">Cultura<\/a><\/li>\n\t<li><a href=\"https:\/\/www.tvportugal.tv\/portal\/televisao\/educacao\/\" rel=\"category tag\">Educa\u00e7\u00e3o<\/a><\/li>\n\t<li><a href=\"https:\/\/www.tvportugal.tv\/portal\/televisao\/eventos\/\" rel=\"category tag\">Eventos<\/a><\/li>\n\t<li><a href=\"https:\/\/www.tvportugal.tv\/portal\/televisao\/festas\/\" rel=\"category tag\">Festas<\/a><\/li>\n\t<li><a href=\"https:\/\/www.tvportugal.tv\/portal\/televisao\/junior\/\" rel=\"category tag\">Junior<\/a><\/li>\n\t<li><a href=\"https:\/\/www.tvportugal.tv\/portal\/televisao\/mafra\/\" rel=\"category tag\">Mafra<\/a><\/li>\n\t<li><a href=\"https:\/\/www.tvportugal.tv\/portal\/televisao\/oeiras\/\" rel=\"category tag\">Oeiras<\/a><\/li>\n\t<li><a href=\"https:\/\/www.tvportugal.tv\/portal\/televisao\/saude\/\" rel=\"category tag\">Sa\u00fade<\/a><\/li>\n\t<li><a href=\"https:\/\/www.tvportugal.tv\/portal\/televisao\/senior\/\" rel=\"category tag\">S\u00e9nior<\/a><\/li>\n\t<li><a href=\"https:\/\/www.tvportugal.tv\/portal\/televisao\/sintra\/\" rel=\"category tag\">Sintra<\/a><\/li>\n\t<li><a href=\"https:\/\/www.tvportugal.tv\/portal\/televisao\/varios\/\" rel=\"category tag\">V\u00e1rios<\/a><\/li><\/ul><\/div><\/div><\/div><\/div><div class=\"post-title\"><h2 class=\"entry-title\" itemprop=\"headline\"><a href=\"https:\/\/www.tvportugal.tv\/portal\/4-encontro-de-modelismo-ferroviario-em-alcabideche\/\">3\u00ba. Encontro de Modelismo Ferrovi\u00e1rio em Alcabideche<\/a><\/h2><\/div><div class=\"post-excerpt\">&#8220;Estamos aqui no , 3\u00ba.ano, \u00e9 o 3\u00ba. ano que fazemos a exposi\u00e7\u00e3o expotrains, \u00e9 um evento intergeranional que vai dos mais pequeninos aos jovens h\u00e1 mais tempo, para todas as idades.&#8221;Jos\u00e9 Filipe Ribeiro, Presidente da Junta de Freguesia de Alcabideche. Escutamos tamb\u00e9m, Eduardo Pulido, Clube N &#8211; Modelismo Ferrovi\u00e1rio.<span class=\"excerpt-hellip\"> [\u2026]<\/span><\/div><div class=\"post-footer\"><div class=\"button-love\"><span class=\"love-text\">Voc\u00ea gosta disso?<\/span><a href=\"#\" class=\"mfn-love \" data-id=\"7934\"><span class=\"icons-wrapper\"><i class=\"icon-heart-empty-fa\"><\/i><i class=\"icon-heart-fa\"><\/i><\/span><span class=\"label\">33<\/span><\/a><\/div><div class=\"post-links\"><i class=\"icon-doc-text\"><\/i> <a href=\"https:\/\/www.tvportugal.tv\/portal\/4-encontro-de-modelismo-ferroviario-em-alcabideche\/\" class=\"post-more\">Ler mais<\/a><\/div><\/div><\/div><\/div><\/div><div class=\"post-item isotope-item clearfix author-antonio-assuncao post-7907 post type-post status-publish format-standard has-post-thumbnail hentry category-cascais category-comunidade category-cultura category-educacao category-eventos category-festas category-junior category-mafra category-oeiras category-saude category-senior category-sintra category-varios tag-cascais tag-frederico-pinho-de-almeida tag-jose-filipe-ribeiro tag-junta-de-freguesia-de-alcabideche tag-nuno-piteira-lopes\" ><div class=\"date_label\">19\/12\/2024<\/div><div class=\"image_frame post-photo-wrapper scale-with-grid image\"><div class=\"image_wrapper\"><a href=\"https:\/\/www.tvportugal.tv\/portal\/mensagem-de-natal-carlos-carreiras-presidente-da-camara-municipal-de-cascais-2\/\"><div class=\"mask\"><\/div><img loading=\"lazy\" decoding=\"async\" width=\"400\" height=\"300\" src=\"https:\/\/www.tvportugal.tv\/portal\/wp-content\/uploads\/2024\/12\/Captura-de-ecra\u0303-2024-12-19-a\u0300s-21.08.29-400x300.png\" class=\"scale-with-grid wp-post-image\" alt=\"Mensagem de Natal, Carlos Carreiras, Presidente da C\u00e2mara Municipal de Cascais, Cascais, Vila de Cascais, Carreiras\" itemprop=\"image\" srcset=\"https:\/\/www.tvportugal.tv\/portal\/wp-content\/uploads\/2024\/12\/Captura-de-ecra\u0303-2024-12-19-a\u0300s-21.08.29-400x300.png 400w, https:\/\/www.tvportugal.tv\/portal\/wp-content\/uploads\/2024\/12\/Captura-de-ecra\u0303-2024-12-19-a\u0300s-21.08.29-300x225.png 300w, https:\/\/www.tvportugal.tv\/portal\/wp-content\/uploads\/2024\/12\/Captura-de-ecra\u0303-2024-12-19-a\u0300s-21.08.29-768x576.png 768w, https:\/\/www.tvportugal.tv\/portal\/wp-content\/uploads\/2024\/12\/Captura-de-ecra\u0303-2024-12-19-a\u0300s-21.08.29-195x146.png 195w, https:\/\/www.tvportugal.tv\/portal\/wp-content\/uploads\/2024\/12\/Captura-de-ecra\u0303-2024-12-19-a\u0300s-21.08.29-50x38.png 50w, https:\/\/www.tvportugal.tv\/portal\/wp-content\/uploads\/2024\/12\/Captura-de-ecra\u0303-2024-12-19-a\u0300s-21.08.29-100x75.png 100w, https:\/\/www.tvportugal.tv\/portal\/wp-content\/uploads\/2024\/12\/Captura-de-ecra\u0303-2024-12-19-a\u0300s-21.08.29-350x263.png 350w, https:\/\/www.tvportugal.tv\/portal\/wp-content\/uploads\/2024\/12\/Captura-de-ecra\u0303-2024-12-19-a\u0300s-21.08.29.png 800w\" sizes=\"auto, (max-width: 400px) 100vw, 400px\" \/><\/a><div class=\"image_links double\"><a href=\"https:\/\/www.tvportugal.tv\/portal\/wp-content\/uploads\/2024\/12\/Captura-de-ecra\u0303-2024-12-19-a\u0300s-21.08.29.png\" class=\"zoom\" rel=\"prettyphoto\"><i class=\"icon-search\"><\/i><\/a><a href=\"https:\/\/www.tvportugal.tv\/portal\/mensagem-de-natal-carlos-carreiras-presidente-da-camara-municipal-de-cascais-2\/\" class=\"link\"><i class=\"icon-link\"><\/i><\/a><\/div><\/div><\/div><div class=\"post-desc-wrapper\"><div class=\"post-desc\"><div class=\"post-head\"><div class=\"post-meta clearfix\"><div class=\"author-date\"><span class=\"vcard author post-author\"><span class=\"label\">By <\/span><i class=\"icon-user\"><\/i> <span class=\"fn\"><a href=\"https:\/\/www.tvportugal.tv\/portal\/author\/antonio-assuncao\/\">Antonio Assuncao<\/a><\/span><\/span> <span class=\"date\"><span class=\"label\">em <\/span><i class=\"icon-clock\"><\/i> <span class=\"post-date updated\">19\/12\/2024<\/span><\/span><\/div><div class=\"category\"><span class=\"cat-btn\">Categorias <i class=\"icon-down-dir\"><\/i><\/span><div class=\"cat-wrapper\"><ul class=\"post-categories\">\n\t<li><a href=\"https:\/\/www.tvportugal.tv\/portal\/televisao\/cascais\/\" rel=\"category tag\">Cascais<\/a><\/li>\n\t<li><a href=\"https:\/\/www.tvportugal.tv\/portal\/televisao\/comunidade\/\" rel=\"category tag\">Comunidade<\/a><\/li>\n\t<li><a href=\"https:\/\/www.tvportugal.tv\/portal\/televisao\/cultura\/\" rel=\"category tag\">Cultura<\/a><\/li>\n\t<li><a href=\"https:\/\/www.tvportugal.tv\/portal\/televisao\/educacao\/\" rel=\"category tag\">Educa\u00e7\u00e3o<\/a><\/li>\n\t<li><a href=\"https:\/\/www.tvportugal.tv\/portal\/televisao\/eventos\/\" rel=\"category tag\">Eventos<\/a><\/li>\n\t<li><a href=\"https:\/\/www.tvportugal.tv\/portal\/televisao\/festas\/\" rel=\"category tag\">Festas<\/a><\/li>\n\t<li><a href=\"https:\/\/www.tvportugal.tv\/portal\/televisao\/junior\/\" rel=\"category tag\">Junior<\/a><\/li>\n\t<li><a href=\"https:\/\/www.tvportugal.tv\/portal\/televisao\/mafra\/\" rel=\"category tag\">Mafra<\/a><\/li>\n\t<li><a href=\"https:\/\/www.tvportugal.tv\/portal\/televisao\/oeiras\/\" rel=\"category tag\">Oeiras<\/a><\/li>\n\t<li><a href=\"https:\/\/www.tvportugal.tv\/portal\/televisao\/saude\/\" rel=\"category tag\">Sa\u00fade<\/a><\/li>\n\t<li><a href=\"https:\/\/www.tvportugal.tv\/portal\/televisao\/senior\/\" rel=\"category tag\">S\u00e9nior<\/a><\/li>\n\t<li><a href=\"https:\/\/www.tvportugal.tv\/portal\/televisao\/sintra\/\" rel=\"category tag\">Sintra<\/a><\/li>\n\t<li><a href=\"https:\/\/www.tvportugal.tv\/portal\/televisao\/varios\/\" rel=\"category tag\">V\u00e1rios<\/a><\/li><\/ul><\/div><\/div><\/div><\/div><div class=\"post-title\"><h2 class=\"entry-title\" itemprop=\"headline\"><a href=\"https:\/\/www.tvportugal.tv\/portal\/mensagem-de-natal-carlos-carreiras-presidente-da-camara-municipal-de-cascais-2\/\">Mensagem de Natal | Carlos Carreiras | Presidente da C\u00e2mara Municipal de Cascais<\/a><\/h2><\/div><div class=\"post-excerpt\">&#8220;Este ser\u00e1 o \u00faltimo Natal enquanto Presidente de C\u00e2mara que me estou a dirigir a todos v\u00f3s, porque por impossibilidade legal j\u00e1 n\u00e3o poderei concorrer, portanto no pr\u00f3ximo Natal ser\u00e1 certamente um novo Presidente de C\u00e2mara, mas ainda assim, n\u00e3o quis deixar de desejar a todos um Feliz e Santo<span class=\"excerpt-hellip\"> [\u2026]<\/span><\/div><div class=\"post-footer\"><div class=\"button-love\"><span class=\"love-text\">Voc\u00ea gosta disso?<\/span><a href=\"#\" class=\"mfn-love \" data-id=\"7907\"><span class=\"icons-wrapper\"><i class=\"icon-heart-empty-fa\"><\/i><i class=\"icon-heart-fa\"><\/i><\/span><span class=\"label\">36<\/span><\/a><\/div><div class=\"post-links\"><i class=\"icon-doc-text\"><\/i> <a href=\"https:\/\/www.tvportugal.tv\/portal\/mensagem-de-natal-carlos-carreiras-presidente-da-camara-municipal-de-cascais-2\/\" class=\"post-more\">Ler mais<\/a><\/div><\/div><\/div><\/div><\/div><div class=\"post-item isotope-item clearfix author-antonio-assuncao post-7903 post type-post status-publish format-standard has-post-thumbnail hentry category-cascais category-comunidade category-cultura category-educacao category-eventos category-festas category-junior category-mafra category-oeiras category-saude category-senior category-sintra category-varios tag-cascais tag-frederico-pinho-de-almeida tag-jose-filipe-ribeiro tag-junta-de-freguesia-de-alcabideche tag-nuno-piteira-lopes\" ><div class=\"date_label\">12\/12\/2024<\/div><div class=\"image_frame post-photo-wrapper scale-with-grid image\"><div class=\"image_wrapper\"><a href=\"https:\/\/www.tvportugal.tv\/portal\/almoco-dos-seniores-da-freguesia-de-alcabideche\/\"><div class=\"mask\"><\/div><img loading=\"lazy\" decoding=\"async\" width=\"400\" height=\"300\" src=\"https:\/\/www.tvportugal.tv\/portal\/wp-content\/uploads\/2024\/12\/Captura-de-ecra\u0303-2024-12-15-a\u0300s-15.47.26-400x300.png\" class=\"scale-with-grid wp-post-image\" alt=\"Almo\u00e7o dos Seniores da Freguesia de Alcabideche, Junta de Freguesia de Alcabideche, Jos\u00e9 Filipe Ribeiro, Malveira Arena\" itemprop=\"image\" srcset=\"https:\/\/www.tvportugal.tv\/portal\/wp-content\/uploads\/2024\/12\/Captura-de-ecra\u0303-2024-12-15-a\u0300s-15.47.26-400x300.png 400w, https:\/\/www.tvportugal.tv\/portal\/wp-content\/uploads\/2024\/12\/Captura-de-ecra\u0303-2024-12-15-a\u0300s-15.47.26-300x225.png 300w, https:\/\/www.tvportugal.tv\/portal\/wp-content\/uploads\/2024\/12\/Captura-de-ecra\u0303-2024-12-15-a\u0300s-15.47.26-768x576.png 768w, https:\/\/www.tvportugal.tv\/portal\/wp-content\/uploads\/2024\/12\/Captura-de-ecra\u0303-2024-12-15-a\u0300s-15.47.26-195x146.png 195w, https:\/\/www.tvportugal.tv\/portal\/wp-content\/uploads\/2024\/12\/Captura-de-ecra\u0303-2024-12-15-a\u0300s-15.47.26-50x38.png 50w, https:\/\/www.tvportugal.tv\/portal\/wp-content\/uploads\/2024\/12\/Captura-de-ecra\u0303-2024-12-15-a\u0300s-15.47.26-100x75.png 100w, https:\/\/www.tvportugal.tv\/portal\/wp-content\/uploads\/2024\/12\/Captura-de-ecra\u0303-2024-12-15-a\u0300s-15.47.26-350x263.png 350w, https:\/\/www.tvportugal.tv\/portal\/wp-content\/uploads\/2024\/12\/Captura-de-ecra\u0303-2024-12-15-a\u0300s-15.47.26.png 800w\" sizes=\"auto, (max-width: 400px) 100vw, 400px\" \/><\/a><div class=\"image_links double\"><a href=\"https:\/\/www.tvportugal.tv\/portal\/wp-content\/uploads\/2024\/12\/Captura-de-ecra\u0303-2024-12-15-a\u0300s-15.47.26.png\" class=\"zoom\" rel=\"prettyphoto\"><i class=\"icon-search\"><\/i><\/a><a href=\"https:\/\/www.tvportugal.tv\/portal\/almoco-dos-seniores-da-freguesia-de-alcabideche\/\" class=\"link\"><i class=\"icon-link\"><\/i><\/a><\/div><\/div><\/div><div class=\"post-desc-wrapper\"><div class=\"post-desc\"><div class=\"post-head\"><div class=\"post-meta clearfix\"><div class=\"author-date\"><span class=\"vcard author post-author\"><span class=\"label\">By <\/span><i class=\"icon-user\"><\/i> <span class=\"fn\"><a href=\"https:\/\/www.tvportugal.tv\/portal\/author\/antonio-assuncao\/\">Antonio Assuncao<\/a><\/span><\/span> <span class=\"date\"><span class=\"label\">em <\/span><i class=\"icon-clock\"><\/i> <span class=\"post-date updated\">12\/12\/2024<\/span><\/span><\/div><div class=\"category\"><span class=\"cat-btn\">Categorias <i class=\"icon-down-dir\"><\/i><\/span><div class=\"cat-wrapper\"><ul class=\"post-categories\">\n\t<li><a href=\"https:\/\/www.tvportugal.tv\/portal\/televisao\/cascais\/\" rel=\"category tag\">Cascais<\/a><\/li>\n\t<li><a href=\"https:\/\/www.tvportugal.tv\/portal\/televisao\/comunidade\/\" rel=\"category tag\">Comunidade<\/a><\/li>\n\t<li><a href=\"https:\/\/www.tvportugal.tv\/portal\/televisao\/cultura\/\" rel=\"category tag\">Cultura<\/a><\/li>\n\t<li><a href=\"https:\/\/www.tvportugal.tv\/portal\/televisao\/educacao\/\" rel=\"category tag\">Educa\u00e7\u00e3o<\/a><\/li>\n\t<li><a href=\"https:\/\/www.tvportugal.tv\/portal\/televisao\/eventos\/\" rel=\"category tag\">Eventos<\/a><\/li>\n\t<li><a href=\"https:\/\/www.tvportugal.tv\/portal\/televisao\/festas\/\" rel=\"category tag\">Festas<\/a><\/li>\n\t<li><a href=\"https:\/\/www.tvportugal.tv\/portal\/televisao\/junior\/\" rel=\"category tag\">Junior<\/a><\/li>\n\t<li><a href=\"https:\/\/www.tvportugal.tv\/portal\/televisao\/mafra\/\" rel=\"category tag\">Mafra<\/a><\/li>\n\t<li><a href=\"https:\/\/www.tvportugal.tv\/portal\/televisao\/oeiras\/\" rel=\"category tag\">Oeiras<\/a><\/li>\n\t<li><a href=\"https:\/\/www.tvportugal.tv\/portal\/televisao\/saude\/\" rel=\"category tag\">Sa\u00fade<\/a><\/li>\n\t<li><a href=\"https:\/\/www.tvportugal.tv\/portal\/televisao\/senior\/\" rel=\"category tag\">S\u00e9nior<\/a><\/li>\n\t<li><a href=\"https:\/\/www.tvportugal.tv\/portal\/televisao\/sintra\/\" rel=\"category tag\">Sintra<\/a><\/li>\n\t<li><a href=\"https:\/\/www.tvportugal.tv\/portal\/televisao\/varios\/\" rel=\"category tag\">V\u00e1rios<\/a><\/li><\/ul><\/div><\/div><\/div><\/div><div class=\"post-title\"><h2 class=\"entry-title\" itemprop=\"headline\"><a href=\"https:\/\/www.tvportugal.tv\/portal\/almoco-dos-seniores-da-freguesia-de-alcabideche\/\">Almo\u00e7o dos Seniores da Freguesia de Alcabideche<\/a><\/h2><\/div><div class=\"post-excerpt\">&#8220;Estamos aqui em mais um almo\u00e7o com os seniores da Freguesia, um almo\u00e7o de Natal, este ano demos cumprimento aquilo que nos comprometemos o ano passado no almo\u00e7o de Natal que fazemos num espa\u00e7o maior para aumentarmos a lota\u00e7\u00e3o e assim poderem os seniores vir todos a este almo\u00e7o. Reportagem,<span class=\"excerpt-hellip\"> [\u2026]<\/span><\/div><div class=\"post-footer\"><div class=\"button-love\"><span class=\"love-text\">Voc\u00ea gosta disso?<\/span><a href=\"#\" class=\"mfn-love \" data-id=\"7903\"><span class=\"icons-wrapper\"><i class=\"icon-heart-empty-fa\"><\/i><i class=\"icon-heart-fa\"><\/i><\/span><span class=\"label\">34<\/span><\/a><\/div><div class=\"post-links\"><i class=\"icon-doc-text\"><\/i> <a href=\"https:\/\/www.tvportugal.tv\/portal\/almoco-dos-seniores-da-freguesia-de-alcabideche\/\" class=\"post-more\">Ler mais<\/a><\/div><\/div><\/div><\/div><\/div><div class=\"post-item isotope-item clearfix author-antonio-assuncao post-7896 post type-post status-publish format-standard has-post-thumbnail hentry category-cascais category-comunidade category-cultura category-educacao category-eventos category-festas category-junior category-mafra category-oeiras category-saude category-senior category-sintra category-varios tag-cascais tag-frederico-pinho-de-almeida tag-jose-filipe-ribeiro tag-junta-de-freguesia-de-alcabideche tag-nuno-piteira-lopes\" ><div class=\"date_label\">08\/12\/2024<\/div><div class=\"image_frame post-photo-wrapper scale-with-grid image\"><div class=\"image_wrapper\"><a href=\"https:\/\/www.tvportugal.tv\/portal\/cerimonia-de-entrega-de-diplomas-de-bolsas-e-premios-de-merito-3\/\"><div class=\"mask\"><\/div><img loading=\"lazy\" decoding=\"async\" width=\"400\" height=\"228\" src=\"https:\/\/www.tvportugal.tv\/portal\/wp-content\/uploads\/2024\/12\/Captura-de-ecra\u0303-2024-12-10-a\u0300s-16.51.32-400x228.png\" class=\"scale-with-grid wp-post-image\" alt=\"Cerim\u00f3nia de Entrega de Diplomas de Bolsas e Pr\u00e9mios de M\u00e9rito, Pedro Morais Soares, Junta de Freguesia Cascais Estoril\" itemprop=\"image\" srcset=\"https:\/\/www.tvportugal.tv\/portal\/wp-content\/uploads\/2024\/12\/Captura-de-ecra\u0303-2024-12-10-a\u0300s-16.51.32-400x228.png 400w, https:\/\/www.tvportugal.tv\/portal\/wp-content\/uploads\/2024\/12\/Captura-de-ecra\u0303-2024-12-10-a\u0300s-16.51.32-300x171.png 300w, https:\/\/www.tvportugal.tv\/portal\/wp-content\/uploads\/2024\/12\/Captura-de-ecra\u0303-2024-12-10-a\u0300s-16.51.32-1024x585.png 1024w, https:\/\/www.tvportugal.tv\/portal\/wp-content\/uploads\/2024\/12\/Captura-de-ecra\u0303-2024-12-10-a\u0300s-16.51.32-768x439.png 768w, https:\/\/www.tvportugal.tv\/portal\/wp-content\/uploads\/2024\/12\/Captura-de-ecra\u0303-2024-12-10-a\u0300s-16.51.32-1536x877.png 1536w, https:\/\/www.tvportugal.tv\/portal\/wp-content\/uploads\/2024\/12\/Captura-de-ecra\u0303-2024-12-10-a\u0300s-16.51.32-256x146.png 256w, https:\/\/www.tvportugal.tv\/portal\/wp-content\/uploads\/2024\/12\/Captura-de-ecra\u0303-2024-12-10-a\u0300s-16.51.32-50x29.png 50w, https:\/\/www.tvportugal.tv\/portal\/wp-content\/uploads\/2024\/12\/Captura-de-ecra\u0303-2024-12-10-a\u0300s-16.51.32-131x75.png 131w, https:\/\/www.tvportugal.tv\/portal\/wp-content\/uploads\/2024\/12\/Captura-de-ecra\u0303-2024-12-10-a\u0300s-16.51.32-350x200.png 350w, https:\/\/www.tvportugal.tv\/portal\/wp-content\/uploads\/2024\/12\/Captura-de-ecra\u0303-2024-12-10-a\u0300s-16.51.32.png 1548w\" sizes=\"auto, (max-width: 400px) 100vw, 400px\" \/><\/a><div class=\"image_links double\"><a href=\"https:\/\/www.tvportugal.tv\/portal\/wp-content\/uploads\/2024\/12\/Captura-de-ecra\u0303-2024-12-10-a\u0300s-16.51.32-1024x585.png\" class=\"zoom\" rel=\"prettyphoto\"><i class=\"icon-search\"><\/i><\/a><a href=\"https:\/\/www.tvportugal.tv\/portal\/cerimonia-de-entrega-de-diplomas-de-bolsas-e-premios-de-merito-3\/\" class=\"link\"><i class=\"icon-link\"><\/i><\/a><\/div><\/div><\/div><div class=\"post-desc-wrapper\"><div class=\"post-desc\"><div class=\"post-head\"><div class=\"post-meta clearfix\"><div class=\"author-date\"><span class=\"vcard author post-author\"><span class=\"label\">By <\/span><i class=\"icon-user\"><\/i> <span class=\"fn\"><a href=\"https:\/\/www.tvportugal.tv\/portal\/author\/antonio-assuncao\/\">Antonio Assuncao<\/a><\/span><\/span> <span class=\"date\"><span class=\"label\">em <\/span><i class=\"icon-clock\"><\/i> <span class=\"post-date updated\">08\/12\/2024<\/span><\/span><\/div><div class=\"category\"><span class=\"cat-btn\">Categorias <i class=\"icon-down-dir\"><\/i><\/span><div class=\"cat-wrapper\"><ul class=\"post-categories\">\n\t<li><a href=\"https:\/\/www.tvportugal.tv\/portal\/televisao\/cascais\/\" rel=\"category tag\">Cascais<\/a><\/li>\n\t<li><a href=\"https:\/\/www.tvportugal.tv\/portal\/televisao\/comunidade\/\" rel=\"category tag\">Comunidade<\/a><\/li>\n\t<li><a href=\"https:\/\/www.tvportugal.tv\/portal\/televisao\/cultura\/\" rel=\"category tag\">Cultura<\/a><\/li>\n\t<li><a href=\"https:\/\/www.tvportugal.tv\/portal\/televisao\/educacao\/\" rel=\"category tag\">Educa\u00e7\u00e3o<\/a><\/li>\n\t<li><a href=\"https:\/\/www.tvportugal.tv\/portal\/televisao\/eventos\/\" rel=\"category tag\">Eventos<\/a><\/li>\n\t<li><a href=\"https:\/\/www.tvportugal.tv\/portal\/televisao\/festas\/\" rel=\"category tag\">Festas<\/a><\/li>\n\t<li><a href=\"https:\/\/www.tvportugal.tv\/portal\/televisao\/junior\/\" rel=\"category tag\">Junior<\/a><\/li>\n\t<li><a href=\"https:\/\/www.tvportugal.tv\/portal\/televisao\/mafra\/\" rel=\"category tag\">Mafra<\/a><\/li>\n\t<li><a href=\"https:\/\/www.tvportugal.tv\/portal\/televisao\/oeiras\/\" rel=\"category tag\">Oeiras<\/a><\/li>\n\t<li><a href=\"https:\/\/www.tvportugal.tv\/portal\/televisao\/saude\/\" rel=\"category tag\">Sa\u00fade<\/a><\/li>\n\t<li><a href=\"https:\/\/www.tvportugal.tv\/portal\/televisao\/senior\/\" rel=\"category tag\">S\u00e9nior<\/a><\/li>\n\t<li><a href=\"https:\/\/www.tvportugal.tv\/portal\/televisao\/sintra\/\" rel=\"category tag\">Sintra<\/a><\/li>\n\t<li><a href=\"https:\/\/www.tvportugal.tv\/portal\/televisao\/varios\/\" rel=\"category tag\">V\u00e1rios<\/a><\/li><\/ul><\/div><\/div><\/div><\/div><div class=\"post-title\"><h2 class=\"entry-title\" itemprop=\"headline\"><a href=\"https:\/\/www.tvportugal.tv\/portal\/cerimonia-de-entrega-de-diplomas-de-bolsas-e-premios-de-merito-3\/\">Cerim\u00f3nia de Entrega de Diplomas de Bolsas e Pr\u00e9mios de M\u00e9rito &#8211; 9.\u00aaedi\u00e7\u00e3o<\/a><\/h2><\/div><div class=\"post-excerpt\">\u00c9 a 9\u00aa. edi\u00e7\u00e3o que permitiu j\u00e1 distinguir 252 alunos com pr\u00e9mios e bolsas de m\u00e9rito, este ano batemos os recordes, os jovens de Cascais e do Estoril destacaram-se, foram 50 pr\u00e9mios que entregamos, o que mostra que temos uma juventude muito talentosa. Reportagem, Imagem e Edi\u00e7\u00e3o &#8211; Ant\u00f3nio Assun\u00e7\u00e3o<span class=\"excerpt-hellip\"> [\u2026]<\/span><\/div><div class=\"post-footer\"><div class=\"button-love\"><span class=\"love-text\">Voc\u00ea gosta disso?<\/span><a href=\"#\" class=\"mfn-love \" data-id=\"7896\"><span class=\"icons-wrapper\"><i class=\"icon-heart-empty-fa\"><\/i><i class=\"icon-heart-fa\"><\/i><\/span><span class=\"label\">33<\/span><\/a><\/div><div class=\"post-links\"><i class=\"icon-doc-text\"><\/i> <a href=\"https:\/\/www.tvportugal.tv\/portal\/cerimonia-de-entrega-de-diplomas-de-bolsas-e-premios-de-merito-3\/\" class=\"post-more\">Ler mais<\/a><\/div><\/div><\/div><\/div><\/div><div class=\"post-item isotope-item clearfix author-antonio-assuncao post-7891 post type-post status-publish format-standard has-post-thumbnail hentry category-cascais category-comunidade category-cultura category-educacao category-eventos category-festas category-junior category-mafra category-oeiras category-saude category-senior category-sintra category-varios tag-cascais tag-frederico-pinho-de-almeida tag-jose-filipe-ribeiro tag-junta-de-freguesia-de-alcabideche tag-nuno-piteira-lopes\" ><div class=\"date_label\">06\/12\/2024<\/div><div class=\"image_frame post-photo-wrapper scale-with-grid image\"><div class=\"image_wrapper\"><a href=\"https:\/\/www.tvportugal.tv\/portal\/bolsas-de-merito-junta-de-freguesia-de-alcabideche-2\/\"><div class=\"mask\"><\/div><img loading=\"lazy\" decoding=\"async\" width=\"400\" height=\"300\" src=\"https:\/\/www.tvportugal.tv\/portal\/wp-content\/uploads\/2024\/12\/Ver-Video-400x300.png\" class=\"scale-with-grid wp-post-image\" alt=\"Bolsas de M\u00e9rito, Junta de Freguesia de Alcabideche, Cascais, Carlos Carreiras, Jos\u00e9 Filipe Ribeiro, Alcabideche\" itemprop=\"image\" srcset=\"https:\/\/www.tvportugal.tv\/portal\/wp-content\/uploads\/2024\/12\/Ver-Video-400x300.png 400w, https:\/\/www.tvportugal.tv\/portal\/wp-content\/uploads\/2024\/12\/Ver-Video-300x225.png 300w, https:\/\/www.tvportugal.tv\/portal\/wp-content\/uploads\/2024\/12\/Ver-Video-768x576.png 768w, https:\/\/www.tvportugal.tv\/portal\/wp-content\/uploads\/2024\/12\/Ver-Video-195x146.png 195w, https:\/\/www.tvportugal.tv\/portal\/wp-content\/uploads\/2024\/12\/Ver-Video-50x38.png 50w, https:\/\/www.tvportugal.tv\/portal\/wp-content\/uploads\/2024\/12\/Ver-Video-100x75.png 100w, https:\/\/www.tvportugal.tv\/portal\/wp-content\/uploads\/2024\/12\/Ver-Video-350x263.png 350w, https:\/\/www.tvportugal.tv\/portal\/wp-content\/uploads\/2024\/12\/Ver-Video.png 800w\" sizes=\"auto, (max-width: 400px) 100vw, 400px\" \/><\/a><div class=\"image_links double\"><a href=\"https:\/\/www.tvportugal.tv\/portal\/wp-content\/uploads\/2024\/12\/Ver-Video.png\" class=\"zoom\" rel=\"prettyphoto\"><i class=\"icon-search\"><\/i><\/a><a href=\"https:\/\/www.tvportugal.tv\/portal\/bolsas-de-merito-junta-de-freguesia-de-alcabideche-2\/\" class=\"link\"><i class=\"icon-link\"><\/i><\/a><\/div><\/div><\/div><div class=\"post-desc-wrapper\"><div class=\"post-desc\"><div class=\"post-head\"><div class=\"post-meta clearfix\"><div class=\"author-date\"><span class=\"vcard author post-author\"><span class=\"label\">By <\/span><i class=\"icon-user\"><\/i> <span class=\"fn\"><a href=\"https:\/\/www.tvportugal.tv\/portal\/author\/antonio-assuncao\/\">Antonio Assuncao<\/a><\/span><\/span> <span class=\"date\"><span class=\"label\">em <\/span><i class=\"icon-clock\"><\/i> <span class=\"post-date updated\">06\/12\/2024<\/span><\/span><\/div><div class=\"category\"><span class=\"cat-btn\">Categorias <i class=\"icon-down-dir\"><\/i><\/span><div class=\"cat-wrapper\"><ul class=\"post-categories\">\n\t<li><a href=\"https:\/\/www.tvportugal.tv\/portal\/televisao\/cascais\/\" rel=\"category tag\">Cascais<\/a><\/li>\n\t<li><a href=\"https:\/\/www.tvportugal.tv\/portal\/televisao\/comunidade\/\" rel=\"category tag\">Comunidade<\/a><\/li>\n\t<li><a href=\"https:\/\/www.tvportugal.tv\/portal\/televisao\/cultura\/\" rel=\"category tag\">Cultura<\/a><\/li>\n\t<li><a href=\"https:\/\/www.tvportugal.tv\/portal\/televisao\/educacao\/\" rel=\"category tag\">Educa\u00e7\u00e3o<\/a><\/li>\n\t<li><a href=\"https:\/\/www.tvportugal.tv\/portal\/televisao\/eventos\/\" rel=\"category tag\">Eventos<\/a><\/li>\n\t<li><a href=\"https:\/\/www.tvportugal.tv\/portal\/televisao\/festas\/\" rel=\"category tag\">Festas<\/a><\/li>\n\t<li><a href=\"https:\/\/www.tvportugal.tv\/portal\/televisao\/junior\/\" rel=\"category tag\">Junior<\/a><\/li>\n\t<li><a href=\"https:\/\/www.tvportugal.tv\/portal\/televisao\/mafra\/\" rel=\"category tag\">Mafra<\/a><\/li>\n\t<li><a href=\"https:\/\/www.tvportugal.tv\/portal\/televisao\/oeiras\/\" rel=\"category tag\">Oeiras<\/a><\/li>\n\t<li><a href=\"https:\/\/www.tvportugal.tv\/portal\/televisao\/saude\/\" rel=\"category tag\">Sa\u00fade<\/a><\/li>\n\t<li><a href=\"https:\/\/www.tvportugal.tv\/portal\/televisao\/senior\/\" rel=\"category tag\">S\u00e9nior<\/a><\/li>\n\t<li><a href=\"https:\/\/www.tvportugal.tv\/portal\/televisao\/sintra\/\" rel=\"category tag\">Sintra<\/a><\/li>\n\t<li><a href=\"https:\/\/www.tvportugal.tv\/portal\/televisao\/varios\/\" rel=\"category tag\">V\u00e1rios<\/a><\/li><\/ul><\/div><\/div><\/div><\/div><div class=\"post-title\"><h2 class=\"entry-title\" itemprop=\"headline\"><a href=\"https:\/\/www.tvportugal.tv\/portal\/bolsas-de-merito-junta-de-freguesia-de-alcabideche-2\/\">Bolsas de M\u00e9rito | Junta de Freguesia de Alcabideche<\/a><\/h2><\/div><div class=\"post-excerpt\">&#8220;\u00c9 o 6\u00ba. ano, foi dos primeiros projetos que este executivo no mandato anterior implementou na Freguesia de Alcabideche, \u00e9 uma forma de premiar os alunos que t\u00eam 17 ou superior a 17 no ingresso ao ensino superior. \u00c9 um m\u00e9todo que n\u00f3s arranjamos para agradecer o trabalho todo que<span class=\"excerpt-hellip\"> [\u2026]<\/span><\/div><div class=\"post-footer\"><div class=\"button-love\"><span class=\"love-text\">Voc\u00ea gosta disso?<\/span><a href=\"#\" class=\"mfn-love \" data-id=\"7891\"><span class=\"icons-wrapper\"><i class=\"icon-heart-empty-fa\"><\/i><i class=\"icon-heart-fa\"><\/i><\/span><span class=\"label\">32<\/span><\/a><\/div><div class=\"post-links\"><i class=\"icon-doc-text\"><\/i> <a href=\"https:\/\/www.tvportugal.tv\/portal\/bolsas-de-merito-junta-de-freguesia-de-alcabideche-2\/\" class=\"post-more\">Ler mais<\/a><\/div><\/div><\/div><\/div><\/div><div class=\"post-item isotope-item clearfix author-antonio-assuncao post-7881 post type-post status-publish format-standard has-post-thumbnail hentry category-cascais category-comunidade category-cultura category-educacao category-eventos category-festas category-junior category-mafra category-oeiras category-saude category-senior category-sintra category-varios tag-cascais tag-frederico-pinho-de-almeida tag-jose-filipe-ribeiro tag-junta-de-freguesia-de-alcabideche tag-nuno-piteira-lopes\" ><div class=\"date_label\">07\/10\/2024<\/div><div class=\"image_frame post-photo-wrapper scale-with-grid image\"><div class=\"image_wrapper\"><a href=\"https:\/\/www.tvportugal.tv\/portal\/cerimonia-de-reconhecimento-aos-atletas-olimpicos-e-paralimpicos\/\"><div class=\"mask\"><\/div><img loading=\"lazy\" decoding=\"async\" width=\"400\" height=\"225\" src=\"https:\/\/www.tvportugal.tv\/portal\/wp-content\/uploads\/2024\/10\/Captura-de-ecra\u0303-2024-10-07-a\u0300s-20.33.38-400x225.png\" class=\"scale-with-grid wp-post-image\" alt=\"Cerimonia-de-reconhecimento-aos-atletas-olimpicos-e-paralimpicos, Francisco Kreye, Cascais, Carlos Carreiras\" itemprop=\"image\" srcset=\"https:\/\/www.tvportugal.tv\/portal\/wp-content\/uploads\/2024\/10\/Captura-de-ecra\u0303-2024-10-07-a\u0300s-20.33.38-400x225.png 400w, https:\/\/www.tvportugal.tv\/portal\/wp-content\/uploads\/2024\/10\/Captura-de-ecra\u0303-2024-10-07-a\u0300s-20.33.38-300x169.png 300w, https:\/\/www.tvportugal.tv\/portal\/wp-content\/uploads\/2024\/10\/Captura-de-ecra\u0303-2024-10-07-a\u0300s-20.33.38-1024x576.png 1024w, https:\/\/www.tvportugal.tv\/portal\/wp-content\/uploads\/2024\/10\/Captura-de-ecra\u0303-2024-10-07-a\u0300s-20.33.38-768x432.png 768w, https:\/\/www.tvportugal.tv\/portal\/wp-content\/uploads\/2024\/10\/Captura-de-ecra\u0303-2024-10-07-a\u0300s-20.33.38-260x146.png 260w, https:\/\/www.tvportugal.tv\/portal\/wp-content\/uploads\/2024\/10\/Captura-de-ecra\u0303-2024-10-07-a\u0300s-20.33.38-50x28.png 50w, https:\/\/www.tvportugal.tv\/portal\/wp-content\/uploads\/2024\/10\/Captura-de-ecra\u0303-2024-10-07-a\u0300s-20.33.38-133x75.png 133w, https:\/\/www.tvportugal.tv\/portal\/wp-content\/uploads\/2024\/10\/Captura-de-ecra\u0303-2024-10-07-a\u0300s-20.33.38-350x197.png 350w, https:\/\/www.tvportugal.tv\/portal\/wp-content\/uploads\/2024\/10\/Captura-de-ecra\u0303-2024-10-07-a\u0300s-20.33.38.png 1280w\" sizes=\"auto, (max-width: 400px) 100vw, 400px\" \/><\/a><div class=\"image_links double\"><a href=\"https:\/\/www.tvportugal.tv\/portal\/wp-content\/uploads\/2024\/10\/Captura-de-ecra\u0303-2024-10-07-a\u0300s-20.33.38-1024x576.png\" class=\"zoom\" rel=\"prettyphoto\"><i class=\"icon-search\"><\/i><\/a><a href=\"https:\/\/www.tvportugal.tv\/portal\/cerimonia-de-reconhecimento-aos-atletas-olimpicos-e-paralimpicos\/\" class=\"link\"><i class=\"icon-link\"><\/i><\/a><\/div><\/div><\/div><div class=\"post-desc-wrapper\"><div class=\"post-desc\"><div class=\"post-head\"><div class=\"post-meta clearfix\"><div class=\"author-date\"><span class=\"vcard author post-author\"><span class=\"label\">By <\/span><i class=\"icon-user\"><\/i> <span class=\"fn\"><a href=\"https:\/\/www.tvportugal.tv\/portal\/author\/antonio-assuncao\/\">Antonio Assuncao<\/a><\/span><\/span> <span class=\"date\"><span class=\"label\">em <\/span><i class=\"icon-clock\"><\/i> <span class=\"post-date updated\">07\/10\/2024<\/span><\/span><\/div><div class=\"category\"><span class=\"cat-btn\">Categorias <i class=\"icon-down-dir\"><\/i><\/span><div class=\"cat-wrapper\"><ul class=\"post-categories\">\n\t<li><a href=\"https:\/\/www.tvportugal.tv\/portal\/televisao\/cascais\/\" rel=\"category tag\">Cascais<\/a><\/li>\n\t<li><a href=\"https:\/\/www.tvportugal.tv\/portal\/televisao\/comunidade\/\" rel=\"category tag\">Comunidade<\/a><\/li>\n\t<li><a href=\"https:\/\/www.tvportugal.tv\/portal\/televisao\/cultura\/\" rel=\"category tag\">Cultura<\/a><\/li>\n\t<li><a href=\"https:\/\/www.tvportugal.tv\/portal\/televisao\/educacao\/\" rel=\"category tag\">Educa\u00e7\u00e3o<\/a><\/li>\n\t<li><a href=\"https:\/\/www.tvportugal.tv\/portal\/televisao\/eventos\/\" rel=\"category tag\">Eventos<\/a><\/li>\n\t<li><a href=\"https:\/\/www.tvportugal.tv\/portal\/televisao\/festas\/\" rel=\"category tag\">Festas<\/a><\/li>\n\t<li><a href=\"https:\/\/www.tvportugal.tv\/portal\/televisao\/junior\/\" rel=\"category tag\">Junior<\/a><\/li>\n\t<li><a href=\"https:\/\/www.tvportugal.tv\/portal\/televisao\/mafra\/\" rel=\"category tag\">Mafra<\/a><\/li>\n\t<li><a href=\"https:\/\/www.tvportugal.tv\/portal\/televisao\/oeiras\/\" rel=\"category tag\">Oeiras<\/a><\/li>\n\t<li><a href=\"https:\/\/www.tvportugal.tv\/portal\/televisao\/saude\/\" rel=\"category tag\">Sa\u00fade<\/a><\/li>\n\t<li><a href=\"https:\/\/www.tvportugal.tv\/portal\/televisao\/senior\/\" rel=\"category tag\">S\u00e9nior<\/a><\/li>\n\t<li><a href=\"https:\/\/www.tvportugal.tv\/portal\/televisao\/sintra\/\" rel=\"category tag\">Sintra<\/a><\/li>\n\t<li><a href=\"https:\/\/www.tvportugal.tv\/portal\/televisao\/varios\/\" rel=\"category tag\">V\u00e1rios<\/a><\/li><\/ul><\/div><\/div><\/div><\/div><div class=\"post-title\"><h2 class=\"entry-title\" itemprop=\"headline\"><a href=\"https:\/\/www.tvportugal.tv\/portal\/cerimonia-de-reconhecimento-aos-atletas-olimpicos-e-paralimpicos\/\">Cerim\u00f3nia de Reconhecimento aos Atletas Ol\u00edmpicos e Paral\u00edmpicos<\/a><\/h2><\/div><div class=\"post-excerpt\">&#8220;Uma grande honra poder reconhecer, homenagear os atletas Ol\u00edmpicos e Paral\u00edmpicos que estiveram em Paris em 2024. A inten\u00e7\u00e3o da C\u00e2mara Municipal de Cascais \u00e9 reconhecer os nossos que come\u00e7aram aqui, os que escolheram a nossa Vila de Cascais para viver.&#8221; Francisco Kreye, Vereador da CM Cascais. Reportagem, Imagem e<span class=\"excerpt-hellip\"> [\u2026]<\/span><\/div><div class=\"post-footer\"><div class=\"button-love\"><span class=\"love-text\">Voc\u00ea gosta disso?<\/span><a href=\"#\" class=\"mfn-love \" data-id=\"7881\"><span class=\"icons-wrapper\"><i class=\"icon-heart-empty-fa\"><\/i><i class=\"icon-heart-fa\"><\/i><\/span><span class=\"label\">31<\/span><\/a><\/div><div class=\"post-links\"><i class=\"icon-doc-text\"><\/i> <a href=\"https:\/\/www.tvportugal.tv\/portal\/cerimonia-de-reconhecimento-aos-atletas-olimpicos-e-paralimpicos\/\" class=\"post-more\">Ler mais<\/a><\/div><\/div><\/div><\/div><\/div><div class=\"post-item isotope-item clearfix author-antonio-assuncao post-7872 post type-post status-publish format-standard has-post-thumbnail hentry category-cascais category-comunidade category-cultura category-educacao category-eventos category-festas category-junior category-mafra category-oeiras category-saude category-senior category-sintra category-varios tag-cascais tag-frederico-pinho-de-almeida tag-jose-filipe-ribeiro tag-junta-de-freguesia-de-alcabideche tag-nuno-piteira-lopes\" ><div class=\"date_label\">23\/09\/2024<\/div><div class=\"image_frame post-photo-wrapper scale-with-grid image\"><div class=\"image_wrapper\"><a href=\"https:\/\/www.tvportugal.tv\/portal\/hino-a-vida-palhaco-croquete\/\"><div class=\"mask\"><\/div><img loading=\"lazy\" decoding=\"async\" width=\"400\" height=\"300\" src=\"https:\/\/www.tvportugal.tv\/portal\/wp-content\/uploads\/2024\/09\/17636955_149391625588227_1397147943752035032_o-co\u0301pia-400x300.jpg\" class=\"scale-with-grid wp-post-image\" alt=\"\" itemprop=\"image\" srcset=\"https:\/\/www.tvportugal.tv\/portal\/wp-content\/uploads\/2024\/09\/17636955_149391625588227_1397147943752035032_o-co\u0301pia-400x300.jpg 400w, https:\/\/www.tvportugal.tv\/portal\/wp-content\/uploads\/2024\/09\/17636955_149391625588227_1397147943752035032_o-co\u0301pia-300x225.jpg 300w, https:\/\/www.tvportugal.tv\/portal\/wp-content\/uploads\/2024\/09\/17636955_149391625588227_1397147943752035032_o-co\u0301pia-768x576.jpg 768w, https:\/\/www.tvportugal.tv\/portal\/wp-content\/uploads\/2024\/09\/17636955_149391625588227_1397147943752035032_o-co\u0301pia-195x146.jpg 195w, https:\/\/www.tvportugal.tv\/portal\/wp-content\/uploads\/2024\/09\/17636955_149391625588227_1397147943752035032_o-co\u0301pia-50x38.jpg 50w, https:\/\/www.tvportugal.tv\/portal\/wp-content\/uploads\/2024\/09\/17636955_149391625588227_1397147943752035032_o-co\u0301pia-100x75.jpg 100w, https:\/\/www.tvportugal.tv\/portal\/wp-content\/uploads\/2024\/09\/17636955_149391625588227_1397147943752035032_o-co\u0301pia-350x263.jpg 350w, https:\/\/www.tvportugal.tv\/portal\/wp-content\/uploads\/2024\/09\/17636955_149391625588227_1397147943752035032_o-co\u0301pia.jpg 800w\" sizes=\"auto, (max-width: 400px) 100vw, 400px\" \/><\/a><div class=\"image_links double\"><a href=\"https:\/\/www.tvportugal.tv\/portal\/wp-content\/uploads\/2024\/09\/17636955_149391625588227_1397147943752035032_o-co\u0301pia.jpg\" class=\"zoom\" rel=\"prettyphoto\"><i class=\"icon-search\"><\/i><\/a><a href=\"https:\/\/www.tvportugal.tv\/portal\/hino-a-vida-palhaco-croquete\/\" class=\"link\"><i class=\"icon-link\"><\/i><\/a><\/div><\/div><\/div><div class=\"post-desc-wrapper\"><div class=\"post-desc\"><div class=\"post-head\"><div class=\"post-meta clearfix\"><div class=\"author-date\"><span class=\"vcard author post-author\"><span class=\"label\">By <\/span><i class=\"icon-user\"><\/i> <span class=\"fn\"><a href=\"https:\/\/www.tvportugal.tv\/portal\/author\/antonio-assuncao\/\">Antonio Assuncao<\/a><\/span><\/span> <span class=\"date\"><span class=\"label\">em <\/span><i class=\"icon-clock\"><\/i> <span class=\"post-date updated\">23\/09\/2024<\/span><\/span><\/div><div class=\"category\"><span class=\"cat-btn\">Categorias <i class=\"icon-down-dir\"><\/i><\/span><div class=\"cat-wrapper\"><ul class=\"post-categories\">\n\t<li><a href=\"https:\/\/www.tvportugal.tv\/portal\/televisao\/cascais\/\" rel=\"category tag\">Cascais<\/a><\/li>\n\t<li><a href=\"https:\/\/www.tvportugal.tv\/portal\/televisao\/comunidade\/\" rel=\"category tag\">Comunidade<\/a><\/li>\n\t<li><a href=\"https:\/\/www.tvportugal.tv\/portal\/televisao\/cultura\/\" rel=\"category tag\">Cultura<\/a><\/li>\n\t<li><a href=\"https:\/\/www.tvportugal.tv\/portal\/televisao\/educacao\/\" rel=\"category tag\">Educa\u00e7\u00e3o<\/a><\/li>\n\t<li><a href=\"https:\/\/www.tvportugal.tv\/portal\/televisao\/eventos\/\" rel=\"category tag\">Eventos<\/a><\/li>\n\t<li><a href=\"https:\/\/www.tvportugal.tv\/portal\/televisao\/festas\/\" rel=\"category tag\">Festas<\/a><\/li>\n\t<li><a href=\"https:\/\/www.tvportugal.tv\/portal\/televisao\/junior\/\" rel=\"category tag\">Junior<\/a><\/li>\n\t<li><a href=\"https:\/\/www.tvportugal.tv\/portal\/televisao\/mafra\/\" rel=\"category tag\">Mafra<\/a><\/li>\n\t<li><a href=\"https:\/\/www.tvportugal.tv\/portal\/televisao\/oeiras\/\" rel=\"category tag\">Oeiras<\/a><\/li>\n\t<li><a href=\"https:\/\/www.tvportugal.tv\/portal\/televisao\/saude\/\" rel=\"category tag\">Sa\u00fade<\/a><\/li>\n\t<li><a href=\"https:\/\/www.tvportugal.tv\/portal\/televisao\/senior\/\" rel=\"category tag\">S\u00e9nior<\/a><\/li>\n\t<li><a href=\"https:\/\/www.tvportugal.tv\/portal\/televisao\/sintra\/\" rel=\"category tag\">Sintra<\/a><\/li>\n\t<li><a href=\"https:\/\/www.tvportugal.tv\/portal\/televisao\/varios\/\" rel=\"category tag\">V\u00e1rios<\/a><\/li><\/ul><\/div><\/div><\/div><\/div><div class=\"post-title\"><h2 class=\"entry-title\" itemprop=\"headline\"><a href=\"https:\/\/www.tvportugal.tv\/portal\/hino-a-vida-palhaco-croquete\/\">Hino \u00e0 Vida &#8211; Palha\u00e7o Croquete<\/a><\/h2><\/div><div class=\"post-excerpt\">Hino \u00e0 Vida M\u00fasica &#8211; Armando Gama Letra &#8211; Jo\u00e3o Rodil Palha\u00e7o Croquete 2024 09 18<\/div><div class=\"post-footer\"><div class=\"button-love\"><span class=\"love-text\">Voc\u00ea gosta disso?<\/span><a href=\"#\" class=\"mfn-love \" data-id=\"7872\"><span class=\"icons-wrapper\"><i class=\"icon-heart-empty-fa\"><\/i><i class=\"icon-heart-fa\"><\/i><\/span><span class=\"label\">30<\/span><\/a><\/div><div class=\"post-links\"><i class=\"icon-doc-text\"><\/i> <a href=\"https:\/\/www.tvportugal.tv\/portal\/hino-a-vida-palhaco-croquete\/\" class=\"post-more\">Ler mais<\/a><\/div><\/div><\/div><\/div><\/div><div class=\"post-item isotope-item clearfix author-antonio-assuncao post-7868 post type-post status-publish format-standard has-post-thumbnail hentry category-cascais category-comunidade category-cultura category-educacao category-eventos category-festas category-junior category-mafra category-oeiras category-saude category-senior category-sintra category-varios tag-cascais tag-frederico-pinho-de-almeida tag-jose-filipe-ribeiro tag-junta-de-freguesia-de-alcabideche tag-nuno-piteira-lopes\" ><div class=\"date_label\">01\/09\/2024<\/div><div class=\"image_frame post-photo-wrapper scale-with-grid image\"><div class=\"image_wrapper\"><a href=\"https:\/\/www.tvportugal.tv\/portal\/vamos-limpar-o-mundo\/\"><div class=\"mask\"><\/div><img loading=\"lazy\" decoding=\"async\" width=\"400\" height=\"300\" src=\"https:\/\/www.tvportugal.tv\/portal\/wp-content\/uploads\/2024\/09\/Captura-de-ecra\u0303-2024-09-01-a\u0300s-17.13.01-400x300.png\" class=\"scale-with-grid wp-post-image\" alt=\"Hino \u00e0 Vida, Jo\u00e3o Rodil, Armando Gama, Jos\u00e9 Pino, Palha\u00e7o Croquete, Espect\u00e1culos para crian\u00e7as, Espect\u00e1culos para adultos\" itemprop=\"image\" srcset=\"https:\/\/www.tvportugal.tv\/portal\/wp-content\/uploads\/2024\/09\/Captura-de-ecra\u0303-2024-09-01-a\u0300s-17.13.01-400x300.png 400w, https:\/\/www.tvportugal.tv\/portal\/wp-content\/uploads\/2024\/09\/Captura-de-ecra\u0303-2024-09-01-a\u0300s-17.13.01-300x225.png 300w, https:\/\/www.tvportugal.tv\/portal\/wp-content\/uploads\/2024\/09\/Captura-de-ecra\u0303-2024-09-01-a\u0300s-17.13.01-768x576.png 768w, https:\/\/www.tvportugal.tv\/portal\/wp-content\/uploads\/2024\/09\/Captura-de-ecra\u0303-2024-09-01-a\u0300s-17.13.01-195x146.png 195w, https:\/\/www.tvportugal.tv\/portal\/wp-content\/uploads\/2024\/09\/Captura-de-ecra\u0303-2024-09-01-a\u0300s-17.13.01-50x38.png 50w, https:\/\/www.tvportugal.tv\/portal\/wp-content\/uploads\/2024\/09\/Captura-de-ecra\u0303-2024-09-01-a\u0300s-17.13.01-100x75.png 100w, https:\/\/www.tvportugal.tv\/portal\/wp-content\/uploads\/2024\/09\/Captura-de-ecra\u0303-2024-09-01-a\u0300s-17.13.01-350x263.png 350w, https:\/\/www.tvportugal.tv\/portal\/wp-content\/uploads\/2024\/09\/Captura-de-ecra\u0303-2024-09-01-a\u0300s-17.13.01.png 800w\" sizes=\"auto, (max-width: 400px) 100vw, 400px\" \/><\/a><div class=\"image_links double\"><a href=\"https:\/\/www.tvportugal.tv\/portal\/wp-content\/uploads\/2024\/09\/Captura-de-ecra\u0303-2024-09-01-a\u0300s-17.13.01.png\" class=\"zoom\" rel=\"prettyphoto\"><i class=\"icon-search\"><\/i><\/a><a href=\"https:\/\/www.tvportugal.tv\/portal\/vamos-limpar-o-mundo\/\" class=\"link\"><i class=\"icon-link\"><\/i><\/a><\/div><\/div><\/div><div class=\"post-desc-wrapper\"><div class=\"post-desc\"><div class=\"post-head\"><div class=\"post-meta clearfix\"><div class=\"author-date\"><span class=\"vcard author post-author\"><span class=\"label\">By <\/span><i class=\"icon-user\"><\/i> <span class=\"fn\"><a href=\"https:\/\/www.tvportugal.tv\/portal\/author\/antonio-assuncao\/\">Antonio Assuncao<\/a><\/span><\/span> <span class=\"date\"><span class=\"label\">em <\/span><i class=\"icon-clock\"><\/i> <span class=\"post-date updated\">01\/09\/2024<\/span><\/span><\/div><div class=\"category\"><span class=\"cat-btn\">Categorias <i class=\"icon-down-dir\"><\/i><\/span><div class=\"cat-wrapper\"><ul class=\"post-categories\">\n\t<li><a href=\"https:\/\/www.tvportugal.tv\/portal\/televisao\/cascais\/\" rel=\"category tag\">Cascais<\/a><\/li>\n\t<li><a href=\"https:\/\/www.tvportugal.tv\/portal\/televisao\/comunidade\/\" rel=\"category tag\">Comunidade<\/a><\/li>\n\t<li><a href=\"https:\/\/www.tvportugal.tv\/portal\/televisao\/cultura\/\" rel=\"category tag\">Cultura<\/a><\/li>\n\t<li><a href=\"https:\/\/www.tvportugal.tv\/portal\/televisao\/educacao\/\" rel=\"category tag\">Educa\u00e7\u00e3o<\/a><\/li>\n\t<li><a href=\"https:\/\/www.tvportugal.tv\/portal\/televisao\/eventos\/\" rel=\"category tag\">Eventos<\/a><\/li>\n\t<li><a href=\"https:\/\/www.tvportugal.tv\/portal\/televisao\/festas\/\" rel=\"category tag\">Festas<\/a><\/li>\n\t<li><a href=\"https:\/\/www.tvportugal.tv\/portal\/televisao\/junior\/\" rel=\"category tag\">Junior<\/a><\/li>\n\t<li><a href=\"https:\/\/www.tvportugal.tv\/portal\/televisao\/mafra\/\" rel=\"category tag\">Mafra<\/a><\/li>\n\t<li><a href=\"https:\/\/www.tvportugal.tv\/portal\/televisao\/oeiras\/\" rel=\"category tag\">Oeiras<\/a><\/li>\n\t<li><a href=\"https:\/\/www.tvportugal.tv\/portal\/televisao\/saude\/\" rel=\"category tag\">Sa\u00fade<\/a><\/li>\n\t<li><a href=\"https:\/\/www.tvportugal.tv\/portal\/televisao\/senior\/\" rel=\"category tag\">S\u00e9nior<\/a><\/li>\n\t<li><a href=\"https:\/\/www.tvportugal.tv\/portal\/televisao\/sintra\/\" rel=\"category tag\">Sintra<\/a><\/li>\n\t<li><a href=\"https:\/\/www.tvportugal.tv\/portal\/televisao\/varios\/\" rel=\"category tag\">V\u00e1rios<\/a><\/li><\/ul><\/div><\/div><\/div><\/div><div class=\"post-title\"><h2 class=\"entry-title\" itemprop=\"headline\"><a href=\"https:\/\/www.tvportugal.tv\/portal\/vamos-limpar-o-mundo\/\">Vamos Limpar o Mundo<\/a><\/h2><\/div><div class=\"post-excerpt\">PALHA\u00c7O CROQUETE Vamos Limpar o Mundo M\u00fasica &#8211; Armando Gama Letra &#8211; Jo\u00e3o Rodil Imagem e Edi\u00e7\u00e3o &#8211; Ant\u00f3nio Assun\u00e7\u00e3o 2024 09 01<\/div><div class=\"post-footer\"><div class=\"button-love\"><span class=\"love-text\">Voc\u00ea gosta disso?<\/span><a href=\"#\" class=\"mfn-love \" data-id=\"7868\"><span class=\"icons-wrapper\"><i class=\"icon-heart-empty-fa\"><\/i><i class=\"icon-heart-fa\"><\/i><\/span><span class=\"label\">29<\/span><\/a><\/div><div class=\"post-links\"><i class=\"icon-doc-text\"><\/i> <a href=\"https:\/\/www.tvportugal.tv\/portal\/vamos-limpar-o-mundo\/\" class=\"post-more\">Ler mais<\/a><\/div><\/div><\/div><\/div><\/div><div class=\"post-item isotope-item clearfix author-antonio-assuncao post-7774 post type-post status-publish format-standard has-post-thumbnail hentry category-cascais category-comunidade category-eventos category-inauguracoes category-oeiras category-saude category-varios tag-francisco-rocha-goncalves tag-inauguracoes tag-isaltino-morais tag-oeiras\" ><div class=\"date_label\">31\/05\/2023<\/div><div class=\"image_frame post-photo-wrapper scale-with-grid image\"><div class=\"image_wrapper\"><a href=\"https:\/\/www.tvportugal.tv\/portal\/inauguracao-da-unidade-de-saude-mental-em-paco-de-arcos\/\"><div class=\"mask\"><\/div><img loading=\"lazy\" decoding=\"async\" width=\"400\" height=\"300\" src=\"https:\/\/www.tvportugal.tv\/portal\/wp-content\/uploads\/2023\/05\/Captura-de-ecra-2023-05-31-as-22.15.25-400x300.png\" class=\"scale-with-grid wp-post-image\" alt=\"\" itemprop=\"image\" srcset=\"https:\/\/www.tvportugal.tv\/portal\/wp-content\/uploads\/2023\/05\/Captura-de-ecra-2023-05-31-as-22.15.25-400x300.png 400w, https:\/\/www.tvportugal.tv\/portal\/wp-content\/uploads\/2023\/05\/Captura-de-ecra-2023-05-31-as-22.15.25-300x225.png 300w, https:\/\/www.tvportugal.tv\/portal\/wp-content\/uploads\/2023\/05\/Captura-de-ecra-2023-05-31-as-22.15.25-768x576.png 768w, https:\/\/www.tvportugal.tv\/portal\/wp-content\/uploads\/2023\/05\/Captura-de-ecra-2023-05-31-as-22.15.25-195x146.png 195w, https:\/\/www.tvportugal.tv\/portal\/wp-content\/uploads\/2023\/05\/Captura-de-ecra-2023-05-31-as-22.15.25-50x38.png 50w, https:\/\/www.tvportugal.tv\/portal\/wp-content\/uploads\/2023\/05\/Captura-de-ecra-2023-05-31-as-22.15.25-100x75.png 100w, https:\/\/www.tvportugal.tv\/portal\/wp-content\/uploads\/2023\/05\/Captura-de-ecra-2023-05-31-as-22.15.25-350x263.png 350w, https:\/\/www.tvportugal.tv\/portal\/wp-content\/uploads\/2023\/05\/Captura-de-ecra-2023-05-31-as-22.15.25.png 800w\" sizes=\"auto, (max-width: 400px) 100vw, 400px\" \/><\/a><div class=\"image_links double\"><a href=\"https:\/\/www.tvportugal.tv\/portal\/wp-content\/uploads\/2023\/05\/Captura-de-ecra-2023-05-31-as-22.15.25.png\" class=\"zoom\" rel=\"prettyphoto\"><i class=\"icon-search\"><\/i><\/a><a href=\"https:\/\/www.tvportugal.tv\/portal\/inauguracao-da-unidade-de-saude-mental-em-paco-de-arcos\/\" class=\"link\"><i class=\"icon-link\"><\/i><\/a><\/div><\/div><\/div><div class=\"post-desc-wrapper\"><div class=\"post-desc\"><div class=\"post-head\"><div class=\"post-meta clearfix\"><div class=\"author-date\"><span class=\"vcard author post-author\"><span class=\"label\">By <\/span><i class=\"icon-user\"><\/i> <span class=\"fn\"><a href=\"https:\/\/www.tvportugal.tv\/portal\/author\/antonio-assuncao\/\">Antonio Assuncao<\/a><\/span><\/span> <span class=\"date\"><span class=\"label\">em <\/span><i class=\"icon-clock\"><\/i> <span class=\"post-date updated\">31\/05\/2023<\/span><\/span><\/div><div class=\"category\"><span class=\"cat-btn\">Categorias <i class=\"icon-down-dir\"><\/i><\/span><div class=\"cat-wrapper\"><ul class=\"post-categories\">\n\t<li><a href=\"https:\/\/www.tvportugal.tv\/portal\/televisao\/cascais\/\" rel=\"category tag\">Cascais<\/a><\/li>\n\t<li><a href=\"https:\/\/www.tvportugal.tv\/portal\/televisao\/comunidade\/\" rel=\"category tag\">Comunidade<\/a><\/li>\n\t<li><a href=\"https:\/\/www.tvportugal.tv\/portal\/televisao\/eventos\/\" rel=\"category tag\">Eventos<\/a><\/li>\n\t<li><a href=\"https:\/\/www.tvportugal.tv\/portal\/televisao\/inauguracoes\/\" rel=\"category tag\">Inaugura\u00e7\u00f5es<\/a><\/li>\n\t<li><a href=\"https:\/\/www.tvportugal.tv\/portal\/televisao\/oeiras\/\" rel=\"category tag\">Oeiras<\/a><\/li>\n\t<li><a href=\"https:\/\/www.tvportugal.tv\/portal\/televisao\/saude\/\" rel=\"category tag\">Sa\u00fade<\/a><\/li>\n\t<li><a href=\"https:\/\/www.tvportugal.tv\/portal\/televisao\/varios\/\" rel=\"category tag\">V\u00e1rios<\/a><\/li><\/ul><\/div><\/div><\/div><\/div><div class=\"post-title\"><h2 class=\"entry-title\" itemprop=\"headline\"><a href=\"https:\/\/www.tvportugal.tv\/portal\/inauguracao-da-unidade-de-saude-mental-em-paco-de-arcos\/\">Inaugura\u00e7\u00e3o da Unidade de Sa\u00fade Mental em Pa\u00e7o de Arcos<\/a><\/h2><\/div><div class=\"post-excerpt\">&#8220;A Unidade de Sa\u00fade de Oeiras estava a funcionar junto ao tribunal e as necessidades de melhores condi\u00e7\u00f5es de trabalho levou-nos, quando ficou liberto este edif\u00edcio, do antigo quartel dos Bombeiros a estudarmos uma ocupa\u00e7\u00e3o, e conclu\u00edmos que pela sua localiza\u00e7\u00e3o, pr\u00f3ximo da esta\u00e7\u00e3o dos comboios que era uma localiza\u00e7\u00e3o<span class=\"excerpt-hellip\"> [\u2026]<\/span><\/div><div class=\"post-footer\"><div class=\"button-love\"><span class=\"love-text\">Voc\u00ea gosta disso?<\/span><a href=\"#\" class=\"mfn-love \" data-id=\"7774\"><span class=\"icons-wrapper\"><i class=\"icon-heart-empty-fa\"><\/i><i class=\"icon-heart-fa\"><\/i><\/span><span class=\"label\">12<\/span><\/a><\/div><div class=\"post-links\"><i class=\"icon-doc-text\"><\/i> <a href=\"https:\/\/www.tvportugal.tv\/portal\/inauguracao-da-unidade-de-saude-mental-em-paco-de-arcos\/\" class=\"post-more\">Ler mais<\/a><\/div><\/div><\/div><\/div><\/div><div class=\"post-item isotope-item clearfix author-antonio-assuncao post-7727 post type-post status-publish format-standard has-post-thumbnail hentry category-comunidade category-oeiras category-politica category-protocolo category-varios tag-francisco-rocha-goncalves tag-isaltino-morais tag-oeiras\" ><div class=\"date_label\">14\/02\/2023<\/div><div class=\"image_frame post-photo-wrapper scale-with-grid image\"><div class=\"image_wrapper\"><a href=\"https:\/\/www.tvportugal.tv\/portal\/municipio-de-oeiras-presta-apoio-financeiro-a-comerciantes-prejudicados-pelas-cheias\/\"><div class=\"mask\"><\/div><img loading=\"lazy\" decoding=\"async\" width=\"400\" height=\"300\" src=\"https:\/\/www.tvportugal.tv\/portal\/wp-content\/uploads\/2023\/02\/Captura-de-ecra-2023-02-14-as-20.55.13-400x300.png\" class=\"scale-with-grid wp-post-image\" alt=\"Grupo Desportivo Malveira da Serra | Junta de Freguesia de Alcabideche, Portugal, Televis\u00e3o, Reportagem, Jos\u00e9 Filipe Ribeiro\" itemprop=\"image\" srcset=\"https:\/\/www.tvportugal.tv\/portal\/wp-content\/uploads\/2023\/02\/Captura-de-ecra-2023-02-14-as-20.55.13-400x300.png 400w, https:\/\/www.tvportugal.tv\/portal\/wp-content\/uploads\/2023\/02\/Captura-de-ecra-2023-02-14-as-20.55.13-300x225.png 300w, https:\/\/www.tvportugal.tv\/portal\/wp-content\/uploads\/2023\/02\/Captura-de-ecra-2023-02-14-as-20.55.13-768x576.png 768w, https:\/\/www.tvportugal.tv\/portal\/wp-content\/uploads\/2023\/02\/Captura-de-ecra-2023-02-14-as-20.55.13-195x146.png 195w, https:\/\/www.tvportugal.tv\/portal\/wp-content\/uploads\/2023\/02\/Captura-de-ecra-2023-02-14-as-20.55.13-50x38.png 50w, https:\/\/www.tvportugal.tv\/portal\/wp-content\/uploads\/2023\/02\/Captura-de-ecra-2023-02-14-as-20.55.13-100x75.png 100w, https:\/\/www.tvportugal.tv\/portal\/wp-content\/uploads\/2023\/02\/Captura-de-ecra-2023-02-14-as-20.55.13-350x263.png 350w, https:\/\/www.tvportugal.tv\/portal\/wp-content\/uploads\/2023\/02\/Captura-de-ecra-2023-02-14-as-20.55.13.png 800w\" sizes=\"auto, (max-width: 400px) 100vw, 400px\" \/><\/a><div class=\"image_links double\"><a href=\"https:\/\/www.tvportugal.tv\/portal\/wp-content\/uploads\/2023\/02\/Captura-de-ecra-2023-02-14-as-20.55.13.png\" class=\"zoom\" rel=\"prettyphoto\"><i class=\"icon-search\"><\/i><\/a><a href=\"https:\/\/www.tvportugal.tv\/portal\/municipio-de-oeiras-presta-apoio-financeiro-a-comerciantes-prejudicados-pelas-cheias\/\" class=\"link\"><i class=\"icon-link\"><\/i><\/a><\/div><\/div><\/div><div class=\"post-desc-wrapper\"><div class=\"post-desc\"><div class=\"post-head\"><div class=\"post-meta clearfix\"><div class=\"author-date\"><span class=\"vcard author post-author\"><span class=\"label\">By <\/span><i class=\"icon-user\"><\/i> <span class=\"fn\"><a href=\"https:\/\/www.tvportugal.tv\/portal\/author\/antonio-assuncao\/\">Antonio Assuncao<\/a><\/span><\/span> <span class=\"date\"><span class=\"label\">em <\/span><i class=\"icon-clock\"><\/i> <span class=\"post-date updated\">14\/02\/2023<\/span><\/span><\/div><div class=\"category\"><span class=\"cat-btn\">Categorias <i class=\"icon-down-dir\"><\/i><\/span><div class=\"cat-wrapper\"><ul class=\"post-categories\">\n\t<li><a href=\"https:\/\/www.tvportugal.tv\/portal\/televisao\/comunidade\/\" rel=\"category tag\">Comunidade<\/a><\/li>\n\t<li><a href=\"https:\/\/www.tvportugal.tv\/portal\/televisao\/oeiras\/\" rel=\"category tag\">Oeiras<\/a><\/li>\n\t<li><a href=\"https:\/\/www.tvportugal.tv\/portal\/televisao\/politica\/\" rel=\"category tag\">Politica<\/a><\/li>\n\t<li><a href=\"https:\/\/www.tvportugal.tv\/portal\/televisao\/protocolo\/\" rel=\"category tag\">Protocolo<\/a><\/li>\n\t<li><a href=\"https:\/\/www.tvportugal.tv\/portal\/televisao\/varios\/\" rel=\"category tag\">V\u00e1rios<\/a><\/li><\/ul><\/div><\/div><\/div><\/div><div class=\"post-title\"><h2 class=\"entry-title\" itemprop=\"headline\"><a href=\"https:\/\/www.tvportugal.tv\/portal\/municipio-de-oeiras-presta-apoio-financeiro-a-comerciantes-prejudicados-pelas-cheias\/\">Munic\u00edpio de Oeiras Presta Apoio Financeiro a Comerciantes Prejudicados Pelas Cheias<\/a><\/h2><\/div><div class=\"post-excerpt\">A C\u00e2mara Municipal de Oeiras procedeu a pagamento dos subs\u00eddios aos primeiros comerciantes, dos 21 que apresentaram candidatura ao apoio extraordin\u00e1rio criado pela autarquia para a recupera\u00e7\u00e3o da atividade dos operadores econ\u00f3micos afetados pelas intemp\u00e9ries de dezembro de 2022. Estes apoios financeiros, no montante total de 64.856,88 \u20ac. Reportagem, Imagem<span class=\"excerpt-hellip\"> [\u2026]<\/span><\/div><div class=\"post-footer\"><div class=\"button-love\"><span class=\"love-text\">Voc\u00ea gosta disso?<\/span><a href=\"#\" class=\"mfn-love \" data-id=\"7727\"><span class=\"icons-wrapper\"><i class=\"icon-heart-empty-fa\"><\/i><i class=\"icon-heart-fa\"><\/i><\/span><span class=\"label\">1<\/span><\/a><\/div><div class=\"post-links\"><i class=\"icon-doc-text\"><\/i> <a href=\"https:\/\/www.tvportugal.tv\/portal\/municipio-de-oeiras-presta-apoio-financeiro-a-comerciantes-prejudicados-pelas-cheias\/\" class=\"post-more\">Ler mais<\/a><\/div><\/div><\/div><\/div><\/div><div class=\"post-item isotope-item clearfix author-antonio-assuncao post-7673 post type-post status-publish format-standard has-post-thumbnail hentry category-comunidade category-oeiras category-varios tag-francisco-rocha-goncalves tag-isaltino-morais tag-joana-baptista tag-oeiras tag-paulo-patacho\" ><div class=\"date_label\">13\/12\/2022<\/div><div class=\"image_frame post-photo-wrapper scale-with-grid image\"><div class=\"image_wrapper\"><a href=\"https:\/\/www.tvportugal.tv\/portal\/abertura-da-ligacao-de-miraflores-a-c-r-i-l-em-direccao-a-sul\/\"><div class=\"mask\"><\/div><img loading=\"lazy\" decoding=\"async\" width=\"400\" height=\"300\" src=\"https:\/\/www.tvportugal.tv\/portal\/wp-content\/uploads\/2022\/12\/Captura-de-ecra-2022-12-13-as-17.53.08-400x300.png\" class=\"scale-with-grid wp-post-image\" alt=\"Roberto Rambaldini, Realiza Exposi\u00e7\u00e3o em Portugal, Televis\u00e3o, Portugal, Pedro Morais Soares, Cascais, Carlos Carreiras\" itemprop=\"image\" srcset=\"https:\/\/www.tvportugal.tv\/portal\/wp-content\/uploads\/2022\/12\/Captura-de-ecra-2022-12-13-as-17.53.08-400x300.png 400w, https:\/\/www.tvportugal.tv\/portal\/wp-content\/uploads\/2022\/12\/Captura-de-ecra-2022-12-13-as-17.53.08-300x225.png 300w, https:\/\/www.tvportugal.tv\/portal\/wp-content\/uploads\/2022\/12\/Captura-de-ecra-2022-12-13-as-17.53.08-768x576.png 768w, https:\/\/www.tvportugal.tv\/portal\/wp-content\/uploads\/2022\/12\/Captura-de-ecra-2022-12-13-as-17.53.08-195x146.png 195w, https:\/\/www.tvportugal.tv\/portal\/wp-content\/uploads\/2022\/12\/Captura-de-ecra-2022-12-13-as-17.53.08-50x38.png 50w, https:\/\/www.tvportugal.tv\/portal\/wp-content\/uploads\/2022\/12\/Captura-de-ecra-2022-12-13-as-17.53.08-100x75.png 100w, https:\/\/www.tvportugal.tv\/portal\/wp-content\/uploads\/2022\/12\/Captura-de-ecra-2022-12-13-as-17.53.08-350x263.png 350w, https:\/\/www.tvportugal.tv\/portal\/wp-content\/uploads\/2022\/12\/Captura-de-ecra-2022-12-13-as-17.53.08.png 800w\" sizes=\"auto, (max-width: 400px) 100vw, 400px\" \/><\/a><div class=\"image_links double\"><a href=\"https:\/\/www.tvportugal.tv\/portal\/wp-content\/uploads\/2022\/12\/Captura-de-ecra-2022-12-13-as-17.53.08.png\" class=\"zoom\" rel=\"prettyphoto\"><i class=\"icon-search\"><\/i><\/a><a href=\"https:\/\/www.tvportugal.tv\/portal\/abertura-da-ligacao-de-miraflores-a-c-r-i-l-em-direccao-a-sul\/\" class=\"link\"><i class=\"icon-link\"><\/i><\/a><\/div><\/div><\/div><div class=\"post-desc-wrapper\"><div class=\"post-desc\"><div class=\"post-head\"><div class=\"post-meta clearfix\"><div class=\"author-date\"><span class=\"vcard author post-author\"><span class=\"label\">By <\/span><i class=\"icon-user\"><\/i> <span class=\"fn\"><a href=\"https:\/\/www.tvportugal.tv\/portal\/author\/antonio-assuncao\/\">Antonio Assuncao<\/a><\/span><\/span> <span class=\"date\"><span class=\"label\">em <\/span><i class=\"icon-clock\"><\/i> <span class=\"post-date updated\">13\/12\/2022<\/span><\/span><\/div><div class=\"category\"><span class=\"cat-btn\">Categorias <i class=\"icon-down-dir\"><\/i><\/span><div class=\"cat-wrapper\"><ul class=\"post-categories\">\n\t<li><a href=\"https:\/\/www.tvportugal.tv\/portal\/televisao\/comunidade\/\" rel=\"category tag\">Comunidade<\/a><\/li>\n\t<li><a href=\"https:\/\/www.tvportugal.tv\/portal\/televisao\/oeiras\/\" rel=\"category tag\">Oeiras<\/a><\/li>\n\t<li><a href=\"https:\/\/www.tvportugal.tv\/portal\/televisao\/varios\/\" rel=\"category tag\">V\u00e1rios<\/a><\/li><\/ul><\/div><\/div><\/div><\/div><div class=\"post-title\"><h2 class=\"entry-title\" itemprop=\"headline\"><a href=\"https:\/\/www.tvportugal.tv\/portal\/abertura-da-ligacao-de-miraflores-a-c-r-i-l-em-direccao-a-sul\/\">Abertura da Liga\u00e7\u00e3o de Miraflores \u00e0 CRIL em Direc\u00e7\u00e3o a Sul<\/a><\/h2><\/div><div class=\"post-excerpt\">&#8220;O normal \u00e9 que as obras aumentem com a revis\u00e3o de pre\u00e7os. Neste caso em concreto as revis\u00f5es foram para menos e n\u00e3o para mais, foi uma obra de 570 mil euros, est\u00e1vamos \u00e0 espera que andasse na ordem dos 900 mil, mas \u00e9 das tais obras que cujo a<span class=\"excerpt-hellip\"> [\u2026]<\/span><\/div><div class=\"post-footer\"><div class=\"button-love\"><span class=\"love-text\">Voc\u00ea gosta disso?<\/span><a href=\"#\" class=\"mfn-love \" data-id=\"7673\"><span class=\"icons-wrapper\"><i class=\"icon-heart-empty-fa\"><\/i><i class=\"icon-heart-fa\"><\/i><\/span><span class=\"label\">88<\/span><\/a><\/div><div class=\"post-links\"><i class=\"icon-doc-text\"><\/i> <a href=\"https:\/\/www.tvportugal.tv\/portal\/abertura-da-ligacao-de-miraflores-a-c-r-i-l-em-direccao-a-sul\/\" class=\"post-more\">Ler mais<\/a><\/div><\/div><\/div><\/div><\/div><div class=\"post-item isotope-item clearfix author-antonio-assuncao post-7668 post type-post status-publish format-standard has-post-thumbnail hentry category-comunidade category-oeiras category-varios tag-francisco-rocha-goncalves tag-isaltino-morais tag-joana-baptista tag-oeiras tag-paulo-patacho\" ><div class=\"date_label\">04\/12\/2022<\/div><div class=\"image_frame post-photo-wrapper scale-with-grid image\"><div class=\"image_wrapper\"><a href=\"https:\/\/www.tvportugal.tv\/portal\/visita-de-trabalho-a-obras-estruturantes-municipio-de-oeiras\/\"><div class=\"mask\"><\/div><img loading=\"lazy\" decoding=\"async\" width=\"400\" height=\"300\" src=\"https:\/\/www.tvportugal.tv\/portal\/wp-content\/uploads\/2022\/12\/Oeiras-400x300.png\" class=\"scale-with-grid wp-post-image\" alt=\"Abertura da Liga\u00e7\u00e3o de Miraflores \u00e0 CRIL em Direc\u00e7\u00e3o a Sul, Televis\u00e3o, Portugal, Isaltino Morais, Oeiras, Francisco Rocha Gon\u00e7alves\" itemprop=\"image\" srcset=\"https:\/\/www.tvportugal.tv\/portal\/wp-content\/uploads\/2022\/12\/Oeiras-400x300.png 400w, https:\/\/www.tvportugal.tv\/portal\/wp-content\/uploads\/2022\/12\/Oeiras-300x225.png 300w, https:\/\/www.tvportugal.tv\/portal\/wp-content\/uploads\/2022\/12\/Oeiras-768x576.png 768w, https:\/\/www.tvportugal.tv\/portal\/wp-content\/uploads\/2022\/12\/Oeiras-195x146.png 195w, https:\/\/www.tvportugal.tv\/portal\/wp-content\/uploads\/2022\/12\/Oeiras-50x38.png 50w, https:\/\/www.tvportugal.tv\/portal\/wp-content\/uploads\/2022\/12\/Oeiras-100x75.png 100w, https:\/\/www.tvportugal.tv\/portal\/wp-content\/uploads\/2022\/12\/Oeiras-350x263.png 350w, https:\/\/www.tvportugal.tv\/portal\/wp-content\/uploads\/2022\/12\/Oeiras.png 800w\" sizes=\"auto, (max-width: 400px) 100vw, 400px\" \/><\/a><div class=\"image_links double\"><a href=\"https:\/\/www.tvportugal.tv\/portal\/wp-content\/uploads\/2022\/12\/Oeiras.png\" class=\"zoom\" rel=\"prettyphoto\"><i class=\"icon-search\"><\/i><\/a><a href=\"https:\/\/www.tvportugal.tv\/portal\/visita-de-trabalho-a-obras-estruturantes-municipio-de-oeiras\/\" class=\"link\"><i class=\"icon-link\"><\/i><\/a><\/div><\/div><\/div><div class=\"post-desc-wrapper\"><div class=\"post-desc\"><div class=\"post-head\"><div class=\"post-meta clearfix\"><div class=\"author-date\"><span class=\"vcard author post-author\"><span class=\"label\">By <\/span><i class=\"icon-user\"><\/i> <span class=\"fn\"><a href=\"https:\/\/www.tvportugal.tv\/portal\/author\/antonio-assuncao\/\">Antonio Assuncao<\/a><\/span><\/span> <span class=\"date\"><span class=\"label\">em <\/span><i class=\"icon-clock\"><\/i> <span class=\"post-date updated\">04\/12\/2022<\/span><\/span><\/div><div class=\"category\"><span class=\"cat-btn\">Categorias <i class=\"icon-down-dir\"><\/i><\/span><div class=\"cat-wrapper\"><ul class=\"post-categories\">\n\t<li><a href=\"https:\/\/www.tvportugal.tv\/portal\/televisao\/comunidade\/\" rel=\"category tag\">Comunidade<\/a><\/li>\n\t<li><a href=\"https:\/\/www.tvportugal.tv\/portal\/televisao\/oeiras\/\" rel=\"category tag\">Oeiras<\/a><\/li>\n\t<li><a href=\"https:\/\/www.tvportugal.tv\/portal\/televisao\/varios\/\" rel=\"category tag\">V\u00e1rios<\/a><\/li><\/ul><\/div><\/div><\/div><\/div><div class=\"post-title\"><h2 class=\"entry-title\" itemprop=\"headline\"><a href=\"https:\/\/www.tvportugal.tv\/portal\/visita-de-trabalho-a-obras-estruturantes-municipio-de-oeiras\/\">Visita de Trabalho a Obras Estruturantes | Munic\u00edpio de Oeiras<\/a><\/h2><\/div><div class=\"post-excerpt\">&#8220;Retomamos as visitas de 6.\u00aa feira ao concelho, desta vez com o convite aos deputados municipais, presidentes de Junta de Freguesia, dirigentes da C\u00e2mara e escolhemos quatro obras. (&#8230;) na realidade todos os servi\u00e7os da C\u00e2mara directa ou indirectamente t\u00eam a ver com aquilo que acontece no concelho.&#8221; Isaltino Morais,<span class=\"excerpt-hellip\"> [\u2026]<\/span><\/div><div class=\"post-footer\"><div class=\"button-love\"><span class=\"love-text\">Voc\u00ea gosta disso?<\/span><a href=\"#\" class=\"mfn-love \" data-id=\"7668\"><span class=\"icons-wrapper\"><i class=\"icon-heart-empty-fa\"><\/i><i class=\"icon-heart-fa\"><\/i><\/span><span class=\"label\">87<\/span><\/a><\/div><div class=\"post-links\"><i class=\"icon-doc-text\"><\/i> <a href=\"https:\/\/www.tvportugal.tv\/portal\/visita-de-trabalho-a-obras-estruturantes-municipio-de-oeiras\/\" class=\"post-more\">Ler mais<\/a><\/div><\/div><\/div><\/div><\/div><div class=\"post-item isotope-item clearfix author-antonio-assuncao post-7641 post type-post status-publish format-standard has-post-thumbnail hentry category-comunidade category-educacao category-junior category-oeiras category-varios tag-francisco-rocha-goncalves tag-isaltino-morais tag-joana-baptista tag-pedro-patacho\" ><div class=\"date_label\">29\/10\/2022<\/div><div class=\"image_frame post-photo-wrapper scale-with-grid image\"><div class=\"image_wrapper\"><a href=\"https:\/\/www.tvportugal.tv\/portal\/oeiras-distingue-os-3-melhores-alunos-do-concelho\/\"><div class=\"mask\"><\/div><img loading=\"lazy\" decoding=\"async\" width=\"400\" height=\"300\" src=\"https:\/\/www.tvportugal.tv\/portal\/wp-content\/uploads\/2022\/10\/Captura-de-ecra-2022-10-29-as-18.01.20-400x300.png\" class=\"scale-with-grid wp-post-image\" alt=\"Entrega de Diplomas e Bolsas de M\u00e9rito, Junta de Freguesia de Alcabideche Televis\u00e3o, Portugal, Cascais, Jos\u00e9 Ribeiro\" itemprop=\"image\" srcset=\"https:\/\/www.tvportugal.tv\/portal\/wp-content\/uploads\/2022\/10\/Captura-de-ecra-2022-10-29-as-18.01.20-400x300.png 400w, https:\/\/www.tvportugal.tv\/portal\/wp-content\/uploads\/2022\/10\/Captura-de-ecra-2022-10-29-as-18.01.20-300x225.png 300w, https:\/\/www.tvportugal.tv\/portal\/wp-content\/uploads\/2022\/10\/Captura-de-ecra-2022-10-29-as-18.01.20-768x576.png 768w, https:\/\/www.tvportugal.tv\/portal\/wp-content\/uploads\/2022\/10\/Captura-de-ecra-2022-10-29-as-18.01.20-195x146.png 195w, https:\/\/www.tvportugal.tv\/portal\/wp-content\/uploads\/2022\/10\/Captura-de-ecra-2022-10-29-as-18.01.20-50x38.png 50w, https:\/\/www.tvportugal.tv\/portal\/wp-content\/uploads\/2022\/10\/Captura-de-ecra-2022-10-29-as-18.01.20-100x75.png 100w, https:\/\/www.tvportugal.tv\/portal\/wp-content\/uploads\/2022\/10\/Captura-de-ecra-2022-10-29-as-18.01.20-350x263.png 350w, https:\/\/www.tvportugal.tv\/portal\/wp-content\/uploads\/2022\/10\/Captura-de-ecra-2022-10-29-as-18.01.20.png 800w\" sizes=\"auto, (max-width: 400px) 100vw, 400px\" \/><\/a><div class=\"image_links double\"><a href=\"https:\/\/www.tvportugal.tv\/portal\/wp-content\/uploads\/2022\/10\/Captura-de-ecra-2022-10-29-as-18.01.20.png\" class=\"zoom\" rel=\"prettyphoto\"><i class=\"icon-search\"><\/i><\/a><a href=\"https:\/\/www.tvportugal.tv\/portal\/oeiras-distingue-os-3-melhores-alunos-do-concelho\/\" class=\"link\"><i class=\"icon-link\"><\/i><\/a><\/div><\/div><\/div><div class=\"post-desc-wrapper\"><div class=\"post-desc\"><div class=\"post-head\"><div class=\"post-meta clearfix\"><div class=\"author-date\"><span class=\"vcard author post-author\"><span class=\"label\">By <\/span><i class=\"icon-user\"><\/i> <span class=\"fn\"><a href=\"https:\/\/www.tvportugal.tv\/portal\/author\/antonio-assuncao\/\">Antonio Assuncao<\/a><\/span><\/span> <span class=\"date\"><span class=\"label\">em <\/span><i class=\"icon-clock\"><\/i> <span class=\"post-date updated\">29\/10\/2022<\/span><\/span><\/div><div class=\"category\"><span class=\"cat-btn\">Categorias <i class=\"icon-down-dir\"><\/i><\/span><div class=\"cat-wrapper\"><ul class=\"post-categories\">\n\t<li><a href=\"https:\/\/www.tvportugal.tv\/portal\/televisao\/comunidade\/\" rel=\"category tag\">Comunidade<\/a><\/li>\n\t<li><a href=\"https:\/\/www.tvportugal.tv\/portal\/televisao\/educacao\/\" rel=\"category tag\">Educa\u00e7\u00e3o<\/a><\/li>\n\t<li><a href=\"https:\/\/www.tvportugal.tv\/portal\/televisao\/junior\/\" rel=\"category tag\">Junior<\/a><\/li>\n\t<li><a href=\"https:\/\/www.tvportugal.tv\/portal\/televisao\/oeiras\/\" rel=\"category tag\">Oeiras<\/a><\/li>\n\t<li><a href=\"https:\/\/www.tvportugal.tv\/portal\/televisao\/varios\/\" rel=\"category tag\">V\u00e1rios<\/a><\/li><\/ul><\/div><\/div><\/div><\/div><div class=\"post-title\"><h2 class=\"entry-title\" itemprop=\"headline\"><a href=\"https:\/\/www.tvportugal.tv\/portal\/oeiras-distingue-os-3-melhores-alunos-do-concelho\/\">Oeiras Distingue os 13 Melhores Alunos do Concelho<\/a><\/h2><\/div><div class=\"post-excerpt\">Os 13 melhores alunos do concelho de Oeiras, que conclu\u00edram o 12\u00ba ano no ano letivo 2021\/2022, foram distinguidos publicamente atrav\u00e9s da atribui\u00e7\u00e3o do pr\u00e9mio SIMAS &#8211; Servi\u00e7os Intermunicipalizados de \u00c1gua e Saneamento dos Munic\u00edpios de Oeiras e Amadora, que consiste na oferta de um computador port\u00e1til como recompensa pelo<span class=\"excerpt-hellip\"> [\u2026]<\/span><\/div><div class=\"post-footer\"><div class=\"button-love\"><span class=\"love-text\">Voc\u00ea gosta disso?<\/span><a href=\"#\" class=\"mfn-love \" data-id=\"7641\"><span class=\"icons-wrapper\"><i class=\"icon-heart-empty-fa\"><\/i><i class=\"icon-heart-fa\"><\/i><\/span><span class=\"label\">82<\/span><\/a><\/div><div class=\"post-links\"><i class=\"icon-doc-text\"><\/i> <a href=\"https:\/\/www.tvportugal.tv\/portal\/oeiras-distingue-os-3-melhores-alunos-do-concelho\/\" class=\"post-more\">Ler mais<\/a><\/div><\/div><\/div><\/div><\/div><div class=\"post-item isotope-item clearfix author-antonio-assuncao post-7622 post type-post status-publish format-standard has-post-thumbnail hentry category-educacao category-junior category-oeiras category-varios tag-francisco-rocha-goncalves tag-inigo-pereira tag-isaltino-morais tag-joana-baptista tag-oeiras\" ><div class=\"date_label\">25\/09\/2022<\/div><div class=\"image_frame post-photo-wrapper scale-with-grid image\"><div class=\"image_wrapper\"><a href=\"https:\/\/www.tvportugal.tv\/portal\/visita-de-isaltino-morais-a-varias-escolas-do-concelho-de-oeiras\/\"><div class=\"mask\"><\/div><img loading=\"lazy\" decoding=\"async\" width=\"400\" height=\"300\" src=\"https:\/\/www.tvportugal.tv\/portal\/wp-content\/uploads\/2022\/09\/Captura-de-ecra-2022-09-25-as-16.05.13-400x300.png\" class=\"scale-with-grid wp-post-image\" alt=\"Cascais na Rota das Jornadas Mundiais da Juventude 23, Televis\u00e3o, Portugal, Reportagem, Oeiras, Cascais Jovem\" itemprop=\"image\" srcset=\"https:\/\/www.tvportugal.tv\/portal\/wp-content\/uploads\/2022\/09\/Captura-de-ecra-2022-09-25-as-16.05.13-400x300.png 400w, https:\/\/www.tvportugal.tv\/portal\/wp-content\/uploads\/2022\/09\/Captura-de-ecra-2022-09-25-as-16.05.13-300x225.png 300w, https:\/\/www.tvportugal.tv\/portal\/wp-content\/uploads\/2022\/09\/Captura-de-ecra-2022-09-25-as-16.05.13-768x576.png 768w, https:\/\/www.tvportugal.tv\/portal\/wp-content\/uploads\/2022\/09\/Captura-de-ecra-2022-09-25-as-16.05.13-195x146.png 195w, https:\/\/www.tvportugal.tv\/portal\/wp-content\/uploads\/2022\/09\/Captura-de-ecra-2022-09-25-as-16.05.13-50x38.png 50w, https:\/\/www.tvportugal.tv\/portal\/wp-content\/uploads\/2022\/09\/Captura-de-ecra-2022-09-25-as-16.05.13-100x75.png 100w, https:\/\/www.tvportugal.tv\/portal\/wp-content\/uploads\/2022\/09\/Captura-de-ecra-2022-09-25-as-16.05.13-350x263.png 350w, https:\/\/www.tvportugal.tv\/portal\/wp-content\/uploads\/2022\/09\/Captura-de-ecra-2022-09-25-as-16.05.13.png 800w\" sizes=\"auto, (max-width: 400px) 100vw, 400px\" \/><\/a><div class=\"image_links double\"><a href=\"https:\/\/www.tvportugal.tv\/portal\/wp-content\/uploads\/2022\/09\/Captura-de-ecra-2022-09-25-as-16.05.13.png\" class=\"zoom\" rel=\"prettyphoto\"><i class=\"icon-search\"><\/i><\/a><a href=\"https:\/\/www.tvportugal.tv\/portal\/visita-de-isaltino-morais-a-varias-escolas-do-concelho-de-oeiras\/\" class=\"link\"><i class=\"icon-link\"><\/i><\/a><\/div><\/div><\/div><div class=\"post-desc-wrapper\"><div class=\"post-desc\"><div class=\"post-head\"><div class=\"post-meta clearfix\"><div class=\"author-date\"><span class=\"vcard author post-author\"><span class=\"label\">By <\/span><i class=\"icon-user\"><\/i> <span class=\"fn\"><a href=\"https:\/\/www.tvportugal.tv\/portal\/author\/antonio-assuncao\/\">Antonio Assuncao<\/a><\/span><\/span> <span class=\"date\"><span class=\"label\">em <\/span><i class=\"icon-clock\"><\/i> <span class=\"post-date updated\">25\/09\/2022<\/span><\/span><\/div><div class=\"category\"><span class=\"cat-btn\">Categorias <i class=\"icon-down-dir\"><\/i><\/span><div class=\"cat-wrapper\"><ul class=\"post-categories\">\n\t<li><a href=\"https:\/\/www.tvportugal.tv\/portal\/televisao\/educacao\/\" rel=\"category tag\">Educa\u00e7\u00e3o<\/a><\/li>\n\t<li><a href=\"https:\/\/www.tvportugal.tv\/portal\/televisao\/junior\/\" rel=\"category tag\">Junior<\/a><\/li>\n\t<li><a href=\"https:\/\/www.tvportugal.tv\/portal\/televisao\/oeiras\/\" rel=\"category tag\">Oeiras<\/a><\/li>\n\t<li><a href=\"https:\/\/www.tvportugal.tv\/portal\/televisao\/varios\/\" rel=\"category tag\">V\u00e1rios<\/a><\/li><\/ul><\/div><\/div><\/div><\/div><div class=\"post-title\"><h2 class=\"entry-title\" itemprop=\"headline\"><a href=\"https:\/\/www.tvportugal.tv\/portal\/visita-de-isaltino-morais-a-varias-escolas-do-concelho-de-oeiras\/\">Visita de Isaltino Morais a V\u00e1rias Escolas do Concelho de Oeiras<\/a><\/h2><\/div><div class=\"post-excerpt\">&#8220;Hoje, o dia foi dedicado a visitar escolas, escolas do 1.\u00ba ciclo e do 2.\u00ba e 3.\u00ba ciclo. Naturalmente s\u00e3o obras que foram realizadas sob responsabilidade da C\u00e2mara Municipal embora algumas delas sejam da responsabilidade do Estado.&#8221; Isaltino Morais, Presidente CM Oeiras. Reportagem, Imagem e Edi\u00e7\u00e3o &#8211; Ant\u00f3nio Assun\u00e7\u00e3o 2022<span class=\"excerpt-hellip\"> [\u2026]<\/span><\/div><div class=\"post-footer\"><div class=\"button-love\"><span class=\"love-text\">Voc\u00ea gosta disso?<\/span><a href=\"#\" class=\"mfn-love \" data-id=\"7622\"><span class=\"icons-wrapper\"><i class=\"icon-heart-empty-fa\"><\/i><i class=\"icon-heart-fa\"><\/i><\/span><span class=\"label\">79<\/span><\/a><\/div><div class=\"post-links\"><i class=\"icon-doc-text\"><\/i> <a href=\"https:\/\/www.tvportugal.tv\/portal\/visita-de-isaltino-morais-a-varias-escolas-do-concelho-de-oeiras\/\" class=\"post-more\">Ler mais<\/a><\/div><\/div><\/div><\/div><\/div><div class=\"post-item isotope-item clearfix author-antonio-assuncao post-7595 post type-post status-publish format-standard has-post-thumbnail hentry category-comunidade category-oeiras category-senior category-social category-varios tag-francisco-rocha-goncalves tag-inigo-pereira tag-isaltino-morais tag-joana-baptista tag-oeiras\" ><div class=\"date_label\">25\/07\/2022<\/div><div class=\"image_frame post-photo-wrapper scale-with-grid image\"><div class=\"image_wrapper\"><a href=\"https:\/\/www.tvportugal.tv\/portal\/oeiras-entrega-casas-a-mais-14-familias\/\"><div class=\"mask\"><\/div><img loading=\"lazy\" decoding=\"async\" width=\"400\" height=\"300\" src=\"https:\/\/www.tvportugal.tv\/portal\/wp-content\/uploads\/2022\/07\/Captura-de-ecra-2022-07-25-as-20.36.11-400x300.png\" class=\"scale-with-grid wp-post-image\" alt=\"Oeiras Entrega Casas a mais 14 Fam\u00edlias, Televis\u00e3o, Portugal, Reportagem, Isaltino Morais, Oeiras, Francisco Rocha Gon\u00e7alves\" itemprop=\"image\" srcset=\"https:\/\/www.tvportugal.tv\/portal\/wp-content\/uploads\/2022\/07\/Captura-de-ecra-2022-07-25-as-20.36.11-400x300.png 400w, https:\/\/www.tvportugal.tv\/portal\/wp-content\/uploads\/2022\/07\/Captura-de-ecra-2022-07-25-as-20.36.11-300x225.png 300w, https:\/\/www.tvportugal.tv\/portal\/wp-content\/uploads\/2022\/07\/Captura-de-ecra-2022-07-25-as-20.36.11-768x576.png 768w, https:\/\/www.tvportugal.tv\/portal\/wp-content\/uploads\/2022\/07\/Captura-de-ecra-2022-07-25-as-20.36.11-195x146.png 195w, https:\/\/www.tvportugal.tv\/portal\/wp-content\/uploads\/2022\/07\/Captura-de-ecra-2022-07-25-as-20.36.11-50x38.png 50w, https:\/\/www.tvportugal.tv\/portal\/wp-content\/uploads\/2022\/07\/Captura-de-ecra-2022-07-25-as-20.36.11-100x75.png 100w, https:\/\/www.tvportugal.tv\/portal\/wp-content\/uploads\/2022\/07\/Captura-de-ecra-2022-07-25-as-20.36.11-350x263.png 350w, https:\/\/www.tvportugal.tv\/portal\/wp-content\/uploads\/2022\/07\/Captura-de-ecra-2022-07-25-as-20.36.11.png 800w\" sizes=\"auto, (max-width: 400px) 100vw, 400px\" \/><\/a><div class=\"image_links double\"><a href=\"https:\/\/www.tvportugal.tv\/portal\/wp-content\/uploads\/2022\/07\/Captura-de-ecra-2022-07-25-as-20.36.11.png\" class=\"zoom\" rel=\"prettyphoto\"><i class=\"icon-search\"><\/i><\/a><a href=\"https:\/\/www.tvportugal.tv\/portal\/oeiras-entrega-casas-a-mais-14-familias\/\" class=\"link\"><i class=\"icon-link\"><\/i><\/a><\/div><\/div><\/div><div class=\"post-desc-wrapper\"><div class=\"post-desc\"><div class=\"post-head\"><div class=\"post-meta clearfix\"><div class=\"author-date\"><span class=\"vcard author post-author\"><span class=\"label\">By <\/span><i class=\"icon-user\"><\/i> <span class=\"fn\"><a href=\"https:\/\/www.tvportugal.tv\/portal\/author\/antonio-assuncao\/\">Antonio Assuncao<\/a><\/span><\/span> <span class=\"date\"><span class=\"label\">em <\/span><i class=\"icon-clock\"><\/i> <span class=\"post-date updated\">25\/07\/2022<\/span><\/span><\/div><div class=\"category\"><span class=\"cat-btn\">Categorias <i class=\"icon-down-dir\"><\/i><\/span><div class=\"cat-wrapper\"><ul class=\"post-categories\">\n\t<li><a href=\"https:\/\/www.tvportugal.tv\/portal\/televisao\/comunidade\/\" rel=\"category tag\">Comunidade<\/a><\/li>\n\t<li><a href=\"https:\/\/www.tvportugal.tv\/portal\/televisao\/oeiras\/\" rel=\"category tag\">Oeiras<\/a><\/li>\n\t<li><a href=\"https:\/\/www.tvportugal.tv\/portal\/televisao\/senior\/\" rel=\"category tag\">S\u00e9nior<\/a><\/li>\n\t<li><a href=\"https:\/\/www.tvportugal.tv\/portal\/televisao\/social\/\" rel=\"category tag\">Social<\/a><\/li>\n\t<li><a href=\"https:\/\/www.tvportugal.tv\/portal\/televisao\/varios\/\" rel=\"category tag\">V\u00e1rios<\/a><\/li><\/ul><\/div><\/div><\/div><\/div><div class=\"post-title\"><h2 class=\"entry-title\" itemprop=\"headline\"><a href=\"https:\/\/www.tvportugal.tv\/portal\/oeiras-entrega-casas-a-mais-14-familias\/\">Oeiras Entrega Casas a mais 14 Fam\u00edlias<\/a><\/h2><\/div><div class=\"post-excerpt\">&#8220;Hoje \u00e9 um dia muito especial, para mim, enquanto respons\u00e1vel pela Habita\u00e7\u00e3o Social. \u00c9 que eu conhe\u00e7o ao pormenor estas pessoas, eu conhe\u00e7o o caso delas, a vida delas, os anseios delas e efectivamente estas 14 fam\u00edlias, s\u00e3o 14 casas, v\u00e3o sair daqui com uma esperan\u00e7a renovada.&#8221; Carla Rocha, Vereadora<span class=\"excerpt-hellip\"> [\u2026]<\/span><\/div><div class=\"post-footer\"><div class=\"button-love\"><span class=\"love-text\">Voc\u00ea gosta disso?<\/span><a href=\"#\" class=\"mfn-love \" data-id=\"7595\"><span class=\"icons-wrapper\"><i class=\"icon-heart-empty-fa\"><\/i><i class=\"icon-heart-fa\"><\/i><\/span><span class=\"label\">71<\/span><\/a><\/div><div class=\"post-links\"><i class=\"icon-doc-text\"><\/i> <a href=\"https:\/\/www.tvportugal.tv\/portal\/oeiras-entrega-casas-a-mais-14-familias\/\" class=\"post-more\">Ler mais<\/a><\/div><\/div><\/div><\/div><\/div><div class=\"post-item isotope-item clearfix author-antonio-assuncao post-7565 post type-post status-publish format-standard has-post-thumbnail hentry category-oeiras category-social category-varios tag-carla-rocha tag-francisco-rocha-goncalves tag-inigo-pereira tag-isaltino-morais tag-oeiras\" ><div class=\"date_label\">01\/07\/2022<\/div><div class=\"image_frame post-photo-wrapper scale-with-grid image\"><div class=\"image_wrapper\"><a href=\"https:\/\/www.tvportugal.tv\/portal\/entrega-de-chaves-das-novas-habitacoes-aa-jovens-em-oeiras\/\"><div class=\"mask\"><\/div><img loading=\"lazy\" decoding=\"async\" width=\"400\" height=\"300\" src=\"https:\/\/www.tvportugal.tv\/portal\/wp-content\/uploads\/2022\/07\/Captura-de-ecra-2022-07-01-as-11.44.22-400x300.png\" class=\"scale-with-grid wp-post-image\" alt=\"\" itemprop=\"image\" srcset=\"https:\/\/www.tvportugal.tv\/portal\/wp-content\/uploads\/2022\/07\/Captura-de-ecra-2022-07-01-as-11.44.22-400x300.png 400w, https:\/\/www.tvportugal.tv\/portal\/wp-content\/uploads\/2022\/07\/Captura-de-ecra-2022-07-01-as-11.44.22-300x225.png 300w, https:\/\/www.tvportugal.tv\/portal\/wp-content\/uploads\/2022\/07\/Captura-de-ecra-2022-07-01-as-11.44.22-768x576.png 768w, https:\/\/www.tvportugal.tv\/portal\/wp-content\/uploads\/2022\/07\/Captura-de-ecra-2022-07-01-as-11.44.22-195x146.png 195w, https:\/\/www.tvportugal.tv\/portal\/wp-content\/uploads\/2022\/07\/Captura-de-ecra-2022-07-01-as-11.44.22-50x38.png 50w, https:\/\/www.tvportugal.tv\/portal\/wp-content\/uploads\/2022\/07\/Captura-de-ecra-2022-07-01-as-11.44.22-100x75.png 100w, https:\/\/www.tvportugal.tv\/portal\/wp-content\/uploads\/2022\/07\/Captura-de-ecra-2022-07-01-as-11.44.22-350x263.png 350w, https:\/\/www.tvportugal.tv\/portal\/wp-content\/uploads\/2022\/07\/Captura-de-ecra-2022-07-01-as-11.44.22.png 800w\" sizes=\"auto, (max-width: 400px) 100vw, 400px\" \/><\/a><div class=\"image_links double\"><a href=\"https:\/\/www.tvportugal.tv\/portal\/wp-content\/uploads\/2022\/07\/Captura-de-ecra-2022-07-01-as-11.44.22.png\" class=\"zoom\" rel=\"prettyphoto\"><i class=\"icon-search\"><\/i><\/a><a href=\"https:\/\/www.tvportugal.tv\/portal\/entrega-de-chaves-das-novas-habitacoes-aa-jovens-em-oeiras\/\" class=\"link\"><i class=\"icon-link\"><\/i><\/a><\/div><\/div><\/div><div class=\"post-desc-wrapper\"><div class=\"post-desc\"><div class=\"post-head\"><div class=\"post-meta clearfix\"><div class=\"author-date\"><span class=\"vcard author post-author\"><span class=\"label\">By <\/span><i class=\"icon-user\"><\/i> <span class=\"fn\"><a href=\"https:\/\/www.tvportugal.tv\/portal\/author\/antonio-assuncao\/\">Antonio Assuncao<\/a><\/span><\/span> <span class=\"date\"><span class=\"label\">em <\/span><i class=\"icon-clock\"><\/i> <span class=\"post-date updated\">01\/07\/2022<\/span><\/span><\/div><div class=\"category\"><span class=\"cat-btn\">Categorias <i class=\"icon-down-dir\"><\/i><\/span><div class=\"cat-wrapper\"><ul class=\"post-categories\">\n\t<li><a href=\"https:\/\/www.tvportugal.tv\/portal\/televisao\/oeiras\/\" rel=\"category tag\">Oeiras<\/a><\/li>\n\t<li><a href=\"https:\/\/www.tvportugal.tv\/portal\/televisao\/social\/\" rel=\"category tag\">Social<\/a><\/li>\n\t<li><a href=\"https:\/\/www.tvportugal.tv\/portal\/televisao\/varios\/\" rel=\"category tag\">V\u00e1rios<\/a><\/li><\/ul><\/div><\/div><\/div><\/div><div class=\"post-title\"><h2 class=\"entry-title\" itemprop=\"headline\"><a href=\"https:\/\/www.tvportugal.tv\/portal\/entrega-de-chaves-das-novas-habitacoes-aa-jovens-em-oeiras\/\">Entrega de Chaves das Novas Habita\u00e7\u00f5es a Jovens em Oeiras<\/a><\/h2><\/div><div class=\"post-excerpt\">&#8220;S\u00e3o sete Oeirenses, s\u00e3o sete jovens que v\u00e3o poder come\u00e7ar a sua vida de uma forma aut\u00f3noma em casas emblem\u00e1ticas do Concelho. Este \u00e9 um projecto que engloba duas vertentes, aquela que \u00e9 a mais importante que \u00e9 dar asas aos nossos jovens. (&#8230;), damos vida aos Centros Hist\u00f3ricos e<span class=\"excerpt-hellip\"> [\u2026]<\/span><\/div><div class=\"post-footer\"><div class=\"button-love\"><span class=\"love-text\">Voc\u00ea gosta disso?<\/span><a href=\"#\" class=\"mfn-love \" data-id=\"7565\"><span class=\"icons-wrapper\"><i class=\"icon-heart-empty-fa\"><\/i><i class=\"icon-heart-fa\"><\/i><\/span><span class=\"label\">63<\/span><\/a><\/div><div class=\"post-links\"><i class=\"icon-doc-text\"><\/i> <a href=\"https:\/\/www.tvportugal.tv\/portal\/entrega-de-chaves-das-novas-habitacoes-aa-jovens-em-oeiras\/\" class=\"post-more\">Ler mais<\/a><\/div><\/div><\/div><\/div><\/div><div class=\"post-item isotope-item clearfix author-antonio-assuncao post-7537 post type-post status-publish format-standard has-post-thumbnail hentry category-comunidade category-cultura category-espectaculo category-eventos category-festas category-inauguracoes category-oeiras category-social category-turismo category-varios tag-francisco-rocha-goncalves tag-inauguracoes tag-inigo-pereira tag-isaltino-morais tag-joana-baptista\" ><div class=\"date_label\">13\/05\/2022<\/div><div class=\"image_frame post-photo-wrapper scale-with-grid image\"><div class=\"image_wrapper\"><a href=\"https:\/\/www.tvportugal.tv\/portal\/ha-prova-em-oeiras-gastronomia-e-vinhos\/\"><div class=\"mask\"><\/div><img loading=\"lazy\" decoding=\"async\" width=\"400\" height=\"300\" src=\"https:\/\/www.tvportugal.tv\/portal\/wp-content\/uploads\/2022\/05\/Captura-de-ecra-2022-05-13-as-23.31.43-400x300.png\" class=\"scale-with-grid wp-post-image\" alt=\"Entrega de Pr\u00e9mios &quot;Rei D. Carlos&quot; 7.\u00aa Edi\u00e7\u00e3o, Cascais, Televis\u00e3o, Portugal, Reportagem, Pedro Morais Soares\" itemprop=\"image\" srcset=\"https:\/\/www.tvportugal.tv\/portal\/wp-content\/uploads\/2022\/05\/Captura-de-ecra-2022-05-13-as-23.31.43-400x300.png 400w, https:\/\/www.tvportugal.tv\/portal\/wp-content\/uploads\/2022\/05\/Captura-de-ecra-2022-05-13-as-23.31.43-300x225.png 300w, https:\/\/www.tvportugal.tv\/portal\/wp-content\/uploads\/2022\/05\/Captura-de-ecra-2022-05-13-as-23.31.43-768x576.png 768w, https:\/\/www.tvportugal.tv\/portal\/wp-content\/uploads\/2022\/05\/Captura-de-ecra-2022-05-13-as-23.31.43-195x146.png 195w, https:\/\/www.tvportugal.tv\/portal\/wp-content\/uploads\/2022\/05\/Captura-de-ecra-2022-05-13-as-23.31.43-50x38.png 50w, https:\/\/www.tvportugal.tv\/portal\/wp-content\/uploads\/2022\/05\/Captura-de-ecra-2022-05-13-as-23.31.43-100x75.png 100w, https:\/\/www.tvportugal.tv\/portal\/wp-content\/uploads\/2022\/05\/Captura-de-ecra-2022-05-13-as-23.31.43-350x263.png 350w, https:\/\/www.tvportugal.tv\/portal\/wp-content\/uploads\/2022\/05\/Captura-de-ecra-2022-05-13-as-23.31.43.png 800w\" sizes=\"auto, (max-width: 400px) 100vw, 400px\" \/><\/a><div class=\"image_links double\"><a href=\"https:\/\/www.tvportugal.tv\/portal\/wp-content\/uploads\/2022\/05\/Captura-de-ecra-2022-05-13-as-23.31.43.png\" class=\"zoom\" rel=\"prettyphoto\"><i class=\"icon-search\"><\/i><\/a><a href=\"https:\/\/www.tvportugal.tv\/portal\/ha-prova-em-oeiras-gastronomia-e-vinhos\/\" class=\"link\"><i class=\"icon-link\"><\/i><\/a><\/div><\/div><\/div><div class=\"post-desc-wrapper\"><div class=\"post-desc\"><div class=\"post-head\"><div class=\"post-meta clearfix\"><div class=\"author-date\"><span class=\"vcard author post-author\"><span class=\"label\">By <\/span><i class=\"icon-user\"><\/i> <span class=\"fn\"><a href=\"https:\/\/www.tvportugal.tv\/portal\/author\/antonio-assuncao\/\">Antonio Assuncao<\/a><\/span><\/span> <span class=\"date\"><span class=\"label\">em <\/span><i class=\"icon-clock\"><\/i> <span class=\"post-date updated\">13\/05\/2022<\/span><\/span><\/div><div class=\"category\"><span class=\"cat-btn\">Categorias <i class=\"icon-down-dir\"><\/i><\/span><div class=\"cat-wrapper\"><ul class=\"post-categories\">\n\t<li><a href=\"https:\/\/www.tvportugal.tv\/portal\/televisao\/comunidade\/\" rel=\"category tag\">Comunidade<\/a><\/li>\n\t<li><a href=\"https:\/\/www.tvportugal.tv\/portal\/televisao\/cultura\/\" rel=\"category tag\">Cultura<\/a><\/li>\n\t<li><a href=\"https:\/\/www.tvportugal.tv\/portal\/televisao\/espectaculo\/\" rel=\"category tag\">Espect\u00e1culo<\/a><\/li>\n\t<li><a href=\"https:\/\/www.tvportugal.tv\/portal\/televisao\/eventos\/\" rel=\"category tag\">Eventos<\/a><\/li>\n\t<li><a href=\"https:\/\/www.tvportugal.tv\/portal\/televisao\/festas\/\" rel=\"category tag\">Festas<\/a><\/li>\n\t<li><a href=\"https:\/\/www.tvportugal.tv\/portal\/televisao\/inauguracoes\/\" rel=\"category tag\">Inaugura\u00e7\u00f5es<\/a><\/li>\n\t<li><a href=\"https:\/\/www.tvportugal.tv\/portal\/televisao\/oeiras\/\" rel=\"category tag\">Oeiras<\/a><\/li>\n\t<li><a href=\"https:\/\/www.tvportugal.tv\/portal\/televisao\/social\/\" rel=\"category tag\">Social<\/a><\/li>\n\t<li><a href=\"https:\/\/www.tvportugal.tv\/portal\/televisao\/turismo\/\" rel=\"category tag\">Turismo<\/a><\/li>\n\t<li><a href=\"https:\/\/www.tvportugal.tv\/portal\/televisao\/varios\/\" rel=\"category tag\">V\u00e1rios<\/a><\/li><\/ul><\/div><\/div><\/div><\/div><div class=\"post-title\"><h2 class=\"entry-title\" itemprop=\"headline\"><a href=\"https:\/\/www.tvportugal.tv\/portal\/ha-prova-em-oeiras-gastronomia-e-vinhos\/\">H\u00e1 Prova em Oeiras | Gastronomia e Vinhos<\/a><\/h2><\/div><div class=\"post-excerpt\">&#8220;Voltamos ao fim de dois anos de pandemia e de estarmos todos encafuados com muita vontade e por isso Este H\u00e1 Prova \u00e9 completamente c\u00e1 fora no exterior. Temos o Pal\u00e1cio a ser recuperado e \u00e9 um H\u00e1 Prova que se mant\u00e9m naquilo que \u00e9 a sua ess\u00eancia.&#8221; Carla Rocha,<span class=\"excerpt-hellip\"> [\u2026]<\/span><\/div><div class=\"post-footer\"><div class=\"button-love\"><span class=\"love-text\">Voc\u00ea gosta disso?<\/span><a href=\"#\" class=\"mfn-love \" data-id=\"7537\"><span class=\"icons-wrapper\"><i class=\"icon-heart-empty-fa\"><\/i><i class=\"icon-heart-fa\"><\/i><\/span><span class=\"label\">56<\/span><\/a><\/div><div class=\"post-links\"><i class=\"icon-doc-text\"><\/i> <a href=\"https:\/\/www.tvportugal.tv\/portal\/ha-prova-em-oeiras-gastronomia-e-vinhos\/\" class=\"post-more\">Ler mais<\/a><\/div><\/div><\/div><\/div><\/div><div class=\"post-item isotope-item clearfix author-antonio-assuncao post-7510 post type-post status-publish format-standard has-post-thumbnail hentry category-oeiras category-politica category-protocolo category-varios tag-francisco-rocha-goncalves tag-inigo-pereira tag-isaltino-morais tag-joana-baptista tag-oeiras\" ><div class=\"date_label\">08\/04\/2022<\/div><div class=\"image_frame post-photo-wrapper scale-with-grid image\"><div class=\"image_wrapper\"><a href=\"https:\/\/www.tvportugal.tv\/portal\/presidente-da-republica-de-sao-tome-e-principe-visita-oeiras\/\"><div class=\"mask\"><\/div><img loading=\"lazy\" decoding=\"async\" width=\"400\" height=\"300\" src=\"https:\/\/www.tvportugal.tv\/portal\/wp-content\/uploads\/2022\/04\/Captura-de-ecra-2022-04-08-as-11.05.10-400x300.png\" class=\"scale-with-grid wp-post-image\" alt=\"Presidente da Rep\u00fablica de S\u00e3o Tom\u00e9 e Pr\u00edncipe Visita Oeiras, Portugal, Televis\u00e3o, Reportagem, Isaltino Morais, Francisco Rocha Gon\u00e7alves\" itemprop=\"image\" srcset=\"https:\/\/www.tvportugal.tv\/portal\/wp-content\/uploads\/2022\/04\/Captura-de-ecra-2022-04-08-as-11.05.10-400x300.png 400w, https:\/\/www.tvportugal.tv\/portal\/wp-content\/uploads\/2022\/04\/Captura-de-ecra-2022-04-08-as-11.05.10-300x225.png 300w, https:\/\/www.tvportugal.tv\/portal\/wp-content\/uploads\/2022\/04\/Captura-de-ecra-2022-04-08-as-11.05.10-768x576.png 768w, https:\/\/www.tvportugal.tv\/portal\/wp-content\/uploads\/2022\/04\/Captura-de-ecra-2022-04-08-as-11.05.10-195x146.png 195w, https:\/\/www.tvportugal.tv\/portal\/wp-content\/uploads\/2022\/04\/Captura-de-ecra-2022-04-08-as-11.05.10-50x38.png 50w, https:\/\/www.tvportugal.tv\/portal\/wp-content\/uploads\/2022\/04\/Captura-de-ecra-2022-04-08-as-11.05.10-100x75.png 100w, https:\/\/www.tvportugal.tv\/portal\/wp-content\/uploads\/2022\/04\/Captura-de-ecra-2022-04-08-as-11.05.10-350x263.png 350w, https:\/\/www.tvportugal.tv\/portal\/wp-content\/uploads\/2022\/04\/Captura-de-ecra-2022-04-08-as-11.05.10.png 800w\" sizes=\"auto, (max-width: 400px) 100vw, 400px\" \/><\/a><div class=\"image_links double\"><a href=\"https:\/\/www.tvportugal.tv\/portal\/wp-content\/uploads\/2022\/04\/Captura-de-ecra-2022-04-08-as-11.05.10.png\" class=\"zoom\" rel=\"prettyphoto\"><i class=\"icon-search\"><\/i><\/a><a href=\"https:\/\/www.tvportugal.tv\/portal\/presidente-da-republica-de-sao-tome-e-principe-visita-oeiras\/\" class=\"link\"><i class=\"icon-link\"><\/i><\/a><\/div><\/div><\/div><div class=\"post-desc-wrapper\"><div class=\"post-desc\"><div class=\"post-head\"><div class=\"post-meta clearfix\"><div class=\"author-date\"><span class=\"vcard author post-author\"><span class=\"label\">By <\/span><i class=\"icon-user\"><\/i> <span class=\"fn\"><a href=\"https:\/\/www.tvportugal.tv\/portal\/author\/antonio-assuncao\/\">Antonio Assuncao<\/a><\/span><\/span> <span class=\"date\"><span class=\"label\">em <\/span><i class=\"icon-clock\"><\/i> <span class=\"post-date updated\">08\/04\/2022<\/span><\/span><\/div><div class=\"category\"><span class=\"cat-btn\">Categorias <i class=\"icon-down-dir\"><\/i><\/span><div class=\"cat-wrapper\"><ul class=\"post-categories\">\n\t<li><a href=\"https:\/\/www.tvportugal.tv\/portal\/televisao\/oeiras\/\" rel=\"category tag\">Oeiras<\/a><\/li>\n\t<li><a href=\"https:\/\/www.tvportugal.tv\/portal\/televisao\/politica\/\" rel=\"category tag\">Politica<\/a><\/li>\n\t<li><a href=\"https:\/\/www.tvportugal.tv\/portal\/televisao\/protocolo\/\" rel=\"category tag\">Protocolo<\/a><\/li>\n\t<li><a href=\"https:\/\/www.tvportugal.tv\/portal\/televisao\/varios\/\" rel=\"category tag\">V\u00e1rios<\/a><\/li><\/ul><\/div><\/div><\/div><\/div><div class=\"post-title\"><h2 class=\"entry-title\" itemprop=\"headline\"><a href=\"https:\/\/www.tvportugal.tv\/portal\/presidente-da-republica-de-sao-tome-e-principe-visita-oeiras\/\">Presidente da Rep\u00fablica de S\u00e3o Tom\u00e9 e Pr\u00edncipe Visita Oeiras<\/a><\/h2><\/div><div class=\"post-excerpt\">&#8220;Na cerim\u00f3nia de rece\u00e7\u00e3o nos Pa\u00e7os do Concelho da C\u00e2mara Municipal de Oeiras, Carlos Vila Nova foi agraciado com a Medalha de M\u00e9rito Municipal Grau Ouro, num gesto que, segundo Isaltino Morais, simboliza \u201co respeito e amizade\u201d que existe para com o povo s\u00e3o-tomense. \u201cAssumimos a prioridade e a centralidade<span class=\"excerpt-hellip\"> [\u2026]<\/span><\/div><div class=\"post-footer\"><div class=\"button-love\"><span class=\"love-text\">Voc\u00ea gosta disso?<\/span><a href=\"#\" class=\"mfn-love \" data-id=\"7510\"><span class=\"icons-wrapper\"><i class=\"icon-heart-empty-fa\"><\/i><i class=\"icon-heart-fa\"><\/i><\/span><span class=\"label\">48<\/span><\/a><\/div><div class=\"post-links\"><i class=\"icon-doc-text\"><\/i> <a href=\"https:\/\/www.tvportugal.tv\/portal\/presidente-da-republica-de-sao-tome-e-principe-visita-oeiras\/\" class=\"post-more\">Ler mais<\/a><\/div><\/div><\/div><\/div><\/div><div class=\"post-item isotope-item clearfix author-antonio-assuncao post-7487 post type-post status-publish format-standard has-post-thumbnail hentry category-comunidade category-inauguracoes category-oeiras category-varios tag-francisco-rocha-goncalves tag-isaltino-morais tag-joana-baptista tag-oeiras\" ><div class=\"date_label\">22\/03\/2022<\/div><div class=\"image_frame post-photo-wrapper scale-with-grid image\"><div class=\"image_wrapper\"><a href=\"https:\/\/www.tvportugal.tv\/portal\/inauguracao-da-quinta-do-bicho-da-seda-em-alges\/\"><div class=\"mask\"><\/div><img loading=\"lazy\" decoding=\"async\" width=\"400\" height=\"300\" src=\"https:\/\/www.tvportugal.tv\/portal\/wp-content\/uploads\/2022\/03\/Captura-de-ecra-2022-03-22-as-22.01.29-400x300.png\" class=\"scale-with-grid wp-post-image\" alt=\"\" itemprop=\"image\" srcset=\"https:\/\/www.tvportugal.tv\/portal\/wp-content\/uploads\/2022\/03\/Captura-de-ecra-2022-03-22-as-22.01.29-400x300.png 400w, https:\/\/www.tvportugal.tv\/portal\/wp-content\/uploads\/2022\/03\/Captura-de-ecra-2022-03-22-as-22.01.29-300x225.png 300w, https:\/\/www.tvportugal.tv\/portal\/wp-content\/uploads\/2022\/03\/Captura-de-ecra-2022-03-22-as-22.01.29-768x576.png 768w, https:\/\/www.tvportugal.tv\/portal\/wp-content\/uploads\/2022\/03\/Captura-de-ecra-2022-03-22-as-22.01.29-195x146.png 195w, https:\/\/www.tvportugal.tv\/portal\/wp-content\/uploads\/2022\/03\/Captura-de-ecra-2022-03-22-as-22.01.29-50x38.png 50w, https:\/\/www.tvportugal.tv\/portal\/wp-content\/uploads\/2022\/03\/Captura-de-ecra-2022-03-22-as-22.01.29-100x75.png 100w, https:\/\/www.tvportugal.tv\/portal\/wp-content\/uploads\/2022\/03\/Captura-de-ecra-2022-03-22-as-22.01.29-350x263.png 350w, https:\/\/www.tvportugal.tv\/portal\/wp-content\/uploads\/2022\/03\/Captura-de-ecra-2022-03-22-as-22.01.29.png 800w\" sizes=\"auto, (max-width: 400px) 100vw, 400px\" \/><\/a><div class=\"image_links double\"><a href=\"https:\/\/www.tvportugal.tv\/portal\/wp-content\/uploads\/2022\/03\/Captura-de-ecra-2022-03-22-as-22.01.29.png\" class=\"zoom\" rel=\"prettyphoto\"><i class=\"icon-search\"><\/i><\/a><a href=\"https:\/\/www.tvportugal.tv\/portal\/inauguracao-da-quinta-do-bicho-da-seda-em-alges\/\" class=\"link\"><i class=\"icon-link\"><\/i><\/a><\/div><\/div><\/div><div class=\"post-desc-wrapper\"><div class=\"post-desc\"><div class=\"post-head\"><div class=\"post-meta clearfix\"><div class=\"author-date\"><span class=\"vcard author post-author\"><span class=\"label\">By <\/span><i class=\"icon-user\"><\/i> <span class=\"fn\"><a href=\"https:\/\/www.tvportugal.tv\/portal\/author\/antonio-assuncao\/\">Antonio Assuncao<\/a><\/span><\/span> <span class=\"date\"><span class=\"label\">em <\/span><i class=\"icon-clock\"><\/i> <span class=\"post-date updated\">22\/03\/2022<\/span><\/span><\/div><div class=\"category\"><span class=\"cat-btn\">Categorias <i class=\"icon-down-dir\"><\/i><\/span><div class=\"cat-wrapper\"><ul class=\"post-categories\">\n\t<li><a href=\"https:\/\/www.tvportugal.tv\/portal\/televisao\/comunidade\/\" rel=\"category tag\">Comunidade<\/a><\/li>\n\t<li><a href=\"https:\/\/www.tvportugal.tv\/portal\/televisao\/inauguracoes\/\" rel=\"category tag\">Inaugura\u00e7\u00f5es<\/a><\/li>\n\t<li><a href=\"https:\/\/www.tvportugal.tv\/portal\/televisao\/oeiras\/\" rel=\"category tag\">Oeiras<\/a><\/li>\n\t<li><a href=\"https:\/\/www.tvportugal.tv\/portal\/televisao\/varios\/\" rel=\"category tag\">V\u00e1rios<\/a><\/li><\/ul><\/div><\/div><\/div><\/div><div class=\"post-title\"><h2 class=\"entry-title\" itemprop=\"headline\"><a href=\"https:\/\/www.tvportugal.tv\/portal\/inauguracao-da-quinta-do-bicho-da-seda-em-alges\/\">Inaugura\u00e7\u00e3o da Quinta do Bicho da Seda em Alg\u00e9s<\/a><\/h2><\/div><div class=\"post-excerpt\">&#8220;Este parque tem uma hist\u00f3ria bastante antiga porque no fundo h\u00e1 aqui mem\u00f3rias muito antigas de uma quinta antiga, de uma zona de produ\u00e7\u00e3o de hort\u00edcolas, frut\u00edcolas, os pomares. Isto era uma zona que fazia parte de uma grande quinta que entretanto foi desaparecendo.&#8221; Isabel Mata Torres, C\u00e2mara Municipal de<span class=\"excerpt-hellip\"> [\u2026]<\/span><\/div><div class=\"post-footer\"><div class=\"button-love\"><span class=\"love-text\">Voc\u00ea gosta disso?<\/span><a href=\"#\" class=\"mfn-love \" data-id=\"7487\"><span class=\"icons-wrapper\"><i class=\"icon-heart-empty-fa\"><\/i><i class=\"icon-heart-fa\"><\/i><\/span><span class=\"label\">42<\/span><\/a><\/div><div class=\"post-links\"><i class=\"icon-doc-text\"><\/i> <a href=\"https:\/\/www.tvportugal.tv\/portal\/inauguracao-da-quinta-do-bicho-da-seda-em-alges\/\" class=\"post-more\">Ler mais<\/a><\/div><\/div><\/div><\/div><\/div><div class=\"post-item isotope-item clearfix author-antonio-assuncao post-7484 post type-post status-publish format-standard has-post-thumbnail hentry category-comunidade category-eventos category-oeiras category-politica category-social category-varios tag-carlos-carreiras tag-cascais tag-estoril tag-frederico-pinho-de-almeida tag-inauguracoes tag-nuno-piteira-lopes tag-pedro-morais-soares\" ><div class=\"date_label\">21\/03\/2022<\/div><div class=\"image_frame post-photo-wrapper scale-with-grid image\"><div class=\"image_wrapper\"><a href=\"https:\/\/www.tvportugal.tv\/portal\/a-t-l-da-galiza-homenageia-tres-zambujeiros-no-dia-mundial-da-arvore\/\"><div class=\"mask\"><\/div><img loading=\"lazy\" decoding=\"async\" width=\"400\" height=\"300\" src=\"https:\/\/www.tvportugal.tv\/portal\/wp-content\/uploads\/2022\/03\/Captura-de-ecra-2022-03-22-as-15.41.24-400x300.png\" class=\"scale-with-grid wp-post-image\" alt=\"Inaugura\u00e7\u00e3o da Quinta do Bicho da Seda em Alg\u00e9s, Portugal, Televis\u00e3o, Oeiras, Reportagem, Francisco Rocha Gon\u00e7alves, Isaltino Morais\" itemprop=\"image\" srcset=\"https:\/\/www.tvportugal.tv\/portal\/wp-content\/uploads\/2022\/03\/Captura-de-ecra-2022-03-22-as-15.41.24-400x300.png 400w, https:\/\/www.tvportugal.tv\/portal\/wp-content\/uploads\/2022\/03\/Captura-de-ecra-2022-03-22-as-15.41.24-300x225.png 300w, https:\/\/www.tvportugal.tv\/portal\/wp-content\/uploads\/2022\/03\/Captura-de-ecra-2022-03-22-as-15.41.24-768x576.png 768w, https:\/\/www.tvportugal.tv\/portal\/wp-content\/uploads\/2022\/03\/Captura-de-ecra-2022-03-22-as-15.41.24-195x146.png 195w, https:\/\/www.tvportugal.tv\/portal\/wp-content\/uploads\/2022\/03\/Captura-de-ecra-2022-03-22-as-15.41.24-50x38.png 50w, https:\/\/www.tvportugal.tv\/portal\/wp-content\/uploads\/2022\/03\/Captura-de-ecra-2022-03-22-as-15.41.24-100x75.png 100w, https:\/\/www.tvportugal.tv\/portal\/wp-content\/uploads\/2022\/03\/Captura-de-ecra-2022-03-22-as-15.41.24-350x263.png 350w, https:\/\/www.tvportugal.tv\/portal\/wp-content\/uploads\/2022\/03\/Captura-de-ecra-2022-03-22-as-15.41.24.png 800w\" sizes=\"auto, (max-width: 400px) 100vw, 400px\" \/><\/a><div class=\"image_links double\"><a href=\"https:\/\/www.tvportugal.tv\/portal\/wp-content\/uploads\/2022\/03\/Captura-de-ecra-2022-03-22-as-15.41.24.png\" class=\"zoom\" rel=\"prettyphoto\"><i class=\"icon-search\"><\/i><\/a><a href=\"https:\/\/www.tvportugal.tv\/portal\/a-t-l-da-galiza-homenageia-tres-zambujeiros-no-dia-mundial-da-arvore\/\" class=\"link\"><i class=\"icon-link\"><\/i><\/a><\/div><\/div><\/div><div class=\"post-desc-wrapper\"><div class=\"post-desc\"><div class=\"post-head\"><div class=\"post-meta clearfix\"><div class=\"author-date\"><span class=\"vcard author post-author\"><span class=\"label\">By <\/span><i class=\"icon-user\"><\/i> <span class=\"fn\"><a href=\"https:\/\/www.tvportugal.tv\/portal\/author\/antonio-assuncao\/\">Antonio Assuncao<\/a><\/span><\/span> <span class=\"date\"><span class=\"label\">em <\/span><i class=\"icon-clock\"><\/i> <span class=\"post-date updated\">21\/03\/2022<\/span><\/span><\/div><div class=\"category\"><span class=\"cat-btn\">Categorias <i class=\"icon-down-dir\"><\/i><\/span><div class=\"cat-wrapper\"><ul class=\"post-categories\">\n\t<li><a href=\"https:\/\/www.tvportugal.tv\/portal\/televisao\/comunidade\/\" rel=\"category tag\">Comunidade<\/a><\/li>\n\t<li><a href=\"https:\/\/www.tvportugal.tv\/portal\/televisao\/eventos\/\" rel=\"category tag\">Eventos<\/a><\/li>\n\t<li><a href=\"https:\/\/www.tvportugal.tv\/portal\/televisao\/oeiras\/\" rel=\"category tag\">Oeiras<\/a><\/li>\n\t<li><a href=\"https:\/\/www.tvportugal.tv\/portal\/televisao\/politica\/\" rel=\"category tag\">Politica<\/a><\/li>\n\t<li><a href=\"https:\/\/www.tvportugal.tv\/portal\/televisao\/social\/\" rel=\"category tag\">Social<\/a><\/li>\n\t<li><a href=\"https:\/\/www.tvportugal.tv\/portal\/televisao\/varios\/\" rel=\"category tag\">V\u00e1rios<\/a><\/li><\/ul><\/div><\/div><\/div><\/div><div class=\"post-title\"><h2 class=\"entry-title\" itemprop=\"headline\"><a href=\"https:\/\/www.tvportugal.tv\/portal\/a-t-l-da-galiza-homenageia-tres-zambujeiros-no-dia-mundial-da-arvore\/\">ATL da Galiza Homenageia Tr\u00eas Zambujeiros no Dia Mundial da \u00c1rvore<\/a><\/h2><\/div><div class=\"post-excerpt\">&#8220;Ao fim de dois anos estiveram a trabalhar estes magn\u00edficos azulejos, n\u00e3o s\u00f3 jovens, mas tamb\u00e9m, os nossos idosos, toda uma comunidade e hoje no Dia Mundial da \u00c1rvore temos a inaugura\u00e7\u00e3o deste fant\u00e1stico painel de azulejos que simboliza as esta\u00e7\u00f5es do ano.&#8221; Pedro Morais Soares, Presidente da Uni\u00e3o de<span class=\"excerpt-hellip\"> [\u2026]<\/span><\/div><div class=\"post-footer\"><div class=\"button-love\"><span class=\"love-text\">Voc\u00ea gosta disso?<\/span><a href=\"#\" class=\"mfn-love \" data-id=\"7484\"><span class=\"icons-wrapper\"><i class=\"icon-heart-empty-fa\"><\/i><i class=\"icon-heart-fa\"><\/i><\/span><span class=\"label\">41<\/span><\/a><\/div><div class=\"post-links\"><i class=\"icon-doc-text\"><\/i> <a href=\"https:\/\/www.tvportugal.tv\/portal\/a-t-l-da-galiza-homenageia-tres-zambujeiros-no-dia-mundial-da-arvore\/\" class=\"post-more\">Ler mais<\/a><\/div><\/div><\/div><\/div><\/div><div class=\"post-item isotope-item clearfix author-antonio-assuncao post-7481 post type-post status-publish format-standard has-post-thumbnail hentry category-comunidade category-eventos category-oeiras category-politica category-social category-varios tag-francisco-rocha-goncalves tag-inigo-pereira tag-isaltino-morais tag-joana-baptista tag-oeiras\" ><div class=\"date_label\">18\/03\/2022<\/div><div class=\"image_frame post-photo-wrapper scale-with-grid image\"><div class=\"image_wrapper\"><a href=\"https:\/\/www.tvportugal.tv\/portal\/programa-municipal-habitacao-jovem\/\"><div class=\"mask\"><\/div><img loading=\"lazy\" decoding=\"async\" width=\"400\" height=\"300\" src=\"https:\/\/www.tvportugal.tv\/portal\/wp-content\/uploads\/2022\/03\/Captura-de-ecra-2022-03-18-as-21.44.35-400x300.png\" class=\"scale-with-grid wp-post-image\" alt=\"Programa Municipal Habita\u00e7\u00e3o Jovem, Oeiras, Portugal, Televis\u00e3o, Reportagem, Isaltino Morais, Francisco Rocha Gon\u00e7alves\" itemprop=\"image\" srcset=\"https:\/\/www.tvportugal.tv\/portal\/wp-content\/uploads\/2022\/03\/Captura-de-ecra-2022-03-18-as-21.44.35-400x300.png 400w, https:\/\/www.tvportugal.tv\/portal\/wp-content\/uploads\/2022\/03\/Captura-de-ecra-2022-03-18-as-21.44.35-300x225.png 300w, https:\/\/www.tvportugal.tv\/portal\/wp-content\/uploads\/2022\/03\/Captura-de-ecra-2022-03-18-as-21.44.35-768x576.png 768w, https:\/\/www.tvportugal.tv\/portal\/wp-content\/uploads\/2022\/03\/Captura-de-ecra-2022-03-18-as-21.44.35-195x146.png 195w, https:\/\/www.tvportugal.tv\/portal\/wp-content\/uploads\/2022\/03\/Captura-de-ecra-2022-03-18-as-21.44.35-50x38.png 50w, https:\/\/www.tvportugal.tv\/portal\/wp-content\/uploads\/2022\/03\/Captura-de-ecra-2022-03-18-as-21.44.35-100x75.png 100w, https:\/\/www.tvportugal.tv\/portal\/wp-content\/uploads\/2022\/03\/Captura-de-ecra-2022-03-18-as-21.44.35-350x263.png 350w, https:\/\/www.tvportugal.tv\/portal\/wp-content\/uploads\/2022\/03\/Captura-de-ecra-2022-03-18-as-21.44.35.png 800w\" sizes=\"auto, (max-width: 400px) 100vw, 400px\" \/><\/a><div class=\"image_links double\"><a href=\"https:\/\/www.tvportugal.tv\/portal\/wp-content\/uploads\/2022\/03\/Captura-de-ecra-2022-03-18-as-21.44.35.png\" class=\"zoom\" rel=\"prettyphoto\"><i class=\"icon-search\"><\/i><\/a><a href=\"https:\/\/www.tvportugal.tv\/portal\/programa-municipal-habitacao-jovem\/\" class=\"link\"><i class=\"icon-link\"><\/i><\/a><\/div><\/div><\/div><div class=\"post-desc-wrapper\"><div class=\"post-desc\"><div class=\"post-head\"><div class=\"post-meta clearfix\"><div class=\"author-date\"><span class=\"vcard author post-author\"><span class=\"label\">By <\/span><i class=\"icon-user\"><\/i> <span class=\"fn\"><a href=\"https:\/\/www.tvportugal.tv\/portal\/author\/antonio-assuncao\/\">Antonio Assuncao<\/a><\/span><\/span> <span class=\"date\"><span class=\"label\">em <\/span><i class=\"icon-clock\"><\/i> <span class=\"post-date updated\">18\/03\/2022<\/span><\/span><\/div><div class=\"category\"><span class=\"cat-btn\">Categorias <i class=\"icon-down-dir\"><\/i><\/span><div class=\"cat-wrapper\"><ul class=\"post-categories\">\n\t<li><a href=\"https:\/\/www.tvportugal.tv\/portal\/televisao\/comunidade\/\" rel=\"category tag\">Comunidade<\/a><\/li>\n\t<li><a href=\"https:\/\/www.tvportugal.tv\/portal\/televisao\/eventos\/\" rel=\"category tag\">Eventos<\/a><\/li>\n\t<li><a href=\"https:\/\/www.tvportugal.tv\/portal\/televisao\/oeiras\/\" rel=\"category tag\">Oeiras<\/a><\/li>\n\t<li><a href=\"https:\/\/www.tvportugal.tv\/portal\/televisao\/politica\/\" rel=\"category tag\">Politica<\/a><\/li>\n\t<li><a href=\"https:\/\/www.tvportugal.tv\/portal\/televisao\/social\/\" rel=\"category tag\">Social<\/a><\/li>\n\t<li><a href=\"https:\/\/www.tvportugal.tv\/portal\/televisao\/varios\/\" rel=\"category tag\">V\u00e1rios<\/a><\/li><\/ul><\/div><\/div><\/div><\/div><div class=\"post-title\"><h2 class=\"entry-title\" itemprop=\"headline\"><a href=\"https:\/\/www.tvportugal.tv\/portal\/programa-municipal-habitacao-jovem\/\">Programa Municipal Habita\u00e7\u00e3o Jovem<\/a><\/h2><\/div><div class=\"post-excerpt\">&#8220;O programa Habita\u00e7\u00e3o Jovem foi criado pela C\u00e2mara Municipal de Oeiras com o objetivo de promover a revitaliza\u00e7\u00e3o dos centros hist\u00f3ricos atrav\u00e9s da reabilita\u00e7\u00e3o do seu patrim\u00f3nio arquitet\u00f3nico para atrair a fixa\u00e7\u00e3o da popula\u00e7\u00e3o mais jovem.&#8221; Francisco Rocha Gon\u00e7alves, Vice-Presidente CM Oeiras. Reportagem, Imagem e Edi\u00e7\u00e3o &#8211; Ant\u00f3nio Assun\u00e7\u00e3o 2022<span class=\"excerpt-hellip\"> [\u2026]<\/span><\/div><div class=\"post-footer\"><div class=\"button-love\"><span class=\"love-text\">Voc\u00ea gosta disso?<\/span><a href=\"#\" class=\"mfn-love \" data-id=\"7481\"><span class=\"icons-wrapper\"><i class=\"icon-heart-empty-fa\"><\/i><i class=\"icon-heart-fa\"><\/i><\/span><span class=\"label\">40<\/span><\/a><\/div><div class=\"post-links\"><i class=\"icon-doc-text\"><\/i> <a href=\"https:\/\/www.tvportugal.tv\/portal\/programa-municipal-habitacao-jovem\/\" class=\"post-more\">Ler mais<\/a><\/div><\/div><\/div><\/div><\/div><div class=\"post-item isotope-item clearfix author-antonio-assuncao post-7465 post type-post status-publish format-standard has-post-thumbnail hentry category-comunidade category-cultura category-educacao category-espectaculo category-eventos category-junior category-oeiras category-social category-varios tag-carlos-carreiras tag-cascais tag-estoril tag-frederico-nunes tag-frederico-pinho-de-almeida tag-inauguracoes tag-nuno-piteira-lopes tag-pedro-morais-soares\" ><div class=\"date_label\">20\/02\/2022<\/div><div class=\"image_frame post-photo-wrapper scale-with-grid image\"><div class=\"image_wrapper\"><a href=\"https:\/\/www.tvportugal.tv\/portal\/torre-plstik-skate-park-da-torre-uniao-freguesias-cascais-estoril\/\"><div class=\"mask\"><\/div><img loading=\"lazy\" decoding=\"async\" width=\"400\" height=\"300\" src=\"https:\/\/www.tvportugal.tv\/portal\/wp-content\/uploads\/2022\/02\/Captura-de-ecra-2022-02-20-as-10.46.01-400x300.png\" class=\"scale-with-grid wp-post-image\" alt=\"Torre Plstik | Skate Park da Torre | Uni\u00e3o Freguesias Cascais - Estoril, Televis\u00e3o, Portugal, Reportagem, Gaivotas da Torre\" itemprop=\"image\" srcset=\"https:\/\/www.tvportugal.tv\/portal\/wp-content\/uploads\/2022\/02\/Captura-de-ecra-2022-02-20-as-10.46.01-400x300.png 400w, https:\/\/www.tvportugal.tv\/portal\/wp-content\/uploads\/2022\/02\/Captura-de-ecra-2022-02-20-as-10.46.01-300x225.png 300w, https:\/\/www.tvportugal.tv\/portal\/wp-content\/uploads\/2022\/02\/Captura-de-ecra-2022-02-20-as-10.46.01-768x576.png 768w, https:\/\/www.tvportugal.tv\/portal\/wp-content\/uploads\/2022\/02\/Captura-de-ecra-2022-02-20-as-10.46.01-195x146.png 195w, https:\/\/www.tvportugal.tv\/portal\/wp-content\/uploads\/2022\/02\/Captura-de-ecra-2022-02-20-as-10.46.01-50x38.png 50w, https:\/\/www.tvportugal.tv\/portal\/wp-content\/uploads\/2022\/02\/Captura-de-ecra-2022-02-20-as-10.46.01-100x75.png 100w, https:\/\/www.tvportugal.tv\/portal\/wp-content\/uploads\/2022\/02\/Captura-de-ecra-2022-02-20-as-10.46.01-350x263.png 350w, https:\/\/www.tvportugal.tv\/portal\/wp-content\/uploads\/2022\/02\/Captura-de-ecra-2022-02-20-as-10.46.01.png 800w\" sizes=\"auto, (max-width: 400px) 100vw, 400px\" \/><\/a><div class=\"image_links double\"><a href=\"https:\/\/www.tvportugal.tv\/portal\/wp-content\/uploads\/2022\/02\/Captura-de-ecra-2022-02-20-as-10.46.01.png\" class=\"zoom\" rel=\"prettyphoto\"><i class=\"icon-search\"><\/i><\/a><a href=\"https:\/\/www.tvportugal.tv\/portal\/torre-plstik-skate-park-da-torre-uniao-freguesias-cascais-estoril\/\" class=\"link\"><i class=\"icon-link\"><\/i><\/a><\/div><\/div><\/div><div class=\"post-desc-wrapper\"><div class=\"post-desc\"><div class=\"post-head\"><div class=\"post-meta clearfix\"><div class=\"author-date\"><span class=\"vcard author post-author\"><span class=\"label\">By <\/span><i class=\"icon-user\"><\/i> <span class=\"fn\"><a href=\"https:\/\/www.tvportugal.tv\/portal\/author\/antonio-assuncao\/\">Antonio Assuncao<\/a><\/span><\/span> <span class=\"date\"><span class=\"label\">em <\/span><i class=\"icon-clock\"><\/i> <span class=\"post-date updated\">20\/02\/2022<\/span><\/span><\/div><div class=\"category\"><span class=\"cat-btn\">Categorias <i class=\"icon-down-dir\"><\/i><\/span><div class=\"cat-wrapper\"><ul class=\"post-categories\">\n\t<li><a href=\"https:\/\/www.tvportugal.tv\/portal\/televisao\/comunidade\/\" rel=\"category tag\">Comunidade<\/a><\/li>\n\t<li><a href=\"https:\/\/www.tvportugal.tv\/portal\/televisao\/cultura\/\" rel=\"category tag\">Cultura<\/a><\/li>\n\t<li><a href=\"https:\/\/www.tvportugal.tv\/portal\/televisao\/educacao\/\" rel=\"category tag\">Educa\u00e7\u00e3o<\/a><\/li>\n\t<li><a href=\"https:\/\/www.tvportugal.tv\/portal\/televisao\/espectaculo\/\" rel=\"category tag\">Espect\u00e1culo<\/a><\/li>\n\t<li><a href=\"https:\/\/www.tvportugal.tv\/portal\/televisao\/eventos\/\" rel=\"category tag\">Eventos<\/a><\/li>\n\t<li><a href=\"https:\/\/www.tvportugal.tv\/portal\/televisao\/junior\/\" rel=\"category tag\">Junior<\/a><\/li>\n\t<li><a href=\"https:\/\/www.tvportugal.tv\/portal\/televisao\/oeiras\/\" rel=\"category tag\">Oeiras<\/a><\/li>\n\t<li><a href=\"https:\/\/www.tvportugal.tv\/portal\/televisao\/social\/\" rel=\"category tag\">Social<\/a><\/li>\n\t<li><a href=\"https:\/\/www.tvportugal.tv\/portal\/televisao\/varios\/\" rel=\"category tag\">V\u00e1rios<\/a><\/li><\/ul><\/div><\/div><\/div><\/div><div class=\"post-title\"><h2 class=\"entry-title\" itemprop=\"headline\"><a href=\"https:\/\/www.tvportugal.tv\/portal\/torre-plstik-skate-park-da-torre-uniao-freguesias-cascais-estoril\/\">Torre Plstik | Skate Park da Torre | Uni\u00e3o Freguesias Cascais &#8211; Estoril\u00a0<\/a><\/h2><\/div><div class=\"post-excerpt\">&#8220;Esta iniciativa resultou de uma candidatura apresentada pelo Movimento CLARO, JF Cascais &#8211; Estoril e das Gaivotas da Torre ao programa &#8220;Bairros Saud\u00e1veis&#8221; do PRR que venceu, e, est\u00e1 aqui a ser implementada atrav\u00e9s de reciclagem.&#8221; Pedro Morais Soares, Presidente da Uni\u00e3o de Freguesias Cascais &#8211; Estoril. Escutamos tamb\u00e9m, Carolina<span class=\"excerpt-hellip\"> [\u2026]<\/span><\/div><div class=\"post-footer\"><div class=\"button-love\"><span class=\"love-text\">Voc\u00ea gosta disso?<\/span><a href=\"#\" class=\"mfn-love \" data-id=\"7465\"><span class=\"icons-wrapper\"><i class=\"icon-heart-empty-fa\"><\/i><i class=\"icon-heart-fa\"><\/i><\/span><span class=\"label\">36<\/span><\/a><\/div><div class=\"post-links\"><i class=\"icon-doc-text\"><\/i> <a href=\"https:\/\/www.tvportugal.tv\/portal\/torre-plstik-skate-park-da-torre-uniao-freguesias-cascais-estoril\/\" class=\"post-more\">Ler mais<\/a><\/div><\/div><\/div><\/div><\/div><div class=\"post-item isotope-item clearfix author-antonio-assuncao post-7462 post type-post status-publish format-standard has-post-thumbnail hentry category-comunidade category-cultura category-educacao category-espectaculo category-eventos category-junior category-oeiras category-social category-varios tag-carlos-carreiras tag-cascais tag-frederico-nunes tag-frederico-pinho-de-almeida tag-jose-filipe-ribeiro tag-miguel-pinto-luz tag-nuno-piteira-lopes tag-pedro-morais-soares\" ><div class=\"date_label\">17\/02\/2022<\/div><div class=\"image_frame post-photo-wrapper scale-with-grid image\"><div class=\"image_wrapper\"><a href=\"https:\/\/www.tvportugal.tv\/portal\/cozinha-com-alma-10-anos-ao-servico-de-quem-precisa-inauguracao-de-nova-loja-em-alcabideche\/\"><div class=\"mask\"><\/div><img loading=\"lazy\" decoding=\"async\" width=\"400\" height=\"300\" src=\"https:\/\/www.tvportugal.tv\/portal\/wp-content\/uploads\/2022\/02\/Captura-de-ecra-2022-02-17-as-22.32.05-400x300.png\" class=\"scale-with-grid wp-post-image\" alt=\"Cozinha com Alma 10 Anos ao Servi\u00e7o de Quem Precisa | Inaugura\u00e7\u00e3o de Nova Loja em Alcabideche, Portugal, Televis\u00e3o, Cascais\" itemprop=\"image\" srcset=\"https:\/\/www.tvportugal.tv\/portal\/wp-content\/uploads\/2022\/02\/Captura-de-ecra-2022-02-17-as-22.32.05-400x300.png 400w, https:\/\/www.tvportugal.tv\/portal\/wp-content\/uploads\/2022\/02\/Captura-de-ecra-2022-02-17-as-22.32.05-300x225.png 300w, https:\/\/www.tvportugal.tv\/portal\/wp-content\/uploads\/2022\/02\/Captura-de-ecra-2022-02-17-as-22.32.05-768x576.png 768w, https:\/\/www.tvportugal.tv\/portal\/wp-content\/uploads\/2022\/02\/Captura-de-ecra-2022-02-17-as-22.32.05-195x146.png 195w, https:\/\/www.tvportugal.tv\/portal\/wp-content\/uploads\/2022\/02\/Captura-de-ecra-2022-02-17-as-22.32.05-50x38.png 50w, https:\/\/www.tvportugal.tv\/portal\/wp-content\/uploads\/2022\/02\/Captura-de-ecra-2022-02-17-as-22.32.05-100x75.png 100w, https:\/\/www.tvportugal.tv\/portal\/wp-content\/uploads\/2022\/02\/Captura-de-ecra-2022-02-17-as-22.32.05-350x263.png 350w, https:\/\/www.tvportugal.tv\/portal\/wp-content\/uploads\/2022\/02\/Captura-de-ecra-2022-02-17-as-22.32.05.png 800w\" sizes=\"auto, (max-width: 400px) 100vw, 400px\" \/><\/a><div class=\"image_links double\"><a href=\"https:\/\/www.tvportugal.tv\/portal\/wp-content\/uploads\/2022\/02\/Captura-de-ecra-2022-02-17-as-22.32.05.png\" class=\"zoom\" rel=\"prettyphoto\"><i class=\"icon-search\"><\/i><\/a><a href=\"https:\/\/www.tvportugal.tv\/portal\/cozinha-com-alma-10-anos-ao-servico-de-quem-precisa-inauguracao-de-nova-loja-em-alcabideche\/\" class=\"link\"><i class=\"icon-link\"><\/i><\/a><\/div><\/div><\/div><div class=\"post-desc-wrapper\"><div class=\"post-desc\"><div class=\"post-head\"><div class=\"post-meta clearfix\"><div class=\"author-date\"><span class=\"vcard author post-author\"><span class=\"label\">By <\/span><i class=\"icon-user\"><\/i> <span class=\"fn\"><a href=\"https:\/\/www.tvportugal.tv\/portal\/author\/antonio-assuncao\/\">Antonio Assuncao<\/a><\/span><\/span> <span class=\"date\"><span class=\"label\">em <\/span><i class=\"icon-clock\"><\/i> <span class=\"post-date updated\">17\/02\/2022<\/span><\/span><\/div><div class=\"category\"><span class=\"cat-btn\">Categorias <i class=\"icon-down-dir\"><\/i><\/span><div class=\"cat-wrapper\"><ul class=\"post-categories\">\n\t<li><a href=\"https:\/\/www.tvportugal.tv\/portal\/televisao\/comunidade\/\" rel=\"category tag\">Comunidade<\/a><\/li>\n\t<li><a href=\"https:\/\/www.tvportugal.tv\/portal\/televisao\/cultura\/\" rel=\"category tag\">Cultura<\/a><\/li>\n\t<li><a href=\"https:\/\/www.tvportugal.tv\/portal\/televisao\/educacao\/\" rel=\"category tag\">Educa\u00e7\u00e3o<\/a><\/li>\n\t<li><a href=\"https:\/\/www.tvportugal.tv\/portal\/televisao\/espectaculo\/\" rel=\"category tag\">Espect\u00e1culo<\/a><\/li>\n\t<li><a href=\"https:\/\/www.tvportugal.tv\/portal\/televisao\/eventos\/\" rel=\"category tag\">Eventos<\/a><\/li>\n\t<li><a href=\"https:\/\/www.tvportugal.tv\/portal\/televisao\/junior\/\" rel=\"category tag\">Junior<\/a><\/li>\n\t<li><a href=\"https:\/\/www.tvportugal.tv\/portal\/televisao\/oeiras\/\" rel=\"category tag\">Oeiras<\/a><\/li>\n\t<li><a href=\"https:\/\/www.tvportugal.tv\/portal\/televisao\/social\/\" rel=\"category tag\">Social<\/a><\/li>\n\t<li><a href=\"https:\/\/www.tvportugal.tv\/portal\/televisao\/varios\/\" rel=\"category tag\">V\u00e1rios<\/a><\/li><\/ul><\/div><\/div><\/div><\/div><div class=\"post-title\"><h2 class=\"entry-title\" itemprop=\"headline\"><a href=\"https:\/\/www.tvportugal.tv\/portal\/cozinha-com-alma-10-anos-ao-servico-de-quem-precisa-inauguracao-de-nova-loja-em-alcabideche\/\">Cozinha com Alma 10 Anos ao Servi\u00e7o de Quem Precisa | Inaugura\u00e7\u00e3o de Nova Loja em Alcabideche\u00a0<\/a><\/h2><\/div><div class=\"post-excerpt\">&#8220;Come\u00e7ar por dar os parab\u00e9ns \u00e0 Cozinha com Alma, eu diria os duplos parab\u00e9ns, em primeiro lugar pelo 10.\u00ba Anivers\u00e1rio e \u00e9 uma data muito importante que demonstra j\u00e1 uma maturidade muito grande deste extraordin\u00e1rio projecto e os parab\u00e9ns pela inaugura\u00e7\u00e3o da nova loja.&#8221; Frederico Pinho de Almeida, Vereador CM<span class=\"excerpt-hellip\"> [\u2026]<\/span><\/div><div class=\"post-footer\"><div class=\"button-love\"><span class=\"love-text\">Voc\u00ea gosta disso?<\/span><a href=\"#\" class=\"mfn-love \" data-id=\"7462\"><span class=\"icons-wrapper\"><i class=\"icon-heart-empty-fa\"><\/i><i class=\"icon-heart-fa\"><\/i><\/span><span class=\"label\">35<\/span><\/a><\/div><div class=\"post-links\"><i class=\"icon-doc-text\"><\/i> <a href=\"https:\/\/www.tvportugal.tv\/portal\/cozinha-com-alma-10-anos-ao-servico-de-quem-precisa-inauguracao-de-nova-loja-em-alcabideche\/\" class=\"post-more\">Ler mais<\/a><\/div><\/div><\/div><\/div><\/div><div class=\"post-item isotope-item clearfix author-antonio-assuncao post-7458 post type-post status-publish format-standard has-post-thumbnail hentry category-comunidade category-cultura category-educacao category-espectaculo category-eventos category-junior category-oeiras category-social category-varios tag-carlos-carreiras tag-cascais tag-frederico-nunes tag-frederico-pinho-de-almeida tag-jose-filipe-ribeiro tag-miguel-pinto-luz tag-nuno-piteira-lopes\" ><div class=\"date_label\">11\/02\/2022<\/div><div class=\"image_frame post-photo-wrapper scale-with-grid image\"><div class=\"image_wrapper\"><a href=\"https:\/\/www.tvportugal.tv\/portal\/apresentacao-publica-da-revisao-do-plano-director-municipal-freguesia-de-alcabideche\/\"><div class=\"mask\"><\/div><img loading=\"lazy\" decoding=\"async\" width=\"400\" height=\"300\" src=\"https:\/\/www.tvportugal.tv\/portal\/wp-content\/uploads\/2022\/02\/Captura-de-ecra-2022-02-11-as-19.34.54-400x300.png\" class=\"scale-with-grid wp-post-image\" alt=\"Apresenta\u00e7\u00e3o P\u00fablica da Revis\u00e3o do Plano Director Municipal | Freguesia de Alcabideche, Portugal, Televis\u00e3o, Cascais, Reportagem\" itemprop=\"image\" srcset=\"https:\/\/www.tvportugal.tv\/portal\/wp-content\/uploads\/2022\/02\/Captura-de-ecra-2022-02-11-as-19.34.54-400x300.png 400w, https:\/\/www.tvportugal.tv\/portal\/wp-content\/uploads\/2022\/02\/Captura-de-ecra-2022-02-11-as-19.34.54-300x225.png 300w, https:\/\/www.tvportugal.tv\/portal\/wp-content\/uploads\/2022\/02\/Captura-de-ecra-2022-02-11-as-19.34.54-768x576.png 768w, https:\/\/www.tvportugal.tv\/portal\/wp-content\/uploads\/2022\/02\/Captura-de-ecra-2022-02-11-as-19.34.54-195x146.png 195w, https:\/\/www.tvportugal.tv\/portal\/wp-content\/uploads\/2022\/02\/Captura-de-ecra-2022-02-11-as-19.34.54-50x38.png 50w, https:\/\/www.tvportugal.tv\/portal\/wp-content\/uploads\/2022\/02\/Captura-de-ecra-2022-02-11-as-19.34.54-100x75.png 100w, https:\/\/www.tvportugal.tv\/portal\/wp-content\/uploads\/2022\/02\/Captura-de-ecra-2022-02-11-as-19.34.54-350x263.png 350w, https:\/\/www.tvportugal.tv\/portal\/wp-content\/uploads\/2022\/02\/Captura-de-ecra-2022-02-11-as-19.34.54.png 800w\" sizes=\"auto, (max-width: 400px) 100vw, 400px\" \/><\/a><div class=\"image_links double\"><a href=\"https:\/\/www.tvportugal.tv\/portal\/wp-content\/uploads\/2022\/02\/Captura-de-ecra-2022-02-11-as-19.34.54.png\" class=\"zoom\" rel=\"prettyphoto\"><i class=\"icon-search\"><\/i><\/a><a href=\"https:\/\/www.tvportugal.tv\/portal\/apresentacao-publica-da-revisao-do-plano-director-municipal-freguesia-de-alcabideche\/\" class=\"link\"><i class=\"icon-link\"><\/i><\/a><\/div><\/div><\/div><div class=\"post-desc-wrapper\"><div class=\"post-desc\"><div class=\"post-head\"><div class=\"post-meta clearfix\"><div class=\"author-date\"><span class=\"vcard author post-author\"><span class=\"label\">By <\/span><i class=\"icon-user\"><\/i> <span class=\"fn\"><a href=\"https:\/\/www.tvportugal.tv\/portal\/author\/antonio-assuncao\/\">Antonio Assuncao<\/a><\/span><\/span> <span class=\"date\"><span class=\"label\">em <\/span><i class=\"icon-clock\"><\/i> <span class=\"post-date updated\">11\/02\/2022<\/span><\/span><\/div><div class=\"category\"><span class=\"cat-btn\">Categorias <i class=\"icon-down-dir\"><\/i><\/span><div class=\"cat-wrapper\"><ul class=\"post-categories\">\n\t<li><a href=\"https:\/\/www.tvportugal.tv\/portal\/televisao\/comunidade\/\" rel=\"category tag\">Comunidade<\/a><\/li>\n\t<li><a href=\"https:\/\/www.tvportugal.tv\/portal\/televisao\/cultura\/\" rel=\"category tag\">Cultura<\/a><\/li>\n\t<li><a href=\"https:\/\/www.tvportugal.tv\/portal\/televisao\/educacao\/\" rel=\"category tag\">Educa\u00e7\u00e3o<\/a><\/li>\n\t<li><a href=\"https:\/\/www.tvportugal.tv\/portal\/televisao\/espectaculo\/\" rel=\"category tag\">Espect\u00e1culo<\/a><\/li>\n\t<li><a href=\"https:\/\/www.tvportugal.tv\/portal\/televisao\/eventos\/\" rel=\"category tag\">Eventos<\/a><\/li>\n\t<li><a href=\"https:\/\/www.tvportugal.tv\/portal\/televisao\/junior\/\" rel=\"category tag\">Junior<\/a><\/li>\n\t<li><a href=\"https:\/\/www.tvportugal.tv\/portal\/televisao\/oeiras\/\" rel=\"category tag\">Oeiras<\/a><\/li>\n\t<li><a href=\"https:\/\/www.tvportugal.tv\/portal\/televisao\/social\/\" rel=\"category tag\">Social<\/a><\/li>\n\t<li><a href=\"https:\/\/www.tvportugal.tv\/portal\/televisao\/varios\/\" rel=\"category tag\">V\u00e1rios<\/a><\/li><\/ul><\/div><\/div><\/div><\/div><div class=\"post-title\"><h2 class=\"entry-title\" itemprop=\"headline\"><a href=\"https:\/\/www.tvportugal.tv\/portal\/apresentacao-publica-da-revisao-do-plano-director-municipal-freguesia-de-alcabideche\/\">Apresenta\u00e7\u00e3o P\u00fablica da Revis\u00e3o do Plano Director Municipal | Freguesia de Alcabideche\u00a0<\/a><\/h2><\/div><div class=\"post-excerpt\">&#8220;Tivemos hoje mais uma sess\u00e3o de participa\u00e7\u00e3o p\u00fablica do PDM, s\u00e3o quatro, hoje estivemos aqui em Alcabideche muito participada. Claro que as pessoas querem participar, querem opinar, querem dar as suas ideias, os seus contributos para o PDM e n\u00f3s estivemos aqui para ouvir. Miguel Pinto Luz, Vice-Presidente CM Cascais.<span class=\"excerpt-hellip\"> [\u2026]<\/span><\/div><div class=\"post-footer\"><div class=\"button-love\"><span class=\"love-text\">Voc\u00ea gosta disso?<\/span><a href=\"#\" class=\"mfn-love \" data-id=\"7458\"><span class=\"icons-wrapper\"><i class=\"icon-heart-empty-fa\"><\/i><i class=\"icon-heart-fa\"><\/i><\/span><span class=\"label\">34<\/span><\/a><\/div><div class=\"post-links\"><i class=\"icon-doc-text\"><\/i> <a href=\"https:\/\/www.tvportugal.tv\/portal\/apresentacao-publica-da-revisao-do-plano-director-municipal-freguesia-de-alcabideche\/\" class=\"post-more\">Ler mais<\/a><\/div><\/div><\/div><\/div><\/div><div class=\"post-item isotope-item clearfix author-antonio-assuncao post-7455 post type-post status-publish format-standard has-post-thumbnail hentry category-comunidade category-cultura category-educacao category-espectaculo category-eventos category-junior category-oeiras category-social category-varios tag-francisco-rocha-goncalves tag-inigo-pereira tag-isaltino-morais tag-joana-baptista tag-pedro-patacho\" ><div class=\"date_label\">10\/02\/2022<\/div><div class=\"image_frame post-photo-wrapper scale-with-grid image\"><div class=\"image_wrapper\"><a href=\"https:\/\/www.tvportugal.tv\/portal\/isso-e-que-era-bom-luis-aleluia\/\"><div class=\"mask\"><\/div><img loading=\"lazy\" decoding=\"async\" width=\"400\" height=\"300\" src=\"https:\/\/www.tvportugal.tv\/portal\/wp-content\/uploads\/2022\/02\/Captura-de-ecra-2022-02-10-as-15.03.46-400x300.png\" class=\"scale-with-grid wp-post-image\" alt=\"Isso \u00e9 que era bom | Lu\u00eds Aleluia, Portugal, Televis\u00e3o, Reportagem, Audit\u00f3rio Municipal Ruy de Carvalho, Oeiras\" itemprop=\"image\" srcset=\"https:\/\/www.tvportugal.tv\/portal\/wp-content\/uploads\/2022\/02\/Captura-de-ecra-2022-02-10-as-15.03.46-400x300.png 400w, https:\/\/www.tvportugal.tv\/portal\/wp-content\/uploads\/2022\/02\/Captura-de-ecra-2022-02-10-as-15.03.46-300x225.png 300w, https:\/\/www.tvportugal.tv\/portal\/wp-content\/uploads\/2022\/02\/Captura-de-ecra-2022-02-10-as-15.03.46-768x576.png 768w, https:\/\/www.tvportugal.tv\/portal\/wp-content\/uploads\/2022\/02\/Captura-de-ecra-2022-02-10-as-15.03.46-195x146.png 195w, https:\/\/www.tvportugal.tv\/portal\/wp-content\/uploads\/2022\/02\/Captura-de-ecra-2022-02-10-as-15.03.46-50x38.png 50w, https:\/\/www.tvportugal.tv\/portal\/wp-content\/uploads\/2022\/02\/Captura-de-ecra-2022-02-10-as-15.03.46-100x75.png 100w, https:\/\/www.tvportugal.tv\/portal\/wp-content\/uploads\/2022\/02\/Captura-de-ecra-2022-02-10-as-15.03.46-350x263.png 350w, https:\/\/www.tvportugal.tv\/portal\/wp-content\/uploads\/2022\/02\/Captura-de-ecra-2022-02-10-as-15.03.46.png 800w\" sizes=\"auto, (max-width: 400px) 100vw, 400px\" \/><\/a><div class=\"image_links double\"><a href=\"https:\/\/www.tvportugal.tv\/portal\/wp-content\/uploads\/2022\/02\/Captura-de-ecra-2022-02-10-as-15.03.46.png\" class=\"zoom\" rel=\"prettyphoto\"><i class=\"icon-search\"><\/i><\/a><a href=\"https:\/\/www.tvportugal.tv\/portal\/isso-e-que-era-bom-luis-aleluia\/\" class=\"link\"><i class=\"icon-link\"><\/i><\/a><\/div><\/div><\/div><div class=\"post-desc-wrapper\"><div class=\"post-desc\"><div class=\"post-head\"><div class=\"post-meta clearfix\"><div class=\"author-date\"><span class=\"vcard author post-author\"><span class=\"label\">By <\/span><i class=\"icon-user\"><\/i> <span class=\"fn\"><a href=\"https:\/\/www.tvportugal.tv\/portal\/author\/antonio-assuncao\/\">Antonio Assuncao<\/a><\/span><\/span> <span class=\"date\"><span class=\"label\">em <\/span><i class=\"icon-clock\"><\/i> <span class=\"post-date updated\">10\/02\/2022<\/span><\/span><\/div><div class=\"category\"><span class=\"cat-btn\">Categorias <i class=\"icon-down-dir\"><\/i><\/span><div class=\"cat-wrapper\"><ul class=\"post-categories\">\n\t<li><a href=\"https:\/\/www.tvportugal.tv\/portal\/televisao\/comunidade\/\" rel=\"category tag\">Comunidade<\/a><\/li>\n\t<li><a href=\"https:\/\/www.tvportugal.tv\/portal\/televisao\/cultura\/\" rel=\"category tag\">Cultura<\/a><\/li>\n\t<li><a href=\"https:\/\/www.tvportugal.tv\/portal\/televisao\/educacao\/\" rel=\"category tag\">Educa\u00e7\u00e3o<\/a><\/li>\n\t<li><a href=\"https:\/\/www.tvportugal.tv\/portal\/televisao\/espectaculo\/\" rel=\"category tag\">Espect\u00e1culo<\/a><\/li>\n\t<li><a href=\"https:\/\/www.tvportugal.tv\/portal\/televisao\/eventos\/\" rel=\"category tag\">Eventos<\/a><\/li>\n\t<li><a href=\"https:\/\/www.tvportugal.tv\/portal\/televisao\/junior\/\" rel=\"category tag\">Junior<\/a><\/li>\n\t<li><a href=\"https:\/\/www.tvportugal.tv\/portal\/televisao\/oeiras\/\" rel=\"category tag\">Oeiras<\/a><\/li>\n\t<li><a href=\"https:\/\/www.tvportugal.tv\/portal\/televisao\/social\/\" rel=\"category tag\">Social<\/a><\/li>\n\t<li><a href=\"https:\/\/www.tvportugal.tv\/portal\/televisao\/varios\/\" rel=\"category tag\">V\u00e1rios<\/a><\/li><\/ul><\/div><\/div><\/div><\/div><div class=\"post-title\"><h2 class=\"entry-title\" itemprop=\"headline\"><a href=\"https:\/\/www.tvportugal.tv\/portal\/isso-e-que-era-bom-luis-aleluia\/\">Isso \u00e9 que era bom | Lu\u00eds Aleluia\u00a0<\/a><\/h2><\/div><div class=\"post-excerpt\">&#8220;Isto \u00e9 uma com\u00e9dia de situa\u00e7\u00e3o e que p\u00f5e o pessoal a pensar e se me acontecer a mim fechar uma porta e ficar fechado a uma sexta feira num edif\u00edcio de escrit\u00f3rios onde ningu\u00e9m me acode. (&#8230;), \u00e9 que a pe\u00e7a \u00e9 t\u00e3o agrad\u00e1vel de ver que as pessoas<span class=\"excerpt-hellip\"> [\u2026]<\/span><\/div><div class=\"post-footer\"><div class=\"button-love\"><span class=\"love-text\">Voc\u00ea gosta disso?<\/span><a href=\"#\" class=\"mfn-love \" data-id=\"7455\"><span class=\"icons-wrapper\"><i class=\"icon-heart-empty-fa\"><\/i><i class=\"icon-heart-fa\"><\/i><\/span><span class=\"label\">33<\/span><\/a><\/div><div class=\"post-links\"><i class=\"icon-doc-text\"><\/i> <a href=\"https:\/\/www.tvportugal.tv\/portal\/isso-e-que-era-bom-luis-aleluia\/\" class=\"post-more\">Ler mais<\/a><\/div><\/div><\/div><\/div><\/div><div class=\"post-item isotope-item clearfix author-antonio-assuncao post-7452 post type-post status-publish format-standard has-post-thumbnail hentry category-comunidade category-cultura category-educacao category-eventos category-inauguracoes category-junior category-oeiras category-social category-varios tag-francisco-rocha-goncalves tag-inigo-pereira tag-isaltino-morais tag-joana-baptista tag-pedro-patacho\" ><div class=\"date_label\">09\/02\/2022<\/div><div class=\"image_frame post-photo-wrapper scale-with-grid image\"><div class=\"image_wrapper\"><a href=\"https:\/\/www.tvportugal.tv\/portal\/apresentacao-publica-da-revisao-do-plano-director-municipal\/\"><div class=\"mask\"><\/div><img loading=\"lazy\" decoding=\"async\" width=\"400\" height=\"300\" src=\"https:\/\/www.tvportugal.tv\/portal\/wp-content\/uploads\/2022\/02\/Captura-de-ecra-2022-02-09-as-16.34.55-400x300.png\" class=\"scale-with-grid wp-post-image\" alt=\"Apresenta\u00e7\u00e3o P\u00fablica da Revis\u00e3o do Plano Director Municipal, Portugal, Reportagem, Televis\u00e3o, Cascais, Miguel Pinto Luz, Carlos Carreiras\" itemprop=\"image\" srcset=\"https:\/\/www.tvportugal.tv\/portal\/wp-content\/uploads\/2022\/02\/Captura-de-ecra-2022-02-09-as-16.34.55-400x300.png 400w, https:\/\/www.tvportugal.tv\/portal\/wp-content\/uploads\/2022\/02\/Captura-de-ecra-2022-02-09-as-16.34.55-300x225.png 300w, https:\/\/www.tvportugal.tv\/portal\/wp-content\/uploads\/2022\/02\/Captura-de-ecra-2022-02-09-as-16.34.55-768x576.png 768w, https:\/\/www.tvportugal.tv\/portal\/wp-content\/uploads\/2022\/02\/Captura-de-ecra-2022-02-09-as-16.34.55-195x146.png 195w, https:\/\/www.tvportugal.tv\/portal\/wp-content\/uploads\/2022\/02\/Captura-de-ecra-2022-02-09-as-16.34.55-50x38.png 50w, https:\/\/www.tvportugal.tv\/portal\/wp-content\/uploads\/2022\/02\/Captura-de-ecra-2022-02-09-as-16.34.55-100x75.png 100w, https:\/\/www.tvportugal.tv\/portal\/wp-content\/uploads\/2022\/02\/Captura-de-ecra-2022-02-09-as-16.34.55-350x263.png 350w, https:\/\/www.tvportugal.tv\/portal\/wp-content\/uploads\/2022\/02\/Captura-de-ecra-2022-02-09-as-16.34.55.png 800w\" sizes=\"auto, (max-width: 400px) 100vw, 400px\" \/><\/a><div class=\"image_links double\"><a href=\"https:\/\/www.tvportugal.tv\/portal\/wp-content\/uploads\/2022\/02\/Captura-de-ecra-2022-02-09-as-16.34.55.png\" class=\"zoom\" rel=\"prettyphoto\"><i class=\"icon-search\"><\/i><\/a><a href=\"https:\/\/www.tvportugal.tv\/portal\/apresentacao-publica-da-revisao-do-plano-director-municipal\/\" class=\"link\"><i class=\"icon-link\"><\/i><\/a><\/div><\/div><\/div><div class=\"post-desc-wrapper\"><div class=\"post-desc\"><div class=\"post-head\"><div class=\"post-meta clearfix\"><div class=\"author-date\"><span class=\"vcard author post-author\"><span class=\"label\">By <\/span><i class=\"icon-user\"><\/i> <span class=\"fn\"><a href=\"https:\/\/www.tvportugal.tv\/portal\/author\/antonio-assuncao\/\">Antonio Assuncao<\/a><\/span><\/span> <span class=\"date\"><span class=\"label\">em <\/span><i class=\"icon-clock\"><\/i> <span class=\"post-date updated\">09\/02\/2022<\/span><\/span><\/div><div class=\"category\"><span class=\"cat-btn\">Categorias <i class=\"icon-down-dir\"><\/i><\/span><div class=\"cat-wrapper\"><ul class=\"post-categories\">\n\t<li><a href=\"https:\/\/www.tvportugal.tv\/portal\/televisao\/comunidade\/\" rel=\"category tag\">Comunidade<\/a><\/li>\n\t<li><a href=\"https:\/\/www.tvportugal.tv\/portal\/televisao\/cultura\/\" rel=\"category tag\">Cultura<\/a><\/li>\n\t<li><a href=\"https:\/\/www.tvportugal.tv\/portal\/televisao\/educacao\/\" rel=\"category tag\">Educa\u00e7\u00e3o<\/a><\/li>\n\t<li><a href=\"https:\/\/www.tvportugal.tv\/portal\/televisao\/eventos\/\" rel=\"category tag\">Eventos<\/a><\/li>\n\t<li><a href=\"https:\/\/www.tvportugal.tv\/portal\/televisao\/inauguracoes\/\" rel=\"category tag\">Inaugura\u00e7\u00f5es<\/a><\/li>\n\t<li><a href=\"https:\/\/www.tvportugal.tv\/portal\/televisao\/junior\/\" rel=\"category tag\">Junior<\/a><\/li>\n\t<li><a href=\"https:\/\/www.tvportugal.tv\/portal\/televisao\/oeiras\/\" rel=\"category tag\">Oeiras<\/a><\/li>\n\t<li><a href=\"https:\/\/www.tvportugal.tv\/portal\/televisao\/social\/\" rel=\"category tag\">Social<\/a><\/li>\n\t<li><a href=\"https:\/\/www.tvportugal.tv\/portal\/televisao\/varios\/\" rel=\"category tag\">V\u00e1rios<\/a><\/li><\/ul><\/div><\/div><\/div><\/div><div class=\"post-title\"><h2 class=\"entry-title\" itemprop=\"headline\"><a href=\"https:\/\/www.tvportugal.tv\/portal\/apresentacao-publica-da-revisao-do-plano-director-municipal\/\">Apresenta\u00e7\u00e3o P\u00fablica da Revis\u00e3o do Plano Director Municipal<\/a><\/h2><\/div><div class=\"post-excerpt\">&#8220;Estamos aqui numa primeira de quatro sess\u00f5es de esclarecimento que faremos em quatro Juntas de Freguesia sobre o processo de altera\u00e7\u00e3o por adapta\u00e7\u00e3o do PDM de Cascais. Come\u00e7amos em S.D. de Rana de forma simb\u00f3lica. (&#8230;), muito positivo, quando podemos discutir ideias de forma franca e aberta, n\u00e3o temos que<span class=\"excerpt-hellip\"> [\u2026]<\/span><\/div><div class=\"post-footer\"><div class=\"button-love\"><span class=\"love-text\">Voc\u00ea gosta disso?<\/span><a href=\"#\" class=\"mfn-love \" data-id=\"7452\"><span class=\"icons-wrapper\"><i class=\"icon-heart-empty-fa\"><\/i><i class=\"icon-heart-fa\"><\/i><\/span><span class=\"label\">32<\/span><\/a><\/div><div class=\"post-links\"><i class=\"icon-doc-text\"><\/i> <a href=\"https:\/\/www.tvportugal.tv\/portal\/apresentacao-publica-da-revisao-do-plano-director-municipal\/\" class=\"post-more\">Ler mais<\/a><\/div><\/div><\/div><\/div><\/div><div class=\"post-item isotope-item clearfix author-antonio-assuncao post-7449 post type-post status-publish format-standard has-post-thumbnail hentry category-comunidade category-cultura category-educacao category-eventos category-inauguracoes category-junior category-oeiras category-social category-varios tag-francisco-rocha-goncalves tag-inigo-pereira tag-isaltino-morais tag-joana-baptista tag-pedro-patacho\" ><div class=\"date_label\">09\/02\/2022<\/div><div class=\"image_frame post-photo-wrapper scale-with-grid image\"><div class=\"image_wrapper\"><a href=\"https:\/\/www.tvportugal.tv\/portal\/f-i-c-a-festival-internacional-de-ciencia-oeira-2022-regressa-em-outubro\/\"><div class=\"mask\"><\/div><img loading=\"lazy\" decoding=\"async\" width=\"400\" height=\"300\" src=\"https:\/\/www.tvportugal.tv\/portal\/wp-content\/uploads\/2022\/02\/Captura-de-ecra-2022-02-09-as-00.00.40-400x300.png\" class=\"scale-with-grid wp-post-image\" alt=\"FIC.A - Festival Internacional de Ci\u00eancia Oeiras 2022 Regressa em Outubro, Portugal, Televis\u00e3o, Oeiras, Reportagem\" itemprop=\"image\" srcset=\"https:\/\/www.tvportugal.tv\/portal\/wp-content\/uploads\/2022\/02\/Captura-de-ecra-2022-02-09-as-00.00.40-400x300.png 400w, https:\/\/www.tvportugal.tv\/portal\/wp-content\/uploads\/2022\/02\/Captura-de-ecra-2022-02-09-as-00.00.40-300x225.png 300w, https:\/\/www.tvportugal.tv\/portal\/wp-content\/uploads\/2022\/02\/Captura-de-ecra-2022-02-09-as-00.00.40-768x576.png 768w, https:\/\/www.tvportugal.tv\/portal\/wp-content\/uploads\/2022\/02\/Captura-de-ecra-2022-02-09-as-00.00.40-195x146.png 195w, https:\/\/www.tvportugal.tv\/portal\/wp-content\/uploads\/2022\/02\/Captura-de-ecra-2022-02-09-as-00.00.40-50x38.png 50w, https:\/\/www.tvportugal.tv\/portal\/wp-content\/uploads\/2022\/02\/Captura-de-ecra-2022-02-09-as-00.00.40-100x75.png 100w, https:\/\/www.tvportugal.tv\/portal\/wp-content\/uploads\/2022\/02\/Captura-de-ecra-2022-02-09-as-00.00.40-350x263.png 350w, https:\/\/www.tvportugal.tv\/portal\/wp-content\/uploads\/2022\/02\/Captura-de-ecra-2022-02-09-as-00.00.40.png 800w\" sizes=\"auto, (max-width: 400px) 100vw, 400px\" \/><\/a><div class=\"image_links double\"><a href=\"https:\/\/www.tvportugal.tv\/portal\/wp-content\/uploads\/2022\/02\/Captura-de-ecra-2022-02-09-as-00.00.40.png\" class=\"zoom\" rel=\"prettyphoto\"><i class=\"icon-search\"><\/i><\/a><a href=\"https:\/\/www.tvportugal.tv\/portal\/f-i-c-a-festival-internacional-de-ciencia-oeira-2022-regressa-em-outubro\/\" class=\"link\"><i class=\"icon-link\"><\/i><\/a><\/div><\/div><\/div><div class=\"post-desc-wrapper\"><div class=\"post-desc\"><div class=\"post-head\"><div class=\"post-meta clearfix\"><div class=\"author-date\"><span class=\"vcard author post-author\"><span class=\"label\">By <\/span><i class=\"icon-user\"><\/i> <span class=\"fn\"><a href=\"https:\/\/www.tvportugal.tv\/portal\/author\/antonio-assuncao\/\">Antonio Assuncao<\/a><\/span><\/span> <span class=\"date\"><span class=\"label\">em <\/span><i class=\"icon-clock\"><\/i> <span class=\"post-date updated\">09\/02\/2022<\/span><\/span><\/div><div class=\"category\"><span class=\"cat-btn\">Categorias <i class=\"icon-down-dir\"><\/i><\/span><div class=\"cat-wrapper\"><ul class=\"post-categories\">\n\t<li><a href=\"https:\/\/www.tvportugal.tv\/portal\/televisao\/comunidade\/\" rel=\"category tag\">Comunidade<\/a><\/li>\n\t<li><a href=\"https:\/\/www.tvportugal.tv\/portal\/televisao\/cultura\/\" rel=\"category tag\">Cultura<\/a><\/li>\n\t<li><a href=\"https:\/\/www.tvportugal.tv\/portal\/televisao\/educacao\/\" rel=\"category tag\">Educa\u00e7\u00e3o<\/a><\/li>\n\t<li><a href=\"https:\/\/www.tvportugal.tv\/portal\/televisao\/eventos\/\" rel=\"category tag\">Eventos<\/a><\/li>\n\t<li><a href=\"https:\/\/www.tvportugal.tv\/portal\/televisao\/inauguracoes\/\" rel=\"category tag\">Inaugura\u00e7\u00f5es<\/a><\/li>\n\t<li><a href=\"https:\/\/www.tvportugal.tv\/portal\/televisao\/junior\/\" rel=\"category tag\">Junior<\/a><\/li>\n\t<li><a href=\"https:\/\/www.tvportugal.tv\/portal\/televisao\/oeiras\/\" rel=\"category tag\">Oeiras<\/a><\/li>\n\t<li><a href=\"https:\/\/www.tvportugal.tv\/portal\/televisao\/social\/\" rel=\"category tag\">Social<\/a><\/li>\n\t<li><a href=\"https:\/\/www.tvportugal.tv\/portal\/televisao\/varios\/\" rel=\"category tag\">V\u00e1rios<\/a><\/li><\/ul><\/div><\/div><\/div><\/div><div class=\"post-title\"><h2 class=\"entry-title\" itemprop=\"headline\"><a href=\"https:\/\/www.tvportugal.tv\/portal\/f-i-c-a-festival-internacional-de-ciencia-oeira-2022-regressa-em-outubro\/\">FIC.A &#8211; FestivalInternacional de Ci\u00eancia Oeiras 2022 Regressa em Outubro<\/a><\/h2><\/div><div class=\"post-excerpt\">Com mais de 34 mil participantes na sua primeira edi\u00e7\u00e3o em Oeiras, o FIC.A &#8211; Festival Internacional de Ci\u00eancia comprovou o apetite da sociedade para com a ci\u00eancia e o conhecimento. Em 2021, o primeiro Festival Internacional de Ci\u00eancia criado e implementado em Portugal apresentou-se ao p\u00fablico com o des\u00edgnio<span class=\"excerpt-hellip\"> [\u2026]<\/span><\/div><div class=\"post-footer\"><div class=\"button-love\"><span class=\"love-text\">Voc\u00ea gosta disso?<\/span><a href=\"#\" class=\"mfn-love \" data-id=\"7449\"><span class=\"icons-wrapper\"><i class=\"icon-heart-empty-fa\"><\/i><i class=\"icon-heart-fa\"><\/i><\/span><span class=\"label\">32<\/span><\/a><\/div><div class=\"post-links\"><i class=\"icon-doc-text\"><\/i> <a href=\"https:\/\/www.tvportugal.tv\/portal\/f-i-c-a-festival-internacional-de-ciencia-oeira-2022-regressa-em-outubro\/\" class=\"post-more\">Ler mais<\/a><\/div><\/div><\/div><\/div><\/div><div class=\"post-item isotope-item clearfix author-antonio-assuncao post-7445 post type-post status-publish format-standard has-post-thumbnail hentry category-comunidade category-desporto category-educacao category-eventos category-inauguracoes category-junior category-oeiras category-senior category-varios tag-francisco-rocha-goncalves tag-isaltino-morais tag-joana-baptista tag-pedro-patacho\" ><div class=\"date_label\">04\/02\/2022<\/div><div class=\"image_frame post-photo-wrapper scale-with-grid image\"><div class=\"image_wrapper\"><a href=\"https:\/\/www.tvportugal.tv\/portal\/oeiras-assinala-40-anos-da-corrida-do-tejo-com-exposicao\/\"><div class=\"mask\"><\/div><img loading=\"lazy\" decoding=\"async\" width=\"400\" height=\"300\" src=\"https:\/\/www.tvportugal.tv\/portal\/wp-content\/uploads\/2022\/02\/Captura-de-ecra-2022-02-04-as-13.11.18-400x300.png\" class=\"scale-with-grid wp-post-image\" alt=\"Oeiras Assinala 40 Anos da Corrida do Tejo com Exposi\u00e7\u00e3o, Televis\u00e3o, Portugal, Oeiras, Isaltino Morais, Francisco Rocha Gon\u00e7alves\" itemprop=\"image\" srcset=\"https:\/\/www.tvportugal.tv\/portal\/wp-content\/uploads\/2022\/02\/Captura-de-ecra-2022-02-04-as-13.11.18-400x300.png 400w, https:\/\/www.tvportugal.tv\/portal\/wp-content\/uploads\/2022\/02\/Captura-de-ecra-2022-02-04-as-13.11.18-300x225.png 300w, https:\/\/www.tvportugal.tv\/portal\/wp-content\/uploads\/2022\/02\/Captura-de-ecra-2022-02-04-as-13.11.18-768x576.png 768w, https:\/\/www.tvportugal.tv\/portal\/wp-content\/uploads\/2022\/02\/Captura-de-ecra-2022-02-04-as-13.11.18-195x146.png 195w, https:\/\/www.tvportugal.tv\/portal\/wp-content\/uploads\/2022\/02\/Captura-de-ecra-2022-02-04-as-13.11.18-50x38.png 50w, https:\/\/www.tvportugal.tv\/portal\/wp-content\/uploads\/2022\/02\/Captura-de-ecra-2022-02-04-as-13.11.18-100x75.png 100w, https:\/\/www.tvportugal.tv\/portal\/wp-content\/uploads\/2022\/02\/Captura-de-ecra-2022-02-04-as-13.11.18-350x263.png 350w, https:\/\/www.tvportugal.tv\/portal\/wp-content\/uploads\/2022\/02\/Captura-de-ecra-2022-02-04-as-13.11.18.png 800w\" sizes=\"auto, (max-width: 400px) 100vw, 400px\" \/><\/a><div class=\"image_links double\"><a href=\"https:\/\/www.tvportugal.tv\/portal\/wp-content\/uploads\/2022\/02\/Captura-de-ecra-2022-02-04-as-13.11.18.png\" class=\"zoom\" rel=\"prettyphoto\"><i class=\"icon-search\"><\/i><\/a><a href=\"https:\/\/www.tvportugal.tv\/portal\/oeiras-assinala-40-anos-da-corrida-do-tejo-com-exposicao\/\" class=\"link\"><i class=\"icon-link\"><\/i><\/a><\/div><\/div><\/div><div class=\"post-desc-wrapper\"><div class=\"post-desc\"><div class=\"post-head\"><div class=\"post-meta clearfix\"><div class=\"author-date\"><span class=\"vcard author post-author\"><span class=\"label\">By <\/span><i class=\"icon-user\"><\/i> <span class=\"fn\"><a href=\"https:\/\/www.tvportugal.tv\/portal\/author\/antonio-assuncao\/\">Antonio Assuncao<\/a><\/span><\/span> <span class=\"date\"><span class=\"label\">em <\/span><i class=\"icon-clock\"><\/i> <span class=\"post-date updated\">04\/02\/2022<\/span><\/span><\/div><div class=\"category\"><span class=\"cat-btn\">Categorias <i class=\"icon-down-dir\"><\/i><\/span><div class=\"cat-wrapper\"><ul class=\"post-categories\">\n\t<li><a href=\"https:\/\/www.tvportugal.tv\/portal\/televisao\/comunidade\/\" rel=\"category tag\">Comunidade<\/a><\/li>\n\t<li><a href=\"https:\/\/www.tvportugal.tv\/portal\/televisao\/desporto\/\" rel=\"category tag\">Desporto<\/a><\/li>\n\t<li><a href=\"https:\/\/www.tvportugal.tv\/portal\/televisao\/educacao\/\" rel=\"category tag\">Educa\u00e7\u00e3o<\/a><\/li>\n\t<li><a href=\"https:\/\/www.tvportugal.tv\/portal\/televisao\/eventos\/\" rel=\"category tag\">Eventos<\/a><\/li>\n\t<li><a href=\"https:\/\/www.tvportugal.tv\/portal\/televisao\/inauguracoes\/\" rel=\"category tag\">Inaugura\u00e7\u00f5es<\/a><\/li>\n\t<li><a href=\"https:\/\/www.tvportugal.tv\/portal\/televisao\/junior\/\" rel=\"category tag\">Junior<\/a><\/li>\n\t<li><a href=\"https:\/\/www.tvportugal.tv\/portal\/televisao\/oeiras\/\" rel=\"category tag\">Oeiras<\/a><\/li>\n\t<li><a href=\"https:\/\/www.tvportugal.tv\/portal\/televisao\/senior\/\" rel=\"category tag\">S\u00e9nior<\/a><\/li>\n\t<li><a href=\"https:\/\/www.tvportugal.tv\/portal\/televisao\/varios\/\" rel=\"category tag\">V\u00e1rios<\/a><\/li><\/ul><\/div><\/div><\/div><\/div><div class=\"post-title\"><h2 class=\"entry-title\" itemprop=\"headline\"><a href=\"https:\/\/www.tvportugal.tv\/portal\/oeiras-assinala-40-anos-da-corrida-do-tejo-com-exposicao\/\">Oeiras Assinala 40 Anos da Corrida do Tejo com Exposi\u00e7\u00e3o<\/a><\/h2><\/div><div class=\"post-excerpt\">\u201cDesafiando a Liberdade. 40 anos da Corrida do Tejo\u201d \u00e9 o t\u00edtulo da exposi\u00e7\u00e3o comemorativa do 40\u00ba anivers\u00e1rio da Corrida do Tejo, que foi inaugurada dia 3 de fevereiro, no Centro Cultural Pal\u00e1cio do Egipto. \u00c9 deste modo que se assinala o 40\u00ba anivers\u00e1rio de uma das mais importantes provas<span class=\"excerpt-hellip\"> [\u2026]<\/span><\/div><div class=\"post-footer\"><div class=\"button-love\"><span class=\"love-text\">Voc\u00ea gosta disso?<\/span><a href=\"#\" class=\"mfn-love \" data-id=\"7445\"><span class=\"icons-wrapper\"><i class=\"icon-heart-empty-fa\"><\/i><i class=\"icon-heart-fa\"><\/i><\/span><span class=\"label\">32<\/span><\/a><\/div><div class=\"post-links\"><i class=\"icon-doc-text\"><\/i> <a href=\"https:\/\/www.tvportugal.tv\/portal\/oeiras-assinala-40-anos-da-corrida-do-tejo-com-exposicao\/\" class=\"post-more\">Ler mais<\/a><\/div><\/div><\/div><\/div><\/div><div class=\"post-item isotope-item clearfix author-antonio-assuncao post-7441 post type-post status-publish format-standard has-post-thumbnail hentry category-cascais category-comunidade category-junior category-mafra category-oeiras category-politica category-senior category-social category-varios tag-carlos-carreiras tag-cascais tag-estoril tag-nuno-piteira-lopes tag-pedro-morais-soares\" ><div class=\"date_label\">29\/01\/2022<\/div><div class=\"image_frame post-photo-wrapper scale-with-grid image\"><div class=\"image_wrapper\"><a href=\"https:\/\/www.tvportugal.tv\/portal\/mensagem-do-presidente-da-republica-eleicoes-legislativas\/\"><div class=\"mask\"><\/div><img loading=\"lazy\" decoding=\"async\" width=\"400\" height=\"300\" src=\"https:\/\/www.tvportugal.tv\/portal\/wp-content\/uploads\/2022\/01\/FotografiaRUIOCHOA_PresidenciaRepublica_DSCF4318-2-400x300.jpg\" class=\"scale-with-grid wp-post-image\" alt=\"Mensagem do Presidente da Rep\u00fablica, Elei\u00e7\u00f5es Legislativas, Portugal, Televis\u00e3o, Marcelo Rebelo de Sousa, Cascais, Oeiras\" itemprop=\"image\" srcset=\"https:\/\/www.tvportugal.tv\/portal\/wp-content\/uploads\/2022\/01\/FotografiaRUIOCHOA_PresidenciaRepublica_DSCF4318-2-400x300.jpg 400w, https:\/\/www.tvportugal.tv\/portal\/wp-content\/uploads\/2022\/01\/FotografiaRUIOCHOA_PresidenciaRepublica_DSCF4318-2-300x225.jpg 300w, https:\/\/www.tvportugal.tv\/portal\/wp-content\/uploads\/2022\/01\/FotografiaRUIOCHOA_PresidenciaRepublica_DSCF4318-2-768x576.jpg 768w, https:\/\/www.tvportugal.tv\/portal\/wp-content\/uploads\/2022\/01\/FotografiaRUIOCHOA_PresidenciaRepublica_DSCF4318-2-195x146.jpg 195w, https:\/\/www.tvportugal.tv\/portal\/wp-content\/uploads\/2022\/01\/FotografiaRUIOCHOA_PresidenciaRepublica_DSCF4318-2-50x38.jpg 50w, https:\/\/www.tvportugal.tv\/portal\/wp-content\/uploads\/2022\/01\/FotografiaRUIOCHOA_PresidenciaRepublica_DSCF4318-2-100x75.jpg 100w, https:\/\/www.tvportugal.tv\/portal\/wp-content\/uploads\/2022\/01\/FotografiaRUIOCHOA_PresidenciaRepublica_DSCF4318-2-350x263.jpg 350w, https:\/\/www.tvportugal.tv\/portal\/wp-content\/uploads\/2022\/01\/FotografiaRUIOCHOA_PresidenciaRepublica_DSCF4318-2.jpg 800w\" sizes=\"auto, (max-width: 400px) 100vw, 400px\" \/><\/a><div class=\"image_links double\"><a href=\"https:\/\/www.tvportugal.tv\/portal\/wp-content\/uploads\/2022\/01\/FotografiaRUIOCHOA_PresidenciaRepublica_DSCF4318-2.jpg\" class=\"zoom\" rel=\"prettyphoto\"><i class=\"icon-search\"><\/i><\/a><a href=\"https:\/\/www.tvportugal.tv\/portal\/mensagem-do-presidente-da-republica-eleicoes-legislativas\/\" class=\"link\"><i class=\"icon-link\"><\/i><\/a><\/div><\/div><\/div><div class=\"post-desc-wrapper\"><div class=\"post-desc\"><div class=\"post-head\"><div class=\"post-meta clearfix\"><div class=\"author-date\"><span class=\"vcard author post-author\"><span class=\"label\">By <\/span><i class=\"icon-user\"><\/i> <span class=\"fn\"><a href=\"https:\/\/www.tvportugal.tv\/portal\/author\/antonio-assuncao\/\">Antonio Assuncao<\/a><\/span><\/span> <span class=\"date\"><span class=\"label\">em <\/span><i class=\"icon-clock\"><\/i> <span class=\"post-date updated\">29\/01\/2022<\/span><\/span><\/div><div class=\"category\"><span class=\"cat-btn\">Categorias <i class=\"icon-down-dir\"><\/i><\/span><div class=\"cat-wrapper\"><ul class=\"post-categories\">\n\t<li><a href=\"https:\/\/www.tvportugal.tv\/portal\/televisao\/cascais\/\" rel=\"category tag\">Cascais<\/a><\/li>\n\t<li><a href=\"https:\/\/www.tvportugal.tv\/portal\/televisao\/comunidade\/\" rel=\"category tag\">Comunidade<\/a><\/li>\n\t<li><a href=\"https:\/\/www.tvportugal.tv\/portal\/televisao\/junior\/\" rel=\"category tag\">Junior<\/a><\/li>\n\t<li><a href=\"https:\/\/www.tvportugal.tv\/portal\/televisao\/mafra\/\" rel=\"category tag\">Mafra<\/a><\/li>\n\t<li><a href=\"https:\/\/www.tvportugal.tv\/portal\/televisao\/oeiras\/\" rel=\"category tag\">Oeiras<\/a><\/li>\n\t<li><a href=\"https:\/\/www.tvportugal.tv\/portal\/televisao\/politica\/\" rel=\"category tag\">Politica<\/a><\/li>\n\t<li><a href=\"https:\/\/www.tvportugal.tv\/portal\/televisao\/senior\/\" rel=\"category tag\">S\u00e9nior<\/a><\/li>\n\t<li><a href=\"https:\/\/www.tvportugal.tv\/portal\/televisao\/social\/\" rel=\"category tag\">Social<\/a><\/li>\n\t<li><a href=\"https:\/\/www.tvportugal.tv\/portal\/televisao\/varios\/\" rel=\"category tag\">V\u00e1rios<\/a><\/li><\/ul><\/div><\/div><\/div><\/div><div class=\"post-title\"><h2 class=\"entry-title\" itemprop=\"headline\"><a href=\"https:\/\/www.tvportugal.tv\/portal\/mensagem-do-presidente-da-republica-eleicoes-legislativas\/\">Mensagem do Presidente da Rep\u00fablica | Elei\u00e7\u00f5es Legislativas\u00a0<\/a><\/h2><\/div><div class=\"post-excerpt\">&#8220;Portugueses, Estas elei\u00e7\u00f5es para a Assembleia da Rep\u00fablica s\u00e3o, verdadeiramente, diferentes. Diferentes porque, sendo as primeiras elei\u00e7\u00f5es parlamentares realizadas em pandemia e ap\u00f3s rejei\u00e7\u00e3o, tamb\u00e9m pela primeira vez, de um Or\u00e7amento de Estado em Democracia, nelas confirm\u00e1mos o dom\u00ednio de tr\u00eas temas: a pr\u00f3pria pandemia e a sa\u00fade; a urgente<span class=\"excerpt-hellip\"> [\u2026]<\/span><\/div><div class=\"post-footer\"><div class=\"button-love\"><span class=\"love-text\">Voc\u00ea gosta disso?<\/span><a href=\"#\" class=\"mfn-love \" data-id=\"7441\"><span class=\"icons-wrapper\"><i class=\"icon-heart-empty-fa\"><\/i><i class=\"icon-heart-fa\"><\/i><\/span><span class=\"label\">31<\/span><\/a><\/div><div class=\"post-links\"><i class=\"icon-doc-text\"><\/i> <a href=\"https:\/\/www.tvportugal.tv\/portal\/mensagem-do-presidente-da-republica-eleicoes-legislativas\/\" class=\"post-more\">Ler mais<\/a><\/div><\/div><\/div><\/div><\/div><div class=\"post-item isotope-item clearfix author-antonio-assuncao post-7433 post type-post status-publish format-standard has-post-thumbnail hentry category-comunidade category-inauguracoes category-oeiras category-social category-varios tag-francisco-rocha-goncalves tag-inigo-pereira tag-isaltino-morais tag-joana-baptista tag-pedro-patacho\" ><div class=\"date_label\">11\/01\/2022<\/div><div class=\"image_frame post-photo-wrapper scale-with-grid image\"><div class=\"image_wrapper\"><a href=\"https:\/\/www.tvportugal.tv\/portal\/inauguracao-da-praca-de-sao-miguel-de-queijas\/\"><div class=\"mask\"><\/div><img loading=\"lazy\" decoding=\"async\" width=\"400\" height=\"300\" src=\"https:\/\/www.tvportugal.tv\/portal\/wp-content\/uploads\/2022\/01\/Captura-de-ecra-2022-01-11-as-20.07.38-400x300.png\" class=\"scale-with-grid wp-post-image\" alt=\"Inaugura\u00e7\u00e3o da Pra\u00e7a de S\u00e3o Miguel de Queijas, Portugal, Televis\u00e3o, Oeiras, Isaltino Morais, Inigo Pereira, Francisco Rocha Gon\u00e7alves\" itemprop=\"image\" srcset=\"https:\/\/www.tvportugal.tv\/portal\/wp-content\/uploads\/2022\/01\/Captura-de-ecra-2022-01-11-as-20.07.38-400x300.png 400w, https:\/\/www.tvportugal.tv\/portal\/wp-content\/uploads\/2022\/01\/Captura-de-ecra-2022-01-11-as-20.07.38-300x225.png 300w, https:\/\/www.tvportugal.tv\/portal\/wp-content\/uploads\/2022\/01\/Captura-de-ecra-2022-01-11-as-20.07.38-768x576.png 768w, https:\/\/www.tvportugal.tv\/portal\/wp-content\/uploads\/2022\/01\/Captura-de-ecra-2022-01-11-as-20.07.38-195x146.png 195w, https:\/\/www.tvportugal.tv\/portal\/wp-content\/uploads\/2022\/01\/Captura-de-ecra-2022-01-11-as-20.07.38-50x38.png 50w, https:\/\/www.tvportugal.tv\/portal\/wp-content\/uploads\/2022\/01\/Captura-de-ecra-2022-01-11-as-20.07.38-100x75.png 100w, https:\/\/www.tvportugal.tv\/portal\/wp-content\/uploads\/2022\/01\/Captura-de-ecra-2022-01-11-as-20.07.38-350x263.png 350w, https:\/\/www.tvportugal.tv\/portal\/wp-content\/uploads\/2022\/01\/Captura-de-ecra-2022-01-11-as-20.07.38.png 800w\" sizes=\"auto, (max-width: 400px) 100vw, 400px\" \/><\/a><div class=\"image_links double\"><a href=\"https:\/\/www.tvportugal.tv\/portal\/wp-content\/uploads\/2022\/01\/Captura-de-ecra-2022-01-11-as-20.07.38.png\" class=\"zoom\" rel=\"prettyphoto\"><i class=\"icon-search\"><\/i><\/a><a href=\"https:\/\/www.tvportugal.tv\/portal\/inauguracao-da-praca-de-sao-miguel-de-queijas\/\" class=\"link\"><i class=\"icon-link\"><\/i><\/a><\/div><\/div><\/div><div class=\"post-desc-wrapper\"><div class=\"post-desc\"><div class=\"post-head\"><div class=\"post-meta clearfix\"><div class=\"author-date\"><span class=\"vcard author post-author\"><span class=\"label\">By <\/span><i class=\"icon-user\"><\/i> <span class=\"fn\"><a href=\"https:\/\/www.tvportugal.tv\/portal\/author\/antonio-assuncao\/\">Antonio Assuncao<\/a><\/span><\/span> <span class=\"date\"><span class=\"label\">em <\/span><i class=\"icon-clock\"><\/i> <span class=\"post-date updated\">11\/01\/2022<\/span><\/span><\/div><div class=\"category\"><span class=\"cat-btn\">Categorias <i class=\"icon-down-dir\"><\/i><\/span><div class=\"cat-wrapper\"><ul class=\"post-categories\">\n\t<li><a href=\"https:\/\/www.tvportugal.tv\/portal\/televisao\/comunidade\/\" rel=\"category tag\">Comunidade<\/a><\/li>\n\t<li><a href=\"https:\/\/www.tvportugal.tv\/portal\/televisao\/inauguracoes\/\" rel=\"category tag\">Inaugura\u00e7\u00f5es<\/a><\/li>\n\t<li><a href=\"https:\/\/www.tvportugal.tv\/portal\/televisao\/oeiras\/\" rel=\"category tag\">Oeiras<\/a><\/li>\n\t<li><a href=\"https:\/\/www.tvportugal.tv\/portal\/televisao\/social\/\" rel=\"category tag\">Social<\/a><\/li>\n\t<li><a href=\"https:\/\/www.tvportugal.tv\/portal\/televisao\/varios\/\" rel=\"category tag\">V\u00e1rios<\/a><\/li><\/ul><\/div><\/div><\/div><\/div><div class=\"post-title\"><h2 class=\"entry-title\" itemprop=\"headline\"><a href=\"https:\/\/www.tvportugal.tv\/portal\/inauguracao-da-praca-de-sao-miguel-de-queijas\/\">Inaugura\u00e7\u00e3o da Pra\u00e7a de S\u00e3o Miguel de Queijas<\/a><\/h2><\/div><div class=\"post-excerpt\">A Pra\u00e7a de S\u00e3o Miguel, um espa\u00e7o central de Queijas, foi requalificada, tendo ali sido criada um espa\u00e7o urbano confort\u00e1vel, apraz\u00edvel e multifuncional, para usufruto tanto como uma zona de estadia como para atividades diversas. Esta empreitada de requalifica\u00e7\u00e3o realizada pela C\u00e2mara Municipal de Oeiras, que decorreu entre o primeiro<span class=\"excerpt-hellip\"> [\u2026]<\/span><\/div><div class=\"post-footer\"><div class=\"button-love\"><span class=\"love-text\">Voc\u00ea gosta disso?<\/span><a href=\"#\" class=\"mfn-love \" data-id=\"7433\"><span class=\"icons-wrapper\"><i class=\"icon-heart-empty-fa\"><\/i><i class=\"icon-heart-fa\"><\/i><\/span><span class=\"label\">31<\/span><\/a><\/div><div class=\"post-links\"><i class=\"icon-doc-text\"><\/i> <a href=\"https:\/\/www.tvportugal.tv\/portal\/inauguracao-da-praca-de-sao-miguel-de-queijas\/\" class=\"post-more\">Ler mais<\/a><\/div><\/div><\/div><\/div><\/div><div class=\"post-item isotope-item clearfix author-antonio-assuncao post-7429 post type-post status-publish format-standard has-post-thumbnail hentry category-assinatura-de-protocolo category-desporto category-educacao category-oeiras category-protocolo category-saude category-turismo category-varios tag-francisco-rocha-goncalves tag-inigo-pereira tag-isaltino-morais tag-joana-baptista\" ><div class=\"date_label\">30\/12\/2021<\/div><div class=\"image_frame post-photo-wrapper scale-with-grid image\"><div class=\"image_wrapper\"><a href=\"https:\/\/www.tvportugal.tv\/portal\/municipio-de-oeiras-e-f-m-h-formalizam-acordo-para-criacao-de-campus-universitario\/\"><div class=\"mask\"><\/div><img loading=\"lazy\" decoding=\"async\" width=\"400\" height=\"300\" src=\"https:\/\/www.tvportugal.tv\/portal\/wp-content\/uploads\/2021\/12\/Captura-de-ecra-2021-12-30-as-19.56.48-400x300.png\" class=\"scale-with-grid wp-post-image\" alt=\"Munic\u00edpio de Oeiras e FMH Formalizam Acordo para Cria\u00e7\u00e3o de Campus Universit\u00e1rio, Isaltino Morais, Portugal, Televis\u00e3o\" itemprop=\"image\" srcset=\"https:\/\/www.tvportugal.tv\/portal\/wp-content\/uploads\/2021\/12\/Captura-de-ecra-2021-12-30-as-19.56.48-400x300.png 400w, https:\/\/www.tvportugal.tv\/portal\/wp-content\/uploads\/2021\/12\/Captura-de-ecra-2021-12-30-as-19.56.48-300x225.png 300w, https:\/\/www.tvportugal.tv\/portal\/wp-content\/uploads\/2021\/12\/Captura-de-ecra-2021-12-30-as-19.56.48-768x576.png 768w, https:\/\/www.tvportugal.tv\/portal\/wp-content\/uploads\/2021\/12\/Captura-de-ecra-2021-12-30-as-19.56.48-195x146.png 195w, https:\/\/www.tvportugal.tv\/portal\/wp-content\/uploads\/2021\/12\/Captura-de-ecra-2021-12-30-as-19.56.48-50x38.png 50w, https:\/\/www.tvportugal.tv\/portal\/wp-content\/uploads\/2021\/12\/Captura-de-ecra-2021-12-30-as-19.56.48-100x75.png 100w, https:\/\/www.tvportugal.tv\/portal\/wp-content\/uploads\/2021\/12\/Captura-de-ecra-2021-12-30-as-19.56.48-350x263.png 350w, https:\/\/www.tvportugal.tv\/portal\/wp-content\/uploads\/2021\/12\/Captura-de-ecra-2021-12-30-as-19.56.48.png 800w\" sizes=\"auto, (max-width: 400px) 100vw, 400px\" \/><\/a><div class=\"image_links double\"><a href=\"https:\/\/www.tvportugal.tv\/portal\/wp-content\/uploads\/2021\/12\/Captura-de-ecra-2021-12-30-as-19.56.48.png\" class=\"zoom\" rel=\"prettyphoto\"><i class=\"icon-search\"><\/i><\/a><a href=\"https:\/\/www.tvportugal.tv\/portal\/municipio-de-oeiras-e-f-m-h-formalizam-acordo-para-criacao-de-campus-universitario\/\" class=\"link\"><i class=\"icon-link\"><\/i><\/a><\/div><\/div><\/div><div class=\"post-desc-wrapper\"><div class=\"post-desc\"><div class=\"post-head\"><div class=\"post-meta clearfix\"><div class=\"author-date\"><span class=\"vcard author post-author\"><span class=\"label\">By <\/span><i class=\"icon-user\"><\/i> <span class=\"fn\"><a href=\"https:\/\/www.tvportugal.tv\/portal\/author\/antonio-assuncao\/\">Antonio Assuncao<\/a><\/span><\/span> <span class=\"date\"><span class=\"label\">em <\/span><i class=\"icon-clock\"><\/i> <span class=\"post-date updated\">30\/12\/2021<\/span><\/span><\/div><div class=\"category\"><span class=\"cat-btn\">Categorias <i class=\"icon-down-dir\"><\/i><\/span><div class=\"cat-wrapper\"><ul class=\"post-categories\">\n\t<li><a href=\"https:\/\/www.tvportugal.tv\/portal\/televisao\/assinatura-de-protocolo\/\" rel=\"category tag\">Assinatura de Protocolo<\/a><\/li>\n\t<li><a href=\"https:\/\/www.tvportugal.tv\/portal\/televisao\/desporto\/\" rel=\"category tag\">Desporto<\/a><\/li>\n\t<li><a href=\"https:\/\/www.tvportugal.tv\/portal\/televisao\/educacao\/\" rel=\"category tag\">Educa\u00e7\u00e3o<\/a><\/li>\n\t<li><a href=\"https:\/\/www.tvportugal.tv\/portal\/televisao\/oeiras\/\" rel=\"category tag\">Oeiras<\/a><\/li>\n\t<li><a href=\"https:\/\/www.tvportugal.tv\/portal\/televisao\/protocolo\/\" rel=\"category tag\">Protocolo<\/a><\/li>\n\t<li><a href=\"https:\/\/www.tvportugal.tv\/portal\/televisao\/saude\/\" rel=\"category tag\">Sa\u00fade<\/a><\/li>\n\t<li><a href=\"https:\/\/www.tvportugal.tv\/portal\/televisao\/turismo\/\" rel=\"category tag\">Turismo<\/a><\/li>\n\t<li><a href=\"https:\/\/www.tvportugal.tv\/portal\/televisao\/varios\/\" rel=\"category tag\">V\u00e1rios<\/a><\/li><\/ul><\/div><\/div><\/div><\/div><div class=\"post-title\"><h2 class=\"entry-title\" itemprop=\"headline\"><a href=\"https:\/\/www.tvportugal.tv\/portal\/municipio-de-oeiras-e-f-m-h-formalizam-acordo-para-criacao-de-campus-universitario\/\">Munic\u00edpio de Oeiras e FMH Formalizam Acordo para Cria\u00e7\u00e3o de Campus Universit\u00e1rio<\/a><\/h2><\/div><div class=\"post-excerpt\">O presidente da C\u00e2mara Municipal de Oeiras, Isaltino Morais, e o presidente da Faculdade de Motricidade Humana (FMH), Luis Bettencourt Sardinha, assinaram hoje o acordo que formaliza o desenvolvimento do Campus das Tecnologias da Motricidade Humana e do Desporto, num investimento de cerca de 6 milh\u00f5es de euros. Reportagem, Imagem<span class=\"excerpt-hellip\"> [\u2026]<\/span><\/div><div class=\"post-footer\"><div class=\"button-love\"><span class=\"love-text\">Voc\u00ea gosta disso?<\/span><a href=\"#\" class=\"mfn-love \" data-id=\"7429\"><span class=\"icons-wrapper\"><i class=\"icon-heart-empty-fa\"><\/i><i class=\"icon-heart-fa\"><\/i><\/span><span class=\"label\">31<\/span><\/a><\/div><div class=\"post-links\"><i class=\"icon-doc-text\"><\/i> <a href=\"https:\/\/www.tvportugal.tv\/portal\/municipio-de-oeiras-e-f-m-h-formalizam-acordo-para-criacao-de-campus-universitario\/\" class=\"post-more\">Ler mais<\/a><\/div><\/div><\/div><\/div><\/div><div class=\"post-item isotope-item clearfix author-antonio-assuncao post-7418 post type-post status-publish format-standard has-post-thumbnail hentry category-comunidade category-eventos category-oeiras category-politica category-social category-varios tag-francisco-rocha-goncalves tag-isaltino-morais tag-joana-baptista tag-pedro-patacho\" ><div class=\"date_label\">17\/12\/2021<\/div><div class=\"image_frame post-photo-wrapper scale-with-grid image\"><div class=\"image_wrapper\"><a href=\"https:\/\/www.tvportugal.tv\/portal\/municipio-de-oeiras-entrega-casa-a-mais-16-familias\/\"><div class=\"mask\"><\/div><img loading=\"lazy\" decoding=\"async\" width=\"400\" height=\"300\" src=\"https:\/\/www.tvportugal.tv\/portal\/wp-content\/uploads\/2021\/12\/Captura-de-ecra-2021-12-17-as-21.17.45-400x300.png\" class=\"scale-with-grid wp-post-image\" alt=\"Munic\u00edpio de Oeiras Entrega Casa a mais 16 Fam\u00edlias, Portugal, Televis\u00e3o, Oeiras, Reportagem, Isaltino Morais\" itemprop=\"image\" srcset=\"https:\/\/www.tvportugal.tv\/portal\/wp-content\/uploads\/2021\/12\/Captura-de-ecra-2021-12-17-as-21.17.45-400x300.png 400w, https:\/\/www.tvportugal.tv\/portal\/wp-content\/uploads\/2021\/12\/Captura-de-ecra-2021-12-17-as-21.17.45-300x225.png 300w, https:\/\/www.tvportugal.tv\/portal\/wp-content\/uploads\/2021\/12\/Captura-de-ecra-2021-12-17-as-21.17.45-768x576.png 768w, https:\/\/www.tvportugal.tv\/portal\/wp-content\/uploads\/2021\/12\/Captura-de-ecra-2021-12-17-as-21.17.45-195x146.png 195w, https:\/\/www.tvportugal.tv\/portal\/wp-content\/uploads\/2021\/12\/Captura-de-ecra-2021-12-17-as-21.17.45-50x38.png 50w, https:\/\/www.tvportugal.tv\/portal\/wp-content\/uploads\/2021\/12\/Captura-de-ecra-2021-12-17-as-21.17.45-100x75.png 100w, https:\/\/www.tvportugal.tv\/portal\/wp-content\/uploads\/2021\/12\/Captura-de-ecra-2021-12-17-as-21.17.45-350x263.png 350w, https:\/\/www.tvportugal.tv\/portal\/wp-content\/uploads\/2021\/12\/Captura-de-ecra-2021-12-17-as-21.17.45.png 800w\" sizes=\"auto, (max-width: 400px) 100vw, 400px\" \/><\/a><div class=\"image_links double\"><a href=\"https:\/\/www.tvportugal.tv\/portal\/wp-content\/uploads\/2021\/12\/Captura-de-ecra-2021-12-17-as-21.17.45.png\" class=\"zoom\" rel=\"prettyphoto\"><i class=\"icon-search\"><\/i><\/a><a href=\"https:\/\/www.tvportugal.tv\/portal\/municipio-de-oeiras-entrega-casa-a-mais-16-familias\/\" class=\"link\"><i class=\"icon-link\"><\/i><\/a><\/div><\/div><\/div><div class=\"post-desc-wrapper\"><div class=\"post-desc\"><div class=\"post-head\"><div class=\"post-meta clearfix\"><div class=\"author-date\"><span class=\"vcard author post-author\"><span class=\"label\">By <\/span><i class=\"icon-user\"><\/i> <span class=\"fn\"><a href=\"https:\/\/www.tvportugal.tv\/portal\/author\/antonio-assuncao\/\">Antonio Assuncao<\/a><\/span><\/span> <span class=\"date\"><span class=\"label\">em <\/span><i class=\"icon-clock\"><\/i> <span class=\"post-date updated\">17\/12\/2021<\/span><\/span><\/div><div class=\"category\"><span class=\"cat-btn\">Categorias <i class=\"icon-down-dir\"><\/i><\/span><div class=\"cat-wrapper\"><ul class=\"post-categories\">\n\t<li><a href=\"https:\/\/www.tvportugal.tv\/portal\/televisao\/comunidade\/\" rel=\"category tag\">Comunidade<\/a><\/li>\n\t<li><a href=\"https:\/\/www.tvportugal.tv\/portal\/televisao\/eventos\/\" rel=\"category tag\">Eventos<\/a><\/li>\n\t<li><a href=\"https:\/\/www.tvportugal.tv\/portal\/televisao\/oeiras\/\" rel=\"category tag\">Oeiras<\/a><\/li>\n\t<li><a href=\"https:\/\/www.tvportugal.tv\/portal\/televisao\/politica\/\" rel=\"category tag\">Politica<\/a><\/li>\n\t<li><a href=\"https:\/\/www.tvportugal.tv\/portal\/televisao\/social\/\" rel=\"category tag\">Social<\/a><\/li>\n\t<li><a href=\"https:\/\/www.tvportugal.tv\/portal\/televisao\/varios\/\" rel=\"category tag\">V\u00e1rios<\/a><\/li><\/ul><\/div><\/div><\/div><\/div><div class=\"post-title\"><h2 class=\"entry-title\" itemprop=\"headline\"><a href=\"https:\/\/www.tvportugal.tv\/portal\/municipio-de-oeiras-entrega-casa-a-mais-16-familias\/\">Munic\u00edpio de Oeiras Entrega Casa a mais 16 Fam\u00edlias<\/a><\/h2><\/div><div class=\"post-excerpt\">&#8220;\u00c9 a d\u00e9cima edi\u00e7\u00e3o do Or\u00e7amento Participativo de Cascais e s\u00f3 esse facto merece ser celebrado porque s\u00e3o 10 anos de um caminho de constru\u00e7\u00e3o da democracia participativa extremamente s\u00f3lido e com a participa\u00e7\u00e3o e com resultados que est\u00e3o \u00e0 vista.&#8221; Joana Pinto Balsem\u00e3o, Vereadora CM Cascais. Reportagem, Imagem e<span class=\"excerpt-hellip\"> [\u2026]<\/span><\/div><div class=\"post-footer\"><div class=\"button-love\"><span class=\"love-text\">Voc\u00ea gosta disso?<\/span><a href=\"#\" class=\"mfn-love \" data-id=\"7418\"><span class=\"icons-wrapper\"><i class=\"icon-heart-empty-fa\"><\/i><i class=\"icon-heart-fa\"><\/i><\/span><span class=\"label\">28<\/span><\/a><\/div><div class=\"post-links\"><i class=\"icon-doc-text\"><\/i> <a href=\"https:\/\/www.tvportugal.tv\/portal\/municipio-de-oeiras-entrega-casa-a-mais-16-familias\/\" class=\"post-more\">Ler mais<\/a><\/div><\/div><\/div><\/div><\/div><div class=\"post-item isotope-item clearfix author-antonio-assuncao post-7399 post type-post status-publish format-standard has-post-thumbnail hentry category-comunidade category-festas category-inauguracoes category-oeiras category-social category-varios tag-francisco-rocha-goncalves tag-inigo-pereira tag-isaltino-morais tag-joana-baptista\" ><div class=\"date_label\">11\/11\/2021<\/div><div class=\"image_frame post-photo-wrapper scale-with-grid image\"><div class=\"image_wrapper\"><a href=\"https:\/\/www.tvportugal.tv\/portal\/oeiras-acende-as-luzes-de-natal-no-dia-de-sao-martinho\/\"><div class=\"mask\"><\/div><img loading=\"lazy\" decoding=\"async\" width=\"400\" height=\"300\" src=\"https:\/\/www.tvportugal.tv\/portal\/wp-content\/uploads\/2021\/11\/Captura-de-ecra-2021-11-11-as-21.58.57-400x300.png\" class=\"scale-with-grid wp-post-image\" alt=\"Oeiras Acende as Luzes de Natal no Dia de S\u00e3o Martinho, Portugal, Televis\u00e3o, Reportagem, Oeiras, Isaltino Morais\" itemprop=\"image\" srcset=\"https:\/\/www.tvportugal.tv\/portal\/wp-content\/uploads\/2021\/11\/Captura-de-ecra-2021-11-11-as-21.58.57-400x300.png 400w, https:\/\/www.tvportugal.tv\/portal\/wp-content\/uploads\/2021\/11\/Captura-de-ecra-2021-11-11-as-21.58.57-300x225.png 300w, https:\/\/www.tvportugal.tv\/portal\/wp-content\/uploads\/2021\/11\/Captura-de-ecra-2021-11-11-as-21.58.57-768x576.png 768w, https:\/\/www.tvportugal.tv\/portal\/wp-content\/uploads\/2021\/11\/Captura-de-ecra-2021-11-11-as-21.58.57-195x146.png 195w, https:\/\/www.tvportugal.tv\/portal\/wp-content\/uploads\/2021\/11\/Captura-de-ecra-2021-11-11-as-21.58.57-50x38.png 50w, https:\/\/www.tvportugal.tv\/portal\/wp-content\/uploads\/2021\/11\/Captura-de-ecra-2021-11-11-as-21.58.57-100x75.png 100w, https:\/\/www.tvportugal.tv\/portal\/wp-content\/uploads\/2021\/11\/Captura-de-ecra-2021-11-11-as-21.58.57-350x263.png 350w, https:\/\/www.tvportugal.tv\/portal\/wp-content\/uploads\/2021\/11\/Captura-de-ecra-2021-11-11-as-21.58.57.png 800w\" sizes=\"auto, (max-width: 400px) 100vw, 400px\" \/><\/a><div class=\"image_links double\"><a href=\"https:\/\/www.tvportugal.tv\/portal\/wp-content\/uploads\/2021\/11\/Captura-de-ecra-2021-11-11-as-21.58.57.png\" class=\"zoom\" rel=\"prettyphoto\"><i class=\"icon-search\"><\/i><\/a><a href=\"https:\/\/www.tvportugal.tv\/portal\/oeiras-acende-as-luzes-de-natal-no-dia-de-sao-martinho\/\" class=\"link\"><i class=\"icon-link\"><\/i><\/a><\/div><\/div><\/div><div class=\"post-desc-wrapper\"><div class=\"post-desc\"><div class=\"post-head\"><div class=\"post-meta clearfix\"><div class=\"author-date\"><span class=\"vcard author post-author\"><span class=\"label\">By <\/span><i class=\"icon-user\"><\/i> <span class=\"fn\"><a href=\"https:\/\/www.tvportugal.tv\/portal\/author\/antonio-assuncao\/\">Antonio Assuncao<\/a><\/span><\/span> <span class=\"date\"><span class=\"label\">em <\/span><i class=\"icon-clock\"><\/i> <span class=\"post-date updated\">11\/11\/2021<\/span><\/span><\/div><div class=\"category\"><span class=\"cat-btn\">Categorias <i class=\"icon-down-dir\"><\/i><\/span><div class=\"cat-wrapper\"><ul class=\"post-categories\">\n\t<li><a href=\"https:\/\/www.tvportugal.tv\/portal\/televisao\/comunidade\/\" rel=\"category tag\">Comunidade<\/a><\/li>\n\t<li><a href=\"https:\/\/www.tvportugal.tv\/portal\/televisao\/festas\/\" rel=\"category tag\">Festas<\/a><\/li>\n\t<li><a href=\"https:\/\/www.tvportugal.tv\/portal\/televisao\/inauguracoes\/\" rel=\"category tag\">Inaugura\u00e7\u00f5es<\/a><\/li>\n\t<li><a href=\"https:\/\/www.tvportugal.tv\/portal\/televisao\/oeiras\/\" rel=\"category tag\">Oeiras<\/a><\/li>\n\t<li><a href=\"https:\/\/www.tvportugal.tv\/portal\/televisao\/social\/\" rel=\"category tag\">Social<\/a><\/li>\n\t<li><a href=\"https:\/\/www.tvportugal.tv\/portal\/televisao\/varios\/\" rel=\"category tag\">V\u00e1rios<\/a><\/li><\/ul><\/div><\/div><\/div><\/div><div class=\"post-title\"><h2 class=\"entry-title\" itemprop=\"headline\"><a href=\"https:\/\/www.tvportugal.tv\/portal\/oeiras-acende-as-luzes-de-natal-no-dia-de-sao-martinho\/\">Oeiras Acende as Luzes de Natal no Dia de S\u00e3o Martinho<\/a><\/h2><\/div><div class=\"post-excerpt\">&#8220;Este magusto j\u00e1 se realiza h\u00e1 v\u00e1rios anos, ali\u00e1s, come\u00e7ou com uma senhora que vendia castanhas que a C\u00e2mara contratava e vinha para aqui com o carrinho e dava castanhas a quem passava. (&#8230;), ainda bem que tivemos o cuidado de encomendar castanhas suficientes, 13 toneladas.&#8221; Isaltino Morais, Presidente CM<span class=\"excerpt-hellip\"> [\u2026]<\/span><\/div><div class=\"post-footer\"><div class=\"button-love\"><span class=\"love-text\">Voc\u00ea gosta disso?<\/span><a href=\"#\" class=\"mfn-love \" data-id=\"7399\"><span class=\"icons-wrapper\"><i class=\"icon-heart-empty-fa\"><\/i><i class=\"icon-heart-fa\"><\/i><\/span><span class=\"label\">24<\/span><\/a><\/div><div class=\"post-links\"><i class=\"icon-doc-text\"><\/i> <a href=\"https:\/\/www.tvportugal.tv\/portal\/oeiras-acende-as-luzes-de-natal-no-dia-de-sao-martinho\/\" class=\"post-more\">Ler mais<\/a><\/div><\/div><\/div><\/div><\/div><div class=\"post-item isotope-item clearfix author-antonio-assuncao post-7391 post type-post status-publish format-standard has-post-thumbnail hentry category-comunidade category-eventos category-inauguracoes category-oeiras category-politica category-social category-varios tag-francisco-rocha-goncalves tag-inauguracoes tag-inigo-pereira tag-isaltino-morais tag-joana-baptista tag-oeiras\" ><div class=\"date_label\">22\/10\/2021<\/div><div class=\"image_frame post-photo-wrapper scale-with-grid image\"><div class=\"image_wrapper\"><a href=\"https:\/\/www.tvportugal.tv\/portal\/acto-de-tomada-de-posse-orgaos-autarquicos-uniao-de-freguesias-carnaxide-queijas\/\"><div class=\"mask\"><\/div><img loading=\"lazy\" decoding=\"async\" width=\"400\" height=\"300\" src=\"https:\/\/www.tvportugal.tv\/portal\/wp-content\/uploads\/2021\/10\/Captura-de-ecra-2021-10-21-as-11.40.30-400x300.png\" class=\"scale-with-grid wp-post-image\" alt=\"Acto de Tomada de Posse | Org\u00e3os Aut\u00e1rquicos | Uni\u00e3o de Freguesias Carnaxide Queijas, Portugal, Televis\u00e3o, Oeiras\" itemprop=\"image\" srcset=\"https:\/\/www.tvportugal.tv\/portal\/wp-content\/uploads\/2021\/10\/Captura-de-ecra-2021-10-21-as-11.40.30-400x300.png 400w, https:\/\/www.tvportugal.tv\/portal\/wp-content\/uploads\/2021\/10\/Captura-de-ecra-2021-10-21-as-11.40.30-300x225.png 300w, https:\/\/www.tvportugal.tv\/portal\/wp-content\/uploads\/2021\/10\/Captura-de-ecra-2021-10-21-as-11.40.30-768x576.png 768w, https:\/\/www.tvportugal.tv\/portal\/wp-content\/uploads\/2021\/10\/Captura-de-ecra-2021-10-21-as-11.40.30-195x146.png 195w, https:\/\/www.tvportugal.tv\/portal\/wp-content\/uploads\/2021\/10\/Captura-de-ecra-2021-10-21-as-11.40.30-50x38.png 50w, https:\/\/www.tvportugal.tv\/portal\/wp-content\/uploads\/2021\/10\/Captura-de-ecra-2021-10-21-as-11.40.30-100x75.png 100w, https:\/\/www.tvportugal.tv\/portal\/wp-content\/uploads\/2021\/10\/Captura-de-ecra-2021-10-21-as-11.40.30-350x263.png 350w, https:\/\/www.tvportugal.tv\/portal\/wp-content\/uploads\/2021\/10\/Captura-de-ecra-2021-10-21-as-11.40.30.png 800w\" sizes=\"auto, (max-width: 400px) 100vw, 400px\" \/><\/a><div class=\"image_links double\"><a href=\"https:\/\/www.tvportugal.tv\/portal\/wp-content\/uploads\/2021\/10\/Captura-de-ecra-2021-10-21-as-11.40.30.png\" class=\"zoom\" rel=\"prettyphoto\"><i class=\"icon-search\"><\/i><\/a><a href=\"https:\/\/www.tvportugal.tv\/portal\/acto-de-tomada-de-posse-orgaos-autarquicos-uniao-de-freguesias-carnaxide-queijas\/\" class=\"link\"><i class=\"icon-link\"><\/i><\/a><\/div><\/div><\/div><div class=\"post-desc-wrapper\"><div class=\"post-desc\"><div class=\"post-head\"><div class=\"post-meta clearfix\"><div class=\"author-date\"><span class=\"vcard author post-author\"><span class=\"label\">By <\/span><i class=\"icon-user\"><\/i> <span class=\"fn\"><a href=\"https:\/\/www.tvportugal.tv\/portal\/author\/antonio-assuncao\/\">Antonio Assuncao<\/a><\/span><\/span> <span class=\"date\"><span class=\"label\">em <\/span><i class=\"icon-clock\"><\/i> <span class=\"post-date updated\">22\/10\/2021<\/span><\/span><\/div><div class=\"category\"><span class=\"cat-btn\">Categorias <i class=\"icon-down-dir\"><\/i><\/span><div class=\"cat-wrapper\"><ul class=\"post-categories\">\n\t<li><a href=\"https:\/\/www.tvportugal.tv\/portal\/televisao\/comunidade\/\" rel=\"category tag\">Comunidade<\/a><\/li>\n\t<li><a href=\"https:\/\/www.tvportugal.tv\/portal\/televisao\/eventos\/\" rel=\"category tag\">Eventos<\/a><\/li>\n\t<li><a href=\"https:\/\/www.tvportugal.tv\/portal\/televisao\/inauguracoes\/\" rel=\"category tag\">Inaugura\u00e7\u00f5es<\/a><\/li>\n\t<li><a href=\"https:\/\/www.tvportugal.tv\/portal\/televisao\/oeiras\/\" rel=\"category tag\">Oeiras<\/a><\/li>\n\t<li><a href=\"https:\/\/www.tvportugal.tv\/portal\/televisao\/politica\/\" rel=\"category tag\">Politica<\/a><\/li>\n\t<li><a href=\"https:\/\/www.tvportugal.tv\/portal\/televisao\/social\/\" rel=\"category tag\">Social<\/a><\/li>\n\t<li><a href=\"https:\/\/www.tvportugal.tv\/portal\/televisao\/varios\/\" rel=\"category tag\">V\u00e1rios<\/a><\/li><\/ul><\/div><\/div><\/div><\/div><div class=\"post-title\"><h2 class=\"entry-title\" itemprop=\"headline\"><a href=\"https:\/\/www.tvportugal.tv\/portal\/acto-de-tomada-de-posse-orgaos-autarquicos-uniao-de-freguesias-carnaxide-queijas\/\">Acto de Tomada de Posse | Org\u00e3os Aut\u00e1rquicos | Uni\u00e3o de Freguesias Carnaxide Queijas<\/a><\/h2><\/div><div class=\"post-excerpt\">&#8220;Relativamente aos \u00faltimos quatro anos houve muito trabalho feito, houve muito trabalho, feito primeiro numa primeira fase, na reorganiza\u00e7\u00e3o dos servi\u00e7os, tivemos desde o in\u00edcio muita aten\u00e7\u00e3o aos recursos humanos, aos nossos funcion\u00e1rios, cri\u00e1mos todas as condi\u00e7\u00f5es para eles melhorarem o seu desempenho.&#8221; Inigo Pereira, Presidente da Uni\u00e3o de Freguesias<span class=\"excerpt-hellip\"> [\u2026]<\/span><\/div><div class=\"post-footer\"><div class=\"button-love\"><span class=\"love-text\">Voc\u00ea gosta disso?<\/span><a href=\"#\" class=\"mfn-love \" data-id=\"7391\"><span class=\"icons-wrapper\"><i class=\"icon-heart-empty-fa\"><\/i><i class=\"icon-heart-fa\"><\/i><\/span><span class=\"label\">21<\/span><\/a><\/div><div class=\"post-links\"><i class=\"icon-doc-text\"><\/i> <a href=\"https:\/\/www.tvportugal.tv\/portal\/acto-de-tomada-de-posse-orgaos-autarquicos-uniao-de-freguesias-carnaxide-queijas\/\" class=\"post-more\">Ler mais<\/a><\/div><\/div><\/div><\/div><\/div><div class=\"post-item isotope-item clearfix author-antonio-assuncao post-7382 post type-post status-publish format-standard has-post-thumbnail hentry category-comunidade category-cultura category-educacao category-oeiras category-politica category-social category-turismo category-varios tag-francisco-rocha-goncalves tag-isaltino-morais tag-oeiras\" ><div class=\"date_label\">19\/10\/2021<\/div><div class=\"image_frame post-photo-wrapper scale-with-grid image\"><div class=\"image_wrapper\"><a href=\"https:\/\/www.tvportugal.tv\/portal\/navio-escola-sagres-jorge-barreto-xavier-oeiras-capital-europeia-da-cultura-oeiras-27\/\"><div class=\"mask\"><\/div><img loading=\"lazy\" decoding=\"async\" width=\"400\" height=\"300\" src=\"https:\/\/www.tvportugal.tv\/portal\/wp-content\/uploads\/2021\/10\/Captura-de-ecra-2021-10-19-as-02.01.32-400x300.png\" class=\"scale-with-grid wp-post-image\" alt=\"Navio Escola Sagres | Jorge Barreto Xavier | Oeiras Capital Europeia da Cultura | Oeiras 27, Portugal, Televis\u00e3o, Oeiras, Reportagem\" itemprop=\"image\" srcset=\"https:\/\/www.tvportugal.tv\/portal\/wp-content\/uploads\/2021\/10\/Captura-de-ecra-2021-10-19-as-02.01.32-400x300.png 400w, https:\/\/www.tvportugal.tv\/portal\/wp-content\/uploads\/2021\/10\/Captura-de-ecra-2021-10-19-as-02.01.32-300x225.png 300w, https:\/\/www.tvportugal.tv\/portal\/wp-content\/uploads\/2021\/10\/Captura-de-ecra-2021-10-19-as-02.01.32-768x576.png 768w, https:\/\/www.tvportugal.tv\/portal\/wp-content\/uploads\/2021\/10\/Captura-de-ecra-2021-10-19-as-02.01.32-195x146.png 195w, https:\/\/www.tvportugal.tv\/portal\/wp-content\/uploads\/2021\/10\/Captura-de-ecra-2021-10-19-as-02.01.32-50x38.png 50w, https:\/\/www.tvportugal.tv\/portal\/wp-content\/uploads\/2021\/10\/Captura-de-ecra-2021-10-19-as-02.01.32-100x75.png 100w, https:\/\/www.tvportugal.tv\/portal\/wp-content\/uploads\/2021\/10\/Captura-de-ecra-2021-10-19-as-02.01.32-350x263.png 350w, https:\/\/www.tvportugal.tv\/portal\/wp-content\/uploads\/2021\/10\/Captura-de-ecra-2021-10-19-as-02.01.32.png 800w\" sizes=\"auto, (max-width: 400px) 100vw, 400px\" \/><\/a><div class=\"image_links double\"><a href=\"https:\/\/www.tvportugal.tv\/portal\/wp-content\/uploads\/2021\/10\/Captura-de-ecra-2021-10-19-as-02.01.32.png\" class=\"zoom\" rel=\"prettyphoto\"><i class=\"icon-search\"><\/i><\/a><a href=\"https:\/\/www.tvportugal.tv\/portal\/navio-escola-sagres-jorge-barreto-xavier-oeiras-capital-europeia-da-cultura-oeiras-27\/\" class=\"link\"><i class=\"icon-link\"><\/i><\/a><\/div><\/div><\/div><div class=\"post-desc-wrapper\"><div class=\"post-desc\"><div class=\"post-head\"><div class=\"post-meta clearfix\"><div class=\"author-date\"><span class=\"vcard author post-author\"><span class=\"label\">By <\/span><i class=\"icon-user\"><\/i> <span class=\"fn\"><a href=\"https:\/\/www.tvportugal.tv\/portal\/author\/antonio-assuncao\/\">Antonio Assuncao<\/a><\/span><\/span> <span class=\"date\"><span class=\"label\">em <\/span><i class=\"icon-clock\"><\/i> <span class=\"post-date updated\">19\/10\/2021<\/span><\/span><\/div><div class=\"category\"><span class=\"cat-btn\">Categorias <i class=\"icon-down-dir\"><\/i><\/span><div class=\"cat-wrapper\"><ul class=\"post-categories\">\n\t<li><a href=\"https:\/\/www.tvportugal.tv\/portal\/televisao\/comunidade\/\" rel=\"category tag\">Comunidade<\/a><\/li>\n\t<li><a href=\"https:\/\/www.tvportugal.tv\/portal\/televisao\/cultura\/\" rel=\"category tag\">Cultura<\/a><\/li>\n\t<li><a href=\"https:\/\/www.tvportugal.tv\/portal\/televisao\/educacao\/\" rel=\"category tag\">Educa\u00e7\u00e3o<\/a><\/li>\n\t<li><a href=\"https:\/\/www.tvportugal.tv\/portal\/televisao\/oeiras\/\" rel=\"category tag\">Oeiras<\/a><\/li>\n\t<li><a href=\"https:\/\/www.tvportugal.tv\/portal\/televisao\/politica\/\" rel=\"category tag\">Politica<\/a><\/li>\n\t<li><a href=\"https:\/\/www.tvportugal.tv\/portal\/televisao\/social\/\" rel=\"category tag\">Social<\/a><\/li>\n\t<li><a href=\"https:\/\/www.tvportugal.tv\/portal\/televisao\/turismo\/\" rel=\"category tag\">Turismo<\/a><\/li>\n\t<li><a href=\"https:\/\/www.tvportugal.tv\/portal\/televisao\/varios\/\" rel=\"category tag\">V\u00e1rios<\/a><\/li><\/ul><\/div><\/div><\/div><\/div><div class=\"post-title\"><h2 class=\"entry-title\" itemprop=\"headline\"><a href=\"https:\/\/www.tvportugal.tv\/portal\/navio-escola-sagres-jorge-barreto-xavier-oeiras-capital-europeia-da-cultura-oeiras-27\/\">Navio Escola Sagres | Jorge Barreto Xavier | Oeiras Capital Europeia da Cultura | Oeiras 27<\/a><\/h2><\/div><div class=\"post-excerpt\">&#8220;N\u00f3s temos um bom relacionamento e temos acordos com a Marinha Portuguesa j\u00e1 de quando da prepara\u00e7\u00e3o da participa\u00e7\u00e3o Portuguesa dos Jogos Ol\u00edmpicos em que o Navio Escola Sagres iria ser a Sede da delega\u00e7\u00e3o Portuguesa aos Jogos Ol\u00edmpicos, pela hist\u00f3ria, pela simb\u00f3lica que este navio tem, naturalmente que faz-nos<span class=\"excerpt-hellip\"> [\u2026]<\/span><\/div><div class=\"post-footer\"><div class=\"button-love\"><span class=\"love-text\">Voc\u00ea gosta disso?<\/span><a href=\"#\" class=\"mfn-love \" data-id=\"7382\"><span class=\"icons-wrapper\"><i class=\"icon-heart-empty-fa\"><\/i><i class=\"icon-heart-fa\"><\/i><\/span><span class=\"label\">16<\/span><\/a><\/div><div class=\"post-links\"><i class=\"icon-doc-text\"><\/i> <a href=\"https:\/\/www.tvportugal.tv\/portal\/navio-escola-sagres-jorge-barreto-xavier-oeiras-capital-europeia-da-cultura-oeiras-27\/\" class=\"post-more\">Ler mais<\/a><\/div><\/div><\/div><\/div><\/div><div class=\"post-item isotope-item clearfix author-antonio-assuncao post-7379 post type-post status-publish format-standard has-post-thumbnail hentry category-comunidade category-cultura category-educacao category-oeiras category-politica category-social category-turismo category-varios tag-francisco-rocha-goncalves tag-isaltino-morais tag-oeiras\" ><div class=\"date_label\">18\/10\/2021<\/div><div class=\"image_frame post-photo-wrapper scale-with-grid image\"><div class=\"image_wrapper\"><a href=\"https:\/\/www.tvportugal.tv\/portal\/candidatura-de-oeiras-a-capital-europeia-da-cultura-oeiras-27-navio-escola-sagres\/\"><div class=\"mask\"><\/div><img loading=\"lazy\" decoding=\"async\" width=\"400\" height=\"300\" src=\"https:\/\/www.tvportugal.tv\/portal\/wp-content\/uploads\/2021\/10\/Captura-de-ecra-2021-10-18-as-12.53.11-400x300.png\" class=\"scale-with-grid wp-post-image\" alt=\"Navio Escola Sagres | Jorge Barreto Xavier | Oeiras Capital Europeia da Cultura | Oeiras 27, Portugal, Televis\u00e3o, Oeiras, Reportagem\" itemprop=\"image\" srcset=\"https:\/\/www.tvportugal.tv\/portal\/wp-content\/uploads\/2021\/10\/Captura-de-ecra-2021-10-18-as-12.53.11-400x300.png 400w, https:\/\/www.tvportugal.tv\/portal\/wp-content\/uploads\/2021\/10\/Captura-de-ecra-2021-10-18-as-12.53.11-300x225.png 300w, https:\/\/www.tvportugal.tv\/portal\/wp-content\/uploads\/2021\/10\/Captura-de-ecra-2021-10-18-as-12.53.11-768x576.png 768w, https:\/\/www.tvportugal.tv\/portal\/wp-content\/uploads\/2021\/10\/Captura-de-ecra-2021-10-18-as-12.53.11-195x146.png 195w, https:\/\/www.tvportugal.tv\/portal\/wp-content\/uploads\/2021\/10\/Captura-de-ecra-2021-10-18-as-12.53.11-50x38.png 50w, https:\/\/www.tvportugal.tv\/portal\/wp-content\/uploads\/2021\/10\/Captura-de-ecra-2021-10-18-as-12.53.11-100x75.png 100w, https:\/\/www.tvportugal.tv\/portal\/wp-content\/uploads\/2021\/10\/Captura-de-ecra-2021-10-18-as-12.53.11-350x263.png 350w, https:\/\/www.tvportugal.tv\/portal\/wp-content\/uploads\/2021\/10\/Captura-de-ecra-2021-10-18-as-12.53.11.png 800w\" sizes=\"auto, (max-width: 400px) 100vw, 400px\" \/><\/a><div class=\"image_links double\"><a href=\"https:\/\/www.tvportugal.tv\/portal\/wp-content\/uploads\/2021\/10\/Captura-de-ecra-2021-10-18-as-12.53.11.png\" class=\"zoom\" rel=\"prettyphoto\"><i class=\"icon-search\"><\/i><\/a><a href=\"https:\/\/www.tvportugal.tv\/portal\/candidatura-de-oeiras-a-capital-europeia-da-cultura-oeiras-27-navio-escola-sagres\/\" class=\"link\"><i class=\"icon-link\"><\/i><\/a><\/div><\/div><\/div><div class=\"post-desc-wrapper\"><div class=\"post-desc\"><div class=\"post-head\"><div class=\"post-meta clearfix\"><div class=\"author-date\"><span class=\"vcard author post-author\"><span class=\"label\">By <\/span><i class=\"icon-user\"><\/i> <span class=\"fn\"><a href=\"https:\/\/www.tvportugal.tv\/portal\/author\/antonio-assuncao\/\">Antonio Assuncao<\/a><\/span><\/span> <span class=\"date\"><span class=\"label\">em <\/span><i class=\"icon-clock\"><\/i> <span class=\"post-date updated\">18\/10\/2021<\/span><\/span><\/div><div class=\"category\"><span class=\"cat-btn\">Categorias <i class=\"icon-down-dir\"><\/i><\/span><div class=\"cat-wrapper\"><ul class=\"post-categories\">\n\t<li><a href=\"https:\/\/www.tvportugal.tv\/portal\/televisao\/comunidade\/\" rel=\"category tag\">Comunidade<\/a><\/li>\n\t<li><a href=\"https:\/\/www.tvportugal.tv\/portal\/televisao\/cultura\/\" rel=\"category tag\">Cultura<\/a><\/li>\n\t<li><a href=\"https:\/\/www.tvportugal.tv\/portal\/televisao\/educacao\/\" rel=\"category tag\">Educa\u00e7\u00e3o<\/a><\/li>\n\t<li><a href=\"https:\/\/www.tvportugal.tv\/portal\/televisao\/oeiras\/\" rel=\"category tag\">Oeiras<\/a><\/li>\n\t<li><a href=\"https:\/\/www.tvportugal.tv\/portal\/televisao\/politica\/\" rel=\"category tag\">Politica<\/a><\/li>\n\t<li><a href=\"https:\/\/www.tvportugal.tv\/portal\/televisao\/social\/\" rel=\"category tag\">Social<\/a><\/li>\n\t<li><a href=\"https:\/\/www.tvportugal.tv\/portal\/televisao\/turismo\/\" rel=\"category tag\">Turismo<\/a><\/li>\n\t<li><a href=\"https:\/\/www.tvportugal.tv\/portal\/televisao\/varios\/\" rel=\"category tag\">V\u00e1rios<\/a><\/li><\/ul><\/div><\/div><\/div><\/div><div class=\"post-title\"><h2 class=\"entry-title\" itemprop=\"headline\"><a href=\"https:\/\/www.tvportugal.tv\/portal\/candidatura-de-oeiras-a-capital-europeia-da-cultura-oeiras-27-navio-escola-sagres\/\">Candidatura de Oeiras a Capital Europeia da Cultura &#8211; OEIRAS 27 | Navio Escola Sagres<\/a><\/h2><\/div><div class=\"post-excerpt\">&#8220;N\u00f3s temos um bom relacionamento e temos acordos com a Marinha Portuguesa j\u00e1 de quando da prepara\u00e7\u00e3o da participa\u00e7\u00e3o Portuguesa dos Jogos Ol\u00edmpicos em que o Navio Escola Sagres iria ser a Sede da delega\u00e7\u00e3o Portuguesa aos Jogos Ol\u00edmpicos, pela hist\u00f3ria, pela simb\u00f3lica que este navio tem, naturalmente que faz-nos<span class=\"excerpt-hellip\"> [\u2026]<\/span><\/div><div class=\"post-footer\"><div class=\"button-love\"><span class=\"love-text\">Voc\u00ea gosta disso?<\/span><a href=\"#\" class=\"mfn-love \" data-id=\"7379\"><span class=\"icons-wrapper\"><i class=\"icon-heart-empty-fa\"><\/i><i class=\"icon-heart-fa\"><\/i><\/span><span class=\"label\">14<\/span><\/a><\/div><div class=\"post-links\"><i class=\"icon-doc-text\"><\/i> <a href=\"https:\/\/www.tvportugal.tv\/portal\/candidatura-de-oeiras-a-capital-europeia-da-cultura-oeiras-27-navio-escola-sagres\/\" class=\"post-more\">Ler mais<\/a><\/div><\/div><\/div><\/div><\/div><div class=\"post-item isotope-item clearfix author-antonio-assuncao post-7362 post type-post status-publish format-standard has-post-thumbnail hentry category-cultura category-educacao category-espectaculo category-eventos category-inauguracoes category-junior category-oeiras category-varios tag-francisco-rocha-goncalves tag-inauguracoes tag-isaltino-morais tag-joana-baptista tag-oeiras tag-pedro-patacho\" ><div class=\"date_label\">12\/10\/2021<\/div><div class=\"image_frame post-photo-wrapper scale-with-grid image\"><div class=\"image_wrapper\"><a href=\"https:\/\/www.tvportugal.tv\/portal\/1-festival-internacional-de-ciencia-de-portugal-f-i-c-a-12-a-17-outubro-oeiras\/\"><div class=\"mask\"><\/div><img loading=\"lazy\" decoding=\"async\" width=\"400\" height=\"300\" src=\"https:\/\/www.tvportugal.tv\/portal\/wp-content\/uploads\/2021\/10\/Captura-de-ecra-2021-10-12-as-12.30.50-400x300.png\" class=\"scale-with-grid wp-post-image\" alt=\"1.\u00ba Festival Internacional de Ci\u00eancia de Portugal FIC.A 12 a 17 Outubro - Oeiras, Portugal, Oeiras, Televis\u00e3o, Reportagem, Isaltino Morais\" itemprop=\"image\" srcset=\"https:\/\/www.tvportugal.tv\/portal\/wp-content\/uploads\/2021\/10\/Captura-de-ecra-2021-10-12-as-12.30.50-400x300.png 400w, https:\/\/www.tvportugal.tv\/portal\/wp-content\/uploads\/2021\/10\/Captura-de-ecra-2021-10-12-as-12.30.50-300x225.png 300w, https:\/\/www.tvportugal.tv\/portal\/wp-content\/uploads\/2021\/10\/Captura-de-ecra-2021-10-12-as-12.30.50-768x576.png 768w, https:\/\/www.tvportugal.tv\/portal\/wp-content\/uploads\/2021\/10\/Captura-de-ecra-2021-10-12-as-12.30.50-195x146.png 195w, https:\/\/www.tvportugal.tv\/portal\/wp-content\/uploads\/2021\/10\/Captura-de-ecra-2021-10-12-as-12.30.50-50x38.png 50w, https:\/\/www.tvportugal.tv\/portal\/wp-content\/uploads\/2021\/10\/Captura-de-ecra-2021-10-12-as-12.30.50-100x75.png 100w, https:\/\/www.tvportugal.tv\/portal\/wp-content\/uploads\/2021\/10\/Captura-de-ecra-2021-10-12-as-12.30.50-350x263.png 350w, https:\/\/www.tvportugal.tv\/portal\/wp-content\/uploads\/2021\/10\/Captura-de-ecra-2021-10-12-as-12.30.50.png 800w\" sizes=\"auto, (max-width: 400px) 100vw, 400px\" \/><\/a><div class=\"image_links double\"><a href=\"https:\/\/www.tvportugal.tv\/portal\/wp-content\/uploads\/2021\/10\/Captura-de-ecra-2021-10-12-as-12.30.50.png\" class=\"zoom\" rel=\"prettyphoto\"><i class=\"icon-search\"><\/i><\/a><a href=\"https:\/\/www.tvportugal.tv\/portal\/1-festival-internacional-de-ciencia-de-portugal-f-i-c-a-12-a-17-outubro-oeiras\/\" class=\"link\"><i class=\"icon-link\"><\/i><\/a><\/div><\/div><\/div><div class=\"post-desc-wrapper\"><div class=\"post-desc\"><div class=\"post-head\"><div class=\"post-meta clearfix\"><div class=\"author-date\"><span class=\"vcard author post-author\"><span class=\"label\">By <\/span><i class=\"icon-user\"><\/i> <span class=\"fn\"><a href=\"https:\/\/www.tvportugal.tv\/portal\/author\/antonio-assuncao\/\">Antonio Assuncao<\/a><\/span><\/span> <span class=\"date\"><span class=\"label\">em <\/span><i class=\"icon-clock\"><\/i> <span class=\"post-date updated\">12\/10\/2021<\/span><\/span><\/div><div class=\"category\"><span class=\"cat-btn\">Categorias <i class=\"icon-down-dir\"><\/i><\/span><div class=\"cat-wrapper\"><ul class=\"post-categories\">\n\t<li><a href=\"https:\/\/www.tvportugal.tv\/portal\/televisao\/cultura\/\" rel=\"category tag\">Cultura<\/a><\/li>\n\t<li><a href=\"https:\/\/www.tvportugal.tv\/portal\/televisao\/educacao\/\" rel=\"category tag\">Educa\u00e7\u00e3o<\/a><\/li>\n\t<li><a href=\"https:\/\/www.tvportugal.tv\/portal\/televisao\/espectaculo\/\" rel=\"category tag\">Espect\u00e1culo<\/a><\/li>\n\t<li><a href=\"https:\/\/www.tvportugal.tv\/portal\/televisao\/eventos\/\" rel=\"category tag\">Eventos<\/a><\/li>\n\t<li><a href=\"https:\/\/www.tvportugal.tv\/portal\/televisao\/inauguracoes\/\" rel=\"category tag\">Inaugura\u00e7\u00f5es<\/a><\/li>\n\t<li><a href=\"https:\/\/www.tvportugal.tv\/portal\/televisao\/junior\/\" rel=\"category tag\">Junior<\/a><\/li>\n\t<li><a href=\"https:\/\/www.tvportugal.tv\/portal\/televisao\/oeiras\/\" rel=\"category tag\">Oeiras<\/a><\/li>\n\t<li><a href=\"https:\/\/www.tvportugal.tv\/portal\/televisao\/varios\/\" rel=\"category tag\">V\u00e1rios<\/a><\/li><\/ul><\/div><\/div><\/div><\/div><div class=\"post-title\"><h2 class=\"entry-title\" itemprop=\"headline\"><a href=\"https:\/\/www.tvportugal.tv\/portal\/1-festival-internacional-de-ciencia-de-portugal-f-i-c-a-12-a-17-outubro-oeiras\/\">1.\u00ba Festival Internacional de Ci\u00eancia de Portugal FIC.A 12 a 17 Outubro &#8211; Oeiras<\/a><\/h2><\/div><div class=\"post-excerpt\">&#8220;Oeiras foi escolhida naturalmente porque \u00e9 um Concelho que sempre apostou na Ci\u00eancia, tem uma agenda para a Ci\u00eancia, uma estrat\u00e9gia territorial para a Ci\u00eancia que \u00e9 algo pioneiro no nosso pa\u00eds. (&#8230;), nunca como agora a Ci\u00eancia esteve t\u00e3o perto dos cidad\u00e3os, esteve t\u00e3o perto da sociedade.&#8221; Pedro Patacho,<span class=\"excerpt-hellip\"> [\u2026]<\/span><\/div><div class=\"post-footer\"><div class=\"button-love\"><span class=\"love-text\">Voc\u00ea gosta disso?<\/span><a href=\"#\" class=\"mfn-love \" data-id=\"7362\"><span class=\"icons-wrapper\"><i class=\"icon-heart-empty-fa\"><\/i><i class=\"icon-heart-fa\"><\/i><\/span><span class=\"label\">9<\/span><\/a><\/div><div class=\"post-links\"><i class=\"icon-doc-text\"><\/i> <a href=\"https:\/\/www.tvportugal.tv\/portal\/1-festival-internacional-de-ciencia-de-portugal-f-i-c-a-12-a-17-outubro-oeiras\/\" class=\"post-more\">Ler mais<\/a><\/div><\/div><\/div><\/div><\/div><div class=\"post-item isotope-item clearfix author-antonio-assuncao post-7345 post type-post status-publish format-standard has-post-thumbnail hentry category-cascais category-comunidade category-eventos category-mafra category-oeiras category-politica category-sintra category-social category-varios tag-carlos-carreiras tag-cascais tag-frederico-nunes tag-frederico-pinho-de-almeida\" ><div class=\"date_label\">25\/09\/2021<\/div><div class=\"image_frame post-photo-wrapper scale-with-grid image\"><div class=\"image_wrapper\"><a href=\"https:\/\/www.tvportugal.tv\/portal\/mensagem-do-presidente-da-republica-a-proposito-da-realizacao-das-eleicoes-autarquicas\/\"><div class=\"mask\"><\/div><img loading=\"lazy\" decoding=\"async\" width=\"400\" height=\"300\" src=\"https:\/\/www.tvportugal.tv\/portal\/wp-content\/uploads\/2021\/09\/Captura-de-ecra-2021-09-25-as-20.12.52-400x300.png\" class=\"scale-with-grid wp-post-image\" alt=\"C\u00e2mara Municipal de Cascais entrega Viaturas ao Servi\u00e7o de Estrangeiros e Fronteiras - SEF, Portugal, Televis\u00e3o, Cascais\" itemprop=\"image\" srcset=\"https:\/\/www.tvportugal.tv\/portal\/wp-content\/uploads\/2021\/09\/Captura-de-ecra-2021-09-25-as-20.12.52-400x300.png 400w, https:\/\/www.tvportugal.tv\/portal\/wp-content\/uploads\/2021\/09\/Captura-de-ecra-2021-09-25-as-20.12.52-300x225.png 300w, https:\/\/www.tvportugal.tv\/portal\/wp-content\/uploads\/2021\/09\/Captura-de-ecra-2021-09-25-as-20.12.52-768x576.png 768w, https:\/\/www.tvportugal.tv\/portal\/wp-content\/uploads\/2021\/09\/Captura-de-ecra-2021-09-25-as-20.12.52-195x146.png 195w, https:\/\/www.tvportugal.tv\/portal\/wp-content\/uploads\/2021\/09\/Captura-de-ecra-2021-09-25-as-20.12.52-50x38.png 50w, https:\/\/www.tvportugal.tv\/portal\/wp-content\/uploads\/2021\/09\/Captura-de-ecra-2021-09-25-as-20.12.52-100x75.png 100w, https:\/\/www.tvportugal.tv\/portal\/wp-content\/uploads\/2021\/09\/Captura-de-ecra-2021-09-25-as-20.12.52-350x263.png 350w, https:\/\/www.tvportugal.tv\/portal\/wp-content\/uploads\/2021\/09\/Captura-de-ecra-2021-09-25-as-20.12.52.png 800w\" sizes=\"auto, (max-width: 400px) 100vw, 400px\" \/><\/a><div class=\"image_links double\"><a href=\"https:\/\/www.tvportugal.tv\/portal\/wp-content\/uploads\/2021\/09\/Captura-de-ecra-2021-09-25-as-20.12.52.png\" class=\"zoom\" rel=\"prettyphoto\"><i class=\"icon-search\"><\/i><\/a><a href=\"https:\/\/www.tvportugal.tv\/portal\/mensagem-do-presidente-da-republica-a-proposito-da-realizacao-das-eleicoes-autarquicas\/\" class=\"link\"><i class=\"icon-link\"><\/i><\/a><\/div><\/div><\/div><div class=\"post-desc-wrapper\"><div class=\"post-desc\"><div class=\"post-head\"><div class=\"post-meta clearfix\"><div class=\"author-date\"><span class=\"vcard author post-author\"><span class=\"label\">By <\/span><i class=\"icon-user\"><\/i> <span class=\"fn\"><a href=\"https:\/\/www.tvportugal.tv\/portal\/author\/antonio-assuncao\/\">Antonio Assuncao<\/a><\/span><\/span> <span class=\"date\"><span class=\"label\">em <\/span><i class=\"icon-clock\"><\/i> <span class=\"post-date updated\">25\/09\/2021<\/span><\/span><\/div><div class=\"category\"><span class=\"cat-btn\">Categorias <i class=\"icon-down-dir\"><\/i><\/span><div class=\"cat-wrapper\"><ul class=\"post-categories\">\n\t<li><a href=\"https:\/\/www.tvportugal.tv\/portal\/televisao\/cascais\/\" rel=\"category tag\">Cascais<\/a><\/li>\n\t<li><a href=\"https:\/\/www.tvportugal.tv\/portal\/televisao\/comunidade\/\" rel=\"category tag\">Comunidade<\/a><\/li>\n\t<li><a href=\"https:\/\/www.tvportugal.tv\/portal\/televisao\/eventos\/\" rel=\"category tag\">Eventos<\/a><\/li>\n\t<li><a href=\"https:\/\/www.tvportugal.tv\/portal\/televisao\/mafra\/\" rel=\"category tag\">Mafra<\/a><\/li>\n\t<li><a href=\"https:\/\/www.tvportugal.tv\/portal\/televisao\/oeiras\/\" rel=\"category tag\">Oeiras<\/a><\/li>\n\t<li><a href=\"https:\/\/www.tvportugal.tv\/portal\/televisao\/politica\/\" rel=\"category tag\">Politica<\/a><\/li>\n\t<li><a href=\"https:\/\/www.tvportugal.tv\/portal\/televisao\/sintra\/\" rel=\"category tag\">Sintra<\/a><\/li>\n\t<li><a href=\"https:\/\/www.tvportugal.tv\/portal\/televisao\/social\/\" rel=\"category tag\">Social<\/a><\/li>\n\t<li><a href=\"https:\/\/www.tvportugal.tv\/portal\/televisao\/varios\/\" rel=\"category tag\">V\u00e1rios<\/a><\/li><\/ul><\/div><\/div><\/div><\/div><div class=\"post-title\"><h2 class=\"entry-title\" itemprop=\"headline\"><a href=\"https:\/\/www.tvportugal.tv\/portal\/mensagem-do-presidente-da-republica-a-proposito-da-realizacao-das-eleicoes-autarquicas\/\">Mensagem do Presidente da Rep\u00fablica a prop\u00f3sito da realiza\u00e7\u00e3o das Elei\u00e7\u00f5es Aut\u00e1rquicas<\/a><\/h2><\/div><div class=\"post-excerpt\">&#8220;As elei\u00e7\u00f5es de amanh\u00e3, as d\u00e9cimas terceiras elei\u00e7\u00f5es locais da nossa Democracia s\u00e3o, no entanto, as primeiras marcadas por tr\u00eas crises ao mesmo tempo \u2013 a da pandemia, a da economia e a da sociedade. N\u00f3s sabemos que a mem\u00f3ria das pessoas \u00e9, frequentemente, curta. Mas, desta vez, n\u00e3o esquecemos<span class=\"excerpt-hellip\"> [\u2026]<\/span><\/div><div class=\"post-footer\"><div class=\"button-love\"><span class=\"love-text\">Voc\u00ea gosta disso?<\/span><a href=\"#\" class=\"mfn-love \" data-id=\"7345\"><span class=\"icons-wrapper\"><i class=\"icon-heart-empty-fa\"><\/i><i class=\"icon-heart-fa\"><\/i><\/span><span class=\"label\">4<\/span><\/a><\/div><div class=\"post-links\"><i class=\"icon-doc-text\"><\/i> <a href=\"https:\/\/www.tvportugal.tv\/portal\/mensagem-do-presidente-da-republica-a-proposito-da-realizacao-das-eleicoes-autarquicas\/\" class=\"post-more\">Ler mais<\/a><\/div><\/div><\/div><\/div><\/div><div class=\"post-item isotope-item clearfix author-antonio-assuncao post-7334 post type-post status-publish format-standard has-post-thumbnail hentry category-comunidade category-inauguracoes category-junior category-oeiras category-varios tag-carlos-carreiras tag-cascais tag-frederico-pinho-de-almeida tag-inauguracoes tag-jose-filipe-ribeiro tag-nuno-alves\" ><div class=\"date_label\">21\/08\/2021<\/div><div class=\"image_frame post-photo-wrapper scale-with-grid image\"><div class=\"image_wrapper\"><a href=\"https:\/\/www.tvportugal.tv\/portal\/inauguracao-da-praceta-dionisio-matias-paco-de-arcos\/\"><div class=\"mask\"><\/div><img loading=\"lazy\" decoding=\"async\" width=\"400\" height=\"300\" src=\"https:\/\/www.tvportugal.tv\/portal\/wp-content\/uploads\/2021\/08\/Captura-de-ecra-2021-08-21-as-17.15.31-400x300.png\" class=\"scale-with-grid wp-post-image\" alt=\"\" itemprop=\"image\" srcset=\"https:\/\/www.tvportugal.tv\/portal\/wp-content\/uploads\/2021\/08\/Captura-de-ecra-2021-08-21-as-17.15.31-400x300.png 400w, https:\/\/www.tvportugal.tv\/portal\/wp-content\/uploads\/2021\/08\/Captura-de-ecra-2021-08-21-as-17.15.31-300x225.png 300w, https:\/\/www.tvportugal.tv\/portal\/wp-content\/uploads\/2021\/08\/Captura-de-ecra-2021-08-21-as-17.15.31-768x576.png 768w, https:\/\/www.tvportugal.tv\/portal\/wp-content\/uploads\/2021\/08\/Captura-de-ecra-2021-08-21-as-17.15.31-195x146.png 195w, https:\/\/www.tvportugal.tv\/portal\/wp-content\/uploads\/2021\/08\/Captura-de-ecra-2021-08-21-as-17.15.31-50x38.png 50w, https:\/\/www.tvportugal.tv\/portal\/wp-content\/uploads\/2021\/08\/Captura-de-ecra-2021-08-21-as-17.15.31-100x75.png 100w, https:\/\/www.tvportugal.tv\/portal\/wp-content\/uploads\/2021\/08\/Captura-de-ecra-2021-08-21-as-17.15.31-350x263.png 350w, https:\/\/www.tvportugal.tv\/portal\/wp-content\/uploads\/2021\/08\/Captura-de-ecra-2021-08-21-as-17.15.31.png 800w\" sizes=\"auto, (max-width: 400px) 100vw, 400px\" \/><\/a><div class=\"image_links double\"><a href=\"https:\/\/www.tvportugal.tv\/portal\/wp-content\/uploads\/2021\/08\/Captura-de-ecra-2021-08-21-as-17.15.31.png\" class=\"zoom\" rel=\"prettyphoto\"><i class=\"icon-search\"><\/i><\/a><a href=\"https:\/\/www.tvportugal.tv\/portal\/inauguracao-da-praceta-dionisio-matias-paco-de-arcos\/\" class=\"link\"><i class=\"icon-link\"><\/i><\/a><\/div><\/div><\/div><div class=\"post-desc-wrapper\"><div class=\"post-desc\"><div class=\"post-head\"><div class=\"post-meta clearfix\"><div class=\"author-date\"><span class=\"vcard author post-author\"><span class=\"label\">By <\/span><i class=\"icon-user\"><\/i> <span class=\"fn\"><a href=\"https:\/\/www.tvportugal.tv\/portal\/author\/antonio-assuncao\/\">Antonio Assuncao<\/a><\/span><\/span> <span class=\"date\"><span class=\"label\">em <\/span><i class=\"icon-clock\"><\/i> <span class=\"post-date updated\">21\/08\/2021<\/span><\/span><\/div><div class=\"category\"><span class=\"cat-btn\">Categorias <i class=\"icon-down-dir\"><\/i><\/span><div class=\"cat-wrapper\"><ul class=\"post-categories\">\n\t<li><a href=\"https:\/\/www.tvportugal.tv\/portal\/televisao\/comunidade\/\" rel=\"category tag\">Comunidade<\/a><\/li>\n\t<li><a href=\"https:\/\/www.tvportugal.tv\/portal\/televisao\/inauguracoes\/\" rel=\"category tag\">Inaugura\u00e7\u00f5es<\/a><\/li>\n\t<li><a href=\"https:\/\/www.tvportugal.tv\/portal\/televisao\/junior\/\" rel=\"category tag\">Junior<\/a><\/li>\n\t<li><a href=\"https:\/\/www.tvportugal.tv\/portal\/televisao\/oeiras\/\" rel=\"category tag\">Oeiras<\/a><\/li>\n\t<li><a href=\"https:\/\/www.tvportugal.tv\/portal\/televisao\/varios\/\" rel=\"category tag\">V\u00e1rios<\/a><\/li><\/ul><\/div><\/div><\/div><\/div><div class=\"post-title\"><h2 class=\"entry-title\" itemprop=\"headline\"><a href=\"https:\/\/www.tvportugal.tv\/portal\/inauguracao-da-praceta-dionisio-matias-paco-de-arcos\/\">Inaugura\u00e7\u00e3o da Praceta Dion\u00edsio Matias | Pa\u00e7o de Arcos<\/a><\/h2><\/div><div class=\"post-excerpt\">O Presidente da C\u00e2mara Municipal de Oeiras, Isaltino Morais, inaugurou este s\u00e1bado, dia 21 de agosto, \u00e0s 11:00, a Praceta Dion\u00edsio Matias, depois de feitas obras de requalifica\u00e7\u00e3o que v\u00e3o dar nova vida \u00e0quele espa\u00e7o. A Praceta Dion\u00edsio Matias era uma pequena pra\u00e7a que envolvia o Mercado Municipal de Pa\u00e7o<span class=\"excerpt-hellip\"> [\u2026]<\/span><\/div><div class=\"post-footer\"><div class=\"button-love\"><span class=\"love-text\">Voc\u00ea gosta disso?<\/span><a href=\"#\" class=\"mfn-love \" data-id=\"7334\"><span class=\"icons-wrapper\"><i class=\"icon-heart-empty-fa\"><\/i><i class=\"icon-heart-fa\"><\/i><\/span><span class=\"label\">2<\/span><\/a><\/div><div class=\"post-links\"><i class=\"icon-doc-text\"><\/i> <a href=\"https:\/\/www.tvportugal.tv\/portal\/inauguracao-da-praceta-dionisio-matias-paco-de-arcos\/\" class=\"post-more\">Ler mais<\/a><\/div><\/div><\/div><\/div><\/div><div class=\"post-item isotope-item clearfix author-abelhamedia post-7292 post type-post status-publish format-standard has-post-thumbnail hentry category-comunidade category-eventos category-oeiras category-social category-varios tag-habitacao-social tag-inauguracoes tag-municipios tag-oeiras tag-teresa-bacelar\" ><div class=\"date_label\">24\/07\/2021<\/div><div class=\"image_frame post-photo-wrapper scale-with-grid image\"><div class=\"image_wrapper\"><a href=\"https:\/\/www.tvportugal.tv\/portal\/oeiras-entrega-casas-a-mais-14-familias-teresa-bacelar\/\"><div class=\"mask\"><\/div><img loading=\"lazy\" decoding=\"async\" width=\"400\" height=\"292\" src=\"https:\/\/www.tvportugal.tv\/portal\/wp-content\/uploads\/2021\/07\/oeiras-entrega-casas-400x292.jpg\" class=\"scale-with-grid wp-post-image\" alt=\"\" itemprop=\"image\" srcset=\"https:\/\/www.tvportugal.tv\/portal\/wp-content\/uploads\/2021\/07\/oeiras-entrega-casas-400x292.jpg 400w, https:\/\/www.tvportugal.tv\/portal\/wp-content\/uploads\/2021\/07\/oeiras-entrega-casas-300x219.jpg 300w, https:\/\/www.tvportugal.tv\/portal\/wp-content\/uploads\/2021\/07\/oeiras-entrega-casas-768x561.jpg 768w, https:\/\/www.tvportugal.tv\/portal\/wp-content\/uploads\/2021\/07\/oeiras-entrega-casas-200x146.jpg 200w, https:\/\/www.tvportugal.tv\/portal\/wp-content\/uploads\/2021\/07\/oeiras-entrega-casas-50x36.jpg 50w, https:\/\/www.tvportugal.tv\/portal\/wp-content\/uploads\/2021\/07\/oeiras-entrega-casas-103x75.jpg 103w, https:\/\/www.tvportugal.tv\/portal\/wp-content\/uploads\/2021\/07\/oeiras-entrega-casas-350x255.jpg 350w, https:\/\/www.tvportugal.tv\/portal\/wp-content\/uploads\/2021\/07\/oeiras-entrega-casas.jpg 822w\" sizes=\"auto, (max-width: 400px) 100vw, 400px\" \/><\/a><div class=\"image_links double\"><a href=\"https:\/\/www.tvportugal.tv\/portal\/wp-content\/uploads\/2021\/07\/oeiras-entrega-casas.jpg\" class=\"zoom\" rel=\"prettyphoto\"><i class=\"icon-search\"><\/i><\/a><a href=\"https:\/\/www.tvportugal.tv\/portal\/oeiras-entrega-casas-a-mais-14-familias-teresa-bacelar\/\" class=\"link\"><i class=\"icon-link\"><\/i><\/a><\/div><\/div><\/div><div class=\"post-desc-wrapper\"><div class=\"post-desc\"><div class=\"post-head\"><div class=\"post-meta clearfix\"><div class=\"author-date\"><span class=\"vcard author post-author\"><span class=\"label\">By <\/span><i class=\"icon-user\"><\/i> <span class=\"fn\"><a href=\"https:\/\/www.tvportugal.tv\/portal\/author\/abelhamedia\/\">tvportugal<\/a><\/span><\/span> <span class=\"date\"><span class=\"label\">em <\/span><i class=\"icon-clock\"><\/i> <span class=\"post-date updated\">24\/07\/2021<\/span><\/span><\/div><div class=\"category\"><span class=\"cat-btn\">Categorias <i class=\"icon-down-dir\"><\/i><\/span><div class=\"cat-wrapper\"><ul class=\"post-categories\">\n\t<li><a href=\"https:\/\/www.tvportugal.tv\/portal\/televisao\/comunidade\/\" rel=\"category tag\">Comunidade<\/a><\/li>\n\t<li><a href=\"https:\/\/www.tvportugal.tv\/portal\/televisao\/eventos\/\" rel=\"category tag\">Eventos<\/a><\/li>\n\t<li><a href=\"https:\/\/www.tvportugal.tv\/portal\/televisao\/oeiras\/\" rel=\"category tag\">Oeiras<\/a><\/li>\n\t<li><a href=\"https:\/\/www.tvportugal.tv\/portal\/televisao\/social\/\" rel=\"category tag\">Social<\/a><\/li>\n\t<li><a href=\"https:\/\/www.tvportugal.tv\/portal\/televisao\/varios\/\" rel=\"category tag\">V\u00e1rios<\/a><\/li><\/ul><\/div><\/div><\/div><\/div><div class=\"post-title\"><h2 class=\"entry-title\" itemprop=\"headline\"><a href=\"https:\/\/www.tvportugal.tv\/portal\/oeiras-entrega-casas-a-mais-14-familias-teresa-bacelar\/\">Oeiras entrega casas a mais 14 Fam\u00edlias<\/a><\/h2><\/div><div class=\"post-excerpt\">Oeiras entrega Casas a mais 14 Fam\u00edlias A C\u00e2mara Municipal de Oeiras procedeu \u00e0 entrega de chaves de fogos municipais a mais 14 fam\u00edlias do concelho, no \u00e2mbito do Observat\u00f3rio da Habita\u00e7\u00e3o do Munic\u00edpio. A cerim\u00f3nia, liderada pelo Presidente, Isaltino Morais, teve lugar, hoje dia 23 de Julho, \u00e0s 10H00,<span class=\"excerpt-hellip\"> [\u2026]<\/span><\/div><div class=\"post-footer\"><div class=\"button-love\"><span class=\"love-text\">Voc\u00ea gosta disso?<\/span><a href=\"#\" class=\"mfn-love \" data-id=\"7292\"><span class=\"icons-wrapper\"><i class=\"icon-heart-empty-fa\"><\/i><i class=\"icon-heart-fa\"><\/i><\/span><span class=\"label\">1<\/span><\/a><\/div><div class=\"post-links\"><i class=\"icon-doc-text\"><\/i> <a href=\"https:\/\/www.tvportugal.tv\/portal\/oeiras-entrega-casas-a-mais-14-familias-teresa-bacelar\/\" class=\"post-more\">Ler mais<\/a><\/div><\/div><\/div><\/div><\/div><div class=\"post-item isotope-item clearfix author-antonio-assuncao post-7259 post type-post status-publish format-standard has-post-thumbnail hentry category-comunidade category-inauguracoes category-junior category-oeiras category-social category-varios tag-francisco-rocha-goncalves tag-inigo-pereira tag-isaltino-morais tag-joana-baptista tag-oeiras\" ><div class=\"date_label\">21\/07\/2021<\/div><div class=\"image_frame post-photo-wrapper scale-with-grid image\"><div class=\"image_wrapper\"><a href=\"https:\/\/www.tvportugal.tv\/portal\/mais-habitacao-jovem-no-centro-historico-de-oeiras\/\"><div class=\"mask\"><\/div><img loading=\"lazy\" decoding=\"async\" width=\"400\" height=\"300\" src=\"https:\/\/www.tvportugal.tv\/portal\/wp-content\/uploads\/2021\/07\/Captura-de-ecra-2021-07-21-as-11.54.11-400x300.png\" class=\"scale-with-grid wp-post-image\" alt=\"Mais Habita\u00e7\u00e3o Jovem no Centro Hist\u00f3rico de Oeiras, Portugal, Televis\u00e3o, Oeiras, Isaltino Morais, Francisco Rocha Gon\u00e7alves\" itemprop=\"image\" srcset=\"https:\/\/www.tvportugal.tv\/portal\/wp-content\/uploads\/2021\/07\/Captura-de-ecra-2021-07-21-as-11.54.11-400x300.png 400w, https:\/\/www.tvportugal.tv\/portal\/wp-content\/uploads\/2021\/07\/Captura-de-ecra-2021-07-21-as-11.54.11-300x225.png 300w, https:\/\/www.tvportugal.tv\/portal\/wp-content\/uploads\/2021\/07\/Captura-de-ecra-2021-07-21-as-11.54.11-768x576.png 768w, https:\/\/www.tvportugal.tv\/portal\/wp-content\/uploads\/2021\/07\/Captura-de-ecra-2021-07-21-as-11.54.11-195x146.png 195w, https:\/\/www.tvportugal.tv\/portal\/wp-content\/uploads\/2021\/07\/Captura-de-ecra-2021-07-21-as-11.54.11-50x38.png 50w, https:\/\/www.tvportugal.tv\/portal\/wp-content\/uploads\/2021\/07\/Captura-de-ecra-2021-07-21-as-11.54.11-100x75.png 100w, https:\/\/www.tvportugal.tv\/portal\/wp-content\/uploads\/2021\/07\/Captura-de-ecra-2021-07-21-as-11.54.11-350x263.png 350w, https:\/\/www.tvportugal.tv\/portal\/wp-content\/uploads\/2021\/07\/Captura-de-ecra-2021-07-21-as-11.54.11.png 800w\" sizes=\"auto, (max-width: 400px) 100vw, 400px\" \/><\/a><div class=\"image_links double\"><a href=\"https:\/\/www.tvportugal.tv\/portal\/wp-content\/uploads\/2021\/07\/Captura-de-ecra-2021-07-21-as-11.54.11.png\" class=\"zoom\" rel=\"prettyphoto\"><i class=\"icon-search\"><\/i><\/a><a href=\"https:\/\/www.tvportugal.tv\/portal\/mais-habitacao-jovem-no-centro-historico-de-oeiras\/\" class=\"link\"><i class=\"icon-link\"><\/i><\/a><\/div><\/div><\/div><div class=\"post-desc-wrapper\"><div class=\"post-desc\"><div class=\"post-head\"><div class=\"post-meta clearfix\"><div class=\"author-date\"><span class=\"vcard author post-author\"><span class=\"label\">By <\/span><i class=\"icon-user\"><\/i> <span class=\"fn\"><a href=\"https:\/\/www.tvportugal.tv\/portal\/author\/antonio-assuncao\/\">Antonio Assuncao<\/a><\/span><\/span> <span class=\"date\"><span class=\"label\">em <\/span><i class=\"icon-clock\"><\/i> <span class=\"post-date updated\">21\/07\/2021<\/span><\/span><\/div><div class=\"category\"><span class=\"cat-btn\">Categorias <i class=\"icon-down-dir\"><\/i><\/span><div class=\"cat-wrapper\"><ul class=\"post-categories\">\n\t<li><a href=\"https:\/\/www.tvportugal.tv\/portal\/televisao\/comunidade\/\" rel=\"category tag\">Comunidade<\/a><\/li>\n\t<li><a href=\"https:\/\/www.tvportugal.tv\/portal\/televisao\/inauguracoes\/\" rel=\"category tag\">Inaugura\u00e7\u00f5es<\/a><\/li>\n\t<li><a href=\"https:\/\/www.tvportugal.tv\/portal\/televisao\/junior\/\" rel=\"category tag\">Junior<\/a><\/li>\n\t<li><a href=\"https:\/\/www.tvportugal.tv\/portal\/televisao\/oeiras\/\" rel=\"category tag\">Oeiras<\/a><\/li>\n\t<li><a href=\"https:\/\/www.tvportugal.tv\/portal\/televisao\/social\/\" rel=\"category tag\">Social<\/a><\/li>\n\t<li><a href=\"https:\/\/www.tvportugal.tv\/portal\/televisao\/varios\/\" rel=\"category tag\">V\u00e1rios<\/a><\/li><\/ul><\/div><\/div><\/div><\/div><div class=\"post-title\"><h2 class=\"entry-title\" itemprop=\"headline\"><a href=\"https:\/\/www.tvportugal.tv\/portal\/mais-habitacao-jovem-no-centro-historico-de-oeiras\/\">Mais Habita\u00e7\u00e3o Jovem no Centro Hist\u00f3rico de Oeiras<\/a><\/h2><\/div><div class=\"post-excerpt\">Mais Habita\u00e7\u00e3o Jovem no Centro Hist\u00f3rico de Oeiras No \u00e2mbito do Programa Habita\u00e7\u00e3o Jovem nos Centros Hist\u00f3ricos, a C\u00e2mara Municipal de Oeiras promoveu a reabilita\u00e7\u00e3o do Quarteir\u00e3o do Largo da Boavista em Oeiras, composto por quatro edif\u00edcios dispostos em redor de um p\u00e1tio interior. No total ser\u00e3o disponibilizados nove fogos,<span class=\"excerpt-hellip\"> [\u2026]<\/span><\/div><div class=\"post-footer\"><div class=\"button-love\"><span class=\"love-text\">Voc\u00ea gosta disso?<\/span><a href=\"#\" class=\"mfn-love \" data-id=\"7259\"><span class=\"icons-wrapper\"><i class=\"icon-heart-empty-fa\"><\/i><i class=\"icon-heart-fa\"><\/i><\/span><span class=\"label\">2<\/span><\/a><\/div><div class=\"post-links\"><i class=\"icon-doc-text\"><\/i> <a href=\"https:\/\/www.tvportugal.tv\/portal\/mais-habitacao-jovem-no-centro-historico-de-oeiras\/\" class=\"post-more\">Ler mais<\/a><\/div><\/div><\/div><\/div><\/div><div class=\"post-item isotope-item clearfix author-antonio-assuncao post-7253 post type-post status-publish format-standard has-post-thumbnail hentry category-comunidade category-cultura category-educacao category-inauguracoes category-oeiras category-social category-varios tag-francisco-rocha-goncalves tag-inigo-pereira tag-isaltino-morais\" ><div class=\"date_label\">19\/07\/2021<\/div><div class=\"image_frame post-photo-wrapper scale-with-grid image\"><div class=\"image_wrapper\"><a href=\"https:\/\/www.tvportugal.tv\/portal\/inauguracao-das-obras-de-recuperacao-e-ampliacao-da-s-f-fraternidade-de-carnaxide\/\"><div class=\"mask\"><\/div><img loading=\"lazy\" decoding=\"async\" width=\"400\" height=\"300\" src=\"https:\/\/www.tvportugal.tv\/portal\/wp-content\/uploads\/2021\/07\/Captura-de-ecra-2021-07-19-as-17.10.31-400x300.png\" class=\"scale-with-grid wp-post-image\" alt=\"Inaugura\u00e7\u00e3o das Obras de Recupera\u00e7\u00e3o e Amplia\u00e7\u00e3o da S.F. Fraternidade de Carnaxide, Portugal, Televis\u00e3o, Oeiras\" itemprop=\"image\" srcset=\"https:\/\/www.tvportugal.tv\/portal\/wp-content\/uploads\/2021\/07\/Captura-de-ecra-2021-07-19-as-17.10.31-400x300.png 400w, https:\/\/www.tvportugal.tv\/portal\/wp-content\/uploads\/2021\/07\/Captura-de-ecra-2021-07-19-as-17.10.31-300x225.png 300w, https:\/\/www.tvportugal.tv\/portal\/wp-content\/uploads\/2021\/07\/Captura-de-ecra-2021-07-19-as-17.10.31-768x576.png 768w, https:\/\/www.tvportugal.tv\/portal\/wp-content\/uploads\/2021\/07\/Captura-de-ecra-2021-07-19-as-17.10.31-195x146.png 195w, https:\/\/www.tvportugal.tv\/portal\/wp-content\/uploads\/2021\/07\/Captura-de-ecra-2021-07-19-as-17.10.31-50x38.png 50w, https:\/\/www.tvportugal.tv\/portal\/wp-content\/uploads\/2021\/07\/Captura-de-ecra-2021-07-19-as-17.10.31-100x75.png 100w, https:\/\/www.tvportugal.tv\/portal\/wp-content\/uploads\/2021\/07\/Captura-de-ecra-2021-07-19-as-17.10.31-350x263.png 350w, https:\/\/www.tvportugal.tv\/portal\/wp-content\/uploads\/2021\/07\/Captura-de-ecra-2021-07-19-as-17.10.31.png 800w\" sizes=\"auto, (max-width: 400px) 100vw, 400px\" \/><\/a><div class=\"image_links double\"><a href=\"https:\/\/www.tvportugal.tv\/portal\/wp-content\/uploads\/2021\/07\/Captura-de-ecra-2021-07-19-as-17.10.31.png\" class=\"zoom\" rel=\"prettyphoto\"><i class=\"icon-search\"><\/i><\/a><a href=\"https:\/\/www.tvportugal.tv\/portal\/inauguracao-das-obras-de-recuperacao-e-ampliacao-da-s-f-fraternidade-de-carnaxide\/\" class=\"link\"><i class=\"icon-link\"><\/i><\/a><\/div><\/div><\/div><div class=\"post-desc-wrapper\"><div class=\"post-desc\"><div class=\"post-head\"><div class=\"post-meta clearfix\"><div class=\"author-date\"><span class=\"vcard author post-author\"><span class=\"label\">By <\/span><i class=\"icon-user\"><\/i> <span class=\"fn\"><a href=\"https:\/\/www.tvportugal.tv\/portal\/author\/antonio-assuncao\/\">Antonio Assuncao<\/a><\/span><\/span> <span class=\"date\"><span class=\"label\">em <\/span><i class=\"icon-clock\"><\/i> <span class=\"post-date updated\">19\/07\/2021<\/span><\/span><\/div><div class=\"category\"><span class=\"cat-btn\">Categorias <i class=\"icon-down-dir\"><\/i><\/span><div class=\"cat-wrapper\"><ul class=\"post-categories\">\n\t<li><a href=\"https:\/\/www.tvportugal.tv\/portal\/televisao\/comunidade\/\" rel=\"category tag\">Comunidade<\/a><\/li>\n\t<li><a href=\"https:\/\/www.tvportugal.tv\/portal\/televisao\/cultura\/\" rel=\"category tag\">Cultura<\/a><\/li>\n\t<li><a href=\"https:\/\/www.tvportugal.tv\/portal\/televisao\/educacao\/\" rel=\"category tag\">Educa\u00e7\u00e3o<\/a><\/li>\n\t<li><a href=\"https:\/\/www.tvportugal.tv\/portal\/televisao\/inauguracoes\/\" rel=\"category tag\">Inaugura\u00e7\u00f5es<\/a><\/li>\n\t<li><a href=\"https:\/\/www.tvportugal.tv\/portal\/televisao\/oeiras\/\" rel=\"category tag\">Oeiras<\/a><\/li>\n\t<li><a href=\"https:\/\/www.tvportugal.tv\/portal\/televisao\/social\/\" rel=\"category tag\">Social<\/a><\/li>\n\t<li><a href=\"https:\/\/www.tvportugal.tv\/portal\/televisao\/varios\/\" rel=\"category tag\">V\u00e1rios<\/a><\/li><\/ul><\/div><\/div><\/div><\/div><div class=\"post-title\"><h2 class=\"entry-title\" itemprop=\"headline\"><a href=\"https:\/\/www.tvportugal.tv\/portal\/inauguracao-das-obras-de-recuperacao-e-ampliacao-da-s-f-fraternidade-de-carnaxide\/\">Inaugura\u00e7\u00e3o das Obras de Recupera\u00e7\u00e3o e Amplia\u00e7\u00e3o da S.F. Fraternidade de Carnaxide<\/a><\/h2><\/div><div class=\"post-excerpt\">[vc_row][vc_column][vc_column_text] Inaugura\u00e7\u00e3o das Obras de Recupera\u00e7\u00e3o e Amplia\u00e7\u00e3o da S.F. Fraternidade de Carnaxide [\/vc_column_text][\/vc_column][\/vc_row][vc_row][vc_column][vc_column_text]\u00c9 o que nos d\u00e1 mais prazer fazer, primeiro porque \u00e9 a colectividade mais antiga do Concelho, o apoio que d\u00e1 no \u00e2mbito da m\u00fasica tamb\u00e9m \u00e9 uma \u00e1rea que todos n\u00f3s devemos privilegiar porque associa as<span class=\"excerpt-hellip\"> [\u2026]<\/span><\/div><div class=\"post-footer\"><div class=\"button-love\"><span class=\"love-text\">Voc\u00ea gosta disso?<\/span><a href=\"#\" class=\"mfn-love \" data-id=\"7253\"><span class=\"icons-wrapper\"><i class=\"icon-heart-empty-fa\"><\/i><i class=\"icon-heart-fa\"><\/i><\/span><span class=\"label\">1<\/span><\/a><\/div><div class=\"post-links\"><i class=\"icon-doc-text\"><\/i> <a href=\"https:\/\/www.tvportugal.tv\/portal\/inauguracao-das-obras-de-recuperacao-e-ampliacao-da-s-f-fraternidade-de-carnaxide\/\" class=\"post-more\">Ler mais<\/a><\/div><\/div><\/div><\/div><\/div><div class=\"post-item isotope-item clearfix author-antonio-assuncao post-7250 post type-post status-publish format-standard has-post-thumbnail hentry category-comunidade category-inauguracoes category-oeiras category-social category-varios tag-francisco-rocha-goncalves tag-inigo-pereira tag-isaltino-morais tag-oeiras tag-paulo-patacho\" ><div class=\"date_label\">18\/07\/2021<\/div><div class=\"image_frame post-photo-wrapper scale-with-grid image\"><div class=\"image_wrapper\"><a href=\"https:\/\/www.tvportugal.tv\/portal\/inauguracao-da-requalificacao-do-passeio-vitorino-nemesio\/\"><div class=\"mask\"><\/div><img loading=\"lazy\" decoding=\"async\" width=\"400\" height=\"300\" src=\"https:\/\/www.tvportugal.tv\/portal\/wp-content\/uploads\/2021\/07\/Captura-de-ecra-2021-07-18-as-19.31.16-400x300.png\" class=\"scale-with-grid wp-post-image\" alt=\"Inaugura\u00e7\u00e3o da Requalifica\u00e7\u00e3o do Passeio Vitorino Nem\u00e9sio, Portugal, Televis\u00e3o, Oeiras, Isaltino Morais, Reportagem\" itemprop=\"image\" srcset=\"https:\/\/www.tvportugal.tv\/portal\/wp-content\/uploads\/2021\/07\/Captura-de-ecra-2021-07-18-as-19.31.16-400x300.png 400w, https:\/\/www.tvportugal.tv\/portal\/wp-content\/uploads\/2021\/07\/Captura-de-ecra-2021-07-18-as-19.31.16-300x225.png 300w, https:\/\/www.tvportugal.tv\/portal\/wp-content\/uploads\/2021\/07\/Captura-de-ecra-2021-07-18-as-19.31.16-768x576.png 768w, https:\/\/www.tvportugal.tv\/portal\/wp-content\/uploads\/2021\/07\/Captura-de-ecra-2021-07-18-as-19.31.16-195x146.png 195w, https:\/\/www.tvportugal.tv\/portal\/wp-content\/uploads\/2021\/07\/Captura-de-ecra-2021-07-18-as-19.31.16-50x38.png 50w, https:\/\/www.tvportugal.tv\/portal\/wp-content\/uploads\/2021\/07\/Captura-de-ecra-2021-07-18-as-19.31.16-100x75.png 100w, https:\/\/www.tvportugal.tv\/portal\/wp-content\/uploads\/2021\/07\/Captura-de-ecra-2021-07-18-as-19.31.16-350x263.png 350w, https:\/\/www.tvportugal.tv\/portal\/wp-content\/uploads\/2021\/07\/Captura-de-ecra-2021-07-18-as-19.31.16.png 800w\" sizes=\"auto, (max-width: 400px) 100vw, 400px\" \/><\/a><div class=\"image_links double\"><a href=\"https:\/\/www.tvportugal.tv\/portal\/wp-content\/uploads\/2021\/07\/Captura-de-ecra-2021-07-18-as-19.31.16.png\" class=\"zoom\" rel=\"prettyphoto\"><i class=\"icon-search\"><\/i><\/a><a href=\"https:\/\/www.tvportugal.tv\/portal\/inauguracao-da-requalificacao-do-passeio-vitorino-nemesio\/\" class=\"link\"><i class=\"icon-link\"><\/i><\/a><\/div><\/div><\/div><div class=\"post-desc-wrapper\"><div class=\"post-desc\"><div class=\"post-head\"><div class=\"post-meta clearfix\"><div class=\"author-date\"><span class=\"vcard author post-author\"><span class=\"label\">By <\/span><i class=\"icon-user\"><\/i> <span class=\"fn\"><a href=\"https:\/\/www.tvportugal.tv\/portal\/author\/antonio-assuncao\/\">Antonio Assuncao<\/a><\/span><\/span> <span class=\"date\"><span class=\"label\">em <\/span><i class=\"icon-clock\"><\/i> <span class=\"post-date updated\">18\/07\/2021<\/span><\/span><\/div><div class=\"category\"><span class=\"cat-btn\">Categorias <i class=\"icon-down-dir\"><\/i><\/span><div class=\"cat-wrapper\"><ul class=\"post-categories\">\n\t<li><a href=\"https:\/\/www.tvportugal.tv\/portal\/televisao\/comunidade\/\" rel=\"category tag\">Comunidade<\/a><\/li>\n\t<li><a href=\"https:\/\/www.tvportugal.tv\/portal\/televisao\/inauguracoes\/\" rel=\"category tag\">Inaugura\u00e7\u00f5es<\/a><\/li>\n\t<li><a href=\"https:\/\/www.tvportugal.tv\/portal\/televisao\/oeiras\/\" rel=\"category tag\">Oeiras<\/a><\/li>\n\t<li><a href=\"https:\/\/www.tvportugal.tv\/portal\/televisao\/social\/\" rel=\"category tag\">Social<\/a><\/li>\n\t<li><a href=\"https:\/\/www.tvportugal.tv\/portal\/televisao\/varios\/\" rel=\"category tag\">V\u00e1rios<\/a><\/li><\/ul><\/div><\/div><\/div><\/div><div class=\"post-title\"><h2 class=\"entry-title\" itemprop=\"headline\"><a href=\"https:\/\/www.tvportugal.tv\/portal\/inauguracao-da-requalificacao-do-passeio-vitorino-nemesio\/\">Inaugura\u00e7\u00e3o da Requalifica\u00e7\u00e3o do Passeio Vitorino Nem\u00e9sio<\/a><\/h2><\/div><div class=\"post-excerpt\">[vc_row][vc_column][vc_column_text] Inaugura\u00e7\u00e3o da Requalifica\u00e7\u00e3o do Passeio Vitorino Nem\u00e9sio [\/vc_column_text][\/vc_column][\/vc_row][vc_row][vc_column][vc_column_text]O objetivo desta interven\u00e7\u00e3o, realizada entre Fevereiro e Julho de 2021, foi a requalifica\u00e7\u00e3o do espa\u00e7o p\u00fablico ao n\u00edvel dos pavimentos, equipamentos e espa\u00e7os verdes, criando uma imagem urbana mais atual, fomentando o conforto e seguran\u00e7a da circula\u00e7\u00e3o pedonal, potenciando, desta forma,<span class=\"excerpt-hellip\"> [\u2026]<\/span><\/div><div class=\"post-footer\"><div class=\"button-love\"><span class=\"love-text\">Voc\u00ea gosta disso?<\/span><a href=\"#\" class=\"mfn-love \" data-id=\"7250\"><span class=\"icons-wrapper\"><i class=\"icon-heart-empty-fa\"><\/i><i class=\"icon-heart-fa\"><\/i><\/span><span class=\"label\">2<\/span><\/a><\/div><div class=\"post-links\"><i class=\"icon-doc-text\"><\/i> <a href=\"https:\/\/www.tvportugal.tv\/portal\/inauguracao-da-requalificacao-do-passeio-vitorino-nemesio\/\" class=\"post-more\">Ler mais<\/a><\/div><\/div><\/div><\/div><\/div><div class=\"post-item isotope-item clearfix author-antonio-assuncao post-7242 post type-post status-publish format-standard has-post-thumbnail hentry category-comunidade category-eventos category-inauguracoes category-oeiras category-social category-varios tag-francisco-rocha-goncalves tag-inigo-pereira tag-isaltino-morais tag-joana-baptista tag-oeiras\" ><div class=\"date_label\">01\/07\/2021<\/div><div class=\"image_frame post-photo-wrapper scale-with-grid image\"><div class=\"image_wrapper\"><a href=\"https:\/\/www.tvportugal.tv\/portal\/hastear-da-bandeira-azul-praia-de-caxias-baia-dos-golfinfos\/\"><div class=\"mask\"><\/div><img loading=\"lazy\" decoding=\"async\" width=\"400\" height=\"300\" src=\"https:\/\/www.tvportugal.tv\/portal\/wp-content\/uploads\/2021\/07\/Captura-de-ecra-2021-07-01-as-22.29.13-400x300.png\" class=\"scale-with-grid wp-post-image\" alt=\"Hastear da Bandeira Azul | Praia de Caxias | Ba\u00eda dos Golfinfos, Portugal, Televis\u00e3o, Oeiras, Joana Baptista\" itemprop=\"image\" srcset=\"https:\/\/www.tvportugal.tv\/portal\/wp-content\/uploads\/2021\/07\/Captura-de-ecra-2021-07-01-as-22.29.13-400x300.png 400w, https:\/\/www.tvportugal.tv\/portal\/wp-content\/uploads\/2021\/07\/Captura-de-ecra-2021-07-01-as-22.29.13-300x225.png 300w, https:\/\/www.tvportugal.tv\/portal\/wp-content\/uploads\/2021\/07\/Captura-de-ecra-2021-07-01-as-22.29.13-768x576.png 768w, https:\/\/www.tvportugal.tv\/portal\/wp-content\/uploads\/2021\/07\/Captura-de-ecra-2021-07-01-as-22.29.13-195x146.png 195w, https:\/\/www.tvportugal.tv\/portal\/wp-content\/uploads\/2021\/07\/Captura-de-ecra-2021-07-01-as-22.29.13-50x38.png 50w, https:\/\/www.tvportugal.tv\/portal\/wp-content\/uploads\/2021\/07\/Captura-de-ecra-2021-07-01-as-22.29.13-100x75.png 100w, https:\/\/www.tvportugal.tv\/portal\/wp-content\/uploads\/2021\/07\/Captura-de-ecra-2021-07-01-as-22.29.13-350x263.png 350w, https:\/\/www.tvportugal.tv\/portal\/wp-content\/uploads\/2021\/07\/Captura-de-ecra-2021-07-01-as-22.29.13.png 800w\" sizes=\"auto, (max-width: 400px) 100vw, 400px\" \/><\/a><div class=\"image_links double\"><a href=\"https:\/\/www.tvportugal.tv\/portal\/wp-content\/uploads\/2021\/07\/Captura-de-ecra-2021-07-01-as-22.29.13.png\" class=\"zoom\" rel=\"prettyphoto\"><i class=\"icon-search\"><\/i><\/a><a href=\"https:\/\/www.tvportugal.tv\/portal\/hastear-da-bandeira-azul-praia-de-caxias-baia-dos-golfinfos\/\" class=\"link\"><i class=\"icon-link\"><\/i><\/a><\/div><\/div><\/div><div class=\"post-desc-wrapper\"><div class=\"post-desc\"><div class=\"post-head\"><div class=\"post-meta clearfix\"><div class=\"author-date\"><span class=\"vcard author post-author\"><span class=\"label\">By <\/span><i class=\"icon-user\"><\/i> <span class=\"fn\"><a href=\"https:\/\/www.tvportugal.tv\/portal\/author\/antonio-assuncao\/\">Antonio Assuncao<\/a><\/span><\/span> <span class=\"date\"><span class=\"label\">em <\/span><i class=\"icon-clock\"><\/i> <span class=\"post-date updated\">01\/07\/2021<\/span><\/span><\/div><div class=\"category\"><span class=\"cat-btn\">Categorias <i class=\"icon-down-dir\"><\/i><\/span><div class=\"cat-wrapper\"><ul class=\"post-categories\">\n\t<li><a href=\"https:\/\/www.tvportugal.tv\/portal\/televisao\/comunidade\/\" rel=\"category tag\">Comunidade<\/a><\/li>\n\t<li><a href=\"https:\/\/www.tvportugal.tv\/portal\/televisao\/eventos\/\" rel=\"category tag\">Eventos<\/a><\/li>\n\t<li><a href=\"https:\/\/www.tvportugal.tv\/portal\/televisao\/inauguracoes\/\" rel=\"category tag\">Inaugura\u00e7\u00f5es<\/a><\/li>\n\t<li><a href=\"https:\/\/www.tvportugal.tv\/portal\/televisao\/oeiras\/\" rel=\"category tag\">Oeiras<\/a><\/li>\n\t<li><a href=\"https:\/\/www.tvportugal.tv\/portal\/televisao\/social\/\" rel=\"category tag\">Social<\/a><\/li>\n\t<li><a href=\"https:\/\/www.tvportugal.tv\/portal\/televisao\/varios\/\" rel=\"category tag\">V\u00e1rios<\/a><\/li><\/ul><\/div><\/div><\/div><\/div><div class=\"post-title\"><h2 class=\"entry-title\" itemprop=\"headline\"><a href=\"https:\/\/www.tvportugal.tv\/portal\/hastear-da-bandeira-azul-praia-de-caxias-baia-dos-golfinfos\/\">Hastear da Bandeira Azul | Praia de Caxias | Ba\u00eda dos Golfinfos<\/a><\/h2><\/div><div class=\"post-excerpt\">[vc_row][vc_column][vc_column_text] Hastear da Bandeira Azul | Praia de Caxias | Ba\u00eda dos Golfinfos [\/vc_column_text][\/vc_column][\/vc_row][vc_row][vc_column][vc_column_text]Pelo segundo ano consecutivo vivemos um ano pand\u00e9mico, mas tamb\u00e9m pelo segundo ano consecutivo, Oeiras teve Galard\u00e3o Bandeira Azul em todas as praias oficiais, desde a Torre \u00e0 Praia de Caxias.&#8221; Joana Baptista, Vereadora CM Oeiras. Reportagem,<span class=\"excerpt-hellip\"> [\u2026]<\/span><\/div><div class=\"post-footer\"><div class=\"button-love\"><span class=\"love-text\">Voc\u00ea gosta disso?<\/span><a href=\"#\" class=\"mfn-love \" data-id=\"7242\"><span class=\"icons-wrapper\"><i class=\"icon-heart-empty-fa\"><\/i><i class=\"icon-heart-fa\"><\/i><\/span><span class=\"label\">2<\/span><\/a><\/div><div class=\"post-links\"><i class=\"icon-doc-text\"><\/i> <a href=\"https:\/\/www.tvportugal.tv\/portal\/hastear-da-bandeira-azul-praia-de-caxias-baia-dos-golfinfos\/\" class=\"post-more\">Ler mais<\/a><\/div><\/div><\/div><\/div><\/div><div class=\"post-item isotope-item clearfix author-antonio-assuncao post-7230 post type-post status-publish format-standard has-post-thumbnail hentry category-cultura category-eventos category-inauguracoes category-oeiras category-varios tag-francisco-rocha-goncalves tag-inigo-pereira tag-isaltino-morais tag-joana-baptista tag-oeiras\" ><div class=\"date_label\">26\/06\/2021<\/div><div class=\"image_frame post-photo-wrapper scale-with-grid image\"><div class=\"image_wrapper\"><a href=\"https:\/\/www.tvportugal.tv\/portal\/visita-aberta-ao-mosteiro-da-cartuxa-e-quinta-real-de-caxias\/\"><div class=\"mask\"><\/div><img loading=\"lazy\" decoding=\"async\" width=\"400\" height=\"300\" src=\"https:\/\/www.tvportugal.tv\/portal\/wp-content\/uploads\/2021\/06\/Captura-de-ecra-2021-06-26-as-21.57.19-400x300.png\" class=\"scale-with-grid wp-post-image\" alt=\"Visita Aberta ao Mosteiro da Cartuxa e Quinta Real de Caxias, Televis\u00e3o, Portugal, Oeiras, Isaltino Morais, Francisco Rocha Gon\u00e7alves\" itemprop=\"image\" srcset=\"https:\/\/www.tvportugal.tv\/portal\/wp-content\/uploads\/2021\/06\/Captura-de-ecra-2021-06-26-as-21.57.19-400x300.png 400w, https:\/\/www.tvportugal.tv\/portal\/wp-content\/uploads\/2021\/06\/Captura-de-ecra-2021-06-26-as-21.57.19-300x225.png 300w, https:\/\/www.tvportugal.tv\/portal\/wp-content\/uploads\/2021\/06\/Captura-de-ecra-2021-06-26-as-21.57.19-768x576.png 768w, https:\/\/www.tvportugal.tv\/portal\/wp-content\/uploads\/2021\/06\/Captura-de-ecra-2021-06-26-as-21.57.19-195x146.png 195w, https:\/\/www.tvportugal.tv\/portal\/wp-content\/uploads\/2021\/06\/Captura-de-ecra-2021-06-26-as-21.57.19-50x38.png 50w, https:\/\/www.tvportugal.tv\/portal\/wp-content\/uploads\/2021\/06\/Captura-de-ecra-2021-06-26-as-21.57.19-100x75.png 100w, https:\/\/www.tvportugal.tv\/portal\/wp-content\/uploads\/2021\/06\/Captura-de-ecra-2021-06-26-as-21.57.19-350x263.png 350w, https:\/\/www.tvportugal.tv\/portal\/wp-content\/uploads\/2021\/06\/Captura-de-ecra-2021-06-26-as-21.57.19.png 800w\" sizes=\"auto, (max-width: 400px) 100vw, 400px\" \/><\/a><div class=\"image_links double\"><a href=\"https:\/\/www.tvportugal.tv\/portal\/wp-content\/uploads\/2021\/06\/Captura-de-ecra-2021-06-26-as-21.57.19.png\" class=\"zoom\" rel=\"prettyphoto\"><i class=\"icon-search\"><\/i><\/a><a href=\"https:\/\/www.tvportugal.tv\/portal\/visita-aberta-ao-mosteiro-da-cartuxa-e-quinta-real-de-caxias\/\" class=\"link\"><i class=\"icon-link\"><\/i><\/a><\/div><\/div><\/div><div class=\"post-desc-wrapper\"><div class=\"post-desc\"><div class=\"post-head\"><div class=\"post-meta clearfix\"><div class=\"author-date\"><span class=\"vcard author post-author\"><span class=\"label\">By <\/span><i class=\"icon-user\"><\/i> <span class=\"fn\"><a href=\"https:\/\/www.tvportugal.tv\/portal\/author\/antonio-assuncao\/\">Antonio Assuncao<\/a><\/span><\/span> <span class=\"date\"><span class=\"label\">em <\/span><i class=\"icon-clock\"><\/i> <span class=\"post-date updated\">26\/06\/2021<\/span><\/span><\/div><div class=\"category\"><span class=\"cat-btn\">Categorias <i class=\"icon-down-dir\"><\/i><\/span><div class=\"cat-wrapper\"><ul class=\"post-categories\">\n\t<li><a href=\"https:\/\/www.tvportugal.tv\/portal\/televisao\/cultura\/\" rel=\"category tag\">Cultura<\/a><\/li>\n\t<li><a href=\"https:\/\/www.tvportugal.tv\/portal\/televisao\/eventos\/\" rel=\"category tag\">Eventos<\/a><\/li>\n\t<li><a href=\"https:\/\/www.tvportugal.tv\/portal\/televisao\/inauguracoes\/\" rel=\"category tag\">Inaugura\u00e7\u00f5es<\/a><\/li>\n\t<li><a href=\"https:\/\/www.tvportugal.tv\/portal\/televisao\/oeiras\/\" rel=\"category tag\">Oeiras<\/a><\/li>\n\t<li><a href=\"https:\/\/www.tvportugal.tv\/portal\/televisao\/varios\/\" rel=\"category tag\">V\u00e1rios<\/a><\/li><\/ul><\/div><\/div><\/div><\/div><div class=\"post-title\"><h2 class=\"entry-title\" itemprop=\"headline\"><a href=\"https:\/\/www.tvportugal.tv\/portal\/visita-aberta-ao-mosteiro-da-cartuxa-e-quinta-real-de-caxias\/\">Visita Aberta ao Mosteiro da Cartuxa e Quinta Real de Caxias<\/a><\/h2><\/div><div class=\"post-excerpt\">[vc_row][vc_column][vc_column_text] Visita Aberta ao Mosteiro da Cartuxa e Quinta Real de Caxias [\/vc_column_text][\/vc_column][\/vc_row][vc_row][vc_column][vc_column_text]Na visita aberta ao Mosteiro da Cartuxa, os cidad\u00e3os poderam verificar os trabalhos j\u00e1 desenvolvidos pelo Munic\u00edpio. Recorde-se que foi s\u00f3 em maio deste ano que o Munic\u00edpio de Oeiras tomou posse do Mosteiro da Cartuxa, at\u00e9 ent\u00e3o<span class=\"excerpt-hellip\"> [\u2026]<\/span><\/div><div class=\"post-footer\"><div class=\"button-love\"><span class=\"love-text\">Voc\u00ea gosta disso?<\/span><a href=\"#\" class=\"mfn-love \" data-id=\"7230\"><span class=\"icons-wrapper\"><i class=\"icon-heart-empty-fa\"><\/i><i class=\"icon-heart-fa\"><\/i><\/span><span class=\"label\">2<\/span><\/a><\/div><div class=\"post-links\"><i class=\"icon-doc-text\"><\/i> <a href=\"https:\/\/www.tvportugal.tv\/portal\/visita-aberta-ao-mosteiro-da-cartuxa-e-quinta-real-de-caxias\/\" class=\"post-more\">Ler mais<\/a><\/div><\/div><\/div><\/div><\/div><div class=\"post-item isotope-item clearfix author-antonio-assuncao post-7226 post type-post status-publish format-standard has-post-thumbnail hentry category-comunidade category-eventos category-inauguracoes category-oeiras category-varios tag-francisco-rocha-goncalves tag-inigo-pereira tag-isaltino-morais tag-oeiras\" ><div class=\"date_label\">20\/06\/2021<\/div><div class=\"image_frame post-photo-wrapper scale-with-grid image\"><div class=\"image_wrapper\"><a href=\"https:\/\/www.tvportugal.tv\/portal\/primeira-pedra-do-quintalao-e-inauguracao-de-obras-em-ruas-de-alges\/\"><div class=\"mask\"><\/div><img loading=\"lazy\" decoding=\"async\" width=\"400\" height=\"300\" src=\"https:\/\/www.tvportugal.tv\/portal\/wp-content\/uploads\/2021\/06\/Captura-de-ecra-2021-06-20-as-22.16.09-400x300.png\" class=\"scale-with-grid wp-post-image\" alt=\"Primeira Pedra do Quintal\u00e3o e Inaugura\u00e7\u00e3o de Obras em Ruas de Alg\u00e9s, Portugal, Televis\u00e3o, Oeiras, Isaltino Morais\" itemprop=\"image\" srcset=\"https:\/\/www.tvportugal.tv\/portal\/wp-content\/uploads\/2021\/06\/Captura-de-ecra-2021-06-20-as-22.16.09-400x300.png 400w, https:\/\/www.tvportugal.tv\/portal\/wp-content\/uploads\/2021\/06\/Captura-de-ecra-2021-06-20-as-22.16.09-300x225.png 300w, https:\/\/www.tvportugal.tv\/portal\/wp-content\/uploads\/2021\/06\/Captura-de-ecra-2021-06-20-as-22.16.09-768x576.png 768w, https:\/\/www.tvportugal.tv\/portal\/wp-content\/uploads\/2021\/06\/Captura-de-ecra-2021-06-20-as-22.16.09-195x146.png 195w, https:\/\/www.tvportugal.tv\/portal\/wp-content\/uploads\/2021\/06\/Captura-de-ecra-2021-06-20-as-22.16.09-50x38.png 50w, https:\/\/www.tvportugal.tv\/portal\/wp-content\/uploads\/2021\/06\/Captura-de-ecra-2021-06-20-as-22.16.09-100x75.png 100w, https:\/\/www.tvportugal.tv\/portal\/wp-content\/uploads\/2021\/06\/Captura-de-ecra-2021-06-20-as-22.16.09-350x263.png 350w, https:\/\/www.tvportugal.tv\/portal\/wp-content\/uploads\/2021\/06\/Captura-de-ecra-2021-06-20-as-22.16.09.png 800w\" sizes=\"auto, (max-width: 400px) 100vw, 400px\" \/><\/a><div class=\"image_links double\"><a href=\"https:\/\/www.tvportugal.tv\/portal\/wp-content\/uploads\/2021\/06\/Captura-de-ecra-2021-06-20-as-22.16.09.png\" class=\"zoom\" rel=\"prettyphoto\"><i class=\"icon-search\"><\/i><\/a><a href=\"https:\/\/www.tvportugal.tv\/portal\/primeira-pedra-do-quintalao-e-inauguracao-de-obras-em-ruas-de-alges\/\" class=\"link\"><i class=\"icon-link\"><\/i><\/a><\/div><\/div><\/div><div class=\"post-desc-wrapper\"><div class=\"post-desc\"><div class=\"post-head\"><div class=\"post-meta clearfix\"><div class=\"author-date\"><span class=\"vcard author post-author\"><span class=\"label\">By <\/span><i class=\"icon-user\"><\/i> <span class=\"fn\"><a href=\"https:\/\/www.tvportugal.tv\/portal\/author\/antonio-assuncao\/\">Antonio Assuncao<\/a><\/span><\/span> <span class=\"date\"><span class=\"label\">em <\/span><i class=\"icon-clock\"><\/i> <span class=\"post-date updated\">20\/06\/2021<\/span><\/span><\/div><div class=\"category\"><span class=\"cat-btn\">Categorias <i class=\"icon-down-dir\"><\/i><\/span><div class=\"cat-wrapper\"><ul class=\"post-categories\">\n\t<li><a href=\"https:\/\/www.tvportugal.tv\/portal\/televisao\/comunidade\/\" rel=\"category tag\">Comunidade<\/a><\/li>\n\t<li><a href=\"https:\/\/www.tvportugal.tv\/portal\/televisao\/eventos\/\" rel=\"category tag\">Eventos<\/a><\/li>\n\t<li><a href=\"https:\/\/www.tvportugal.tv\/portal\/televisao\/inauguracoes\/\" rel=\"category tag\">Inaugura\u00e7\u00f5es<\/a><\/li>\n\t<li><a href=\"https:\/\/www.tvportugal.tv\/portal\/televisao\/oeiras\/\" rel=\"category tag\">Oeiras<\/a><\/li>\n\t<li><a href=\"https:\/\/www.tvportugal.tv\/portal\/televisao\/varios\/\" rel=\"category tag\">V\u00e1rios<\/a><\/li><\/ul><\/div><\/div><\/div><\/div><div class=\"post-title\"><h2 class=\"entry-title\" itemprop=\"headline\"><a href=\"https:\/\/www.tvportugal.tv\/portal\/primeira-pedra-do-quintalao-e-inauguracao-de-obras-em-ruas-de-alges\/\">Primeira Pedra do Quintal\u00e3o e Inaugura\u00e7\u00e3o de Obras em Ruas de Alg\u00e9s<\/a><\/h2><\/div><div class=\"post-excerpt\">[vc_row][vc_column][vc_column_text] Primeira Pedra do Quintal\u00e3o e Inaugura\u00e7\u00e3o de Obras em Ruas de Alg\u00e9s [\/vc_column_text][\/vc_column][\/vc_row][vc_row][vc_column][vc_column_text]O dia de hoje foi de alguma forma durante a manh\u00e3 a visitar alguns arruamentos de Alg\u00e9s, designadamente Av. Combatentes da Grande Guerra e Rua Lu\u00eds de Cam\u00f5es. (&#8230;), estamos agora aqui no chamado Quintal\u00e3o. (&#8230;), vai<span class=\"excerpt-hellip\"> [\u2026]<\/span><\/div><div class=\"post-footer\"><div class=\"button-love\"><span class=\"love-text\">Voc\u00ea gosta disso?<\/span><a href=\"#\" class=\"mfn-love \" data-id=\"7226\"><span class=\"icons-wrapper\"><i class=\"icon-heart-empty-fa\"><\/i><i class=\"icon-heart-fa\"><\/i><\/span><span class=\"label\">2<\/span><\/a><\/div><div class=\"post-links\"><i class=\"icon-doc-text\"><\/i> <a href=\"https:\/\/www.tvportugal.tv\/portal\/primeira-pedra-do-quintalao-e-inauguracao-de-obras-em-ruas-de-alges\/\" class=\"post-more\">Ler mais<\/a><\/div><\/div><\/div><\/div><\/div><div class=\"post-item isotope-item clearfix author-antonio-assuncao post-7220 post type-post status-publish format-standard has-post-thumbnail hentry category-cultura category-educacao category-espectaculo category-eventos category-inauguracoes category-oeiras category-varios tag-francisco-rocha-goncalves tag-inigo-pereira tag-isaltino-morais tag-oeiras\" ><div class=\"date_label\">18\/06\/2021<\/div><div class=\"image_frame post-photo-wrapper scale-with-grid image\"><div class=\"image_wrapper\"><a href=\"https:\/\/www.tvportugal.tv\/portal\/apresentacao-oficial-da-candidatura-a-capital-europeia-da-cultura\/\"><div class=\"mask\"><\/div><img loading=\"lazy\" decoding=\"async\" width=\"400\" height=\"300\" src=\"https:\/\/www.tvportugal.tv\/portal\/wp-content\/uploads\/2021\/06\/Captura-de-ecra-2021-06-18-as-21.33.41-400x300.png\" class=\"scale-with-grid wp-post-image\" alt=\"Apresenta\u00e7\u00e3o Oficial da Candidatura a Capital Europeia da Cultura, Francisco Rocha Gon\u00e7alves, Isaltino Morais, Portugal, Televis\u00e3o, Oeiras\" itemprop=\"image\" srcset=\"https:\/\/www.tvportugal.tv\/portal\/wp-content\/uploads\/2021\/06\/Captura-de-ecra-2021-06-18-as-21.33.41-400x300.png 400w, https:\/\/www.tvportugal.tv\/portal\/wp-content\/uploads\/2021\/06\/Captura-de-ecra-2021-06-18-as-21.33.41-300x225.png 300w, https:\/\/www.tvportugal.tv\/portal\/wp-content\/uploads\/2021\/06\/Captura-de-ecra-2021-06-18-as-21.33.41-768x576.png 768w, https:\/\/www.tvportugal.tv\/portal\/wp-content\/uploads\/2021\/06\/Captura-de-ecra-2021-06-18-as-21.33.41-195x146.png 195w, https:\/\/www.tvportugal.tv\/portal\/wp-content\/uploads\/2021\/06\/Captura-de-ecra-2021-06-18-as-21.33.41-50x38.png 50w, https:\/\/www.tvportugal.tv\/portal\/wp-content\/uploads\/2021\/06\/Captura-de-ecra-2021-06-18-as-21.33.41-100x75.png 100w, https:\/\/www.tvportugal.tv\/portal\/wp-content\/uploads\/2021\/06\/Captura-de-ecra-2021-06-18-as-21.33.41-350x263.png 350w, https:\/\/www.tvportugal.tv\/portal\/wp-content\/uploads\/2021\/06\/Captura-de-ecra-2021-06-18-as-21.33.41.png 800w\" sizes=\"auto, (max-width: 400px) 100vw, 400px\" \/><\/a><div class=\"image_links double\"><a href=\"https:\/\/www.tvportugal.tv\/portal\/wp-content\/uploads\/2021\/06\/Captura-de-ecra-2021-06-18-as-21.33.41.png\" class=\"zoom\" rel=\"prettyphoto\"><i class=\"icon-search\"><\/i><\/a><a href=\"https:\/\/www.tvportugal.tv\/portal\/apresentacao-oficial-da-candidatura-a-capital-europeia-da-cultura\/\" class=\"link\"><i class=\"icon-link\"><\/i><\/a><\/div><\/div><\/div><div class=\"post-desc-wrapper\"><div class=\"post-desc\"><div class=\"post-head\"><div class=\"post-meta clearfix\"><div class=\"author-date\"><span class=\"vcard author post-author\"><span class=\"label\">By <\/span><i class=\"icon-user\"><\/i> <span class=\"fn\"><a href=\"https:\/\/www.tvportugal.tv\/portal\/author\/antonio-assuncao\/\">Antonio Assuncao<\/a><\/span><\/span> <span class=\"date\"><span class=\"label\">em <\/span><i class=\"icon-clock\"><\/i> <span class=\"post-date updated\">18\/06\/2021<\/span><\/span><\/div><div class=\"category\"><span class=\"cat-btn\">Categorias <i class=\"icon-down-dir\"><\/i><\/span><div class=\"cat-wrapper\"><ul class=\"post-categories\">\n\t<li><a href=\"https:\/\/www.tvportugal.tv\/portal\/televisao\/cultura\/\" rel=\"category tag\">Cultura<\/a><\/li>\n\t<li><a href=\"https:\/\/www.tvportugal.tv\/portal\/televisao\/educacao\/\" rel=\"category tag\">Educa\u00e7\u00e3o<\/a><\/li>\n\t<li><a href=\"https:\/\/www.tvportugal.tv\/portal\/televisao\/espectaculo\/\" rel=\"category tag\">Espect\u00e1culo<\/a><\/li>\n\t<li><a href=\"https:\/\/www.tvportugal.tv\/portal\/televisao\/eventos\/\" rel=\"category tag\">Eventos<\/a><\/li>\n\t<li><a href=\"https:\/\/www.tvportugal.tv\/portal\/televisao\/inauguracoes\/\" rel=\"category tag\">Inaugura\u00e7\u00f5es<\/a><\/li>\n\t<li><a href=\"https:\/\/www.tvportugal.tv\/portal\/televisao\/oeiras\/\" rel=\"category tag\">Oeiras<\/a><\/li>\n\t<li><a href=\"https:\/\/www.tvportugal.tv\/portal\/televisao\/varios\/\" rel=\"category tag\">V\u00e1rios<\/a><\/li><\/ul><\/div><\/div><\/div><\/div><div class=\"post-title\"><h2 class=\"entry-title\" itemprop=\"headline\"><a href=\"https:\/\/www.tvportugal.tv\/portal\/apresentacao-oficial-da-candidatura-a-capital-europeia-da-cultura\/\">Apresenta\u00e7\u00e3o Oficial da Candidatura a Capital Europeia da Cultura<\/a><\/h2><\/div><div class=\"post-excerpt\">[vc_row][vc_column][vc_column_text] Apresenta\u00e7\u00e3o Oficial da Candidatura a Capital Europeia da Cultura [\/vc_column_text][\/vc_column][\/vc_row][vc_row][vc_column][vc_column_text]Esta candidatura onde n\u00f3s dizemos &#8220;Damos Forma ao Futuro&#8221;, de facto \u00e9 ter a consci\u00eancia que depende muito de cada um de n\u00f3s e de cada comunidade o futuro. N\u00f3s vemos como no pa\u00eds todo as comunidades, os munic\u00edpios reagem<span class=\"excerpt-hellip\"> [\u2026]<\/span><\/div><div class=\"post-footer\"><div class=\"button-love\"><span class=\"love-text\">Voc\u00ea gosta disso?<\/span><a href=\"#\" class=\"mfn-love \" data-id=\"7220\"><span class=\"icons-wrapper\"><i class=\"icon-heart-empty-fa\"><\/i><i class=\"icon-heart-fa\"><\/i><\/span><span class=\"label\">2<\/span><\/a><\/div><div class=\"post-links\"><i class=\"icon-doc-text\"><\/i> <a href=\"https:\/\/www.tvportugal.tv\/portal\/apresentacao-oficial-da-candidatura-a-capital-europeia-da-cultura\/\" class=\"post-more\">Ler mais<\/a><\/div><\/div><\/div><\/div><\/div><div class=\"post-item isotope-item clearfix author-antonio-assuncao post-7216 post type-post status-publish format-standard has-post-thumbnail hentry category-comunidade category-cultura category-educacao category-eventos category-oeiras category-social category-varios tag-francisco-rocha-goncalves tag-inigo-pereira tag-isaltino-morais tag-oeiras\" ><div class=\"date_label\">10\/06\/2021<\/div><div class=\"image_frame post-photo-wrapper scale-with-grid image\"><div class=\"image_wrapper\"><a href=\"https:\/\/www.tvportugal.tv\/portal\/dia-de-portugal-de-camoes-e-das-comunidades-mostra-publica-quinta-de-cima-do-marques-de-pombal\/\"><div class=\"mask\"><\/div><img loading=\"lazy\" decoding=\"async\" width=\"400\" height=\"300\" src=\"https:\/\/www.tvportugal.tv\/portal\/wp-content\/uploads\/2021\/06\/Captura-de-ecra-2021-06-10-as-22.20.09-400x300.png\" class=\"scale-with-grid wp-post-image\" alt=\"Dia de Portugal, de Cam\u00f5es e das Comunidades | Mostra P\u00fablica Quinta de Cima do Marqu\u00eas de Pombal, Portugal, Oeiras, Televis\u00e3o\" itemprop=\"image\" srcset=\"https:\/\/www.tvportugal.tv\/portal\/wp-content\/uploads\/2021\/06\/Captura-de-ecra-2021-06-10-as-22.20.09-400x300.png 400w, https:\/\/www.tvportugal.tv\/portal\/wp-content\/uploads\/2021\/06\/Captura-de-ecra-2021-06-10-as-22.20.09-300x225.png 300w, https:\/\/www.tvportugal.tv\/portal\/wp-content\/uploads\/2021\/06\/Captura-de-ecra-2021-06-10-as-22.20.09-768x576.png 768w, https:\/\/www.tvportugal.tv\/portal\/wp-content\/uploads\/2021\/06\/Captura-de-ecra-2021-06-10-as-22.20.09-195x146.png 195w, https:\/\/www.tvportugal.tv\/portal\/wp-content\/uploads\/2021\/06\/Captura-de-ecra-2021-06-10-as-22.20.09-50x38.png 50w, https:\/\/www.tvportugal.tv\/portal\/wp-content\/uploads\/2021\/06\/Captura-de-ecra-2021-06-10-as-22.20.09-100x75.png 100w, https:\/\/www.tvportugal.tv\/portal\/wp-content\/uploads\/2021\/06\/Captura-de-ecra-2021-06-10-as-22.20.09-350x263.png 350w, https:\/\/www.tvportugal.tv\/portal\/wp-content\/uploads\/2021\/06\/Captura-de-ecra-2021-06-10-as-22.20.09.png 800w\" sizes=\"auto, (max-width: 400px) 100vw, 400px\" \/><\/a><div class=\"image_links double\"><a href=\"https:\/\/www.tvportugal.tv\/portal\/wp-content\/uploads\/2021\/06\/Captura-de-ecra-2021-06-10-as-22.20.09.png\" class=\"zoom\" rel=\"prettyphoto\"><i class=\"icon-search\"><\/i><\/a><a href=\"https:\/\/www.tvportugal.tv\/portal\/dia-de-portugal-de-camoes-e-das-comunidades-mostra-publica-quinta-de-cima-do-marques-de-pombal\/\" class=\"link\"><i class=\"icon-link\"><\/i><\/a><\/div><\/div><\/div><div class=\"post-desc-wrapper\"><div class=\"post-desc\"><div class=\"post-head\"><div class=\"post-meta clearfix\"><div class=\"author-date\"><span class=\"vcard author post-author\"><span class=\"label\">By <\/span><i class=\"icon-user\"><\/i> <span class=\"fn\"><a href=\"https:\/\/www.tvportugal.tv\/portal\/author\/antonio-assuncao\/\">Antonio Assuncao<\/a><\/span><\/span> <span class=\"date\"><span class=\"label\">em <\/span><i class=\"icon-clock\"><\/i> <span class=\"post-date updated\">10\/06\/2021<\/span><\/span><\/div><div class=\"category\"><span class=\"cat-btn\">Categorias <i class=\"icon-down-dir\"><\/i><\/span><div class=\"cat-wrapper\"><ul class=\"post-categories\">\n\t<li><a href=\"https:\/\/www.tvportugal.tv\/portal\/televisao\/comunidade\/\" rel=\"category tag\">Comunidade<\/a><\/li>\n\t<li><a href=\"https:\/\/www.tvportugal.tv\/portal\/televisao\/cultura\/\" rel=\"category tag\">Cultura<\/a><\/li>\n\t<li><a href=\"https:\/\/www.tvportugal.tv\/portal\/televisao\/educacao\/\" rel=\"category tag\">Educa\u00e7\u00e3o<\/a><\/li>\n\t<li><a href=\"https:\/\/www.tvportugal.tv\/portal\/televisao\/eventos\/\" rel=\"category tag\">Eventos<\/a><\/li>\n\t<li><a href=\"https:\/\/www.tvportugal.tv\/portal\/televisao\/oeiras\/\" rel=\"category tag\">Oeiras<\/a><\/li>\n\t<li><a href=\"https:\/\/www.tvportugal.tv\/portal\/televisao\/social\/\" rel=\"category tag\">Social<\/a><\/li>\n\t<li><a href=\"https:\/\/www.tvportugal.tv\/portal\/televisao\/varios\/\" rel=\"category tag\">V\u00e1rios<\/a><\/li><\/ul><\/div><\/div><\/div><\/div><div class=\"post-title\"><h2 class=\"entry-title\" itemprop=\"headline\"><a href=\"https:\/\/www.tvportugal.tv\/portal\/dia-de-portugal-de-camoes-e-das-comunidades-mostra-publica-quinta-de-cima-do-marques-de-pombal\/\">Dia de Portugal, de Cam\u00f5es e das Comunidades | Mostra P\u00fablica Quinta de Cima do Marqu\u00eas de Pombal<\/a><\/h2><\/div><div class=\"post-excerpt\">[vc_row][vc_column][vc_column_text] Dia de Portugal, de Cam\u00f5es e das Comunidades | Mostra P\u00fablica Quinta de Cima do Marqu\u00eas de Pombal [\/vc_column_text][\/vc_column][\/vc_row][vc_row][vc_column][vc_column_text]No Dia de Portugal, de Cam\u00f5es e das Comunidades Portuguesas, 10 de Junho, a C\u00e2mara Municipal de Oeiras prestrou homenagem aos Militares do Concelho mortos na Guerra do Ultramar. Munic\u00edpio de<span class=\"excerpt-hellip\"> [\u2026]<\/span><\/div><div class=\"post-footer\"><div class=\"button-love\"><span class=\"love-text\">Voc\u00ea gosta disso?<\/span><a href=\"#\" class=\"mfn-love \" data-id=\"7216\"><span class=\"icons-wrapper\"><i class=\"icon-heart-empty-fa\"><\/i><i class=\"icon-heart-fa\"><\/i><\/span><span class=\"label\">1<\/span><\/a><\/div><div class=\"post-links\"><i class=\"icon-doc-text\"><\/i> <a href=\"https:\/\/www.tvportugal.tv\/portal\/dia-de-portugal-de-camoes-e-das-comunidades-mostra-publica-quinta-de-cima-do-marques-de-pombal\/\" class=\"post-more\">Ler mais<\/a><\/div><\/div><\/div><\/div><\/div><div class=\"post-item isotope-item clearfix author-antonio-assuncao post-7202 post type-post status-publish format-standard has-post-thumbnail hentry category-eventos category-inauguracoes category-oeiras category-saude category-social category-varios tag-francisco-rocha-goncalves tag-inigo-pereira tag-isaltino-morais tag-oeiras\" ><div class=\"date_label\">01\/06\/2021<\/div><div class=\"image_frame post-photo-wrapper scale-with-grid image\"><div class=\"image_wrapper\"><a href=\"https:\/\/www.tvportugal.tv\/portal\/abertura-da-epoca-balnear-e-do-programa-praia-acessivel-praia-de-santo-amaro-de-oeiras\/\"><div class=\"mask\"><\/div><img loading=\"lazy\" decoding=\"async\" width=\"400\" height=\"300\" src=\"https:\/\/www.tvportugal.tv\/portal\/wp-content\/uploads\/2021\/06\/Captura-de-ecra-2021-06-01-as-18.34.13-400x300.png\" class=\"scale-with-grid wp-post-image\" alt=\"Abertura da \u00c9poca Balnear e do Programa &quot;Praia Acess\u00edvel&quot; Praia de Santo Amaro de Oeiras, Portugal, Televis\u00e3o, Oeiras, Isaltino Morais\" itemprop=\"image\" srcset=\"https:\/\/www.tvportugal.tv\/portal\/wp-content\/uploads\/2021\/06\/Captura-de-ecra-2021-06-01-as-18.34.13-400x300.png 400w, https:\/\/www.tvportugal.tv\/portal\/wp-content\/uploads\/2021\/06\/Captura-de-ecra-2021-06-01-as-18.34.13-300x225.png 300w, https:\/\/www.tvportugal.tv\/portal\/wp-content\/uploads\/2021\/06\/Captura-de-ecra-2021-06-01-as-18.34.13-768x576.png 768w, https:\/\/www.tvportugal.tv\/portal\/wp-content\/uploads\/2021\/06\/Captura-de-ecra-2021-06-01-as-18.34.13-195x146.png 195w, https:\/\/www.tvportugal.tv\/portal\/wp-content\/uploads\/2021\/06\/Captura-de-ecra-2021-06-01-as-18.34.13-50x38.png 50w, https:\/\/www.tvportugal.tv\/portal\/wp-content\/uploads\/2021\/06\/Captura-de-ecra-2021-06-01-as-18.34.13-100x75.png 100w, https:\/\/www.tvportugal.tv\/portal\/wp-content\/uploads\/2021\/06\/Captura-de-ecra-2021-06-01-as-18.34.13-350x263.png 350w, https:\/\/www.tvportugal.tv\/portal\/wp-content\/uploads\/2021\/06\/Captura-de-ecra-2021-06-01-as-18.34.13.png 800w\" sizes=\"auto, (max-width: 400px) 100vw, 400px\" \/><\/a><div class=\"image_links double\"><a href=\"https:\/\/www.tvportugal.tv\/portal\/wp-content\/uploads\/2021\/06\/Captura-de-ecra-2021-06-01-as-18.34.13.png\" class=\"zoom\" rel=\"prettyphoto\"><i class=\"icon-search\"><\/i><\/a><a href=\"https:\/\/www.tvportugal.tv\/portal\/abertura-da-epoca-balnear-e-do-programa-praia-acessivel-praia-de-santo-amaro-de-oeiras\/\" class=\"link\"><i class=\"icon-link\"><\/i><\/a><\/div><\/div><\/div><div class=\"post-desc-wrapper\"><div class=\"post-desc\"><div class=\"post-head\"><div class=\"post-meta clearfix\"><div class=\"author-date\"><span class=\"vcard author post-author\"><span class=\"label\">By <\/span><i class=\"icon-user\"><\/i> <span class=\"fn\"><a href=\"https:\/\/www.tvportugal.tv\/portal\/author\/antonio-assuncao\/\">Antonio Assuncao<\/a><\/span><\/span> <span class=\"date\"><span class=\"label\">em <\/span><i class=\"icon-clock\"><\/i> <span class=\"post-date updated\">01\/06\/2021<\/span><\/span><\/div><div class=\"category\"><span class=\"cat-btn\">Categorias <i class=\"icon-down-dir\"><\/i><\/span><div class=\"cat-wrapper\"><ul class=\"post-categories\">\n\t<li><a href=\"https:\/\/www.tvportugal.tv\/portal\/televisao\/eventos\/\" rel=\"category tag\">Eventos<\/a><\/li>\n\t<li><a href=\"https:\/\/www.tvportugal.tv\/portal\/televisao\/inauguracoes\/\" rel=\"category tag\">Inaugura\u00e7\u00f5es<\/a><\/li>\n\t<li><a href=\"https:\/\/www.tvportugal.tv\/portal\/televisao\/oeiras\/\" rel=\"category tag\">Oeiras<\/a><\/li>\n\t<li><a href=\"https:\/\/www.tvportugal.tv\/portal\/televisao\/saude\/\" rel=\"category tag\">Sa\u00fade<\/a><\/li>\n\t<li><a href=\"https:\/\/www.tvportugal.tv\/portal\/televisao\/social\/\" rel=\"category tag\">Social<\/a><\/li>\n\t<li><a href=\"https:\/\/www.tvportugal.tv\/portal\/televisao\/varios\/\" rel=\"category tag\">V\u00e1rios<\/a><\/li><\/ul><\/div><\/div><\/div><\/div><div class=\"post-title\"><h2 class=\"entry-title\" itemprop=\"headline\"><a href=\"https:\/\/www.tvportugal.tv\/portal\/abertura-da-epoca-balnear-e-do-programa-praia-acessivel-praia-de-santo-amaro-de-oeiras\/\">Abertura da \u00c9poca Balnear e do Programa &#8220;Praia Acess\u00edvel&#8221; Praia de Santo Amaro de Oeiras<\/a><\/h2><\/div><div class=\"post-excerpt\">[vc_row][vc_column][vc_column_text] Abertura da \u00c9poca Balnear e do Programa &#8220;Praia Acess\u00edvel&#8221; Praia de Santo Amaro de Oeiras [\/vc_column_text][\/vc_column][\/vc_row][vc_row][vc_column][vc_column_text]&#8221;Mais um ano em que temos o nosso trabalho reconhecido, quatro praia, quatro Bandeiras Azuis e Bandeira azul no Porto de Recreio. N\u00e3o \u00e9 novidade porque j\u00e1 no ano passado fomos igualmente reconhecidos.&#8221; Joana<span class=\"excerpt-hellip\"> [\u2026]<\/span><\/div><div class=\"post-footer\"><div class=\"button-love\"><span class=\"love-text\">Voc\u00ea gosta disso?<\/span><a href=\"#\" class=\"mfn-love \" data-id=\"7202\"><span class=\"icons-wrapper\"><i class=\"icon-heart-empty-fa\"><\/i><i class=\"icon-heart-fa\"><\/i><\/span><span class=\"label\">2<\/span><\/a><\/div><div class=\"post-links\"><i class=\"icon-doc-text\"><\/i> <a href=\"https:\/\/www.tvportugal.tv\/portal\/abertura-da-epoca-balnear-e-do-programa-praia-acessivel-praia-de-santo-amaro-de-oeiras\/\" class=\"post-more\">Ler mais<\/a><\/div><\/div><\/div><\/div><\/div><\/div><\/div>\n<\/div>\n[\/vc_column][\/vc_row][vc_row][vc_column][vc_video link=&#8221;https:\/\/www.youtube.com\/watch?v=QSWui5PvyZ4&#8243;][\/vc_column][\/vc_row][vc_row][vc_column][vc_column_text]<\/p>\n<p align=\"justify\">Sintra \u00e9 dos maiores e mais belos munic\u00edpios de Portugal, cuja Paisagem Protegida foi reconhecida como Patrim\u00f3nio da Humanidade em 1995.\u00a0\u00c9 uma regi\u00e3o que se destaca pela diversidade de s\u00edtios naturais e culturais, proporcionando experi\u00eancias \u00fanicas aos visitantes.<\/p>\n<p align=\"justify\">A Vila hist\u00f3rica, Queluz e Colares, com pal\u00e1cios e quintas; a Serra de Sintra, com magia e beleza incompar\u00e1veis, onde \u00e9 poss\u00edvel encontrar marcas culturais que atravessam a hist\u00f3ria de Portugal; a costa e as magn\u00edficas praias para a pr\u00e1tica do surf e outros desportos n\u00e1uticos e as zonas urbanas e rurais, fazem desta terra uma regi\u00e3o din\u00e2mica marcada por uma cultura milenar.<\/p>\n<p align=\"justify\">N\u00e3o deixe de passear num ambiente rom\u00e2ntico, onde a exuber\u00e2ncia da natureza \u00e9 acompanhada por patrim\u00f3nio hist\u00f3rico, oferta cultural e os deliciosos sabores da gastronomia regional.<\/p>\n<p align=\"justify\">Visite a Serra, as praias e as comunidades locais e ser\u00e1 recebido com a hospitalidade das pessoas que contribuem para Sintra ser um munic\u00edpio \u00fanico.<\/p>\n<p align=\"justify\">(in:\u00a0<a href=\"http:\/\/www.cm-sintra.pt\/\" target=\"_blank\">www.cm-sintra.pt<\/a> )<\/p>\n<p>[\/vc_column_text][\/vc_column][\/vc_row][vc_row][vc_column][vc_column_text]<img loading=\"lazy\" decoding=\"async\" class=\"alignnone size-full wp-image-3736\" src=\"http:\/\/www.tvportugal.tv\/portal\/wp-content\/uploads\/2016\/11\/sintra.jpg\" alt=\"Concelho de Sintra, Regi\u00e3o de Sintra, Visitar Sintra, C\u00e2mara Municipal de Sintra, Videos de Sintra, Noticias de Sintra, Reportagens, Sintra, Regi\u00e3o, Lisboa\" width=\"1585\" height=\"629\" srcset=\"https:\/\/www.tvportugal.tv\/portal\/wp-content\/uploads\/2016\/11\/sintra.jpg 1585w, https:\/\/www.tvportugal.tv\/portal\/wp-content\/uploads\/2016\/11\/sintra-300x119.jpg 300w, https:\/\/www.tvportugal.tv\/portal\/wp-content\/uploads\/2016\/11\/sintra-768x305.jpg 768w, https:\/\/www.tvportugal.tv\/portal\/wp-content\/uploads\/2016\/11\/sintra-1024x406.jpg 1024w, https:\/\/www.tvportugal.tv\/portal\/wp-content\/uploads\/2016\/11\/sintra-260x103.jpg 260w, https:\/\/www.tvportugal.tv\/portal\/wp-content\/uploads\/2016\/11\/sintra-50x20.jpg 50w, https:\/\/www.tvportugal.tv\/portal\/wp-content\/uploads\/2016\/11\/sintra-150x60.jpg 150w\" sizes=\"auto, (max-width: 1585px) 100vw, 1585px\" \/>[\/vc_column_text][\/vc_column][\/vc_row][vc_row][vc_column][vc_video link=&#8221;https:\/\/www.youtube.com\/watch?v=eWWJldS3dnc&#8221;][\/vc_column][\/vc_row][vc_column][\/vc_column][vc_row][vc_column][vc_column_text]<a href=\"https:\/\/www.youtube.com\/channel\/UCr-Qd-y1u6r6kEymkRD04fg\/videos\" target=\"_blank\">Videos da C\u00e2mara Municipal de Sintra<\/a>[\/vc_column_text][\/vc_column][\/vc_row][vc_row][vc_column][vc_column_text]<iframe loading=\"lazy\" src=\"https:\/\/www.youtube.com\/embed\/videoseries?list=PLkn78qEP4et9Y-EYuZzjss2FAPyIqJ0-_\" width=\"1280\" height=\"720\" frameborder=\"0\" allowfullscreen=\"allowfullscreen\"><\/iframe>[\/vc_column_text][\/vc_column][\/vc_row]<\/p>\n","protected":false},"excerpt":{"rendered":"<p>[vc_row][vc_column][\/vc_column][\/vc_row][vc_row][vc_column][vc_video link=&#8221;https:\/\/www.youtube.com\/watch?v=QSWui5PvyZ4&#8243;][\/vc_column][\/vc_row][vc_row][vc_column][vc_column_text] Sintra \u00e9 dos maiores e mais belos munic\u00edpios de Portugal, cuja Paisagem Protegida foi reconhecida como Patrim\u00f3nio da Humanidade em 1995.\u00a0\u00c9 uma regi\u00e3o que se destaca pela diversidade de s\u00edtios naturais e culturais, proporcionando experi\u00eancias \u00fanicas aos visitantes. A Vila hist\u00f3rica, Queluz e Colares, com pal\u00e1cios e quintas;<span class=\"excerpt-hellip\"> [\u2026]<\/span><\/p>\n","protected":false},"author":1,"featured_media":0,"parent":0,"menu_order":0,"comment_status":"closed","ping_status":"closed","template":"","meta":{"footnotes":""},"class_list":["post-3733","page","type-page","status-publish","hentry"],"yoast_head":"<!-- This site is optimized with the Yoast SEO plugin v27.4 - https:\/\/yoast.com\/product\/yoast-seo-wordpress\/ -->\n<title>Concelho de Sintra, Regi\u00e3o de Sintra, Visitar Sintra, C\u00e2mara Municipal<\/title>\n<meta name=\"description\" content=\"Concelho de Sintra, Regi\u00e3o de Sintra, Visitar Sintra, C\u00e2mara Municipal de Sintra, Videos de Sintra, Noticias de Sintra, Reportagens, Sintra, Regi\u00e3o, Lisboa\" \/>\n<meta name=\"robots\" content=\"index, follow, max-snippet:-1, max-image-preview:large, max-video-preview:-1\" \/>\n<link rel=\"canonical\" href=\"https:\/\/www.tvportugal.tv\/portal\/noticias-sintra-videos-portugal\/\" \/>\n<meta property=\"og:locale\" content=\"pt_PT\" \/>\n<meta property=\"og:type\" content=\"article\" \/>\n<meta property=\"og:title\" content=\"Concelho de Sintra, Regi\u00e3o de Sintra, Visitar Sintra, C\u00e2mara Municipal\" \/>\n<meta property=\"og:description\" content=\"Concelho de Sintra, Regi\u00e3o de Sintra, Visitar Sintra, C\u00e2mara Municipal de Sintra, Videos de Sintra, Noticias de Sintra, Reportagens, Sintra, Regi\u00e3o, Lisboa\" \/>\n<meta property=\"og:url\" content=\"https:\/\/www.tvportugal.tv\/portal\/noticias-sintra-videos-portugal\/\" \/>\n<meta property=\"og:site_name\" content=\"TV Portugal - Televis\u00e3o - Cascais - Sintra - Oeiras - Lisboa - Noticias\" \/>\n<meta property=\"article:modified_time\" content=\"2016-12-12T01:26:13+00:00\" \/>\n<meta property=\"og:image\" content=\"http:\/\/www.tvportugal.tv\/portal\/wp-content\/uploads\/2016\/11\/sintra.jpg\" \/>\n<meta name=\"twitter:card\" content=\"summary_large_image\" \/>\n<meta name=\"twitter:label1\" content=\"Tempo estimado de leitura\" \/>\n\t<meta name=\"twitter:data1\" content=\"1 minuto\" \/>\n<script type=\"application\/ld+json\" class=\"yoast-schema-graph\">{\"@context\":\"https:\\\/\\\/schema.org\",\"@graph\":[{\"@type\":\"WebPage\",\"@id\":\"https:\\\/\\\/www.tvportugal.tv\\\/portal\\\/noticias-sintra-videos-portugal\\\/\",\"url\":\"https:\\\/\\\/www.tvportugal.tv\\\/portal\\\/noticias-sintra-videos-portugal\\\/\",\"name\":\"Concelho de Sintra, Regi\u00e3o de Sintra, Visitar Sintra, C\u00e2mara Municipal\",\"isPartOf\":{\"@id\":\"https:\\\/\\\/www.tvportugal.tv\\\/portal\\\/#website\"},\"primaryImageOfPage\":{\"@id\":\"https:\\\/\\\/www.tvportugal.tv\\\/portal\\\/noticias-sintra-videos-portugal\\\/#primaryimage\"},\"image\":{\"@id\":\"https:\\\/\\\/www.tvportugal.tv\\\/portal\\\/noticias-sintra-videos-portugal\\\/#primaryimage\"},\"thumbnailUrl\":\"http:\\\/\\\/www.tvportugal.tv\\\/portal\\\/wp-content\\\/uploads\\\/2016\\\/11\\\/sintra.jpg\",\"datePublished\":\"2016-11-01T22:09:01+00:00\",\"dateModified\":\"2016-12-12T01:26:13+00:00\",\"description\":\"Concelho de Sintra, Regi\u00e3o de Sintra, Visitar Sintra, C\u00e2mara Municipal de Sintra, Videos de Sintra, Noticias de Sintra, Reportagens, Sintra, Regi\u00e3o, Lisboa\",\"breadcrumb\":{\"@id\":\"https:\\\/\\\/www.tvportugal.tv\\\/portal\\\/noticias-sintra-videos-portugal\\\/#breadcrumb\"},\"inLanguage\":\"pt-PT\",\"potentialAction\":[{\"@type\":\"ReadAction\",\"target\":[\"https:\\\/\\\/www.tvportugal.tv\\\/portal\\\/noticias-sintra-videos-portugal\\\/\"]}]},{\"@type\":\"ImageObject\",\"inLanguage\":\"pt-PT\",\"@id\":\"https:\\\/\\\/www.tvportugal.tv\\\/portal\\\/noticias-sintra-videos-portugal\\\/#primaryimage\",\"url\":\"http:\\\/\\\/www.tvportugal.tv\\\/portal\\\/wp-content\\\/uploads\\\/2016\\\/11\\\/sintra.jpg\",\"contentUrl\":\"http:\\\/\\\/www.tvportugal.tv\\\/portal\\\/wp-content\\\/uploads\\\/2016\\\/11\\\/sintra.jpg\"},{\"@type\":\"BreadcrumbList\",\"@id\":\"https:\\\/\\\/www.tvportugal.tv\\\/portal\\\/noticias-sintra-videos-portugal\\\/#breadcrumb\",\"itemListElement\":[{\"@type\":\"ListItem\",\"position\":1,\"name\":\"In\u00edcio\",\"item\":\"https:\\\/\\\/www.tvportugal.tv\\\/portal\\\/\"},{\"@type\":\"ListItem\",\"position\":2,\"name\":\"SINTRA\"}]},{\"@type\":\"WebSite\",\"@id\":\"https:\\\/\\\/www.tvportugal.tv\\\/portal\\\/#website\",\"url\":\"https:\\\/\\\/www.tvportugal.tv\\\/portal\\\/\",\"name\":\"TV Portugal - Televis\u00e3o - Cascais - Sintra - Oeiras - Lisboa - Noticias\",\"description\":\"Televis\u00e3o Cascais, Televis\u00e3o Estoril, Tv Web com produ\u00e7\u00e3o pr\u00f3pria da Regi\u00e3o de Lisboa, Televis\u00e3o On-line, Noticias de Cascais, Noticias de Sintra, Noticias de Lisboa, Videos, Reportagen\",\"potentialAction\":[{\"@type\":\"SearchAction\",\"target\":{\"@type\":\"EntryPoint\",\"urlTemplate\":\"https:\\\/\\\/www.tvportugal.tv\\\/portal\\\/?s={search_term_string}\"},\"query-input\":{\"@type\":\"PropertyValueSpecification\",\"valueRequired\":true,\"valueName\":\"search_term_string\"}}],\"inLanguage\":\"pt-PT\"}]}<\/script>\n<!-- \/ Yoast SEO plugin. -->","yoast_head_json":{"title":"Concelho de Sintra, Regi\u00e3o de Sintra, Visitar Sintra, C\u00e2mara Municipal","description":"Concelho de Sintra, Regi\u00e3o de Sintra, Visitar Sintra, C\u00e2mara Municipal de Sintra, Videos de Sintra, Noticias de Sintra, Reportagens, Sintra, Regi\u00e3o, Lisboa","robots":{"index":"index","follow":"follow","max-snippet":"max-snippet:-1","max-image-preview":"max-image-preview:large","max-video-preview":"max-video-preview:-1"},"canonical":"https:\/\/www.tvportugal.tv\/portal\/noticias-sintra-videos-portugal\/","og_locale":"pt_PT","og_type":"article","og_title":"Concelho de Sintra, Regi\u00e3o de Sintra, Visitar Sintra, C\u00e2mara Municipal","og_description":"Concelho de Sintra, Regi\u00e3o de Sintra, Visitar Sintra, C\u00e2mara Municipal de Sintra, Videos de Sintra, Noticias de Sintra, Reportagens, Sintra, Regi\u00e3o, Lisboa","og_url":"https:\/\/www.tvportugal.tv\/portal\/noticias-sintra-videos-portugal\/","og_site_name":"TV Portugal - Televis\u00e3o - Cascais - Sintra - Oeiras - Lisboa - Noticias","article_modified_time":"2016-12-12T01:26:13+00:00","og_image":[{"url":"http:\/\/www.tvportugal.tv\/portal\/wp-content\/uploads\/2016\/11\/sintra.jpg","type":"","width":"","height":""}],"twitter_card":"summary_large_image","twitter_misc":{"Tempo estimado de leitura":"1 minuto"},"schema":{"@context":"https:\/\/schema.org","@graph":[{"@type":"WebPage","@id":"https:\/\/www.tvportugal.tv\/portal\/noticias-sintra-videos-portugal\/","url":"https:\/\/www.tvportugal.tv\/portal\/noticias-sintra-videos-portugal\/","name":"Concelho de Sintra, Regi\u00e3o de Sintra, Visitar Sintra, C\u00e2mara Municipal","isPartOf":{"@id":"https:\/\/www.tvportugal.tv\/portal\/#website"},"primaryImageOfPage":{"@id":"https:\/\/www.tvportugal.tv\/portal\/noticias-sintra-videos-portugal\/#primaryimage"},"image":{"@id":"https:\/\/www.tvportugal.tv\/portal\/noticias-sintra-videos-portugal\/#primaryimage"},"thumbnailUrl":"http:\/\/www.tvportugal.tv\/portal\/wp-content\/uploads\/2016\/11\/sintra.jpg","datePublished":"2016-11-01T22:09:01+00:00","dateModified":"2016-12-12T01:26:13+00:00","description":"Concelho de Sintra, Regi\u00e3o de Sintra, Visitar Sintra, C\u00e2mara Municipal de Sintra, Videos de Sintra, Noticias de Sintra, Reportagens, Sintra, Regi\u00e3o, Lisboa","breadcrumb":{"@id":"https:\/\/www.tvportugal.tv\/portal\/noticias-sintra-videos-portugal\/#breadcrumb"},"inLanguage":"pt-PT","potentialAction":[{"@type":"ReadAction","target":["https:\/\/www.tvportugal.tv\/portal\/noticias-sintra-videos-portugal\/"]}]},{"@type":"ImageObject","inLanguage":"pt-PT","@id":"https:\/\/www.tvportugal.tv\/portal\/noticias-sintra-videos-portugal\/#primaryimage","url":"http:\/\/www.tvportugal.tv\/portal\/wp-content\/uploads\/2016\/11\/sintra.jpg","contentUrl":"http:\/\/www.tvportugal.tv\/portal\/wp-content\/uploads\/2016\/11\/sintra.jpg"},{"@type":"BreadcrumbList","@id":"https:\/\/www.tvportugal.tv\/portal\/noticias-sintra-videos-portugal\/#breadcrumb","itemListElement":[{"@type":"ListItem","position":1,"name":"In\u00edcio","item":"https:\/\/www.tvportugal.tv\/portal\/"},{"@type":"ListItem","position":2,"name":"SINTRA"}]},{"@type":"WebSite","@id":"https:\/\/www.tvportugal.tv\/portal\/#website","url":"https:\/\/www.tvportugal.tv\/portal\/","name":"TV Portugal - Televis\u00e3o - Cascais - Sintra - Oeiras - Lisboa - Noticias","description":"Televis\u00e3o Cascais, Televis\u00e3o Estoril, Tv Web com produ\u00e7\u00e3o pr\u00f3pria da Regi\u00e3o de Lisboa, Televis\u00e3o On-line, Noticias de Cascais, Noticias de Sintra, Noticias de Lisboa, Videos, Reportagen","potentialAction":[{"@type":"SearchAction","target":{"@type":"EntryPoint","urlTemplate":"https:\/\/www.tvportugal.tv\/portal\/?s={search_term_string}"},"query-input":{"@type":"PropertyValueSpecification","valueRequired":true,"valueName":"search_term_string"}}],"inLanguage":"pt-PT"}]}},"_links":{"self":[{"href":"https:\/\/www.tvportugal.tv\/portal\/wp-json\/wp\/v2\/pages\/3733","targetHints":{"allow":["GET"]}}],"collection":[{"href":"https:\/\/www.tvportugal.tv\/portal\/wp-json\/wp\/v2\/pages"}],"about":[{"href":"https:\/\/www.tvportugal.tv\/portal\/wp-json\/wp\/v2\/types\/page"}],"author":[{"embeddable":true,"href":"https:\/\/www.tvportugal.tv\/portal\/wp-json\/wp\/v2\/users\/1"}],"replies":[{"embeddable":true,"href":"https:\/\/www.tvportugal.tv\/portal\/wp-json\/wp\/v2\/comments?post=3733"}],"version-history":[{"count":5,"href":"https:\/\/www.tvportugal.tv\/portal\/wp-json\/wp\/v2\/pages\/3733\/revisions"}],"predecessor-version":[{"id":4651,"href":"https:\/\/www.tvportugal.tv\/portal\/wp-json\/wp\/v2\/pages\/3733\/revisions\/4651"}],"wp:attachment":[{"href":"https:\/\/www.tvportugal.tv\/portal\/wp-json\/wp\/v2\/media?parent=3733"}],"curies":[{"name":"wp","href":"https:\/\/api.w.org\/{rel}","templated":true}]}}