{"id":3283,"date":"2016-10-29T18:44:36","date_gmt":"2016-10-29T18:44:36","guid":{"rendered":"http:\/\/www.tvportugal.tv\/portal\/?page_id=3283"},"modified":"2016-11-01T21:45:44","modified_gmt":"2016-11-01T21:45:44","slug":"noticias-mafra-videos-portugal","status":"publish","type":"page","link":"https:\/\/www.tvportugal.tv\/portal\/noticias-mafra-videos-portugal\/","title":{"rendered":"MAFRA"},"content":{"rendered":"<p>[vc_row][vc_column]<div class=\"column_filters\"><div class=\"blog_wrapper isotope_wrapper clearfix\"><div class=\"posts_group lm_wrapper col-2 classic hide-more\"><div class=\"post-item isotope-item clearfix author-antonio-assuncao post-7951 post type-post status-publish format-standard has-post-thumbnail hentry category-cascais category-comunidade category-cultura category-educacao category-eventos category-festas category-junior category-mafra category-oeiras category-saude category-senior category-sintra category-varios tag-cascais tag-frederico-pinho-de-almeida tag-jose-filipe-ribeiro tag-junta-de-freguesia-de-alcabideche tag-nuno-piteira-lopes\" ><div class=\"date_label\">26\/06\/2025<\/div><div class=\"image_frame post-photo-wrapper scale-with-grid image\"><div class=\"image_wrapper\"><a href=\"https:\/\/www.tvportugal.tv\/portal\/tradicional-sardinhada-uniao-de-freguesias-cascais-estoril\/\"><div class=\"mask\"><\/div><img loading=\"lazy\" decoding=\"async\" width=\"400\" height=\"300\" src=\"https:\/\/www.tvportugal.tv\/portal\/wp-content\/uploads\/2025\/06\/Sardinhada-400x300.png\" class=\"scale-with-grid wp-post-image\" alt=\"&quot;A tradi\u00e7\u00e3o a cumprir-se, s\u00e3o 800 pessoas, cerca de 100 volunt\u00e1rios a ajudar a proporcionar uma tarde diferente daquilo que \u00e9 a verdadeira sardinhada da nossa terra. A sardinhada de Cascais realizada aqui na Charneca para todos aqueles que nos ajudaram ao longo do ano. Um agradecimento a todos eles por esta bel\u00edssima festa.&quot; Pedro Morais Soares, Presidente da Uni\u00e3o de Freguesias Cascais - Estoril. Reportagem, Imagem e Edi\u00e7\" itemprop=\"image\" srcset=\"https:\/\/www.tvportugal.tv\/portal\/wp-content\/uploads\/2025\/06\/Sardinhada-400x300.png 400w, https:\/\/www.tvportugal.tv\/portal\/wp-content\/uploads\/2025\/06\/Sardinhada-300x225.png 300w, https:\/\/www.tvportugal.tv\/portal\/wp-content\/uploads\/2025\/06\/Sardinhada-768x576.png 768w, https:\/\/www.tvportugal.tv\/portal\/wp-content\/uploads\/2025\/06\/Sardinhada-195x146.png 195w, https:\/\/www.tvportugal.tv\/portal\/wp-content\/uploads\/2025\/06\/Sardinhada-50x38.png 50w, https:\/\/www.tvportugal.tv\/portal\/wp-content\/uploads\/2025\/06\/Sardinhada-100x75.png 100w, https:\/\/www.tvportugal.tv\/portal\/wp-content\/uploads\/2025\/06\/Sardinhada-350x263.png 350w, https:\/\/www.tvportugal.tv\/portal\/wp-content\/uploads\/2025\/06\/Sardinhada.png 800w\" sizes=\"auto, (max-width: 400px) 100vw, 400px\" \/><\/a><div class=\"image_links double\"><a href=\"https:\/\/www.tvportugal.tv\/portal\/wp-content\/uploads\/2025\/06\/Sardinhada.png\" class=\"zoom\" rel=\"prettyphoto\"><i class=\"icon-search\"><\/i><\/a><a href=\"https:\/\/www.tvportugal.tv\/portal\/tradicional-sardinhada-uniao-de-freguesias-cascais-estoril\/\" class=\"link\"><i class=\"icon-link\"><\/i><\/a><\/div><\/div><\/div><div class=\"post-desc-wrapper\"><div class=\"post-desc\"><div class=\"post-head\"><div class=\"post-meta clearfix\"><div class=\"author-date\"><span class=\"vcard author post-author\"><span class=\"label\">By <\/span><i class=\"icon-user\"><\/i> <span class=\"fn\"><a href=\"https:\/\/www.tvportugal.tv\/portal\/author\/antonio-assuncao\/\">Antonio Assuncao<\/a><\/span><\/span> <span class=\"date\"><span class=\"label\">em <\/span><i class=\"icon-clock\"><\/i> <span class=\"post-date updated\">26\/06\/2025<\/span><\/span><\/div><div class=\"category\"><span class=\"cat-btn\">Categorias <i class=\"icon-down-dir\"><\/i><\/span><div class=\"cat-wrapper\"><ul class=\"post-categories\">\n\t<li><a href=\"https:\/\/www.tvportugal.tv\/portal\/televisao\/cascais\/\" rel=\"category tag\">Cascais<\/a><\/li>\n\t<li><a href=\"https:\/\/www.tvportugal.tv\/portal\/televisao\/comunidade\/\" rel=\"category tag\">Comunidade<\/a><\/li>\n\t<li><a href=\"https:\/\/www.tvportugal.tv\/portal\/televisao\/cultura\/\" rel=\"category tag\">Cultura<\/a><\/li>\n\t<li><a href=\"https:\/\/www.tvportugal.tv\/portal\/televisao\/educacao\/\" rel=\"category tag\">Educa\u00e7\u00e3o<\/a><\/li>\n\t<li><a href=\"https:\/\/www.tvportugal.tv\/portal\/televisao\/eventos\/\" rel=\"category tag\">Eventos<\/a><\/li>\n\t<li><a href=\"https:\/\/www.tvportugal.tv\/portal\/televisao\/festas\/\" rel=\"category tag\">Festas<\/a><\/li>\n\t<li><a href=\"https:\/\/www.tvportugal.tv\/portal\/televisao\/junior\/\" rel=\"category tag\">Junior<\/a><\/li>\n\t<li><a href=\"https:\/\/www.tvportugal.tv\/portal\/televisao\/mafra\/\" rel=\"category tag\">Mafra<\/a><\/li>\n\t<li><a href=\"https:\/\/www.tvportugal.tv\/portal\/televisao\/oeiras\/\" rel=\"category tag\">Oeiras<\/a><\/li>\n\t<li><a href=\"https:\/\/www.tvportugal.tv\/portal\/televisao\/saude\/\" rel=\"category tag\">Sa\u00fade<\/a><\/li>\n\t<li><a href=\"https:\/\/www.tvportugal.tv\/portal\/televisao\/senior\/\" rel=\"category tag\">S\u00e9nior<\/a><\/li>\n\t<li><a href=\"https:\/\/www.tvportugal.tv\/portal\/televisao\/sintra\/\" rel=\"category tag\">Sintra<\/a><\/li>\n\t<li><a href=\"https:\/\/www.tvportugal.tv\/portal\/televisao\/varios\/\" rel=\"category tag\">V\u00e1rios<\/a><\/li><\/ul><\/div><\/div><\/div><\/div><div class=\"post-title\"><h2 class=\"entry-title\" itemprop=\"headline\"><a href=\"https:\/\/www.tvportugal.tv\/portal\/tradicional-sardinhada-uniao-de-freguesias-cascais-estoril\/\">Tradicional Sardinhada Uni\u00e3o de Freguesias Cascais &#8211; Estoril<\/a><\/h2><\/div><div class=\"post-excerpt\">&#8220;A tradi\u00e7\u00e3o a cumprir-se, s\u00e3o 800 pessoas, cerca de 100 volunt\u00e1rios a ajudar a proporcionar uma tarde diferente daquilo que \u00e9 a verdadeira sardinhada da nossa terra. A sardinhada de Cascais realizada aqui na Charneca para todos aqueles que nos ajudaram ao longo do ano. Um agradecimento a todos eles<span class=\"excerpt-hellip\"> [\u2026]<\/span><\/div><div class=\"post-footer\"><div class=\"button-love\"><span class=\"love-text\">Voc\u00ea gosta disso?<\/span><a href=\"#\" class=\"mfn-love \" data-id=\"7951\"><span class=\"icons-wrapper\"><i class=\"icon-heart-empty-fa\"><\/i><i class=\"icon-heart-fa\"><\/i><\/span><span class=\"label\">33<\/span><\/a><\/div><div class=\"post-links\"><i class=\"icon-doc-text\"><\/i> <a href=\"https:\/\/www.tvportugal.tv\/portal\/tradicional-sardinhada-uniao-de-freguesias-cascais-estoril\/\" class=\"post-more\">Ler mais<\/a><\/div><\/div><\/div><\/div><\/div><div class=\"post-item isotope-item clearfix author-antonio-assuncao post-7934 post type-post status-publish format-standard has-post-thumbnail hentry category-cascais category-comunidade category-cultura category-educacao category-eventos category-festas category-junior category-mafra category-oeiras category-saude category-senior category-sintra category-varios tag-cascais tag-frederico-pinho-de-almeida tag-jose-filipe-ribeiro tag-junta-de-freguesia-de-alcabideche tag-nuno-piteira-lopes\" ><div class=\"date_label\">06\/04\/2025<\/div><div class=\"image_frame post-photo-wrapper scale-with-grid image\"><div class=\"image_wrapper\"><a href=\"https:\/\/www.tvportugal.tv\/portal\/4-encontro-de-modelismo-ferroviario-em-alcabideche\/\"><div class=\"mask\"><\/div><img loading=\"lazy\" decoding=\"async\" width=\"400\" height=\"300\" src=\"https:\/\/www.tvportugal.tv\/portal\/wp-content\/uploads\/2025\/04\/Captura-de-ecra\u0303-2025-04-06-a\u0300s-14.46.36-400x300.png\" class=\"scale-with-grid wp-post-image\" alt=\"4\u00ba. Encontro de Modelismo Ferrovi\u00e1rio em Alcabideche, Jos\u00e9 Filipe Ribeiro, Presidente da Junta de Freguesia de Alcabideche\" itemprop=\"image\" srcset=\"https:\/\/www.tvportugal.tv\/portal\/wp-content\/uploads\/2025\/04\/Captura-de-ecra\u0303-2025-04-06-a\u0300s-14.46.36-400x300.png 400w, https:\/\/www.tvportugal.tv\/portal\/wp-content\/uploads\/2025\/04\/Captura-de-ecra\u0303-2025-04-06-a\u0300s-14.46.36-300x225.png 300w, https:\/\/www.tvportugal.tv\/portal\/wp-content\/uploads\/2025\/04\/Captura-de-ecra\u0303-2025-04-06-a\u0300s-14.46.36-768x576.png 768w, https:\/\/www.tvportugal.tv\/portal\/wp-content\/uploads\/2025\/04\/Captura-de-ecra\u0303-2025-04-06-a\u0300s-14.46.36-195x146.png 195w, https:\/\/www.tvportugal.tv\/portal\/wp-content\/uploads\/2025\/04\/Captura-de-ecra\u0303-2025-04-06-a\u0300s-14.46.36-50x38.png 50w, https:\/\/www.tvportugal.tv\/portal\/wp-content\/uploads\/2025\/04\/Captura-de-ecra\u0303-2025-04-06-a\u0300s-14.46.36-100x75.png 100w, https:\/\/www.tvportugal.tv\/portal\/wp-content\/uploads\/2025\/04\/Captura-de-ecra\u0303-2025-04-06-a\u0300s-14.46.36-350x263.png 350w, https:\/\/www.tvportugal.tv\/portal\/wp-content\/uploads\/2025\/04\/Captura-de-ecra\u0303-2025-04-06-a\u0300s-14.46.36.png 800w\" sizes=\"auto, (max-width: 400px) 100vw, 400px\" \/><\/a><div class=\"image_links double\"><a href=\"https:\/\/www.tvportugal.tv\/portal\/wp-content\/uploads\/2025\/04\/Captura-de-ecra\u0303-2025-04-06-a\u0300s-14.46.36.png\" class=\"zoom\" rel=\"prettyphoto\"><i class=\"icon-search\"><\/i><\/a><a href=\"https:\/\/www.tvportugal.tv\/portal\/4-encontro-de-modelismo-ferroviario-em-alcabideche\/\" class=\"link\"><i class=\"icon-link\"><\/i><\/a><\/div><\/div><\/div><div class=\"post-desc-wrapper\"><div class=\"post-desc\"><div class=\"post-head\"><div class=\"post-meta clearfix\"><div class=\"author-date\"><span class=\"vcard author post-author\"><span class=\"label\">By <\/span><i class=\"icon-user\"><\/i> <span class=\"fn\"><a href=\"https:\/\/www.tvportugal.tv\/portal\/author\/antonio-assuncao\/\">Antonio Assuncao<\/a><\/span><\/span> <span class=\"date\"><span class=\"label\">em <\/span><i class=\"icon-clock\"><\/i> <span class=\"post-date updated\">06\/04\/2025<\/span><\/span><\/div><div class=\"category\"><span class=\"cat-btn\">Categorias <i class=\"icon-down-dir\"><\/i><\/span><div class=\"cat-wrapper\"><ul class=\"post-categories\">\n\t<li><a href=\"https:\/\/www.tvportugal.tv\/portal\/televisao\/cascais\/\" rel=\"category tag\">Cascais<\/a><\/li>\n\t<li><a href=\"https:\/\/www.tvportugal.tv\/portal\/televisao\/comunidade\/\" rel=\"category tag\">Comunidade<\/a><\/li>\n\t<li><a href=\"https:\/\/www.tvportugal.tv\/portal\/televisao\/cultura\/\" rel=\"category tag\">Cultura<\/a><\/li>\n\t<li><a href=\"https:\/\/www.tvportugal.tv\/portal\/televisao\/educacao\/\" rel=\"category tag\">Educa\u00e7\u00e3o<\/a><\/li>\n\t<li><a href=\"https:\/\/www.tvportugal.tv\/portal\/televisao\/eventos\/\" rel=\"category tag\">Eventos<\/a><\/li>\n\t<li><a href=\"https:\/\/www.tvportugal.tv\/portal\/televisao\/festas\/\" rel=\"category tag\">Festas<\/a><\/li>\n\t<li><a href=\"https:\/\/www.tvportugal.tv\/portal\/televisao\/junior\/\" rel=\"category tag\">Junior<\/a><\/li>\n\t<li><a href=\"https:\/\/www.tvportugal.tv\/portal\/televisao\/mafra\/\" rel=\"category tag\">Mafra<\/a><\/li>\n\t<li><a href=\"https:\/\/www.tvportugal.tv\/portal\/televisao\/oeiras\/\" rel=\"category tag\">Oeiras<\/a><\/li>\n\t<li><a href=\"https:\/\/www.tvportugal.tv\/portal\/televisao\/saude\/\" rel=\"category tag\">Sa\u00fade<\/a><\/li>\n\t<li><a href=\"https:\/\/www.tvportugal.tv\/portal\/televisao\/senior\/\" rel=\"category tag\">S\u00e9nior<\/a><\/li>\n\t<li><a href=\"https:\/\/www.tvportugal.tv\/portal\/televisao\/sintra\/\" rel=\"category tag\">Sintra<\/a><\/li>\n\t<li><a href=\"https:\/\/www.tvportugal.tv\/portal\/televisao\/varios\/\" rel=\"category tag\">V\u00e1rios<\/a><\/li><\/ul><\/div><\/div><\/div><\/div><div class=\"post-title\"><h2 class=\"entry-title\" itemprop=\"headline\"><a href=\"https:\/\/www.tvportugal.tv\/portal\/4-encontro-de-modelismo-ferroviario-em-alcabideche\/\">3\u00ba. Encontro de Modelismo Ferrovi\u00e1rio em Alcabideche<\/a><\/h2><\/div><div class=\"post-excerpt\">&#8220;Estamos aqui no , 3\u00ba.ano, \u00e9 o 3\u00ba. ano que fazemos a exposi\u00e7\u00e3o expotrains, \u00e9 um evento intergeranional que vai dos mais pequeninos aos jovens h\u00e1 mais tempo, para todas as idades.&#8221;Jos\u00e9 Filipe Ribeiro, Presidente da Junta de Freguesia de Alcabideche. Escutamos tamb\u00e9m, Eduardo Pulido, Clube N &#8211; Modelismo Ferrovi\u00e1rio.<span class=\"excerpt-hellip\"> [\u2026]<\/span><\/div><div class=\"post-footer\"><div class=\"button-love\"><span class=\"love-text\">Voc\u00ea gosta disso?<\/span><a href=\"#\" class=\"mfn-love \" data-id=\"7934\"><span class=\"icons-wrapper\"><i class=\"icon-heart-empty-fa\"><\/i><i class=\"icon-heart-fa\"><\/i><\/span><span class=\"label\">33<\/span><\/a><\/div><div class=\"post-links\"><i class=\"icon-doc-text\"><\/i> <a href=\"https:\/\/www.tvportugal.tv\/portal\/4-encontro-de-modelismo-ferroviario-em-alcabideche\/\" class=\"post-more\">Ler mais<\/a><\/div><\/div><\/div><\/div><\/div><div class=\"post-item isotope-item clearfix author-antonio-assuncao post-7907 post type-post status-publish format-standard has-post-thumbnail hentry category-cascais category-comunidade category-cultura category-educacao category-eventos category-festas category-junior category-mafra category-oeiras category-saude category-senior category-sintra category-varios tag-cascais tag-frederico-pinho-de-almeida tag-jose-filipe-ribeiro tag-junta-de-freguesia-de-alcabideche tag-nuno-piteira-lopes\" ><div class=\"date_label\">19\/12\/2024<\/div><div class=\"image_frame post-photo-wrapper scale-with-grid image\"><div class=\"image_wrapper\"><a href=\"https:\/\/www.tvportugal.tv\/portal\/mensagem-de-natal-carlos-carreiras-presidente-da-camara-municipal-de-cascais-2\/\"><div class=\"mask\"><\/div><img loading=\"lazy\" decoding=\"async\" width=\"400\" height=\"300\" src=\"https:\/\/www.tvportugal.tv\/portal\/wp-content\/uploads\/2024\/12\/Captura-de-ecra\u0303-2024-12-19-a\u0300s-21.08.29-400x300.png\" class=\"scale-with-grid wp-post-image\" alt=\"Mensagem de Natal, Carlos Carreiras, Presidente da C\u00e2mara Municipal de Cascais, Cascais, Vila de Cascais, Carreiras\" itemprop=\"image\" srcset=\"https:\/\/www.tvportugal.tv\/portal\/wp-content\/uploads\/2024\/12\/Captura-de-ecra\u0303-2024-12-19-a\u0300s-21.08.29-400x300.png 400w, https:\/\/www.tvportugal.tv\/portal\/wp-content\/uploads\/2024\/12\/Captura-de-ecra\u0303-2024-12-19-a\u0300s-21.08.29-300x225.png 300w, https:\/\/www.tvportugal.tv\/portal\/wp-content\/uploads\/2024\/12\/Captura-de-ecra\u0303-2024-12-19-a\u0300s-21.08.29-768x576.png 768w, https:\/\/www.tvportugal.tv\/portal\/wp-content\/uploads\/2024\/12\/Captura-de-ecra\u0303-2024-12-19-a\u0300s-21.08.29-195x146.png 195w, https:\/\/www.tvportugal.tv\/portal\/wp-content\/uploads\/2024\/12\/Captura-de-ecra\u0303-2024-12-19-a\u0300s-21.08.29-50x38.png 50w, https:\/\/www.tvportugal.tv\/portal\/wp-content\/uploads\/2024\/12\/Captura-de-ecra\u0303-2024-12-19-a\u0300s-21.08.29-100x75.png 100w, https:\/\/www.tvportugal.tv\/portal\/wp-content\/uploads\/2024\/12\/Captura-de-ecra\u0303-2024-12-19-a\u0300s-21.08.29-350x263.png 350w, https:\/\/www.tvportugal.tv\/portal\/wp-content\/uploads\/2024\/12\/Captura-de-ecra\u0303-2024-12-19-a\u0300s-21.08.29.png 800w\" sizes=\"auto, (max-width: 400px) 100vw, 400px\" \/><\/a><div class=\"image_links double\"><a href=\"https:\/\/www.tvportugal.tv\/portal\/wp-content\/uploads\/2024\/12\/Captura-de-ecra\u0303-2024-12-19-a\u0300s-21.08.29.png\" class=\"zoom\" rel=\"prettyphoto\"><i class=\"icon-search\"><\/i><\/a><a href=\"https:\/\/www.tvportugal.tv\/portal\/mensagem-de-natal-carlos-carreiras-presidente-da-camara-municipal-de-cascais-2\/\" class=\"link\"><i class=\"icon-link\"><\/i><\/a><\/div><\/div><\/div><div class=\"post-desc-wrapper\"><div class=\"post-desc\"><div class=\"post-head\"><div class=\"post-meta clearfix\"><div class=\"author-date\"><span class=\"vcard author post-author\"><span class=\"label\">By <\/span><i class=\"icon-user\"><\/i> <span class=\"fn\"><a href=\"https:\/\/www.tvportugal.tv\/portal\/author\/antonio-assuncao\/\">Antonio Assuncao<\/a><\/span><\/span> <span class=\"date\"><span class=\"label\">em <\/span><i class=\"icon-clock\"><\/i> <span class=\"post-date updated\">19\/12\/2024<\/span><\/span><\/div><div class=\"category\"><span class=\"cat-btn\">Categorias <i class=\"icon-down-dir\"><\/i><\/span><div class=\"cat-wrapper\"><ul class=\"post-categories\">\n\t<li><a href=\"https:\/\/www.tvportugal.tv\/portal\/televisao\/cascais\/\" rel=\"category tag\">Cascais<\/a><\/li>\n\t<li><a href=\"https:\/\/www.tvportugal.tv\/portal\/televisao\/comunidade\/\" rel=\"category tag\">Comunidade<\/a><\/li>\n\t<li><a href=\"https:\/\/www.tvportugal.tv\/portal\/televisao\/cultura\/\" rel=\"category tag\">Cultura<\/a><\/li>\n\t<li><a href=\"https:\/\/www.tvportugal.tv\/portal\/televisao\/educacao\/\" rel=\"category tag\">Educa\u00e7\u00e3o<\/a><\/li>\n\t<li><a href=\"https:\/\/www.tvportugal.tv\/portal\/televisao\/eventos\/\" rel=\"category tag\">Eventos<\/a><\/li>\n\t<li><a href=\"https:\/\/www.tvportugal.tv\/portal\/televisao\/festas\/\" rel=\"category tag\">Festas<\/a><\/li>\n\t<li><a href=\"https:\/\/www.tvportugal.tv\/portal\/televisao\/junior\/\" rel=\"category tag\">Junior<\/a><\/li>\n\t<li><a href=\"https:\/\/www.tvportugal.tv\/portal\/televisao\/mafra\/\" rel=\"category tag\">Mafra<\/a><\/li>\n\t<li><a href=\"https:\/\/www.tvportugal.tv\/portal\/televisao\/oeiras\/\" rel=\"category tag\">Oeiras<\/a><\/li>\n\t<li><a href=\"https:\/\/www.tvportugal.tv\/portal\/televisao\/saude\/\" rel=\"category tag\">Sa\u00fade<\/a><\/li>\n\t<li><a href=\"https:\/\/www.tvportugal.tv\/portal\/televisao\/senior\/\" rel=\"category tag\">S\u00e9nior<\/a><\/li>\n\t<li><a href=\"https:\/\/www.tvportugal.tv\/portal\/televisao\/sintra\/\" rel=\"category tag\">Sintra<\/a><\/li>\n\t<li><a href=\"https:\/\/www.tvportugal.tv\/portal\/televisao\/varios\/\" rel=\"category tag\">V\u00e1rios<\/a><\/li><\/ul><\/div><\/div><\/div><\/div><div class=\"post-title\"><h2 class=\"entry-title\" itemprop=\"headline\"><a href=\"https:\/\/www.tvportugal.tv\/portal\/mensagem-de-natal-carlos-carreiras-presidente-da-camara-municipal-de-cascais-2\/\">Mensagem de Natal | Carlos Carreiras | Presidente da C\u00e2mara Municipal de Cascais<\/a><\/h2><\/div><div class=\"post-excerpt\">&#8220;Este ser\u00e1 o \u00faltimo Natal enquanto Presidente de C\u00e2mara que me estou a dirigir a todos v\u00f3s, porque por impossibilidade legal j\u00e1 n\u00e3o poderei concorrer, portanto no pr\u00f3ximo Natal ser\u00e1 certamente um novo Presidente de C\u00e2mara, mas ainda assim, n\u00e3o quis deixar de desejar a todos um Feliz e Santo<span class=\"excerpt-hellip\"> [\u2026]<\/span><\/div><div class=\"post-footer\"><div class=\"button-love\"><span class=\"love-text\">Voc\u00ea gosta disso?<\/span><a href=\"#\" class=\"mfn-love \" data-id=\"7907\"><span class=\"icons-wrapper\"><i class=\"icon-heart-empty-fa\"><\/i><i class=\"icon-heart-fa\"><\/i><\/span><span class=\"label\">36<\/span><\/a><\/div><div class=\"post-links\"><i class=\"icon-doc-text\"><\/i> <a href=\"https:\/\/www.tvportugal.tv\/portal\/mensagem-de-natal-carlos-carreiras-presidente-da-camara-municipal-de-cascais-2\/\" class=\"post-more\">Ler mais<\/a><\/div><\/div><\/div><\/div><\/div><div class=\"post-item isotope-item clearfix author-antonio-assuncao post-7903 post type-post status-publish format-standard has-post-thumbnail hentry category-cascais category-comunidade category-cultura category-educacao category-eventos category-festas category-junior category-mafra category-oeiras category-saude category-senior category-sintra category-varios tag-cascais tag-frederico-pinho-de-almeida tag-jose-filipe-ribeiro tag-junta-de-freguesia-de-alcabideche tag-nuno-piteira-lopes\" ><div class=\"date_label\">12\/12\/2024<\/div><div class=\"image_frame post-photo-wrapper scale-with-grid image\"><div class=\"image_wrapper\"><a href=\"https:\/\/www.tvportugal.tv\/portal\/almoco-dos-seniores-da-freguesia-de-alcabideche\/\"><div class=\"mask\"><\/div><img loading=\"lazy\" decoding=\"async\" width=\"400\" height=\"300\" src=\"https:\/\/www.tvportugal.tv\/portal\/wp-content\/uploads\/2024\/12\/Captura-de-ecra\u0303-2024-12-15-a\u0300s-15.47.26-400x300.png\" class=\"scale-with-grid wp-post-image\" alt=\"Almo\u00e7o dos Seniores da Freguesia de Alcabideche, Junta de Freguesia de Alcabideche, Jos\u00e9 Filipe Ribeiro, Malveira Arena\" itemprop=\"image\" srcset=\"https:\/\/www.tvportugal.tv\/portal\/wp-content\/uploads\/2024\/12\/Captura-de-ecra\u0303-2024-12-15-a\u0300s-15.47.26-400x300.png 400w, https:\/\/www.tvportugal.tv\/portal\/wp-content\/uploads\/2024\/12\/Captura-de-ecra\u0303-2024-12-15-a\u0300s-15.47.26-300x225.png 300w, https:\/\/www.tvportugal.tv\/portal\/wp-content\/uploads\/2024\/12\/Captura-de-ecra\u0303-2024-12-15-a\u0300s-15.47.26-768x576.png 768w, https:\/\/www.tvportugal.tv\/portal\/wp-content\/uploads\/2024\/12\/Captura-de-ecra\u0303-2024-12-15-a\u0300s-15.47.26-195x146.png 195w, https:\/\/www.tvportugal.tv\/portal\/wp-content\/uploads\/2024\/12\/Captura-de-ecra\u0303-2024-12-15-a\u0300s-15.47.26-50x38.png 50w, https:\/\/www.tvportugal.tv\/portal\/wp-content\/uploads\/2024\/12\/Captura-de-ecra\u0303-2024-12-15-a\u0300s-15.47.26-100x75.png 100w, https:\/\/www.tvportugal.tv\/portal\/wp-content\/uploads\/2024\/12\/Captura-de-ecra\u0303-2024-12-15-a\u0300s-15.47.26-350x263.png 350w, https:\/\/www.tvportugal.tv\/portal\/wp-content\/uploads\/2024\/12\/Captura-de-ecra\u0303-2024-12-15-a\u0300s-15.47.26.png 800w\" sizes=\"auto, (max-width: 400px) 100vw, 400px\" \/><\/a><div class=\"image_links double\"><a href=\"https:\/\/www.tvportugal.tv\/portal\/wp-content\/uploads\/2024\/12\/Captura-de-ecra\u0303-2024-12-15-a\u0300s-15.47.26.png\" class=\"zoom\" rel=\"prettyphoto\"><i class=\"icon-search\"><\/i><\/a><a href=\"https:\/\/www.tvportugal.tv\/portal\/almoco-dos-seniores-da-freguesia-de-alcabideche\/\" class=\"link\"><i class=\"icon-link\"><\/i><\/a><\/div><\/div><\/div><div class=\"post-desc-wrapper\"><div class=\"post-desc\"><div class=\"post-head\"><div class=\"post-meta clearfix\"><div class=\"author-date\"><span class=\"vcard author post-author\"><span class=\"label\">By <\/span><i class=\"icon-user\"><\/i> <span class=\"fn\"><a href=\"https:\/\/www.tvportugal.tv\/portal\/author\/antonio-assuncao\/\">Antonio Assuncao<\/a><\/span><\/span> <span class=\"date\"><span class=\"label\">em <\/span><i class=\"icon-clock\"><\/i> <span class=\"post-date updated\">12\/12\/2024<\/span><\/span><\/div><div class=\"category\"><span class=\"cat-btn\">Categorias <i class=\"icon-down-dir\"><\/i><\/span><div class=\"cat-wrapper\"><ul class=\"post-categories\">\n\t<li><a href=\"https:\/\/www.tvportugal.tv\/portal\/televisao\/cascais\/\" rel=\"category tag\">Cascais<\/a><\/li>\n\t<li><a href=\"https:\/\/www.tvportugal.tv\/portal\/televisao\/comunidade\/\" rel=\"category tag\">Comunidade<\/a><\/li>\n\t<li><a href=\"https:\/\/www.tvportugal.tv\/portal\/televisao\/cultura\/\" rel=\"category tag\">Cultura<\/a><\/li>\n\t<li><a href=\"https:\/\/www.tvportugal.tv\/portal\/televisao\/educacao\/\" rel=\"category tag\">Educa\u00e7\u00e3o<\/a><\/li>\n\t<li><a href=\"https:\/\/www.tvportugal.tv\/portal\/televisao\/eventos\/\" rel=\"category tag\">Eventos<\/a><\/li>\n\t<li><a href=\"https:\/\/www.tvportugal.tv\/portal\/televisao\/festas\/\" rel=\"category tag\">Festas<\/a><\/li>\n\t<li><a href=\"https:\/\/www.tvportugal.tv\/portal\/televisao\/junior\/\" rel=\"category tag\">Junior<\/a><\/li>\n\t<li><a href=\"https:\/\/www.tvportugal.tv\/portal\/televisao\/mafra\/\" rel=\"category tag\">Mafra<\/a><\/li>\n\t<li><a href=\"https:\/\/www.tvportugal.tv\/portal\/televisao\/oeiras\/\" rel=\"category tag\">Oeiras<\/a><\/li>\n\t<li><a href=\"https:\/\/www.tvportugal.tv\/portal\/televisao\/saude\/\" rel=\"category tag\">Sa\u00fade<\/a><\/li>\n\t<li><a href=\"https:\/\/www.tvportugal.tv\/portal\/televisao\/senior\/\" rel=\"category tag\">S\u00e9nior<\/a><\/li>\n\t<li><a href=\"https:\/\/www.tvportugal.tv\/portal\/televisao\/sintra\/\" rel=\"category tag\">Sintra<\/a><\/li>\n\t<li><a href=\"https:\/\/www.tvportugal.tv\/portal\/televisao\/varios\/\" rel=\"category tag\">V\u00e1rios<\/a><\/li><\/ul><\/div><\/div><\/div><\/div><div class=\"post-title\"><h2 class=\"entry-title\" itemprop=\"headline\"><a href=\"https:\/\/www.tvportugal.tv\/portal\/almoco-dos-seniores-da-freguesia-de-alcabideche\/\">Almo\u00e7o dos Seniores da Freguesia de Alcabideche<\/a><\/h2><\/div><div class=\"post-excerpt\">&#8220;Estamos aqui em mais um almo\u00e7o com os seniores da Freguesia, um almo\u00e7o de Natal, este ano demos cumprimento aquilo que nos comprometemos o ano passado no almo\u00e7o de Natal que fazemos num espa\u00e7o maior para aumentarmos a lota\u00e7\u00e3o e assim poderem os seniores vir todos a este almo\u00e7o. Reportagem,<span class=\"excerpt-hellip\"> [\u2026]<\/span><\/div><div class=\"post-footer\"><div class=\"button-love\"><span class=\"love-text\">Voc\u00ea gosta disso?<\/span><a href=\"#\" class=\"mfn-love \" data-id=\"7903\"><span class=\"icons-wrapper\"><i class=\"icon-heart-empty-fa\"><\/i><i class=\"icon-heart-fa\"><\/i><\/span><span class=\"label\">34<\/span><\/a><\/div><div class=\"post-links\"><i class=\"icon-doc-text\"><\/i> <a href=\"https:\/\/www.tvportugal.tv\/portal\/almoco-dos-seniores-da-freguesia-de-alcabideche\/\" class=\"post-more\">Ler mais<\/a><\/div><\/div><\/div><\/div><\/div><div class=\"post-item isotope-item clearfix author-antonio-assuncao post-7896 post type-post status-publish format-standard has-post-thumbnail hentry category-cascais category-comunidade category-cultura category-educacao category-eventos category-festas category-junior category-mafra category-oeiras category-saude category-senior category-sintra category-varios tag-cascais tag-frederico-pinho-de-almeida tag-jose-filipe-ribeiro tag-junta-de-freguesia-de-alcabideche tag-nuno-piteira-lopes\" ><div class=\"date_label\">08\/12\/2024<\/div><div class=\"image_frame post-photo-wrapper scale-with-grid image\"><div class=\"image_wrapper\"><a href=\"https:\/\/www.tvportugal.tv\/portal\/cerimonia-de-entrega-de-diplomas-de-bolsas-e-premios-de-merito-3\/\"><div class=\"mask\"><\/div><img loading=\"lazy\" decoding=\"async\" width=\"400\" height=\"228\" src=\"https:\/\/www.tvportugal.tv\/portal\/wp-content\/uploads\/2024\/12\/Captura-de-ecra\u0303-2024-12-10-a\u0300s-16.51.32-400x228.png\" class=\"scale-with-grid wp-post-image\" alt=\"Cerim\u00f3nia de Entrega de Diplomas de Bolsas e Pr\u00e9mios de M\u00e9rito, Pedro Morais Soares, Junta de Freguesia Cascais Estoril\" itemprop=\"image\" srcset=\"https:\/\/www.tvportugal.tv\/portal\/wp-content\/uploads\/2024\/12\/Captura-de-ecra\u0303-2024-12-10-a\u0300s-16.51.32-400x228.png 400w, https:\/\/www.tvportugal.tv\/portal\/wp-content\/uploads\/2024\/12\/Captura-de-ecra\u0303-2024-12-10-a\u0300s-16.51.32-300x171.png 300w, https:\/\/www.tvportugal.tv\/portal\/wp-content\/uploads\/2024\/12\/Captura-de-ecra\u0303-2024-12-10-a\u0300s-16.51.32-1024x585.png 1024w, https:\/\/www.tvportugal.tv\/portal\/wp-content\/uploads\/2024\/12\/Captura-de-ecra\u0303-2024-12-10-a\u0300s-16.51.32-768x439.png 768w, https:\/\/www.tvportugal.tv\/portal\/wp-content\/uploads\/2024\/12\/Captura-de-ecra\u0303-2024-12-10-a\u0300s-16.51.32-1536x877.png 1536w, https:\/\/www.tvportugal.tv\/portal\/wp-content\/uploads\/2024\/12\/Captura-de-ecra\u0303-2024-12-10-a\u0300s-16.51.32-256x146.png 256w, https:\/\/www.tvportugal.tv\/portal\/wp-content\/uploads\/2024\/12\/Captura-de-ecra\u0303-2024-12-10-a\u0300s-16.51.32-50x29.png 50w, https:\/\/www.tvportugal.tv\/portal\/wp-content\/uploads\/2024\/12\/Captura-de-ecra\u0303-2024-12-10-a\u0300s-16.51.32-131x75.png 131w, https:\/\/www.tvportugal.tv\/portal\/wp-content\/uploads\/2024\/12\/Captura-de-ecra\u0303-2024-12-10-a\u0300s-16.51.32-350x200.png 350w, https:\/\/www.tvportugal.tv\/portal\/wp-content\/uploads\/2024\/12\/Captura-de-ecra\u0303-2024-12-10-a\u0300s-16.51.32.png 1548w\" sizes=\"auto, (max-width: 400px) 100vw, 400px\" \/><\/a><div class=\"image_links double\"><a href=\"https:\/\/www.tvportugal.tv\/portal\/wp-content\/uploads\/2024\/12\/Captura-de-ecra\u0303-2024-12-10-a\u0300s-16.51.32-1024x585.png\" class=\"zoom\" rel=\"prettyphoto\"><i class=\"icon-search\"><\/i><\/a><a href=\"https:\/\/www.tvportugal.tv\/portal\/cerimonia-de-entrega-de-diplomas-de-bolsas-e-premios-de-merito-3\/\" class=\"link\"><i class=\"icon-link\"><\/i><\/a><\/div><\/div><\/div><div class=\"post-desc-wrapper\"><div class=\"post-desc\"><div class=\"post-head\"><div class=\"post-meta clearfix\"><div class=\"author-date\"><span class=\"vcard author post-author\"><span class=\"label\">By <\/span><i class=\"icon-user\"><\/i> <span class=\"fn\"><a href=\"https:\/\/www.tvportugal.tv\/portal\/author\/antonio-assuncao\/\">Antonio Assuncao<\/a><\/span><\/span> <span class=\"date\"><span class=\"label\">em <\/span><i class=\"icon-clock\"><\/i> <span class=\"post-date updated\">08\/12\/2024<\/span><\/span><\/div><div class=\"category\"><span class=\"cat-btn\">Categorias <i class=\"icon-down-dir\"><\/i><\/span><div class=\"cat-wrapper\"><ul class=\"post-categories\">\n\t<li><a href=\"https:\/\/www.tvportugal.tv\/portal\/televisao\/cascais\/\" rel=\"category tag\">Cascais<\/a><\/li>\n\t<li><a href=\"https:\/\/www.tvportugal.tv\/portal\/televisao\/comunidade\/\" rel=\"category tag\">Comunidade<\/a><\/li>\n\t<li><a href=\"https:\/\/www.tvportugal.tv\/portal\/televisao\/cultura\/\" rel=\"category tag\">Cultura<\/a><\/li>\n\t<li><a href=\"https:\/\/www.tvportugal.tv\/portal\/televisao\/educacao\/\" rel=\"category tag\">Educa\u00e7\u00e3o<\/a><\/li>\n\t<li><a href=\"https:\/\/www.tvportugal.tv\/portal\/televisao\/eventos\/\" rel=\"category tag\">Eventos<\/a><\/li>\n\t<li><a href=\"https:\/\/www.tvportugal.tv\/portal\/televisao\/festas\/\" rel=\"category tag\">Festas<\/a><\/li>\n\t<li><a href=\"https:\/\/www.tvportugal.tv\/portal\/televisao\/junior\/\" rel=\"category tag\">Junior<\/a><\/li>\n\t<li><a href=\"https:\/\/www.tvportugal.tv\/portal\/televisao\/mafra\/\" rel=\"category tag\">Mafra<\/a><\/li>\n\t<li><a href=\"https:\/\/www.tvportugal.tv\/portal\/televisao\/oeiras\/\" rel=\"category tag\">Oeiras<\/a><\/li>\n\t<li><a href=\"https:\/\/www.tvportugal.tv\/portal\/televisao\/saude\/\" rel=\"category tag\">Sa\u00fade<\/a><\/li>\n\t<li><a href=\"https:\/\/www.tvportugal.tv\/portal\/televisao\/senior\/\" rel=\"category tag\">S\u00e9nior<\/a><\/li>\n\t<li><a href=\"https:\/\/www.tvportugal.tv\/portal\/televisao\/sintra\/\" rel=\"category tag\">Sintra<\/a><\/li>\n\t<li><a href=\"https:\/\/www.tvportugal.tv\/portal\/televisao\/varios\/\" rel=\"category tag\">V\u00e1rios<\/a><\/li><\/ul><\/div><\/div><\/div><\/div><div class=\"post-title\"><h2 class=\"entry-title\" itemprop=\"headline\"><a href=\"https:\/\/www.tvportugal.tv\/portal\/cerimonia-de-entrega-de-diplomas-de-bolsas-e-premios-de-merito-3\/\">Cerim\u00f3nia de Entrega de Diplomas de Bolsas e Pr\u00e9mios de M\u00e9rito &#8211; 9.\u00aaedi\u00e7\u00e3o<\/a><\/h2><\/div><div class=\"post-excerpt\">\u00c9 a 9\u00aa. edi\u00e7\u00e3o que permitiu j\u00e1 distinguir 252 alunos com pr\u00e9mios e bolsas de m\u00e9rito, este ano batemos os recordes, os jovens de Cascais e do Estoril destacaram-se, foram 50 pr\u00e9mios que entregamos, o que mostra que temos uma juventude muito talentosa. Reportagem, Imagem e Edi\u00e7\u00e3o &#8211; Ant\u00f3nio Assun\u00e7\u00e3o<span class=\"excerpt-hellip\"> [\u2026]<\/span><\/div><div class=\"post-footer\"><div class=\"button-love\"><span class=\"love-text\">Voc\u00ea gosta disso?<\/span><a href=\"#\" class=\"mfn-love \" data-id=\"7896\"><span class=\"icons-wrapper\"><i class=\"icon-heart-empty-fa\"><\/i><i class=\"icon-heart-fa\"><\/i><\/span><span class=\"label\">33<\/span><\/a><\/div><div class=\"post-links\"><i class=\"icon-doc-text\"><\/i> <a href=\"https:\/\/www.tvportugal.tv\/portal\/cerimonia-de-entrega-de-diplomas-de-bolsas-e-premios-de-merito-3\/\" class=\"post-more\">Ler mais<\/a><\/div><\/div><\/div><\/div><\/div><div class=\"post-item isotope-item clearfix author-antonio-assuncao post-7891 post type-post status-publish format-standard has-post-thumbnail hentry category-cascais category-comunidade category-cultura category-educacao category-eventos category-festas category-junior category-mafra category-oeiras category-saude category-senior category-sintra category-varios tag-cascais tag-frederico-pinho-de-almeida tag-jose-filipe-ribeiro tag-junta-de-freguesia-de-alcabideche tag-nuno-piteira-lopes\" ><div class=\"date_label\">06\/12\/2024<\/div><div class=\"image_frame post-photo-wrapper scale-with-grid image\"><div class=\"image_wrapper\"><a href=\"https:\/\/www.tvportugal.tv\/portal\/bolsas-de-merito-junta-de-freguesia-de-alcabideche-2\/\"><div class=\"mask\"><\/div><img loading=\"lazy\" decoding=\"async\" width=\"400\" height=\"300\" src=\"https:\/\/www.tvportugal.tv\/portal\/wp-content\/uploads\/2024\/12\/Ver-Video-400x300.png\" class=\"scale-with-grid wp-post-image\" alt=\"Bolsas de M\u00e9rito, Junta de Freguesia de Alcabideche, Cascais, Carlos Carreiras, Jos\u00e9 Filipe Ribeiro, Alcabideche\" itemprop=\"image\" srcset=\"https:\/\/www.tvportugal.tv\/portal\/wp-content\/uploads\/2024\/12\/Ver-Video-400x300.png 400w, https:\/\/www.tvportugal.tv\/portal\/wp-content\/uploads\/2024\/12\/Ver-Video-300x225.png 300w, https:\/\/www.tvportugal.tv\/portal\/wp-content\/uploads\/2024\/12\/Ver-Video-768x576.png 768w, https:\/\/www.tvportugal.tv\/portal\/wp-content\/uploads\/2024\/12\/Ver-Video-195x146.png 195w, https:\/\/www.tvportugal.tv\/portal\/wp-content\/uploads\/2024\/12\/Ver-Video-50x38.png 50w, https:\/\/www.tvportugal.tv\/portal\/wp-content\/uploads\/2024\/12\/Ver-Video-100x75.png 100w, https:\/\/www.tvportugal.tv\/portal\/wp-content\/uploads\/2024\/12\/Ver-Video-350x263.png 350w, https:\/\/www.tvportugal.tv\/portal\/wp-content\/uploads\/2024\/12\/Ver-Video.png 800w\" sizes=\"auto, (max-width: 400px) 100vw, 400px\" \/><\/a><div class=\"image_links double\"><a href=\"https:\/\/www.tvportugal.tv\/portal\/wp-content\/uploads\/2024\/12\/Ver-Video.png\" class=\"zoom\" rel=\"prettyphoto\"><i class=\"icon-search\"><\/i><\/a><a href=\"https:\/\/www.tvportugal.tv\/portal\/bolsas-de-merito-junta-de-freguesia-de-alcabideche-2\/\" class=\"link\"><i class=\"icon-link\"><\/i><\/a><\/div><\/div><\/div><div class=\"post-desc-wrapper\"><div class=\"post-desc\"><div class=\"post-head\"><div class=\"post-meta clearfix\"><div class=\"author-date\"><span class=\"vcard author post-author\"><span class=\"label\">By <\/span><i class=\"icon-user\"><\/i> <span class=\"fn\"><a href=\"https:\/\/www.tvportugal.tv\/portal\/author\/antonio-assuncao\/\">Antonio Assuncao<\/a><\/span><\/span> <span class=\"date\"><span class=\"label\">em <\/span><i class=\"icon-clock\"><\/i> <span class=\"post-date updated\">06\/12\/2024<\/span><\/span><\/div><div class=\"category\"><span class=\"cat-btn\">Categorias <i class=\"icon-down-dir\"><\/i><\/span><div class=\"cat-wrapper\"><ul class=\"post-categories\">\n\t<li><a href=\"https:\/\/www.tvportugal.tv\/portal\/televisao\/cascais\/\" rel=\"category tag\">Cascais<\/a><\/li>\n\t<li><a href=\"https:\/\/www.tvportugal.tv\/portal\/televisao\/comunidade\/\" rel=\"category tag\">Comunidade<\/a><\/li>\n\t<li><a href=\"https:\/\/www.tvportugal.tv\/portal\/televisao\/cultura\/\" rel=\"category tag\">Cultura<\/a><\/li>\n\t<li><a href=\"https:\/\/www.tvportugal.tv\/portal\/televisao\/educacao\/\" rel=\"category tag\">Educa\u00e7\u00e3o<\/a><\/li>\n\t<li><a href=\"https:\/\/www.tvportugal.tv\/portal\/televisao\/eventos\/\" rel=\"category tag\">Eventos<\/a><\/li>\n\t<li><a href=\"https:\/\/www.tvportugal.tv\/portal\/televisao\/festas\/\" rel=\"category tag\">Festas<\/a><\/li>\n\t<li><a href=\"https:\/\/www.tvportugal.tv\/portal\/televisao\/junior\/\" rel=\"category tag\">Junior<\/a><\/li>\n\t<li><a href=\"https:\/\/www.tvportugal.tv\/portal\/televisao\/mafra\/\" rel=\"category tag\">Mafra<\/a><\/li>\n\t<li><a href=\"https:\/\/www.tvportugal.tv\/portal\/televisao\/oeiras\/\" rel=\"category tag\">Oeiras<\/a><\/li>\n\t<li><a href=\"https:\/\/www.tvportugal.tv\/portal\/televisao\/saude\/\" rel=\"category tag\">Sa\u00fade<\/a><\/li>\n\t<li><a href=\"https:\/\/www.tvportugal.tv\/portal\/televisao\/senior\/\" rel=\"category tag\">S\u00e9nior<\/a><\/li>\n\t<li><a href=\"https:\/\/www.tvportugal.tv\/portal\/televisao\/sintra\/\" rel=\"category tag\">Sintra<\/a><\/li>\n\t<li><a href=\"https:\/\/www.tvportugal.tv\/portal\/televisao\/varios\/\" rel=\"category tag\">V\u00e1rios<\/a><\/li><\/ul><\/div><\/div><\/div><\/div><div class=\"post-title\"><h2 class=\"entry-title\" itemprop=\"headline\"><a href=\"https:\/\/www.tvportugal.tv\/portal\/bolsas-de-merito-junta-de-freguesia-de-alcabideche-2\/\">Bolsas de M\u00e9rito | Junta de Freguesia de Alcabideche<\/a><\/h2><\/div><div class=\"post-excerpt\">&#8220;\u00c9 o 6\u00ba. ano, foi dos primeiros projetos que este executivo no mandato anterior implementou na Freguesia de Alcabideche, \u00e9 uma forma de premiar os alunos que t\u00eam 17 ou superior a 17 no ingresso ao ensino superior. \u00c9 um m\u00e9todo que n\u00f3s arranjamos para agradecer o trabalho todo que<span class=\"excerpt-hellip\"> [\u2026]<\/span><\/div><div class=\"post-footer\"><div class=\"button-love\"><span class=\"love-text\">Voc\u00ea gosta disso?<\/span><a href=\"#\" class=\"mfn-love \" data-id=\"7891\"><span class=\"icons-wrapper\"><i class=\"icon-heart-empty-fa\"><\/i><i class=\"icon-heart-fa\"><\/i><\/span><span class=\"label\">32<\/span><\/a><\/div><div class=\"post-links\"><i class=\"icon-doc-text\"><\/i> <a href=\"https:\/\/www.tvportugal.tv\/portal\/bolsas-de-merito-junta-de-freguesia-de-alcabideche-2\/\" class=\"post-more\">Ler mais<\/a><\/div><\/div><\/div><\/div><\/div><div class=\"post-item isotope-item clearfix author-antonio-assuncao post-7881 post type-post status-publish format-standard has-post-thumbnail hentry category-cascais category-comunidade category-cultura category-educacao category-eventos category-festas category-junior category-mafra category-oeiras category-saude category-senior category-sintra category-varios tag-cascais tag-frederico-pinho-de-almeida tag-jose-filipe-ribeiro tag-junta-de-freguesia-de-alcabideche tag-nuno-piteira-lopes\" ><div class=\"date_label\">07\/10\/2024<\/div><div class=\"image_frame post-photo-wrapper scale-with-grid image\"><div class=\"image_wrapper\"><a href=\"https:\/\/www.tvportugal.tv\/portal\/cerimonia-de-reconhecimento-aos-atletas-olimpicos-e-paralimpicos\/\"><div class=\"mask\"><\/div><img loading=\"lazy\" decoding=\"async\" width=\"400\" height=\"225\" src=\"https:\/\/www.tvportugal.tv\/portal\/wp-content\/uploads\/2024\/10\/Captura-de-ecra\u0303-2024-10-07-a\u0300s-20.33.38-400x225.png\" class=\"scale-with-grid wp-post-image\" alt=\"Cerimonia-de-reconhecimento-aos-atletas-olimpicos-e-paralimpicos, Francisco Kreye, Cascais, Carlos Carreiras\" itemprop=\"image\" srcset=\"https:\/\/www.tvportugal.tv\/portal\/wp-content\/uploads\/2024\/10\/Captura-de-ecra\u0303-2024-10-07-a\u0300s-20.33.38-400x225.png 400w, https:\/\/www.tvportugal.tv\/portal\/wp-content\/uploads\/2024\/10\/Captura-de-ecra\u0303-2024-10-07-a\u0300s-20.33.38-300x169.png 300w, https:\/\/www.tvportugal.tv\/portal\/wp-content\/uploads\/2024\/10\/Captura-de-ecra\u0303-2024-10-07-a\u0300s-20.33.38-1024x576.png 1024w, https:\/\/www.tvportugal.tv\/portal\/wp-content\/uploads\/2024\/10\/Captura-de-ecra\u0303-2024-10-07-a\u0300s-20.33.38-768x432.png 768w, https:\/\/www.tvportugal.tv\/portal\/wp-content\/uploads\/2024\/10\/Captura-de-ecra\u0303-2024-10-07-a\u0300s-20.33.38-260x146.png 260w, https:\/\/www.tvportugal.tv\/portal\/wp-content\/uploads\/2024\/10\/Captura-de-ecra\u0303-2024-10-07-a\u0300s-20.33.38-50x28.png 50w, https:\/\/www.tvportugal.tv\/portal\/wp-content\/uploads\/2024\/10\/Captura-de-ecra\u0303-2024-10-07-a\u0300s-20.33.38-133x75.png 133w, https:\/\/www.tvportugal.tv\/portal\/wp-content\/uploads\/2024\/10\/Captura-de-ecra\u0303-2024-10-07-a\u0300s-20.33.38-350x197.png 350w, https:\/\/www.tvportugal.tv\/portal\/wp-content\/uploads\/2024\/10\/Captura-de-ecra\u0303-2024-10-07-a\u0300s-20.33.38.png 1280w\" sizes=\"auto, (max-width: 400px) 100vw, 400px\" \/><\/a><div class=\"image_links double\"><a href=\"https:\/\/www.tvportugal.tv\/portal\/wp-content\/uploads\/2024\/10\/Captura-de-ecra\u0303-2024-10-07-a\u0300s-20.33.38-1024x576.png\" class=\"zoom\" rel=\"prettyphoto\"><i class=\"icon-search\"><\/i><\/a><a href=\"https:\/\/www.tvportugal.tv\/portal\/cerimonia-de-reconhecimento-aos-atletas-olimpicos-e-paralimpicos\/\" class=\"link\"><i class=\"icon-link\"><\/i><\/a><\/div><\/div><\/div><div class=\"post-desc-wrapper\"><div class=\"post-desc\"><div class=\"post-head\"><div class=\"post-meta clearfix\"><div class=\"author-date\"><span class=\"vcard author post-author\"><span class=\"label\">By <\/span><i class=\"icon-user\"><\/i> <span class=\"fn\"><a href=\"https:\/\/www.tvportugal.tv\/portal\/author\/antonio-assuncao\/\">Antonio Assuncao<\/a><\/span><\/span> <span class=\"date\"><span class=\"label\">em <\/span><i class=\"icon-clock\"><\/i> <span class=\"post-date updated\">07\/10\/2024<\/span><\/span><\/div><div class=\"category\"><span class=\"cat-btn\">Categorias <i class=\"icon-down-dir\"><\/i><\/span><div class=\"cat-wrapper\"><ul class=\"post-categories\">\n\t<li><a href=\"https:\/\/www.tvportugal.tv\/portal\/televisao\/cascais\/\" rel=\"category tag\">Cascais<\/a><\/li>\n\t<li><a href=\"https:\/\/www.tvportugal.tv\/portal\/televisao\/comunidade\/\" rel=\"category tag\">Comunidade<\/a><\/li>\n\t<li><a href=\"https:\/\/www.tvportugal.tv\/portal\/televisao\/cultura\/\" rel=\"category tag\">Cultura<\/a><\/li>\n\t<li><a href=\"https:\/\/www.tvportugal.tv\/portal\/televisao\/educacao\/\" rel=\"category tag\">Educa\u00e7\u00e3o<\/a><\/li>\n\t<li><a href=\"https:\/\/www.tvportugal.tv\/portal\/televisao\/eventos\/\" rel=\"category tag\">Eventos<\/a><\/li>\n\t<li><a href=\"https:\/\/www.tvportugal.tv\/portal\/televisao\/festas\/\" rel=\"category tag\">Festas<\/a><\/li>\n\t<li><a href=\"https:\/\/www.tvportugal.tv\/portal\/televisao\/junior\/\" rel=\"category tag\">Junior<\/a><\/li>\n\t<li><a href=\"https:\/\/www.tvportugal.tv\/portal\/televisao\/mafra\/\" rel=\"category tag\">Mafra<\/a><\/li>\n\t<li><a href=\"https:\/\/www.tvportugal.tv\/portal\/televisao\/oeiras\/\" rel=\"category tag\">Oeiras<\/a><\/li>\n\t<li><a href=\"https:\/\/www.tvportugal.tv\/portal\/televisao\/saude\/\" rel=\"category tag\">Sa\u00fade<\/a><\/li>\n\t<li><a href=\"https:\/\/www.tvportugal.tv\/portal\/televisao\/senior\/\" rel=\"category tag\">S\u00e9nior<\/a><\/li>\n\t<li><a href=\"https:\/\/www.tvportugal.tv\/portal\/televisao\/sintra\/\" rel=\"category tag\">Sintra<\/a><\/li>\n\t<li><a href=\"https:\/\/www.tvportugal.tv\/portal\/televisao\/varios\/\" rel=\"category tag\">V\u00e1rios<\/a><\/li><\/ul><\/div><\/div><\/div><\/div><div class=\"post-title\"><h2 class=\"entry-title\" itemprop=\"headline\"><a href=\"https:\/\/www.tvportugal.tv\/portal\/cerimonia-de-reconhecimento-aos-atletas-olimpicos-e-paralimpicos\/\">Cerim\u00f3nia de Reconhecimento aos Atletas Ol\u00edmpicos e Paral\u00edmpicos<\/a><\/h2><\/div><div class=\"post-excerpt\">&#8220;Uma grande honra poder reconhecer, homenagear os atletas Ol\u00edmpicos e Paral\u00edmpicos que estiveram em Paris em 2024. A inten\u00e7\u00e3o da C\u00e2mara Municipal de Cascais \u00e9 reconhecer os nossos que come\u00e7aram aqui, os que escolheram a nossa Vila de Cascais para viver.&#8221; Francisco Kreye, Vereador da CM Cascais. Reportagem, Imagem e<span class=\"excerpt-hellip\"> [\u2026]<\/span><\/div><div class=\"post-footer\"><div class=\"button-love\"><span class=\"love-text\">Voc\u00ea gosta disso?<\/span><a href=\"#\" class=\"mfn-love \" data-id=\"7881\"><span class=\"icons-wrapper\"><i class=\"icon-heart-empty-fa\"><\/i><i class=\"icon-heart-fa\"><\/i><\/span><span class=\"label\">31<\/span><\/a><\/div><div class=\"post-links\"><i class=\"icon-doc-text\"><\/i> <a href=\"https:\/\/www.tvportugal.tv\/portal\/cerimonia-de-reconhecimento-aos-atletas-olimpicos-e-paralimpicos\/\" class=\"post-more\">Ler mais<\/a><\/div><\/div><\/div><\/div><\/div><div class=\"post-item isotope-item clearfix author-antonio-assuncao post-7872 post type-post status-publish format-standard has-post-thumbnail hentry category-cascais category-comunidade category-cultura category-educacao category-eventos category-festas category-junior category-mafra category-oeiras category-saude category-senior category-sintra category-varios tag-cascais tag-frederico-pinho-de-almeida tag-jose-filipe-ribeiro tag-junta-de-freguesia-de-alcabideche tag-nuno-piteira-lopes\" ><div class=\"date_label\">23\/09\/2024<\/div><div class=\"image_frame post-photo-wrapper scale-with-grid image\"><div class=\"image_wrapper\"><a href=\"https:\/\/www.tvportugal.tv\/portal\/hino-a-vida-palhaco-croquete\/\"><div class=\"mask\"><\/div><img loading=\"lazy\" decoding=\"async\" width=\"400\" height=\"300\" src=\"https:\/\/www.tvportugal.tv\/portal\/wp-content\/uploads\/2024\/09\/17636955_149391625588227_1397147943752035032_o-co\u0301pia-400x300.jpg\" class=\"scale-with-grid wp-post-image\" alt=\"\" itemprop=\"image\" srcset=\"https:\/\/www.tvportugal.tv\/portal\/wp-content\/uploads\/2024\/09\/17636955_149391625588227_1397147943752035032_o-co\u0301pia-400x300.jpg 400w, https:\/\/www.tvportugal.tv\/portal\/wp-content\/uploads\/2024\/09\/17636955_149391625588227_1397147943752035032_o-co\u0301pia-300x225.jpg 300w, https:\/\/www.tvportugal.tv\/portal\/wp-content\/uploads\/2024\/09\/17636955_149391625588227_1397147943752035032_o-co\u0301pia-768x576.jpg 768w, https:\/\/www.tvportugal.tv\/portal\/wp-content\/uploads\/2024\/09\/17636955_149391625588227_1397147943752035032_o-co\u0301pia-195x146.jpg 195w, https:\/\/www.tvportugal.tv\/portal\/wp-content\/uploads\/2024\/09\/17636955_149391625588227_1397147943752035032_o-co\u0301pia-50x38.jpg 50w, https:\/\/www.tvportugal.tv\/portal\/wp-content\/uploads\/2024\/09\/17636955_149391625588227_1397147943752035032_o-co\u0301pia-100x75.jpg 100w, https:\/\/www.tvportugal.tv\/portal\/wp-content\/uploads\/2024\/09\/17636955_149391625588227_1397147943752035032_o-co\u0301pia-350x263.jpg 350w, https:\/\/www.tvportugal.tv\/portal\/wp-content\/uploads\/2024\/09\/17636955_149391625588227_1397147943752035032_o-co\u0301pia.jpg 800w\" sizes=\"auto, (max-width: 400px) 100vw, 400px\" \/><\/a><div class=\"image_links double\"><a href=\"https:\/\/www.tvportugal.tv\/portal\/wp-content\/uploads\/2024\/09\/17636955_149391625588227_1397147943752035032_o-co\u0301pia.jpg\" class=\"zoom\" rel=\"prettyphoto\"><i class=\"icon-search\"><\/i><\/a><a href=\"https:\/\/www.tvportugal.tv\/portal\/hino-a-vida-palhaco-croquete\/\" class=\"link\"><i class=\"icon-link\"><\/i><\/a><\/div><\/div><\/div><div class=\"post-desc-wrapper\"><div class=\"post-desc\"><div class=\"post-head\"><div class=\"post-meta clearfix\"><div class=\"author-date\"><span class=\"vcard author post-author\"><span class=\"label\">By <\/span><i class=\"icon-user\"><\/i> <span class=\"fn\"><a href=\"https:\/\/www.tvportugal.tv\/portal\/author\/antonio-assuncao\/\">Antonio Assuncao<\/a><\/span><\/span> <span class=\"date\"><span class=\"label\">em <\/span><i class=\"icon-clock\"><\/i> <span class=\"post-date updated\">23\/09\/2024<\/span><\/span><\/div><div class=\"category\"><span class=\"cat-btn\">Categorias <i class=\"icon-down-dir\"><\/i><\/span><div class=\"cat-wrapper\"><ul class=\"post-categories\">\n\t<li><a href=\"https:\/\/www.tvportugal.tv\/portal\/televisao\/cascais\/\" rel=\"category tag\">Cascais<\/a><\/li>\n\t<li><a href=\"https:\/\/www.tvportugal.tv\/portal\/televisao\/comunidade\/\" rel=\"category tag\">Comunidade<\/a><\/li>\n\t<li><a href=\"https:\/\/www.tvportugal.tv\/portal\/televisao\/cultura\/\" rel=\"category tag\">Cultura<\/a><\/li>\n\t<li><a href=\"https:\/\/www.tvportugal.tv\/portal\/televisao\/educacao\/\" rel=\"category tag\">Educa\u00e7\u00e3o<\/a><\/li>\n\t<li><a href=\"https:\/\/www.tvportugal.tv\/portal\/televisao\/eventos\/\" rel=\"category tag\">Eventos<\/a><\/li>\n\t<li><a href=\"https:\/\/www.tvportugal.tv\/portal\/televisao\/festas\/\" rel=\"category tag\">Festas<\/a><\/li>\n\t<li><a href=\"https:\/\/www.tvportugal.tv\/portal\/televisao\/junior\/\" rel=\"category tag\">Junior<\/a><\/li>\n\t<li><a href=\"https:\/\/www.tvportugal.tv\/portal\/televisao\/mafra\/\" rel=\"category tag\">Mafra<\/a><\/li>\n\t<li><a href=\"https:\/\/www.tvportugal.tv\/portal\/televisao\/oeiras\/\" rel=\"category tag\">Oeiras<\/a><\/li>\n\t<li><a href=\"https:\/\/www.tvportugal.tv\/portal\/televisao\/saude\/\" rel=\"category tag\">Sa\u00fade<\/a><\/li>\n\t<li><a href=\"https:\/\/www.tvportugal.tv\/portal\/televisao\/senior\/\" rel=\"category tag\">S\u00e9nior<\/a><\/li>\n\t<li><a href=\"https:\/\/www.tvportugal.tv\/portal\/televisao\/sintra\/\" rel=\"category tag\">Sintra<\/a><\/li>\n\t<li><a href=\"https:\/\/www.tvportugal.tv\/portal\/televisao\/varios\/\" rel=\"category tag\">V\u00e1rios<\/a><\/li><\/ul><\/div><\/div><\/div><\/div><div class=\"post-title\"><h2 class=\"entry-title\" itemprop=\"headline\"><a href=\"https:\/\/www.tvportugal.tv\/portal\/hino-a-vida-palhaco-croquete\/\">Hino \u00e0 Vida &#8211; Palha\u00e7o Croquete<\/a><\/h2><\/div><div class=\"post-excerpt\">Hino \u00e0 Vida M\u00fasica &#8211; Armando Gama Letra &#8211; Jo\u00e3o Rodil Palha\u00e7o Croquete 2024 09 18<\/div><div class=\"post-footer\"><div class=\"button-love\"><span class=\"love-text\">Voc\u00ea gosta disso?<\/span><a href=\"#\" class=\"mfn-love \" data-id=\"7872\"><span class=\"icons-wrapper\"><i class=\"icon-heart-empty-fa\"><\/i><i class=\"icon-heart-fa\"><\/i><\/span><span class=\"label\">30<\/span><\/a><\/div><div class=\"post-links\"><i class=\"icon-doc-text\"><\/i> <a href=\"https:\/\/www.tvportugal.tv\/portal\/hino-a-vida-palhaco-croquete\/\" class=\"post-more\">Ler mais<\/a><\/div><\/div><\/div><\/div><\/div><div class=\"post-item isotope-item clearfix author-antonio-assuncao post-7868 post type-post status-publish format-standard has-post-thumbnail hentry category-cascais category-comunidade category-cultura category-educacao category-eventos category-festas category-junior category-mafra category-oeiras category-saude category-senior category-sintra category-varios tag-cascais tag-frederico-pinho-de-almeida tag-jose-filipe-ribeiro tag-junta-de-freguesia-de-alcabideche tag-nuno-piteira-lopes\" ><div class=\"date_label\">01\/09\/2024<\/div><div class=\"image_frame post-photo-wrapper scale-with-grid image\"><div class=\"image_wrapper\"><a href=\"https:\/\/www.tvportugal.tv\/portal\/vamos-limpar-o-mundo\/\"><div class=\"mask\"><\/div><img loading=\"lazy\" decoding=\"async\" width=\"400\" height=\"300\" src=\"https:\/\/www.tvportugal.tv\/portal\/wp-content\/uploads\/2024\/09\/Captura-de-ecra\u0303-2024-09-01-a\u0300s-17.13.01-400x300.png\" class=\"scale-with-grid wp-post-image\" alt=\"Hino \u00e0 Vida, Jo\u00e3o Rodil, Armando Gama, Jos\u00e9 Pino, Palha\u00e7o Croquete, Espect\u00e1culos para crian\u00e7as, Espect\u00e1culos para adultos\" itemprop=\"image\" srcset=\"https:\/\/www.tvportugal.tv\/portal\/wp-content\/uploads\/2024\/09\/Captura-de-ecra\u0303-2024-09-01-a\u0300s-17.13.01-400x300.png 400w, https:\/\/www.tvportugal.tv\/portal\/wp-content\/uploads\/2024\/09\/Captura-de-ecra\u0303-2024-09-01-a\u0300s-17.13.01-300x225.png 300w, https:\/\/www.tvportugal.tv\/portal\/wp-content\/uploads\/2024\/09\/Captura-de-ecra\u0303-2024-09-01-a\u0300s-17.13.01-768x576.png 768w, https:\/\/www.tvportugal.tv\/portal\/wp-content\/uploads\/2024\/09\/Captura-de-ecra\u0303-2024-09-01-a\u0300s-17.13.01-195x146.png 195w, https:\/\/www.tvportugal.tv\/portal\/wp-content\/uploads\/2024\/09\/Captura-de-ecra\u0303-2024-09-01-a\u0300s-17.13.01-50x38.png 50w, https:\/\/www.tvportugal.tv\/portal\/wp-content\/uploads\/2024\/09\/Captura-de-ecra\u0303-2024-09-01-a\u0300s-17.13.01-100x75.png 100w, https:\/\/www.tvportugal.tv\/portal\/wp-content\/uploads\/2024\/09\/Captura-de-ecra\u0303-2024-09-01-a\u0300s-17.13.01-350x263.png 350w, https:\/\/www.tvportugal.tv\/portal\/wp-content\/uploads\/2024\/09\/Captura-de-ecra\u0303-2024-09-01-a\u0300s-17.13.01.png 800w\" sizes=\"auto, (max-width: 400px) 100vw, 400px\" \/><\/a><div class=\"image_links double\"><a href=\"https:\/\/www.tvportugal.tv\/portal\/wp-content\/uploads\/2024\/09\/Captura-de-ecra\u0303-2024-09-01-a\u0300s-17.13.01.png\" class=\"zoom\" rel=\"prettyphoto\"><i class=\"icon-search\"><\/i><\/a><a href=\"https:\/\/www.tvportugal.tv\/portal\/vamos-limpar-o-mundo\/\" class=\"link\"><i class=\"icon-link\"><\/i><\/a><\/div><\/div><\/div><div class=\"post-desc-wrapper\"><div class=\"post-desc\"><div class=\"post-head\"><div class=\"post-meta clearfix\"><div class=\"author-date\"><span class=\"vcard author post-author\"><span class=\"label\">By <\/span><i class=\"icon-user\"><\/i> <span class=\"fn\"><a href=\"https:\/\/www.tvportugal.tv\/portal\/author\/antonio-assuncao\/\">Antonio Assuncao<\/a><\/span><\/span> <span class=\"date\"><span class=\"label\">em <\/span><i class=\"icon-clock\"><\/i> <span class=\"post-date updated\">01\/09\/2024<\/span><\/span><\/div><div class=\"category\"><span class=\"cat-btn\">Categorias <i class=\"icon-down-dir\"><\/i><\/span><div class=\"cat-wrapper\"><ul class=\"post-categories\">\n\t<li><a href=\"https:\/\/www.tvportugal.tv\/portal\/televisao\/cascais\/\" rel=\"category tag\">Cascais<\/a><\/li>\n\t<li><a href=\"https:\/\/www.tvportugal.tv\/portal\/televisao\/comunidade\/\" rel=\"category tag\">Comunidade<\/a><\/li>\n\t<li><a href=\"https:\/\/www.tvportugal.tv\/portal\/televisao\/cultura\/\" rel=\"category tag\">Cultura<\/a><\/li>\n\t<li><a href=\"https:\/\/www.tvportugal.tv\/portal\/televisao\/educacao\/\" rel=\"category tag\">Educa\u00e7\u00e3o<\/a><\/li>\n\t<li><a href=\"https:\/\/www.tvportugal.tv\/portal\/televisao\/eventos\/\" rel=\"category tag\">Eventos<\/a><\/li>\n\t<li><a href=\"https:\/\/www.tvportugal.tv\/portal\/televisao\/festas\/\" rel=\"category tag\">Festas<\/a><\/li>\n\t<li><a href=\"https:\/\/www.tvportugal.tv\/portal\/televisao\/junior\/\" rel=\"category tag\">Junior<\/a><\/li>\n\t<li><a href=\"https:\/\/www.tvportugal.tv\/portal\/televisao\/mafra\/\" rel=\"category tag\">Mafra<\/a><\/li>\n\t<li><a href=\"https:\/\/www.tvportugal.tv\/portal\/televisao\/oeiras\/\" rel=\"category tag\">Oeiras<\/a><\/li>\n\t<li><a href=\"https:\/\/www.tvportugal.tv\/portal\/televisao\/saude\/\" rel=\"category tag\">Sa\u00fade<\/a><\/li>\n\t<li><a href=\"https:\/\/www.tvportugal.tv\/portal\/televisao\/senior\/\" rel=\"category tag\">S\u00e9nior<\/a><\/li>\n\t<li><a href=\"https:\/\/www.tvportugal.tv\/portal\/televisao\/sintra\/\" rel=\"category tag\">Sintra<\/a><\/li>\n\t<li><a href=\"https:\/\/www.tvportugal.tv\/portal\/televisao\/varios\/\" rel=\"category tag\">V\u00e1rios<\/a><\/li><\/ul><\/div><\/div><\/div><\/div><div class=\"post-title\"><h2 class=\"entry-title\" itemprop=\"headline\"><a href=\"https:\/\/www.tvportugal.tv\/portal\/vamos-limpar-o-mundo\/\">Vamos Limpar o Mundo<\/a><\/h2><\/div><div class=\"post-excerpt\">PALHA\u00c7O CROQUETE Vamos Limpar o Mundo M\u00fasica &#8211; Armando Gama Letra &#8211; Jo\u00e3o Rodil Imagem e Edi\u00e7\u00e3o &#8211; Ant\u00f3nio Assun\u00e7\u00e3o 2024 09 01<\/div><div class=\"post-footer\"><div class=\"button-love\"><span class=\"love-text\">Voc\u00ea gosta disso?<\/span><a href=\"#\" class=\"mfn-love \" data-id=\"7868\"><span class=\"icons-wrapper\"><i class=\"icon-heart-empty-fa\"><\/i><i class=\"icon-heart-fa\"><\/i><\/span><span class=\"label\">29<\/span><\/a><\/div><div class=\"post-links\"><i class=\"icon-doc-text\"><\/i> <a href=\"https:\/\/www.tvportugal.tv\/portal\/vamos-limpar-o-mundo\/\" class=\"post-more\">Ler mais<\/a><\/div><\/div><\/div><\/div><\/div><div class=\"post-item isotope-item clearfix author-antonio-assuncao post-7441 post type-post status-publish format-standard has-post-thumbnail hentry category-cascais category-comunidade category-junior category-mafra category-oeiras category-politica category-senior category-social category-varios tag-carlos-carreiras tag-cascais tag-estoril tag-nuno-piteira-lopes tag-pedro-morais-soares\" ><div class=\"date_label\">29\/01\/2022<\/div><div class=\"image_frame post-photo-wrapper scale-with-grid image\"><div class=\"image_wrapper\"><a href=\"https:\/\/www.tvportugal.tv\/portal\/mensagem-do-presidente-da-republica-eleicoes-legislativas\/\"><div class=\"mask\"><\/div><img loading=\"lazy\" decoding=\"async\" width=\"400\" height=\"300\" src=\"https:\/\/www.tvportugal.tv\/portal\/wp-content\/uploads\/2022\/01\/FotografiaRUIOCHOA_PresidenciaRepublica_DSCF4318-2-400x300.jpg\" class=\"scale-with-grid wp-post-image\" alt=\"Mensagem do Presidente da Rep\u00fablica, Elei\u00e7\u00f5es Legislativas, Portugal, Televis\u00e3o, Marcelo Rebelo de Sousa, Cascais, Oeiras\" itemprop=\"image\" srcset=\"https:\/\/www.tvportugal.tv\/portal\/wp-content\/uploads\/2022\/01\/FotografiaRUIOCHOA_PresidenciaRepublica_DSCF4318-2-400x300.jpg 400w, https:\/\/www.tvportugal.tv\/portal\/wp-content\/uploads\/2022\/01\/FotografiaRUIOCHOA_PresidenciaRepublica_DSCF4318-2-300x225.jpg 300w, https:\/\/www.tvportugal.tv\/portal\/wp-content\/uploads\/2022\/01\/FotografiaRUIOCHOA_PresidenciaRepublica_DSCF4318-2-768x576.jpg 768w, https:\/\/www.tvportugal.tv\/portal\/wp-content\/uploads\/2022\/01\/FotografiaRUIOCHOA_PresidenciaRepublica_DSCF4318-2-195x146.jpg 195w, https:\/\/www.tvportugal.tv\/portal\/wp-content\/uploads\/2022\/01\/FotografiaRUIOCHOA_PresidenciaRepublica_DSCF4318-2-50x38.jpg 50w, https:\/\/www.tvportugal.tv\/portal\/wp-content\/uploads\/2022\/01\/FotografiaRUIOCHOA_PresidenciaRepublica_DSCF4318-2-100x75.jpg 100w, https:\/\/www.tvportugal.tv\/portal\/wp-content\/uploads\/2022\/01\/FotografiaRUIOCHOA_PresidenciaRepublica_DSCF4318-2-350x263.jpg 350w, https:\/\/www.tvportugal.tv\/portal\/wp-content\/uploads\/2022\/01\/FotografiaRUIOCHOA_PresidenciaRepublica_DSCF4318-2.jpg 800w\" sizes=\"auto, (max-width: 400px) 100vw, 400px\" \/><\/a><div class=\"image_links double\"><a href=\"https:\/\/www.tvportugal.tv\/portal\/wp-content\/uploads\/2022\/01\/FotografiaRUIOCHOA_PresidenciaRepublica_DSCF4318-2.jpg\" class=\"zoom\" rel=\"prettyphoto\"><i class=\"icon-search\"><\/i><\/a><a href=\"https:\/\/www.tvportugal.tv\/portal\/mensagem-do-presidente-da-republica-eleicoes-legislativas\/\" class=\"link\"><i class=\"icon-link\"><\/i><\/a><\/div><\/div><\/div><div class=\"post-desc-wrapper\"><div class=\"post-desc\"><div class=\"post-head\"><div class=\"post-meta clearfix\"><div class=\"author-date\"><span class=\"vcard author post-author\"><span class=\"label\">By <\/span><i class=\"icon-user\"><\/i> <span class=\"fn\"><a href=\"https:\/\/www.tvportugal.tv\/portal\/author\/antonio-assuncao\/\">Antonio Assuncao<\/a><\/span><\/span> <span class=\"date\"><span class=\"label\">em <\/span><i class=\"icon-clock\"><\/i> <span class=\"post-date updated\">29\/01\/2022<\/span><\/span><\/div><div class=\"category\"><span class=\"cat-btn\">Categorias <i class=\"icon-down-dir\"><\/i><\/span><div class=\"cat-wrapper\"><ul class=\"post-categories\">\n\t<li><a href=\"https:\/\/www.tvportugal.tv\/portal\/televisao\/cascais\/\" rel=\"category tag\">Cascais<\/a><\/li>\n\t<li><a href=\"https:\/\/www.tvportugal.tv\/portal\/televisao\/comunidade\/\" rel=\"category tag\">Comunidade<\/a><\/li>\n\t<li><a href=\"https:\/\/www.tvportugal.tv\/portal\/televisao\/junior\/\" rel=\"category tag\">Junior<\/a><\/li>\n\t<li><a href=\"https:\/\/www.tvportugal.tv\/portal\/televisao\/mafra\/\" rel=\"category tag\">Mafra<\/a><\/li>\n\t<li><a href=\"https:\/\/www.tvportugal.tv\/portal\/televisao\/oeiras\/\" rel=\"category tag\">Oeiras<\/a><\/li>\n\t<li><a href=\"https:\/\/www.tvportugal.tv\/portal\/televisao\/politica\/\" rel=\"category tag\">Politica<\/a><\/li>\n\t<li><a href=\"https:\/\/www.tvportugal.tv\/portal\/televisao\/senior\/\" rel=\"category tag\">S\u00e9nior<\/a><\/li>\n\t<li><a href=\"https:\/\/www.tvportugal.tv\/portal\/televisao\/social\/\" rel=\"category tag\">Social<\/a><\/li>\n\t<li><a href=\"https:\/\/www.tvportugal.tv\/portal\/televisao\/varios\/\" rel=\"category tag\">V\u00e1rios<\/a><\/li><\/ul><\/div><\/div><\/div><\/div><div class=\"post-title\"><h2 class=\"entry-title\" itemprop=\"headline\"><a href=\"https:\/\/www.tvportugal.tv\/portal\/mensagem-do-presidente-da-republica-eleicoes-legislativas\/\">Mensagem do Presidente da Rep\u00fablica | Elei\u00e7\u00f5es Legislativas\u00a0<\/a><\/h2><\/div><div class=\"post-excerpt\">&#8220;Portugueses, Estas elei\u00e7\u00f5es para a Assembleia da Rep\u00fablica s\u00e3o, verdadeiramente, diferentes. Diferentes porque, sendo as primeiras elei\u00e7\u00f5es parlamentares realizadas em pandemia e ap\u00f3s rejei\u00e7\u00e3o, tamb\u00e9m pela primeira vez, de um Or\u00e7amento de Estado em Democracia, nelas confirm\u00e1mos o dom\u00ednio de tr\u00eas temas: a pr\u00f3pria pandemia e a sa\u00fade; a urgente<span class=\"excerpt-hellip\"> [\u2026]<\/span><\/div><div class=\"post-footer\"><div class=\"button-love\"><span class=\"love-text\">Voc\u00ea gosta disso?<\/span><a href=\"#\" class=\"mfn-love \" data-id=\"7441\"><span class=\"icons-wrapper\"><i class=\"icon-heart-empty-fa\"><\/i><i class=\"icon-heart-fa\"><\/i><\/span><span class=\"label\">31<\/span><\/a><\/div><div class=\"post-links\"><i class=\"icon-doc-text\"><\/i> <a href=\"https:\/\/www.tvportugal.tv\/portal\/mensagem-do-presidente-da-republica-eleicoes-legislativas\/\" class=\"post-more\">Ler mais<\/a><\/div><\/div><\/div><\/div><\/div><div class=\"post-item isotope-item clearfix author-antonio-assuncao post-7345 post type-post status-publish format-standard has-post-thumbnail hentry category-cascais category-comunidade category-eventos category-mafra category-oeiras category-politica category-sintra category-social category-varios tag-carlos-carreiras tag-cascais tag-frederico-nunes tag-frederico-pinho-de-almeida\" ><div class=\"date_label\">25\/09\/2021<\/div><div class=\"image_frame post-photo-wrapper scale-with-grid image\"><div class=\"image_wrapper\"><a href=\"https:\/\/www.tvportugal.tv\/portal\/mensagem-do-presidente-da-republica-a-proposito-da-realizacao-das-eleicoes-autarquicas\/\"><div class=\"mask\"><\/div><img loading=\"lazy\" decoding=\"async\" width=\"400\" height=\"300\" src=\"https:\/\/www.tvportugal.tv\/portal\/wp-content\/uploads\/2021\/09\/Captura-de-ecra-2021-09-25-as-20.12.52-400x300.png\" class=\"scale-with-grid wp-post-image\" alt=\"C\u00e2mara Municipal de Cascais entrega Viaturas ao Servi\u00e7o de Estrangeiros e Fronteiras - SEF, Portugal, Televis\u00e3o, Cascais\" itemprop=\"image\" srcset=\"https:\/\/www.tvportugal.tv\/portal\/wp-content\/uploads\/2021\/09\/Captura-de-ecra-2021-09-25-as-20.12.52-400x300.png 400w, https:\/\/www.tvportugal.tv\/portal\/wp-content\/uploads\/2021\/09\/Captura-de-ecra-2021-09-25-as-20.12.52-300x225.png 300w, https:\/\/www.tvportugal.tv\/portal\/wp-content\/uploads\/2021\/09\/Captura-de-ecra-2021-09-25-as-20.12.52-768x576.png 768w, https:\/\/www.tvportugal.tv\/portal\/wp-content\/uploads\/2021\/09\/Captura-de-ecra-2021-09-25-as-20.12.52-195x146.png 195w, https:\/\/www.tvportugal.tv\/portal\/wp-content\/uploads\/2021\/09\/Captura-de-ecra-2021-09-25-as-20.12.52-50x38.png 50w, https:\/\/www.tvportugal.tv\/portal\/wp-content\/uploads\/2021\/09\/Captura-de-ecra-2021-09-25-as-20.12.52-100x75.png 100w, https:\/\/www.tvportugal.tv\/portal\/wp-content\/uploads\/2021\/09\/Captura-de-ecra-2021-09-25-as-20.12.52-350x263.png 350w, https:\/\/www.tvportugal.tv\/portal\/wp-content\/uploads\/2021\/09\/Captura-de-ecra-2021-09-25-as-20.12.52.png 800w\" sizes=\"auto, (max-width: 400px) 100vw, 400px\" \/><\/a><div class=\"image_links double\"><a href=\"https:\/\/www.tvportugal.tv\/portal\/wp-content\/uploads\/2021\/09\/Captura-de-ecra-2021-09-25-as-20.12.52.png\" class=\"zoom\" rel=\"prettyphoto\"><i class=\"icon-search\"><\/i><\/a><a href=\"https:\/\/www.tvportugal.tv\/portal\/mensagem-do-presidente-da-republica-a-proposito-da-realizacao-das-eleicoes-autarquicas\/\" class=\"link\"><i class=\"icon-link\"><\/i><\/a><\/div><\/div><\/div><div class=\"post-desc-wrapper\"><div class=\"post-desc\"><div class=\"post-head\"><div class=\"post-meta clearfix\"><div class=\"author-date\"><span class=\"vcard author post-author\"><span class=\"label\">By <\/span><i class=\"icon-user\"><\/i> <span class=\"fn\"><a href=\"https:\/\/www.tvportugal.tv\/portal\/author\/antonio-assuncao\/\">Antonio Assuncao<\/a><\/span><\/span> <span class=\"date\"><span class=\"label\">em <\/span><i class=\"icon-clock\"><\/i> <span class=\"post-date updated\">25\/09\/2021<\/span><\/span><\/div><div class=\"category\"><span class=\"cat-btn\">Categorias <i class=\"icon-down-dir\"><\/i><\/span><div class=\"cat-wrapper\"><ul class=\"post-categories\">\n\t<li><a href=\"https:\/\/www.tvportugal.tv\/portal\/televisao\/cascais\/\" rel=\"category tag\">Cascais<\/a><\/li>\n\t<li><a href=\"https:\/\/www.tvportugal.tv\/portal\/televisao\/comunidade\/\" rel=\"category tag\">Comunidade<\/a><\/li>\n\t<li><a href=\"https:\/\/www.tvportugal.tv\/portal\/televisao\/eventos\/\" rel=\"category tag\">Eventos<\/a><\/li>\n\t<li><a href=\"https:\/\/www.tvportugal.tv\/portal\/televisao\/mafra\/\" rel=\"category tag\">Mafra<\/a><\/li>\n\t<li><a href=\"https:\/\/www.tvportugal.tv\/portal\/televisao\/oeiras\/\" rel=\"category tag\">Oeiras<\/a><\/li>\n\t<li><a href=\"https:\/\/www.tvportugal.tv\/portal\/televisao\/politica\/\" rel=\"category tag\">Politica<\/a><\/li>\n\t<li><a href=\"https:\/\/www.tvportugal.tv\/portal\/televisao\/sintra\/\" rel=\"category tag\">Sintra<\/a><\/li>\n\t<li><a href=\"https:\/\/www.tvportugal.tv\/portal\/televisao\/social\/\" rel=\"category tag\">Social<\/a><\/li>\n\t<li><a href=\"https:\/\/www.tvportugal.tv\/portal\/televisao\/varios\/\" rel=\"category tag\">V\u00e1rios<\/a><\/li><\/ul><\/div><\/div><\/div><\/div><div class=\"post-title\"><h2 class=\"entry-title\" itemprop=\"headline\"><a href=\"https:\/\/www.tvportugal.tv\/portal\/mensagem-do-presidente-da-republica-a-proposito-da-realizacao-das-eleicoes-autarquicas\/\">Mensagem do Presidente da Rep\u00fablica a prop\u00f3sito da realiza\u00e7\u00e3o das Elei\u00e7\u00f5es Aut\u00e1rquicas<\/a><\/h2><\/div><div class=\"post-excerpt\">&#8220;As elei\u00e7\u00f5es de amanh\u00e3, as d\u00e9cimas terceiras elei\u00e7\u00f5es locais da nossa Democracia s\u00e3o, no entanto, as primeiras marcadas por tr\u00eas crises ao mesmo tempo \u2013 a da pandemia, a da economia e a da sociedade. N\u00f3s sabemos que a mem\u00f3ria das pessoas \u00e9, frequentemente, curta. Mas, desta vez, n\u00e3o esquecemos<span class=\"excerpt-hellip\"> [\u2026]<\/span><\/div><div class=\"post-footer\"><div class=\"button-love\"><span class=\"love-text\">Voc\u00ea gosta disso?<\/span><a href=\"#\" class=\"mfn-love \" data-id=\"7345\"><span class=\"icons-wrapper\"><i class=\"icon-heart-empty-fa\"><\/i><i class=\"icon-heart-fa\"><\/i><\/span><span class=\"label\">4<\/span><\/a><\/div><div class=\"post-links\"><i class=\"icon-doc-text\"><\/i> <a href=\"https:\/\/www.tvportugal.tv\/portal\/mensagem-do-presidente-da-republica-a-proposito-da-realizacao-das-eleicoes-autarquicas\/\" class=\"post-more\">Ler mais<\/a><\/div><\/div><\/div><\/div><\/div><div class=\"post-item isotope-item clearfix author-antonio-assuncao post-6892 post type-post status-publish format-standard has-post-thumbnail hentry category-cascais category-comunidade category-inauguracoes category-mafra category-oeiras category-sintra category-social category-varios tag-carlos-carreiras tag-marcelo-rebelo-de-sousa\" ><div class=\"date_label\">16\/04\/2020<\/div><div class=\"image_frame post-photo-wrapper scale-with-grid image\"><div class=\"image_wrapper\"><a href=\"https:\/\/www.tvportugal.tv\/portal\/mensagem-do-presidente-da-republica-ao-pais\/\"><div class=\"mask\"><\/div><img loading=\"lazy\" decoding=\"async\" width=\"400\" height=\"300\" src=\"https:\/\/www.tvportugal.tv\/portal\/wp-content\/uploads\/2020\/04\/200416-PRMRS-MFL-0229-4429-400x300.jpg\" class=\"scale-with-grid wp-post-image\" alt=\"Mensagem do Presidente da Rep\u00fablica ao Pa\u00eds sobre a segunda renova\u00e7\u00e3o do estado de emerg\u00eancia, Portugal, Televis\u00e3o, Marcelo Rebelo de Sousa\" itemprop=\"image\" srcset=\"https:\/\/www.tvportugal.tv\/portal\/wp-content\/uploads\/2020\/04\/200416-PRMRS-MFL-0229-4429-400x300.jpg 400w, https:\/\/www.tvportugal.tv\/portal\/wp-content\/uploads\/2020\/04\/200416-PRMRS-MFL-0229-4429-300x225.jpg 300w, https:\/\/www.tvportugal.tv\/portal\/wp-content\/uploads\/2020\/04\/200416-PRMRS-MFL-0229-4429-768x576.jpg 768w, https:\/\/www.tvportugal.tv\/portal\/wp-content\/uploads\/2020\/04\/200416-PRMRS-MFL-0229-4429-195x146.jpg 195w, https:\/\/www.tvportugal.tv\/portal\/wp-content\/uploads\/2020\/04\/200416-PRMRS-MFL-0229-4429-50x38.jpg 50w, https:\/\/www.tvportugal.tv\/portal\/wp-content\/uploads\/2020\/04\/200416-PRMRS-MFL-0229-4429-100x75.jpg 100w, https:\/\/www.tvportugal.tv\/portal\/wp-content\/uploads\/2020\/04\/200416-PRMRS-MFL-0229-4429-350x263.jpg 350w, https:\/\/www.tvportugal.tv\/portal\/wp-content\/uploads\/2020\/04\/200416-PRMRS-MFL-0229-4429.jpg 800w\" sizes=\"auto, (max-width: 400px) 100vw, 400px\" \/><\/a><div class=\"image_links double\"><a href=\"https:\/\/www.tvportugal.tv\/portal\/wp-content\/uploads\/2020\/04\/200416-PRMRS-MFL-0229-4429.jpg\" class=\"zoom\" rel=\"prettyphoto\"><i class=\"icon-search\"><\/i><\/a><a href=\"https:\/\/www.tvportugal.tv\/portal\/mensagem-do-presidente-da-republica-ao-pais\/\" class=\"link\"><i class=\"icon-link\"><\/i><\/a><\/div><\/div><\/div><div class=\"post-desc-wrapper\"><div class=\"post-desc\"><div class=\"post-head\"><div class=\"post-meta clearfix\"><div class=\"author-date\"><span class=\"vcard author post-author\"><span class=\"label\">By <\/span><i class=\"icon-user\"><\/i> <span class=\"fn\"><a href=\"https:\/\/www.tvportugal.tv\/portal\/author\/antonio-assuncao\/\">Antonio Assuncao<\/a><\/span><\/span> <span class=\"date\"><span class=\"label\">em <\/span><i class=\"icon-clock\"><\/i> <span class=\"post-date updated\">16\/04\/2020<\/span><\/span><\/div><div class=\"category\"><span class=\"cat-btn\">Categorias <i class=\"icon-down-dir\"><\/i><\/span><div class=\"cat-wrapper\"><ul class=\"post-categories\">\n\t<li><a href=\"https:\/\/www.tvportugal.tv\/portal\/televisao\/cascais\/\" rel=\"category tag\">Cascais<\/a><\/li>\n\t<li><a href=\"https:\/\/www.tvportugal.tv\/portal\/televisao\/comunidade\/\" rel=\"category tag\">Comunidade<\/a><\/li>\n\t<li><a href=\"https:\/\/www.tvportugal.tv\/portal\/televisao\/inauguracoes\/\" rel=\"category tag\">Inaugura\u00e7\u00f5es<\/a><\/li>\n\t<li><a href=\"https:\/\/www.tvportugal.tv\/portal\/televisao\/mafra\/\" rel=\"category tag\">Mafra<\/a><\/li>\n\t<li><a href=\"https:\/\/www.tvportugal.tv\/portal\/televisao\/oeiras\/\" rel=\"category tag\">Oeiras<\/a><\/li>\n\t<li><a href=\"https:\/\/www.tvportugal.tv\/portal\/televisao\/sintra\/\" rel=\"category tag\">Sintra<\/a><\/li>\n\t<li><a href=\"https:\/\/www.tvportugal.tv\/portal\/televisao\/social\/\" rel=\"category tag\">Social<\/a><\/li>\n\t<li><a href=\"https:\/\/www.tvportugal.tv\/portal\/televisao\/varios\/\" rel=\"category tag\">V\u00e1rios<\/a><\/li><\/ul><\/div><\/div><\/div><\/div><div class=\"post-title\"><h2 class=\"entry-title\" itemprop=\"headline\"><a href=\"https:\/\/www.tvportugal.tv\/portal\/mensagem-do-presidente-da-republica-ao-pais\/\">Mensagem do Presidente da Rep\u00fablica ao Pa\u00eds sobre a segunda renova\u00e7\u00e3o do estado de emerg\u00eancia<\/a><\/h2><\/div><div class=\"post-excerpt\">[vc_row][vc_column][vc_column_text] Mensagem do Presidente da Rep\u00fablica ao Pa\u00eds sobre a segunda renova\u00e7\u00e3o do estado de emerg\u00eancia [\/vc_column_text][\/vc_column][\/vc_row][vc_row][vc_column][vc_column_text]&#8221;\u00c9 fruto de todos n\u00f3s termos entendido o desafio e actuado mais cedo. \u00c9 fruto de todos n\u00f3s termos estado sempre solid\u00e1rios e mobilizados, com disciplina, com zelo, com determina\u00e7\u00e3o e com coragem. Se<span class=\"excerpt-hellip\"> [\u2026]<\/span><\/div><div class=\"post-footer\"><div class=\"button-love\"><span class=\"love-text\">Voc\u00ea gosta disso?<\/span><a href=\"#\" class=\"mfn-love \" data-id=\"6892\"><span class=\"icons-wrapper\"><i class=\"icon-heart-empty-fa\"><\/i><i class=\"icon-heart-fa\"><\/i><\/span><span class=\"label\">1<\/span><\/a><\/div><div class=\"post-links\"><i class=\"icon-doc-text\"><\/i> <a href=\"https:\/\/www.tvportugal.tv\/portal\/mensagem-do-presidente-da-republica-ao-pais\/\" class=\"post-more\">Ler mais<\/a><\/div><\/div><\/div><\/div><\/div><div class=\"post-item isotope-item clearfix author-antonio-assuncao post-6874 post type-post status-publish format-standard has-post-thumbnail hentry category-cascais category-comunidade category-mafra category-oeiras category-politica category-social category-varios tag-carlos-carreiras tag-cascais tag-politica\" ><div class=\"date_label\">18\/03\/2020<\/div><div class=\"image_frame post-photo-wrapper scale-with-grid image\"><div class=\"image_wrapper\"><a href=\"https:\/\/www.tvportugal.tv\/portal\/inicio-da-reuniao-do-conselho-de-estado-videoconferencia\/\"><div class=\"mask\"><\/div><img loading=\"lazy\" decoding=\"async\" width=\"400\" height=\"300\" src=\"https:\/\/www.tvportugal.tv\/portal\/wp-content\/uploads\/2020\/03\/200318-PRMRS-MFL-0174-4479-c\u00f3pia-400x300.jpg\" class=\"scale-with-grid wp-post-image\" alt=\"In\u00edcio da Reuni\u00e3o do Conselho de Estado, Videoconfer\u00eancia, Marcelo Rebelo de Sousa, Presidente da Rep\u00fablica, Portugal, Televis\u00e3o, Cascais\" itemprop=\"image\" srcset=\"https:\/\/www.tvportugal.tv\/portal\/wp-content\/uploads\/2020\/03\/200318-PRMRS-MFL-0174-4479-c\u00f3pia-400x300.jpg 400w, https:\/\/www.tvportugal.tv\/portal\/wp-content\/uploads\/2020\/03\/200318-PRMRS-MFL-0174-4479-c\u00f3pia-300x225.jpg 300w, https:\/\/www.tvportugal.tv\/portal\/wp-content\/uploads\/2020\/03\/200318-PRMRS-MFL-0174-4479-c\u00f3pia-768x576.jpg 768w, https:\/\/www.tvportugal.tv\/portal\/wp-content\/uploads\/2020\/03\/200318-PRMRS-MFL-0174-4479-c\u00f3pia-195x146.jpg 195w, https:\/\/www.tvportugal.tv\/portal\/wp-content\/uploads\/2020\/03\/200318-PRMRS-MFL-0174-4479-c\u00f3pia-50x38.jpg 50w, https:\/\/www.tvportugal.tv\/portal\/wp-content\/uploads\/2020\/03\/200318-PRMRS-MFL-0174-4479-c\u00f3pia-100x75.jpg 100w, https:\/\/www.tvportugal.tv\/portal\/wp-content\/uploads\/2020\/03\/200318-PRMRS-MFL-0174-4479-c\u00f3pia-350x263.jpg 350w, https:\/\/www.tvportugal.tv\/portal\/wp-content\/uploads\/2020\/03\/200318-PRMRS-MFL-0174-4479-c\u00f3pia.jpg 800w\" sizes=\"auto, (max-width: 400px) 100vw, 400px\" \/><\/a><div class=\"image_links double\"><a href=\"https:\/\/www.tvportugal.tv\/portal\/wp-content\/uploads\/2020\/03\/200318-PRMRS-MFL-0174-4479-c\u00f3pia.jpg\" class=\"zoom\" rel=\"prettyphoto\"><i class=\"icon-search\"><\/i><\/a><a href=\"https:\/\/www.tvportugal.tv\/portal\/inicio-da-reuniao-do-conselho-de-estado-videoconferencia\/\" class=\"link\"><i class=\"icon-link\"><\/i><\/a><\/div><\/div><\/div><div class=\"post-desc-wrapper\"><div class=\"post-desc\"><div class=\"post-head\"><div class=\"post-meta clearfix\"><div class=\"author-date\"><span class=\"vcard author post-author\"><span class=\"label\">By <\/span><i class=\"icon-user\"><\/i> <span class=\"fn\"><a href=\"https:\/\/www.tvportugal.tv\/portal\/author\/antonio-assuncao\/\">Antonio Assuncao<\/a><\/span><\/span> <span class=\"date\"><span class=\"label\">em <\/span><i class=\"icon-clock\"><\/i> <span class=\"post-date updated\">18\/03\/2020<\/span><\/span><\/div><div class=\"category\"><span class=\"cat-btn\">Categorias <i class=\"icon-down-dir\"><\/i><\/span><div class=\"cat-wrapper\"><ul class=\"post-categories\">\n\t<li><a href=\"https:\/\/www.tvportugal.tv\/portal\/televisao\/cascais\/\" rel=\"category tag\">Cascais<\/a><\/li>\n\t<li><a href=\"https:\/\/www.tvportugal.tv\/portal\/televisao\/comunidade\/\" rel=\"category tag\">Comunidade<\/a><\/li>\n\t<li><a href=\"https:\/\/www.tvportugal.tv\/portal\/televisao\/mafra\/\" rel=\"category tag\">Mafra<\/a><\/li>\n\t<li><a href=\"https:\/\/www.tvportugal.tv\/portal\/televisao\/oeiras\/\" rel=\"category tag\">Oeiras<\/a><\/li>\n\t<li><a href=\"https:\/\/www.tvportugal.tv\/portal\/televisao\/politica\/\" rel=\"category tag\">Politica<\/a><\/li>\n\t<li><a href=\"https:\/\/www.tvportugal.tv\/portal\/televisao\/social\/\" rel=\"category tag\">Social<\/a><\/li>\n\t<li><a href=\"https:\/\/www.tvportugal.tv\/portal\/televisao\/varios\/\" rel=\"category tag\">V\u00e1rios<\/a><\/li><\/ul><\/div><\/div><\/div><\/div><div class=\"post-title\"><h2 class=\"entry-title\" itemprop=\"headline\"><a href=\"https:\/\/www.tvportugal.tv\/portal\/inicio-da-reuniao-do-conselho-de-estado-videoconferencia\/\">In\u00edcio da Reuni\u00e3o do Conselho de Estado | Videoconfer\u00eancia<\/a><\/h2><\/div><div class=\"post-excerpt\">[vc_row][vc_column][vc_column_text] In\u00edcio da Reuni\u00e3o do Conselho de Estado | Videoconfer\u00eancia [\/vc_column_text][\/vc_column][\/vc_row][vc_row][vc_column][vc_column_text]&#8221;O Presidente da Rep\u00fablica encontra-se a presidir, a partir do Pal\u00e1cio de Bel\u00e9m, \u00e0 reuni\u00e3o do Conselho de Estado, que decorre por videoconfer\u00eancia. Imagens &#8211; PR 2020 03 18[\/vc_column_text][\/vc_column][\/vc_row][vc_row][vc_column][vc_video link=&#8221;https:\/\/www.youtube.com\/watch?v=lJcu6ZzncDA&#8221;][\/vc_column][\/vc_row]<\/div><div class=\"post-footer\"><div class=\"button-love\"><span class=\"love-text\">Voc\u00ea gosta disso?<\/span><a href=\"#\" class=\"mfn-love \" data-id=\"6874\"><span class=\"icons-wrapper\"><i class=\"icon-heart-empty-fa\"><\/i><i class=\"icon-heart-fa\"><\/i><\/span><span class=\"label\">0<\/span><\/a><\/div><div class=\"post-links\"><i class=\"icon-doc-text\"><\/i> <a href=\"https:\/\/www.tvportugal.tv\/portal\/inicio-da-reuniao-do-conselho-de-estado-videoconferencia\/\" class=\"post-more\">Ler mais<\/a><\/div><\/div><\/div><\/div><\/div><div class=\"post-item isotope-item clearfix author-antonio-assuncao post-5112 post type-post status-publish format-standard has-post-thumbnail hentry category-cascais category-comunidade category-eventos category-mafra category-social tag-carlos-carreiras tag-cascais tag-fernando-ferreira-marques tag-frederico-pinho-de-almeida tag-nuno-piteira-lopes tag-pedro-morais-soares\" ><div class=\"date_label\">03\/07\/2017<\/div><div class=\"image_frame post-photo-wrapper scale-with-grid image\"><div class=\"image_wrapper\"><a href=\"https:\/\/www.tvportugal.tv\/portal\/apresentacao-de-candidatura-viva-cascais-helder-sousa-silva\/\"><div class=\"mask\"><\/div><img loading=\"lazy\" decoding=\"async\" width=\"400\" height=\"300\" src=\"https:\/\/www.tvportugal.tv\/portal\/wp-content\/uploads\/2017\/07\/Helder-Mafra-400x300.png\" class=\"scale-with-grid wp-post-image\" alt=\"Apresenta\u00e7\u00e3o de Candidatura VIVA CASCAIS, Helder Sousa Silva, Carlos Carreiras, Pedro Morais Soares, Pedro Mota Soares, Cascais, Televis\u00e3o, Portugal\" itemprop=\"image\" srcset=\"https:\/\/www.tvportugal.tv\/portal\/wp-content\/uploads\/2017\/07\/Helder-Mafra-400x300.png 400w, https:\/\/www.tvportugal.tv\/portal\/wp-content\/uploads\/2017\/07\/Helder-Mafra-300x225.png 300w, https:\/\/www.tvportugal.tv\/portal\/wp-content\/uploads\/2017\/07\/Helder-Mafra-768x576.png 768w, https:\/\/www.tvportugal.tv\/portal\/wp-content\/uploads\/2017\/07\/Helder-Mafra-195x146.png 195w, https:\/\/www.tvportugal.tv\/portal\/wp-content\/uploads\/2017\/07\/Helder-Mafra-50x38.png 50w, https:\/\/www.tvportugal.tv\/portal\/wp-content\/uploads\/2017\/07\/Helder-Mafra-100x75.png 100w, https:\/\/www.tvportugal.tv\/portal\/wp-content\/uploads\/2017\/07\/Helder-Mafra-350x263.png 350w, https:\/\/www.tvportugal.tv\/portal\/wp-content\/uploads\/2017\/07\/Helder-Mafra.png 800w\" sizes=\"auto, (max-width: 400px) 100vw, 400px\" \/><\/a><div class=\"image_links double\"><a href=\"https:\/\/www.tvportugal.tv\/portal\/wp-content\/uploads\/2017\/07\/Helder-Mafra.png\" class=\"zoom\" rel=\"prettyphoto\"><i class=\"icon-search\"><\/i><\/a><a href=\"https:\/\/www.tvportugal.tv\/portal\/apresentacao-de-candidatura-viva-cascais-helder-sousa-silva\/\" class=\"link\"><i class=\"icon-link\"><\/i><\/a><\/div><\/div><\/div><div class=\"post-desc-wrapper\"><div class=\"post-desc\"><div class=\"post-head\"><div class=\"post-meta clearfix\"><div class=\"author-date\"><span class=\"vcard author post-author\"><span class=\"label\">By <\/span><i class=\"icon-user\"><\/i> <span class=\"fn\"><a href=\"https:\/\/www.tvportugal.tv\/portal\/author\/antonio-assuncao\/\">Antonio Assuncao<\/a><\/span><\/span> <span class=\"date\"><span class=\"label\">em <\/span><i class=\"icon-clock\"><\/i> <span class=\"post-date updated\">03\/07\/2017<\/span><\/span><\/div><div class=\"category\"><span class=\"cat-btn\">Categorias <i class=\"icon-down-dir\"><\/i><\/span><div class=\"cat-wrapper\"><ul class=\"post-categories\">\n\t<li><a href=\"https:\/\/www.tvportugal.tv\/portal\/televisao\/cascais\/\" rel=\"category tag\">Cascais<\/a><\/li>\n\t<li><a href=\"https:\/\/www.tvportugal.tv\/portal\/televisao\/comunidade\/\" rel=\"category tag\">Comunidade<\/a><\/li>\n\t<li><a href=\"https:\/\/www.tvportugal.tv\/portal\/televisao\/eventos\/\" rel=\"category tag\">Eventos<\/a><\/li>\n\t<li><a href=\"https:\/\/www.tvportugal.tv\/portal\/televisao\/mafra\/\" rel=\"category tag\">Mafra<\/a><\/li>\n\t<li><a href=\"https:\/\/www.tvportugal.tv\/portal\/televisao\/social\/\" rel=\"category tag\">Social<\/a><\/li><\/ul><\/div><\/div><\/div><\/div><div class=\"post-title\"><h2 class=\"entry-title\" itemprop=\"headline\"><a href=\"https:\/\/www.tvportugal.tv\/portal\/apresentacao-de-candidatura-viva-cascais-helder-sousa-silva\/\">Apresenta\u00e7\u00e3o de Candidatura VIVA CASCAIS, Helder Sousa Silva<\/a><\/h2><\/div><div class=\"post-excerpt\">[vc_row][vc_column][vc_column_text] Apresenta\u00e7\u00e3o de Candidatura VIVA CASCAIS, Helder Sousa Silva [\/vc_column_text][\/vc_column][\/vc_row][vc_row][vc_column][vc_column_text]&#8221;Hoje, naturalmente n\u00e3o podia deixar de apoiar esta coliga\u00e7\u00e3o, em particular o meu amigo de longa data, Carlos Carreiras. (&#8230;) esta equipa do VIVA CASCAIS est\u00e1 de parab\u00e9ns e de facto Cascais avan\u00e7a a grande velocidade, Mafra avan\u00e7a a grande velocidade<span class=\"excerpt-hellip\"> [\u2026]<\/span><\/div><div class=\"post-footer\"><div class=\"button-love\"><span class=\"love-text\">Voc\u00ea gosta disso?<\/span><a href=\"#\" class=\"mfn-love \" data-id=\"5112\"><span class=\"icons-wrapper\"><i class=\"icon-heart-empty-fa\"><\/i><i class=\"icon-heart-fa\"><\/i><\/span><span class=\"label\">3<\/span><\/a><\/div><div class=\"post-links\"><i class=\"icon-doc-text\"><\/i> <a href=\"https:\/\/www.tvportugal.tv\/portal\/apresentacao-de-candidatura-viva-cascais-helder-sousa-silva\/\" class=\"post-more\">Ler mais<\/a><\/div><\/div><\/div><\/div><\/div><div class=\"post-item isotope-item clearfix author-antonio-assuncao post-4444 post type-post status-publish format-standard has-post-thumbnail hentry category-cascais category-cultura category-eventos category-festas category-junior category-mafra category-oeiras category-saude category-sintra category-social category-varios tag-alcabideche tag-aniversarios tag-musica\" ><div class=\"date_label\">01\/12\/2016<\/div><div class=\"image_frame post-photo-wrapper scale-with-grid image\"><div class=\"image_wrapper\"><a href=\"https:\/\/www.tvportugal.tv\/portal\/palhaco-croquete-2016-espectaculos-de-natal-espectaculo-divertido\/\"><div class=\"mask\"><\/div><img loading=\"lazy\" decoding=\"async\" width=\"400\" height=\"300\" src=\"https:\/\/www.tvportugal.tv\/portal\/wp-content\/uploads\/2016\/12\/CROTVPOR-400x300.jpg\" class=\"scale-with-grid wp-post-image\" alt=\"\" itemprop=\"image\" srcset=\"https:\/\/www.tvportugal.tv\/portal\/wp-content\/uploads\/2016\/12\/CROTVPOR-400x300.jpg 400w, https:\/\/www.tvportugal.tv\/portal\/wp-content\/uploads\/2016\/12\/CROTVPOR-300x225.jpg 300w, https:\/\/www.tvportugal.tv\/portal\/wp-content\/uploads\/2016\/12\/CROTVPOR-768x576.jpg 768w, https:\/\/www.tvportugal.tv\/portal\/wp-content\/uploads\/2016\/12\/CROTVPOR-195x146.jpg 195w, https:\/\/www.tvportugal.tv\/portal\/wp-content\/uploads\/2016\/12\/CROTVPOR-50x38.jpg 50w, https:\/\/www.tvportugal.tv\/portal\/wp-content\/uploads\/2016\/12\/CROTVPOR-100x75.jpg 100w, https:\/\/www.tvportugal.tv\/portal\/wp-content\/uploads\/2016\/12\/CROTVPOR-350x263.jpg 350w, https:\/\/www.tvportugal.tv\/portal\/wp-content\/uploads\/2016\/12\/CROTVPOR.jpg 800w\" sizes=\"auto, (max-width: 400px) 100vw, 400px\" \/><\/a><div class=\"image_links double\"><a href=\"https:\/\/www.tvportugal.tv\/portal\/wp-content\/uploads\/2016\/12\/CROTVPOR.jpg\" class=\"zoom\" rel=\"prettyphoto\"><i class=\"icon-search\"><\/i><\/a><a href=\"https:\/\/www.tvportugal.tv\/portal\/palhaco-croquete-2016-espectaculos-de-natal-espectaculo-divertido\/\" class=\"link\"><i class=\"icon-link\"><\/i><\/a><\/div><\/div><\/div><div class=\"post-desc-wrapper\"><div class=\"post-desc\"><div class=\"post-head\"><div class=\"post-meta clearfix\"><div class=\"author-date\"><span class=\"vcard author post-author\"><span class=\"label\">By <\/span><i class=\"icon-user\"><\/i> <span class=\"fn\"><a href=\"https:\/\/www.tvportugal.tv\/portal\/author\/antonio-assuncao\/\">Antonio Assuncao<\/a><\/span><\/span> <span class=\"date\"><span class=\"label\">em <\/span><i class=\"icon-clock\"><\/i> <span class=\"post-date updated\">01\/12\/2016<\/span><\/span><\/div><div class=\"category\"><span class=\"cat-btn\">Categorias <i class=\"icon-down-dir\"><\/i><\/span><div class=\"cat-wrapper\"><ul class=\"post-categories\">\n\t<li><a href=\"https:\/\/www.tvportugal.tv\/portal\/televisao\/cascais\/\" rel=\"category tag\">Cascais<\/a><\/li>\n\t<li><a href=\"https:\/\/www.tvportugal.tv\/portal\/televisao\/cultura\/\" rel=\"category tag\">Cultura<\/a><\/li>\n\t<li><a href=\"https:\/\/www.tvportugal.tv\/portal\/televisao\/eventos\/\" rel=\"category tag\">Eventos<\/a><\/li>\n\t<li><a href=\"https:\/\/www.tvportugal.tv\/portal\/televisao\/festas\/\" rel=\"category tag\">Festas<\/a><\/li>\n\t<li><a href=\"https:\/\/www.tvportugal.tv\/portal\/televisao\/junior\/\" rel=\"category tag\">Junior<\/a><\/li>\n\t<li><a href=\"https:\/\/www.tvportugal.tv\/portal\/televisao\/mafra\/\" rel=\"category tag\">Mafra<\/a><\/li>\n\t<li><a href=\"https:\/\/www.tvportugal.tv\/portal\/televisao\/oeiras\/\" rel=\"category tag\">Oeiras<\/a><\/li>\n\t<li><a href=\"https:\/\/www.tvportugal.tv\/portal\/televisao\/saude\/\" rel=\"category tag\">Sa\u00fade<\/a><\/li>\n\t<li><a href=\"https:\/\/www.tvportugal.tv\/portal\/televisao\/sintra\/\" rel=\"category tag\">Sintra<\/a><\/li>\n\t<li><a href=\"https:\/\/www.tvportugal.tv\/portal\/televisao\/social\/\" rel=\"category tag\">Social<\/a><\/li>\n\t<li><a href=\"https:\/\/www.tvportugal.tv\/portal\/televisao\/varios\/\" rel=\"category tag\">V\u00e1rios<\/a><\/li><\/ul><\/div><\/div><\/div><\/div><div class=\"post-title\"><h2 class=\"entry-title\" itemprop=\"headline\"><a href=\"https:\/\/www.tvportugal.tv\/portal\/palhaco-croquete-2016-espectaculos-de-natal-espectaculo-divertido\/\">Palha\u00e7o Croquete 2016<\/a><\/h2><\/div><div class=\"post-excerpt\">[vc_row][vc_column][vc_column_text] Palha\u00e7o Croquete 2016 [\/vc_column_text][\/vc_column][\/vc_row][vc_row][vc_column][vc_column_text]O Palha\u00e7o Croquete faz a liga\u00e7\u00e3o entre os v\u00e1rios temas musicais do espect\u00e1culo procurando sensibilizar o p\u00fablico para os mais variados e pertinentes assuntos atrav\u00e9s de pequenos gags, cujo desenvolvimento depende, do compromisso entre a prepara\u00e7\u00e3o pr\u00e9via e as reac\u00e7\u00f5es espont\u00e2neas dos participantes. 2016 11 30[\/vc_column_text][\/vc_column][\/vc_row][vc_row][vc_column][vc_video<span class=\"excerpt-hellip\"> [\u2026]<\/span><\/div><div class=\"post-footer\"><div class=\"button-love\"><span class=\"love-text\">Voc\u00ea gosta disso?<\/span><a href=\"#\" class=\"mfn-love \" data-id=\"4444\"><span class=\"icons-wrapper\"><i class=\"icon-heart-empty-fa\"><\/i><i class=\"icon-heart-fa\"><\/i><\/span><span class=\"label\">3<\/span><\/a><\/div><div class=\"post-links\"><i class=\"icon-doc-text\"><\/i> <a href=\"https:\/\/www.tvportugal.tv\/portal\/palhaco-croquete-2016-espectaculos-de-natal-espectaculo-divertido\/\" class=\"post-more\">Ler mais<\/a><\/div><\/div><\/div><\/div><\/div><div class=\"post-item isotope-item clearfix author-antonio-assuncao post-3264 post type-post status-publish format-image has-post-thumbnail hentry category-cascais category-educacao category-mafra category-oeiras tag-cascais tag-educacao tag-mafra tag-oeiras tag-piteira-lopes post_format-post-format-image\" ><div class=\"date_label\">19\/04\/2016<\/div><div class=\"image_frame post-photo-wrapper scale-with-grid image\"><div class=\"image_wrapper\"><a href=\"https:\/\/www.tvportugal.tv\/portal\/empreendedorismo-nas-escolas-feira-ilimitada\/\"><div class=\"mask\"><\/div><img loading=\"lazy\" decoding=\"async\" width=\"800\" height=\"600\" src=\"https:\/\/www.tvportugal.tv\/portal\/wp-content\/uploads\/2016\/04\/empreendedorismo.jpg\" class=\"scale-with-grid wp-post-image\" alt=\"Feira Ilimitada, Feira Regional de Empreendedorismo, Mercado, Cascais, Concelho, Cascais, Oeiras, Mafra, feira Nacional, Nuno Piteira Lopes\" itemprop=\"image\" srcset=\"https:\/\/www.tvportugal.tv\/portal\/wp-content\/uploads\/2016\/04\/empreendedorismo.jpg 800w, https:\/\/www.tvportugal.tv\/portal\/wp-content\/uploads\/2016\/04\/empreendedorismo-300x225.jpg 300w, https:\/\/www.tvportugal.tv\/portal\/wp-content\/uploads\/2016\/04\/empreendedorismo-768x576.jpg 768w, https:\/\/www.tvportugal.tv\/portal\/wp-content\/uploads\/2016\/04\/empreendedorismo-195x146.jpg 195w, https:\/\/www.tvportugal.tv\/portal\/wp-content\/uploads\/2016\/04\/empreendedorismo-50x38.jpg 50w, https:\/\/www.tvportugal.tv\/portal\/wp-content\/uploads\/2016\/04\/empreendedorismo-100x75.jpg 100w\" sizes=\"auto, (max-width: 800px) 100vw, 800px\" \/><\/a><div class=\"image_links double\"><a href=\"https:\/\/www.tvportugal.tv\/portal\/wp-content\/uploads\/2016\/04\/empreendedorismo.jpg\" class=\"zoom\" rel=\"prettyphoto\"><i class=\"icon-search\"><\/i><\/a><a href=\"https:\/\/www.tvportugal.tv\/portal\/empreendedorismo-nas-escolas-feira-ilimitada\/\" class=\"link\"><i class=\"icon-link\"><\/i><\/a><\/div><\/div><\/div><div class=\"post-desc-wrapper\"><div class=\"post-desc\"><div class=\"post-head\"><div class=\"post-meta clearfix\"><div class=\"author-date\"><span class=\"vcard author post-author\"><span class=\"label\">By <\/span><i class=\"icon-user\"><\/i> <span class=\"fn\"><a href=\"https:\/\/www.tvportugal.tv\/portal\/author\/antonio-assuncao\/\">Antonio Assuncao<\/a><\/span><\/span> <span class=\"date\"><span class=\"label\">em <\/span><i class=\"icon-clock\"><\/i> <span class=\"post-date updated\">19\/04\/2016<\/span><\/span><\/div><div class=\"category\"><span class=\"cat-btn\">Categorias <i class=\"icon-down-dir\"><\/i><\/span><div class=\"cat-wrapper\"><ul class=\"post-categories\">\n\t<li><a href=\"https:\/\/www.tvportugal.tv\/portal\/televisao\/cascais\/\" rel=\"category tag\">Cascais<\/a><\/li>\n\t<li><a href=\"https:\/\/www.tvportugal.tv\/portal\/televisao\/educacao\/\" rel=\"category tag\">Educa\u00e7\u00e3o<\/a><\/li>\n\t<li><a href=\"https:\/\/www.tvportugal.tv\/portal\/televisao\/mafra\/\" rel=\"category tag\">Mafra<\/a><\/li>\n\t<li><a href=\"https:\/\/www.tvportugal.tv\/portal\/televisao\/oeiras\/\" rel=\"category tag\">Oeiras<\/a><\/li><\/ul><\/div><\/div><\/div><\/div><div class=\"post-title\"><h2 class=\"entry-title\" itemprop=\"headline\"><a href=\"https:\/\/www.tvportugal.tv\/portal\/empreendedorismo-nas-escolas-feira-ilimitada\/\">Empreendedorismo nas Escolas | Feira Ilimitada<\/a><\/h2><\/div><div class=\"post-excerpt\">[vc_row][vc_column][vc_column_text] Empreendedorismo nas Escolas, Feira Ilimitada [\/vc_column_text][\/vc_column][\/vc_row][vc_row][vc_column][vc_column_text]&#8221;\u00c9 a Feira Regional de Empreendedorismo que se passa aqui no Mercado da Vila em Cascais englobando os Concelhos de Cascais, Oeiras, Mafra e todos os projectos que foram apurados para vir a esta feira donde v\u00e3o sair hoje os projectos vencedores para a<span class=\"excerpt-hellip\"> [\u2026]<\/span><\/div><div class=\"post-footer\"><div class=\"button-love\"><span class=\"love-text\">Voc\u00ea gosta disso?<\/span><a href=\"#\" class=\"mfn-love \" data-id=\"3264\"><span class=\"icons-wrapper\"><i class=\"icon-heart-empty-fa\"><\/i><i class=\"icon-heart-fa\"><\/i><\/span><span class=\"label\">2<\/span><\/a><\/div><div class=\"post-links\"><i class=\"icon-doc-text\"><\/i> <a href=\"https:\/\/www.tvportugal.tv\/portal\/empreendedorismo-nas-escolas-feira-ilimitada\/\" class=\"post-more\">Ler mais<\/a><\/div><\/div><\/div><\/div><\/div><div class=\"post-item isotope-item clearfix author-antonio-assuncao post-3512 post type-post status-publish format-standard has-post-thumbnail hentry category-comunidade category-mafra category-social tag-associacoes tag-rotary-club-de-mafra tag-solidariedade\" ><div class=\"date_label\">02\/02\/2016<\/div><div class=\"image_frame post-photo-wrapper scale-with-grid image\"><div class=\"image_wrapper\"><a href=\"https:\/\/www.tvportugal.tv\/portal\/rotary-club-mafra-visita-do-governador-d-1960\/\"><div class=\"mask\"><\/div><img loading=\"lazy\" decoding=\"async\" width=\"400\" height=\"300\" src=\"https:\/\/www.tvportugal.tv\/portal\/wp-content\/uploads\/2016\/02\/d1960.jpg\" class=\"scale-with-grid wp-post-image\" alt=\"Rotary Club de Mafra, Visita do Governador D 1960, Jantar, Musica, Rot\u00e1rios, Solidariedade, Cidadania, TV Web, TV Regional, Regi\u00e3o de Lisboa, Videos\" itemprop=\"image\" srcset=\"https:\/\/www.tvportugal.tv\/portal\/wp-content\/uploads\/2016\/02\/d1960.jpg 800w, https:\/\/www.tvportugal.tv\/portal\/wp-content\/uploads\/2016\/02\/d1960-300x225.jpg 300w, https:\/\/www.tvportugal.tv\/portal\/wp-content\/uploads\/2016\/02\/d1960-768x576.jpg 768w, https:\/\/www.tvportugal.tv\/portal\/wp-content\/uploads\/2016\/02\/d1960-195x146.jpg 195w, https:\/\/www.tvportugal.tv\/portal\/wp-content\/uploads\/2016\/02\/d1960-50x38.jpg 50w, https:\/\/www.tvportugal.tv\/portal\/wp-content\/uploads\/2016\/02\/d1960-100x75.jpg 100w\" sizes=\"auto, (max-width: 400px) 100vw, 400px\" \/><\/a><div class=\"image_links double\"><a href=\"https:\/\/www.tvportugal.tv\/portal\/wp-content\/uploads\/2016\/02\/d1960.jpg\" class=\"zoom\" rel=\"prettyphoto\"><i class=\"icon-search\"><\/i><\/a><a href=\"https:\/\/www.tvportugal.tv\/portal\/rotary-club-mafra-visita-do-governador-d-1960\/\" class=\"link\"><i class=\"icon-link\"><\/i><\/a><\/div><\/div><\/div><div class=\"post-desc-wrapper\"><div class=\"post-desc\"><div class=\"post-head\"><div class=\"post-meta clearfix\"><div class=\"author-date\"><span class=\"vcard author post-author\"><span class=\"label\">By <\/span><i class=\"icon-user\"><\/i> <span class=\"fn\"><a href=\"https:\/\/www.tvportugal.tv\/portal\/author\/antonio-assuncao\/\">Antonio Assuncao<\/a><\/span><\/span> <span class=\"date\"><span class=\"label\">em <\/span><i class=\"icon-clock\"><\/i> <span class=\"post-date updated\">02\/02\/2016<\/span><\/span><\/div><div class=\"category\"><span class=\"cat-btn\">Categorias <i class=\"icon-down-dir\"><\/i><\/span><div class=\"cat-wrapper\"><ul class=\"post-categories\">\n\t<li><a href=\"https:\/\/www.tvportugal.tv\/portal\/televisao\/comunidade\/\" rel=\"category tag\">Comunidade<\/a><\/li>\n\t<li><a href=\"https:\/\/www.tvportugal.tv\/portal\/televisao\/mafra\/\" rel=\"category tag\">Mafra<\/a><\/li>\n\t<li><a href=\"https:\/\/www.tvportugal.tv\/portal\/televisao\/social\/\" rel=\"category tag\">Social<\/a><\/li><\/ul><\/div><\/div><\/div><\/div><div class=\"post-title\"><h2 class=\"entry-title\" itemprop=\"headline\"><a href=\"https:\/\/www.tvportugal.tv\/portal\/rotary-club-mafra-visita-do-governador-d-1960\/\">Rotary Club de Mafra | Visita do Governador D 1960<\/a><\/h2><\/div><div class=\"post-excerpt\">[vc_row][vc_column][vc_column_text] Rotary Club de Mafra | Visita do Governador D 1960 [\/vc_column_text][\/vc_column][\/vc_row][vc_row][vc_column][vc_column_text]Foi na passada sexta feira, dia 29 de Janeiro que o Governador do Distrito 1960, Miguel Real Mendes, efectuou a sua Visita Oficial a Mafra e ao Rotary Club de Mafra. Reportagem, Imagem e Edi\u00e7\u00e3o &#8211; Ant\u00f3nio Assun\u00e7\u00e3o 2016<span class=\"excerpt-hellip\"> [\u2026]<\/span><\/div><div class=\"post-footer\"><div class=\"button-love\"><span class=\"love-text\">Voc\u00ea gosta disso?<\/span><a href=\"#\" class=\"mfn-love \" data-id=\"3512\"><span class=\"icons-wrapper\"><i class=\"icon-heart-empty-fa\"><\/i><i class=\"icon-heart-fa\"><\/i><\/span><span class=\"label\">3<\/span><\/a><\/div><div class=\"post-links\"><i class=\"icon-doc-text\"><\/i> <a href=\"https:\/\/www.tvportugal.tv\/portal\/rotary-club-mafra-visita-do-governador-d-1960\/\" class=\"post-more\">Ler mais<\/a><\/div><\/div><\/div><\/div><\/div><div class=\"post-item isotope-item clearfix author-antonio-assuncao post-4409 post type-post status-publish format-standard has-post-thumbnail hentry category-cascais category-comunidade category-cultura category-eventos category-festas category-mafra tag-cascais tag-fernando-ferreira-marques tag-mercado-da-vila\" ><div class=\"date_label\">10\/08\/2015<\/div><div class=\"image_frame post-photo-wrapper scale-with-grid image\"><div class=\"image_wrapper\"><a href=\"https:\/\/www.tvportugal.tv\/portal\/albano-cordeiro-natural-mafra-visita-mercado-da-vila\/\"><div class=\"mask\"><\/div><img loading=\"lazy\" decoding=\"async\" width=\"400\" height=\"300\" src=\"https:\/\/www.tvportugal.tv\/portal\/wp-content\/uploads\/2015\/08\/albano-400x300.jpg\" class=\"scale-with-grid wp-post-image\" alt=\"Albano Cordeiro, Natural de Mafra, Visita o Mercado da Vila, Fado em Festa, Fernando Ferreira Marques, DNA Cascais, Cascais, Televis\u00e3o Cascais, Portugal\" itemprop=\"image\" srcset=\"https:\/\/www.tvportugal.tv\/portal\/wp-content\/uploads\/2015\/08\/albano-400x300.jpg 400w, https:\/\/www.tvportugal.tv\/portal\/wp-content\/uploads\/2015\/08\/albano-300x225.jpg 300w, https:\/\/www.tvportugal.tv\/portal\/wp-content\/uploads\/2015\/08\/albano-768x576.jpg 768w, https:\/\/www.tvportugal.tv\/portal\/wp-content\/uploads\/2015\/08\/albano-195x146.jpg 195w, https:\/\/www.tvportugal.tv\/portal\/wp-content\/uploads\/2015\/08\/albano-50x38.jpg 50w, https:\/\/www.tvportugal.tv\/portal\/wp-content\/uploads\/2015\/08\/albano-100x75.jpg 100w, https:\/\/www.tvportugal.tv\/portal\/wp-content\/uploads\/2015\/08\/albano-350x263.jpg 350w, https:\/\/www.tvportugal.tv\/portal\/wp-content\/uploads\/2015\/08\/albano.jpg 800w\" sizes=\"auto, (max-width: 400px) 100vw, 400px\" \/><\/a><div class=\"image_links double\"><a href=\"https:\/\/www.tvportugal.tv\/portal\/wp-content\/uploads\/2015\/08\/albano.jpg\" class=\"zoom\" rel=\"prettyphoto\"><i class=\"icon-search\"><\/i><\/a><a href=\"https:\/\/www.tvportugal.tv\/portal\/albano-cordeiro-natural-mafra-visita-mercado-da-vila\/\" class=\"link\"><i class=\"icon-link\"><\/i><\/a><\/div><\/div><\/div><div class=\"post-desc-wrapper\"><div class=\"post-desc\"><div class=\"post-head\"><div class=\"post-meta clearfix\"><div class=\"author-date\"><span class=\"vcard author post-author\"><span class=\"label\">By <\/span><i class=\"icon-user\"><\/i> <span class=\"fn\"><a href=\"https:\/\/www.tvportugal.tv\/portal\/author\/antonio-assuncao\/\">Antonio Assuncao<\/a><\/span><\/span> <span class=\"date\"><span class=\"label\">em <\/span><i class=\"icon-clock\"><\/i> <span class=\"post-date updated\">10\/08\/2015<\/span><\/span><\/div><div class=\"category\"><span class=\"cat-btn\">Categorias <i class=\"icon-down-dir\"><\/i><\/span><div class=\"cat-wrapper\"><ul class=\"post-categories\">\n\t<li><a href=\"https:\/\/www.tvportugal.tv\/portal\/televisao\/cascais\/\" rel=\"category tag\">Cascais<\/a><\/li>\n\t<li><a href=\"https:\/\/www.tvportugal.tv\/portal\/televisao\/comunidade\/\" rel=\"category tag\">Comunidade<\/a><\/li>\n\t<li><a href=\"https:\/\/www.tvportugal.tv\/portal\/televisao\/cultura\/\" rel=\"category tag\">Cultura<\/a><\/li>\n\t<li><a href=\"https:\/\/www.tvportugal.tv\/portal\/televisao\/eventos\/\" rel=\"category tag\">Eventos<\/a><\/li>\n\t<li><a href=\"https:\/\/www.tvportugal.tv\/portal\/televisao\/festas\/\" rel=\"category tag\">Festas<\/a><\/li>\n\t<li><a href=\"https:\/\/www.tvportugal.tv\/portal\/televisao\/mafra\/\" rel=\"category tag\">Mafra<\/a><\/li><\/ul><\/div><\/div><\/div><\/div><div class=\"post-title\"><h2 class=\"entry-title\" itemprop=\"headline\"><a href=\"https:\/\/www.tvportugal.tv\/portal\/albano-cordeiro-natural-mafra-visita-mercado-da-vila\/\">Albano Cordeiro, Natural de Mafra, Visita o Mercado da Vila<\/a><\/h2><\/div><div class=\"post-excerpt\">[vc_row][vc_column][vc_column_text] Albano Cordeiro, Natural de Mafra [\/vc_column_text][\/vc_column][\/vc_row][vc_row][vc_column][vc_column_text]Albano Cordeiro, Natural de Mafra, visitou no passado s\u00e1bado, 8 de Agosto o Mercado da Vila para assistir ao espect\u00e1culo &#8220;Fado em Festa&#8221;, emocionado, confessa que n\u00e3o tinha palavras para descrever o que estava a sentir ao ser confrontado com as obras de requalifica\u00e7\u00e3o<span class=\"excerpt-hellip\"> [\u2026]<\/span><\/div><div class=\"post-footer\"><div class=\"button-love\"><span class=\"love-text\">Voc\u00ea gosta disso?<\/span><a href=\"#\" class=\"mfn-love \" data-id=\"4409\"><span class=\"icons-wrapper\"><i class=\"icon-heart-empty-fa\"><\/i><i class=\"icon-heart-fa\"><\/i><\/span><span class=\"label\">1<\/span><\/a><\/div><div class=\"post-links\"><i class=\"icon-doc-text\"><\/i> <a href=\"https:\/\/www.tvportugal.tv\/portal\/albano-cordeiro-natural-mafra-visita-mercado-da-vila\/\" class=\"post-more\">Ler mais<\/a><\/div><\/div><\/div><\/div><\/div><div class=\"post-item isotope-item clearfix author-antonio-assuncao post-3303 post type-post status-publish format-standard has-post-thumbnail hentry category-comunidade category-eventos category-mafra tag-mafra tag-rotarios tag-rotary-club-de-mafra\" ><div class=\"date_label\">13\/07\/2015<\/div><div class=\"image_frame post-photo-wrapper scale-with-grid image\"><div class=\"image_wrapper\"><a href=\"https:\/\/www.tvportugal.tv\/portal\/transmissao-de-tarefas-rotary-club-de-mafra\/\"><div class=\"mask\"><\/div><img loading=\"lazy\" decoding=\"async\" width=\"400\" height=\"300\" src=\"https:\/\/www.tvportugal.tv\/portal\/wp-content\/uploads\/2015\/07\/nuno-barroso.jpg\" class=\"scale-with-grid wp-post-image\" alt=\"Rotary Club de Mafra, cerim\u00f3nia de transmiss\u00e3o de tarefas, Fernanda Dantas, Nuno Barroso, Presidente eleito do Rotary Club de Mafra, Rot\u00e1rios, regi\u00e3o Lisboa\" itemprop=\"image\" srcset=\"https:\/\/www.tvportugal.tv\/portal\/wp-content\/uploads\/2015\/07\/nuno-barroso.jpg 800w, https:\/\/www.tvportugal.tv\/portal\/wp-content\/uploads\/2015\/07\/nuno-barroso-300x225.jpg 300w, https:\/\/www.tvportugal.tv\/portal\/wp-content\/uploads\/2015\/07\/nuno-barroso-768x576.jpg 768w, https:\/\/www.tvportugal.tv\/portal\/wp-content\/uploads\/2015\/07\/nuno-barroso-195x146.jpg 195w, https:\/\/www.tvportugal.tv\/portal\/wp-content\/uploads\/2015\/07\/nuno-barroso-50x38.jpg 50w, https:\/\/www.tvportugal.tv\/portal\/wp-content\/uploads\/2015\/07\/nuno-barroso-100x75.jpg 100w\" sizes=\"auto, (max-width: 400px) 100vw, 400px\" \/><\/a><div class=\"image_links double\"><a href=\"https:\/\/www.tvportugal.tv\/portal\/wp-content\/uploads\/2015\/07\/nuno-barroso.jpg\" class=\"zoom\" rel=\"prettyphoto\"><i class=\"icon-search\"><\/i><\/a><a href=\"https:\/\/www.tvportugal.tv\/portal\/transmissao-de-tarefas-rotary-club-de-mafra\/\" class=\"link\"><i class=\"icon-link\"><\/i><\/a><\/div><\/div><\/div><div class=\"post-desc-wrapper\"><div class=\"post-desc\"><div class=\"post-head\"><div class=\"post-meta clearfix\"><div class=\"author-date\"><span class=\"vcard author post-author\"><span class=\"label\">By <\/span><i class=\"icon-user\"><\/i> <span class=\"fn\"><a href=\"https:\/\/www.tvportugal.tv\/portal\/author\/antonio-assuncao\/\">Antonio Assuncao<\/a><\/span><\/span> <span class=\"date\"><span class=\"label\">em <\/span><i class=\"icon-clock\"><\/i> <span class=\"post-date updated\">13\/07\/2015<\/span><\/span><\/div><div class=\"category\"><span class=\"cat-btn\">Categorias <i class=\"icon-down-dir\"><\/i><\/span><div class=\"cat-wrapper\"><ul class=\"post-categories\">\n\t<li><a href=\"https:\/\/www.tvportugal.tv\/portal\/televisao\/comunidade\/\" rel=\"category tag\">Comunidade<\/a><\/li>\n\t<li><a href=\"https:\/\/www.tvportugal.tv\/portal\/televisao\/eventos\/\" rel=\"category tag\">Eventos<\/a><\/li>\n\t<li><a href=\"https:\/\/www.tvportugal.tv\/portal\/televisao\/mafra\/\" rel=\"category tag\">Mafra<\/a><\/li><\/ul><\/div><\/div><\/div><\/div><div class=\"post-title\"><h2 class=\"entry-title\" itemprop=\"headline\"><a href=\"https:\/\/www.tvportugal.tv\/portal\/transmissao-de-tarefas-rotary-club-de-mafra\/\">Transmiss\u00e3o de Tarefas, Rotary Club de Mafra<\/a><\/h2><\/div><div class=\"post-excerpt\">[vc_row][vc_column][vc_column_text] Transmiss\u00e3o de Tarefas, Rotary Club de Mafra [\/vc_column_text][\/vc_column][\/vc_row][vc_row][vc_column][vc_column_text]No passado dia 9 de Julho na Sede do Rotary Club de Mafra decorreu a cerim\u00f3nia de transmiss\u00e3o de tarefas para o ano Rot\u00e1rio 2014\/15. Escutamos, Fernanda Dantas, Directora de Protocolo e Nuno Barroso, Presidente eleito do Rotary Club de Mafra. Reportagem,<span class=\"excerpt-hellip\"> [\u2026]<\/span><\/div><div class=\"post-footer\"><div class=\"button-love\"><span class=\"love-text\">Voc\u00ea gosta disso?<\/span><a href=\"#\" class=\"mfn-love \" data-id=\"3303\"><span class=\"icons-wrapper\"><i class=\"icon-heart-empty-fa\"><\/i><i class=\"icon-heart-fa\"><\/i><\/span><span class=\"label\">0<\/span><\/a><\/div><div class=\"post-links\"><i class=\"icon-doc-text\"><\/i> <a href=\"https:\/\/www.tvportugal.tv\/portal\/transmissao-de-tarefas-rotary-club-de-mafra\/\" class=\"post-more\">Ler mais<\/a><\/div><\/div><\/div><\/div><\/div><div class=\"post-item isotope-item clearfix no-img author-antonio-assuncao post-4834 post type-post status-publish format-standard hentry category-comunidade category-eventos category-festas category-mafra category-varios tag-rotarios tag-solidariedade\" ><div class=\"date_label\">02\/02\/2015<\/div><div class=\"image_frame post-photo-wrapper scale-with-grid image\"><div class=\"image_wrapper\"><\/div><\/div><div class=\"post-desc-wrapper\"><div class=\"post-desc\"><div class=\"post-head\"><div class=\"post-meta clearfix\"><div class=\"author-date\"><span class=\"vcard author post-author\"><span class=\"label\">By <\/span><i class=\"icon-user\"><\/i> <span class=\"fn\"><a href=\"https:\/\/www.tvportugal.tv\/portal\/author\/antonio-assuncao\/\">Antonio Assuncao<\/a><\/span><\/span> <span class=\"date\"><span class=\"label\">em <\/span><i class=\"icon-clock\"><\/i> <span class=\"post-date updated\">02\/02\/2015<\/span><\/span><\/div><div class=\"category\"><span class=\"cat-btn\">Categorias <i class=\"icon-down-dir\"><\/i><\/span><div class=\"cat-wrapper\"><ul class=\"post-categories\">\n\t<li><a href=\"https:\/\/www.tvportugal.tv\/portal\/televisao\/comunidade\/\" rel=\"category tag\">Comunidade<\/a><\/li>\n\t<li><a href=\"https:\/\/www.tvportugal.tv\/portal\/televisao\/eventos\/\" rel=\"category tag\">Eventos<\/a><\/li>\n\t<li><a href=\"https:\/\/www.tvportugal.tv\/portal\/televisao\/festas\/\" rel=\"category tag\">Festas<\/a><\/li>\n\t<li><a href=\"https:\/\/www.tvportugal.tv\/portal\/televisao\/mafra\/\" rel=\"category tag\">Mafra<\/a><\/li>\n\t<li><a href=\"https:\/\/www.tvportugal.tv\/portal\/televisao\/varios\/\" rel=\"category tag\">V\u00e1rios<\/a><\/li><\/ul><\/div><\/div><\/div><\/div><div class=\"post-title\"><h2 class=\"entry-title\" itemprop=\"headline\"><a href=\"https:\/\/www.tvportugal.tv\/portal\/visita-oficial-do-governador-distrito-1960-mafra\/\">Visita Oficial do Governador Distrito 1960 a Mafra<\/a><\/h2><\/div><div class=\"post-excerpt\">[vc_row][vc_column][vc_column_text] Visita Oficial do Governador Distrito 1960 a Mafra [\/vc_column_text][\/vc_column][\/vc_row][vc_row][vc_column][vc_column_text]O Prof. Dr. Ant\u00f3nio Silva Mendes, Governador Distrito 1960, visitou o Rotary Club de Mafra e ficou encantado com o que viu e sentiu. Vale a pena escutar&#8230; Um Humanista por Excel\u00eancia. Reportagem, Imagem e Edi\u00e7\u00e3o &#8211; Ant\u00f3nio Assun\u00e7\u00e3o 2015 02<span class=\"excerpt-hellip\"> [\u2026]<\/span><\/div><div class=\"post-footer\"><div class=\"button-love\"><span class=\"love-text\">Voc\u00ea gosta disso?<\/span><a href=\"#\" class=\"mfn-love \" data-id=\"4834\"><span class=\"icons-wrapper\"><i class=\"icon-heart-empty-fa\"><\/i><i class=\"icon-heart-fa\"><\/i><\/span><span class=\"label\">1<\/span><\/a><\/div><div class=\"post-links\"><i class=\"icon-doc-text\"><\/i> <a href=\"https:\/\/www.tvportugal.tv\/portal\/visita-oficial-do-governador-distrito-1960-mafra\/\" class=\"post-more\">Ler mais<\/a><\/div><\/div><\/div><\/div><\/div><\/div><\/div>\n<\/div>\n[\/vc_column][\/vc_row][vc_row][vc_column][vc_column_text]<\/p>\n<h2>Convento de Mafra<\/h2>\n<h4>Tricenten\u00e1rio 1717\/2017<\/h4>\n<p>Terceiro Centen\u00e1rio da Coloca\u00e7\u00e3o da Primeira Pedra do Convento de Mafra.<\/p>\n<p>Estamos perante o monumento portugu\u00eas que melhor reflecte o que podemos chamar de Obra de Arte Total: arquitectura, escultura, pintura, m\u00fasica, livros, t\u00eaxteis\u2026 enfim, um patrim\u00f3nio tipologicamente diversificado, coerentemente pensado e criteriosamente encomendado para este Pal\u00e1cio\/Convento\/Bas\u00edlica\/Tapada e que aqui configura uma realidade \u00fanica.<\/p>\n<p>Com efeito, numa \u00e1rea com cerca de 40.000 m2, temos implantado um not\u00e1vel projecto de arquitectura que foi executado sem hiatos nem solu\u00e7\u00f5es de remedeio. De facto, aqui tudo \u00e9 marcado por uma marca de qualidade que s\u00f3 a generosidade joanina podia e sabia exigir: excel\u00eancia de materiais, solu\u00e7\u00f5es arrojadas e requinte de execu\u00e7\u00e3o.<\/p>\n<p>A Arquitectura modela funcionalidades ligadas por quil\u00f3metros de corredores e mais de 150 escadarias. A Engenharia perpassa por todo o monumento, desde o zimb\u00f3rio aos subterr\u00e2neos. Para Mafra, escolheram-se os melhores e escolheu-se do melhor: Ludovice e Cust\u00f3dio Vieira na arquitectura, Trevisani e Andr\u00e9 Gon\u00e7alves na pintura, Wolkmar Machado e Domingos Sequeira na pintura mural, Monaldi e Machado de Castro na escultura, Witlockx e Levache nos carrilh\u00f5es, s\u00e3o alguns daqueles que contribu\u00edram para configurar este patrim\u00f3nio.<\/p>\n<p>Quando visitamos este monumento sentimos que \u00e9 uma experi\u00eancia diferente. Diferente porque as singularidades que aqui s\u00e3o vivenci\u00e1veis n\u00e3o t\u00eam paralelo em qualquer outro s\u00edtio: um complexo Hospitalar do s\u00e9culo XVIII, dois Carrilh\u00f5es monumentais do s\u00e9culo XVIII, um conjunto (\u00fanico) de Seis \u00d3rg\u00e3os de tubos e uma das que por muitos \u00e9 considerada como sendo a mais bonita Biblioteca hist\u00f3rica do mundo configuram este patrim\u00f3nio que, na sua g\u00e9nese, \u00e9 um Pal\u00e1cio do Rei, um Pal\u00e1cio da Rainha, um Convento franciscano, uma Bas\u00edlica e uma Tapada.<\/p>\n<p>(in:\u00a0<a href=\"http:\/\/www.palaciomafra.pt\/\" target=\"_blank\">www.palaciomafra.pt<\/a>)[\/vc_column_text][\/vc_column][\/vc_row][vc_row][vc_column][vc_video link=&#8221;https:\/\/www.youtube.com\/watch?v=ayfSRaid_IY&#8221; title=&#8221;Tapada Nacional de Mafra&#8221;][\/vc_column][\/vc_row][vc_row][vc_column][vc_gmaps link=&#8221;#E-8_JTNDaWZyYW1lJTIwc3JjJTNEJTIyaHR0cHMlM0ElMkYlMkZ3d3cuZ29vZ2xlLmNvbSUyRm1hcHMlMkZlbWJlZCUzRnBiJTNEJTIxMW0xOCUyMTFtMTIlMjExbTMlMjExZDE0MDM5Mi4zNTIzNDcyMjgyNCUyMTJkLTkuMzY1NTc0NDk4NzUzNDM0JTIxM2QzOC45NjM2ODQ4NDAzOTMwODYlMjEybTMlMjExZjAlMjEyZjAlMjEzZjAlMjEzbTIlMjExaTEwMjQlMjEyaTc2OCUyMTRmMTMuMSUyMTNtMyUyMTFtMiUyMTFzMHhkMWYyODM0MTMwN2EwZTUlMjUzQTB4NTAwZWJiZGU0OTBlMDQwJTIxMnNNYWZyYSUyMTVlMCUyMTNtMiUyMTFzcHQtUFQlMjEyc3B0JTIxNHYxNDc3NzY5NDYxMjA2JTIyJTIwd2lkdGglM0QlMjI2MDAlMjIlMjBoZWlnaHQlM0QlMjI0NTAlMjIlMjBmcmFtZWJvcmRlciUzRCUyMjAlMjIlMjBzdHlsZSUzRCUyMmJvcmRlciUzQTAlMjIlMjBhbGxvd2Z1bGxzY3JlZW4lM0UlM0MlMkZpZnJhbWUlM0U=&#8221;][\/vc_column][\/vc_row][vc_row][vc_column][vc_column_text]<img loading=\"lazy\" decoding=\"async\" class=\"alignnone wp-image-3288 size-large\" title=\"Pal\u00e1cio Nacional de Mafra\" src=\"http:\/\/www.tvportugal.tv\/portal\/wp-content\/uploads\/2016\/10\/mafra-topo-1024x508.jpg\" alt=\"Mafra, Pal\u00e1cio, O Real Convento de Mafra\" width=\"1024\" height=\"508\" srcset=\"https:\/\/www.tvportugal.tv\/portal\/wp-content\/uploads\/2016\/10\/mafra-topo-1024x508.jpg 1024w, https:\/\/www.tvportugal.tv\/portal\/wp-content\/uploads\/2016\/10\/mafra-topo-300x149.jpg 300w, https:\/\/www.tvportugal.tv\/portal\/wp-content\/uploads\/2016\/10\/mafra-topo-768x381.jpg 768w, https:\/\/www.tvportugal.tv\/portal\/wp-content\/uploads\/2016\/10\/mafra-topo-260x129.jpg 260w, https:\/\/www.tvportugal.tv\/portal\/wp-content\/uploads\/2016\/10\/mafra-topo-50x25.jpg 50w, https:\/\/www.tvportugal.tv\/portal\/wp-content\/uploads\/2016\/10\/mafra-topo-150x75.jpg 150w, https:\/\/www.tvportugal.tv\/portal\/wp-content\/uploads\/2016\/10\/mafra-topo.jpg 1600w\" sizes=\"auto, (max-width: 1024px) 100vw, 1024px\" \/>[\/vc_column_text][\/vc_column][\/vc_row][vc_row][vc_column][vc_video link=&#8221;https:\/\/www.youtube.com\/watch?v=ayfSRaid_IY&#8221;][\/vc_column][\/vc_row]<\/p>\n","protected":false},"excerpt":{"rendered":"<p>[vc_row][vc_column][\/vc_column][\/vc_row][vc_row][vc_column][vc_column_text] Convento de Mafra Tricenten\u00e1rio 1717\/2017 Terceiro Centen\u00e1rio da Coloca\u00e7\u00e3o da Primeira Pedra do Convento de Mafra. Estamos perante o monumento portugu\u00eas que melhor reflecte o que podemos chamar de Obra de Arte Total: arquitectura, escultura, pintura, m\u00fasica, livros, t\u00eaxteis\u2026 enfim, um patrim\u00f3nio tipologicamente diversificado, coerentemente pensado e criteriosamente encomendado<span class=\"excerpt-hellip\"> [\u2026]<\/span><\/p>\n","protected":false},"author":1,"featured_media":0,"parent":0,"menu_order":0,"comment_status":"closed","ping_status":"closed","template":"","meta":{"footnotes":""},"class_list":["post-3283","page","type-page","status-publish","hentry"],"yoast_head":"<!-- This site is optimized with the Yoast SEO plugin v27.4 - https:\/\/yoast.com\/product\/yoast-seo-wordpress\/ -->\n<title>Mafra, Noticias, Reportagens, Viagens, Pal\u00e1cio e Tapada de Mafra<\/title>\n<meta name=\"description\" content=\"Mafra, Concelho de Mafra, Pal\u00e1cio Nacional de Mafra, Tapada de Mafra\" \/>\n<meta name=\"robots\" content=\"index, follow, max-snippet:-1, max-image-preview:large, max-video-preview:-1\" \/>\n<link rel=\"canonical\" href=\"https:\/\/www.tvportugal.tv\/portal\/noticias-mafra-videos-portugal\/\" \/>\n<meta property=\"og:locale\" content=\"pt_PT\" \/>\n<meta property=\"og:type\" content=\"article\" \/>\n<meta property=\"og:title\" content=\"Mafra, Noticias, Reportagens, Viagens, Pal\u00e1cio e Tapada de Mafra\" \/>\n<meta property=\"og:description\" content=\"Mafra, Concelho de Mafra, Pal\u00e1cio Nacional de Mafra, Tapada de Mafra\" \/>\n<meta property=\"og:url\" content=\"https:\/\/www.tvportugal.tv\/portal\/noticias-mafra-videos-portugal\/\" \/>\n<meta property=\"og:site_name\" content=\"TV Portugal - Televis\u00e3o - Cascais - Sintra - Oeiras - Lisboa - Noticias\" \/>\n<meta property=\"article:modified_time\" content=\"2016-11-01T21:45:44+00:00\" \/>\n<meta property=\"og:image\" content=\"http:\/\/www.tvportugal.tv\/portal\/wp-content\/uploads\/2016\/10\/mafra-topo-1024x508.jpg\" \/>\n<meta name=\"twitter:card\" content=\"summary_large_image\" \/>\n<meta name=\"twitter:label1\" content=\"Tempo estimado de leitura\" \/>\n\t<meta name=\"twitter:data1\" content=\"2 minutos\" \/>\n<script type=\"application\/ld+json\" class=\"yoast-schema-graph\">{\"@context\":\"https:\\\/\\\/schema.org\",\"@graph\":[{\"@type\":\"WebPage\",\"@id\":\"https:\\\/\\\/www.tvportugal.tv\\\/portal\\\/noticias-mafra-videos-portugal\\\/\",\"url\":\"https:\\\/\\\/www.tvportugal.tv\\\/portal\\\/noticias-mafra-videos-portugal\\\/\",\"name\":\"Mafra, Noticias, Reportagens, Viagens, Pal\u00e1cio e Tapada de Mafra\",\"isPartOf\":{\"@id\":\"https:\\\/\\\/www.tvportugal.tv\\\/portal\\\/#website\"},\"primaryImageOfPage\":{\"@id\":\"https:\\\/\\\/www.tvportugal.tv\\\/portal\\\/noticias-mafra-videos-portugal\\\/#primaryimage\"},\"image\":{\"@id\":\"https:\\\/\\\/www.tvportugal.tv\\\/portal\\\/noticias-mafra-videos-portugal\\\/#primaryimage\"},\"thumbnailUrl\":\"http:\\\/\\\/www.tvportugal.tv\\\/portal\\\/wp-content\\\/uploads\\\/2016\\\/10\\\/mafra-topo-1024x508.jpg\",\"datePublished\":\"2016-10-29T18:44:36+00:00\",\"dateModified\":\"2016-11-01T21:45:44+00:00\",\"description\":\"Mafra, Concelho de Mafra, Pal\u00e1cio Nacional de Mafra, Tapada de Mafra\",\"breadcrumb\":{\"@id\":\"https:\\\/\\\/www.tvportugal.tv\\\/portal\\\/noticias-mafra-videos-portugal\\\/#breadcrumb\"},\"inLanguage\":\"pt-PT\",\"potentialAction\":[{\"@type\":\"ReadAction\",\"target\":[\"https:\\\/\\\/www.tvportugal.tv\\\/portal\\\/noticias-mafra-videos-portugal\\\/\"]}]},{\"@type\":\"ImageObject\",\"inLanguage\":\"pt-PT\",\"@id\":\"https:\\\/\\\/www.tvportugal.tv\\\/portal\\\/noticias-mafra-videos-portugal\\\/#primaryimage\",\"url\":\"http:\\\/\\\/www.tvportugal.tv\\\/portal\\\/wp-content\\\/uploads\\\/2016\\\/10\\\/mafra-topo-1024x508.jpg\",\"contentUrl\":\"http:\\\/\\\/www.tvportugal.tv\\\/portal\\\/wp-content\\\/uploads\\\/2016\\\/10\\\/mafra-topo-1024x508.jpg\"},{\"@type\":\"BreadcrumbList\",\"@id\":\"https:\\\/\\\/www.tvportugal.tv\\\/portal\\\/noticias-mafra-videos-portugal\\\/#breadcrumb\",\"itemListElement\":[{\"@type\":\"ListItem\",\"position\":1,\"name\":\"In\u00edcio\",\"item\":\"https:\\\/\\\/www.tvportugal.tv\\\/portal\\\/\"},{\"@type\":\"ListItem\",\"position\":2,\"name\":\"MAFRA\"}]},{\"@type\":\"WebSite\",\"@id\":\"https:\\\/\\\/www.tvportugal.tv\\\/portal\\\/#website\",\"url\":\"https:\\\/\\\/www.tvportugal.tv\\\/portal\\\/\",\"name\":\"TV Portugal - Televis\u00e3o - Cascais - Sintra - Oeiras - Lisboa - Noticias\",\"description\":\"Televis\u00e3o Cascais, Televis\u00e3o Estoril, Tv Web com produ\u00e7\u00e3o pr\u00f3pria da Regi\u00e3o de Lisboa, Televis\u00e3o On-line, Noticias de Cascais, Noticias de Sintra, Noticias de Lisboa, Videos, Reportagen\",\"potentialAction\":[{\"@type\":\"SearchAction\",\"target\":{\"@type\":\"EntryPoint\",\"urlTemplate\":\"https:\\\/\\\/www.tvportugal.tv\\\/portal\\\/?s={search_term_string}\"},\"query-input\":{\"@type\":\"PropertyValueSpecification\",\"valueRequired\":true,\"valueName\":\"search_term_string\"}}],\"inLanguage\":\"pt-PT\"}]}<\/script>\n<!-- \/ Yoast SEO plugin. -->","yoast_head_json":{"title":"Mafra, Noticias, Reportagens, Viagens, Pal\u00e1cio e Tapada de Mafra","description":"Mafra, Concelho de Mafra, Pal\u00e1cio Nacional de Mafra, Tapada de Mafra","robots":{"index":"index","follow":"follow","max-snippet":"max-snippet:-1","max-image-preview":"max-image-preview:large","max-video-preview":"max-video-preview:-1"},"canonical":"https:\/\/www.tvportugal.tv\/portal\/noticias-mafra-videos-portugal\/","og_locale":"pt_PT","og_type":"article","og_title":"Mafra, Noticias, Reportagens, Viagens, Pal\u00e1cio e Tapada de Mafra","og_description":"Mafra, Concelho de Mafra, Pal\u00e1cio Nacional de Mafra, Tapada de Mafra","og_url":"https:\/\/www.tvportugal.tv\/portal\/noticias-mafra-videos-portugal\/","og_site_name":"TV Portugal - Televis\u00e3o - Cascais - Sintra - Oeiras - Lisboa - Noticias","article_modified_time":"2016-11-01T21:45:44+00:00","og_image":[{"url":"http:\/\/www.tvportugal.tv\/portal\/wp-content\/uploads\/2016\/10\/mafra-topo-1024x508.jpg","type":"","width":"","height":""}],"twitter_card":"summary_large_image","twitter_misc":{"Tempo estimado de leitura":"2 minutos"},"schema":{"@context":"https:\/\/schema.org","@graph":[{"@type":"WebPage","@id":"https:\/\/www.tvportugal.tv\/portal\/noticias-mafra-videos-portugal\/","url":"https:\/\/www.tvportugal.tv\/portal\/noticias-mafra-videos-portugal\/","name":"Mafra, Noticias, Reportagens, Viagens, Pal\u00e1cio e Tapada de Mafra","isPartOf":{"@id":"https:\/\/www.tvportugal.tv\/portal\/#website"},"primaryImageOfPage":{"@id":"https:\/\/www.tvportugal.tv\/portal\/noticias-mafra-videos-portugal\/#primaryimage"},"image":{"@id":"https:\/\/www.tvportugal.tv\/portal\/noticias-mafra-videos-portugal\/#primaryimage"},"thumbnailUrl":"http:\/\/www.tvportugal.tv\/portal\/wp-content\/uploads\/2016\/10\/mafra-topo-1024x508.jpg","datePublished":"2016-10-29T18:44:36+00:00","dateModified":"2016-11-01T21:45:44+00:00","description":"Mafra, Concelho de Mafra, Pal\u00e1cio Nacional de Mafra, Tapada de Mafra","breadcrumb":{"@id":"https:\/\/www.tvportugal.tv\/portal\/noticias-mafra-videos-portugal\/#breadcrumb"},"inLanguage":"pt-PT","potentialAction":[{"@type":"ReadAction","target":["https:\/\/www.tvportugal.tv\/portal\/noticias-mafra-videos-portugal\/"]}]},{"@type":"ImageObject","inLanguage":"pt-PT","@id":"https:\/\/www.tvportugal.tv\/portal\/noticias-mafra-videos-portugal\/#primaryimage","url":"http:\/\/www.tvportugal.tv\/portal\/wp-content\/uploads\/2016\/10\/mafra-topo-1024x508.jpg","contentUrl":"http:\/\/www.tvportugal.tv\/portal\/wp-content\/uploads\/2016\/10\/mafra-topo-1024x508.jpg"},{"@type":"BreadcrumbList","@id":"https:\/\/www.tvportugal.tv\/portal\/noticias-mafra-videos-portugal\/#breadcrumb","itemListElement":[{"@type":"ListItem","position":1,"name":"In\u00edcio","item":"https:\/\/www.tvportugal.tv\/portal\/"},{"@type":"ListItem","position":2,"name":"MAFRA"}]},{"@type":"WebSite","@id":"https:\/\/www.tvportugal.tv\/portal\/#website","url":"https:\/\/www.tvportugal.tv\/portal\/","name":"TV Portugal - Televis\u00e3o - Cascais - Sintra - Oeiras - Lisboa - Noticias","description":"Televis\u00e3o Cascais, Televis\u00e3o Estoril, Tv Web com produ\u00e7\u00e3o pr\u00f3pria da Regi\u00e3o de Lisboa, Televis\u00e3o On-line, Noticias de Cascais, Noticias de Sintra, Noticias de Lisboa, Videos, Reportagen","potentialAction":[{"@type":"SearchAction","target":{"@type":"EntryPoint","urlTemplate":"https:\/\/www.tvportugal.tv\/portal\/?s={search_term_string}"},"query-input":{"@type":"PropertyValueSpecification","valueRequired":true,"valueName":"search_term_string"}}],"inLanguage":"pt-PT"}]}},"_links":{"self":[{"href":"https:\/\/www.tvportugal.tv\/portal\/wp-json\/wp\/v2\/pages\/3283","targetHints":{"allow":["GET"]}}],"collection":[{"href":"https:\/\/www.tvportugal.tv\/portal\/wp-json\/wp\/v2\/pages"}],"about":[{"href":"https:\/\/www.tvportugal.tv\/portal\/wp-json\/wp\/v2\/types\/page"}],"author":[{"embeddable":true,"href":"https:\/\/www.tvportugal.tv\/portal\/wp-json\/wp\/v2\/users\/1"}],"replies":[{"embeddable":true,"href":"https:\/\/www.tvportugal.tv\/portal\/wp-json\/wp\/v2\/comments?post=3283"}],"version-history":[{"count":11,"href":"https:\/\/www.tvportugal.tv\/portal\/wp-json\/wp\/v2\/pages\/3283\/revisions"}],"predecessor-version":[{"id":3730,"href":"https:\/\/www.tvportugal.tv\/portal\/wp-json\/wp\/v2\/pages\/3283\/revisions\/3730"}],"wp:attachment":[{"href":"https:\/\/www.tvportugal.tv\/portal\/wp-json\/wp\/v2\/media?parent=3283"}],"curies":[{"name":"wp","href":"https:\/\/api.w.org\/{rel}","templated":true}]}}