{"id":3188,"date":"2016-10-28T14:41:31","date_gmt":"2016-10-28T14:41:31","guid":{"rendered":"http:\/\/www.tvportugal.tv\/portal\/?page_id=3188"},"modified":"2016-10-30T14:12:40","modified_gmt":"2016-10-30T14:12:40","slug":"arquivo-noticias-reportagens-videos","status":"publish","type":"page","link":"https:\/\/www.tvportugal.tv\/portal\/arquivo-noticias-reportagens-videos\/","title":{"rendered":"ARQUIVO"},"content":{"rendered":"<p>[vc_row][vc_column]<div class=\"blog_slider clearfix  hide-more\"><div class=\"blog_slider_header\"><a class=\"button button_js slider_prev\" href=\"#\"><span class=\"button_icon\"><i class=\"icon-left-open-big\"><\/i><\/span><\/a><a class=\"button button_js slider_next\" href=\"#\"><span class=\"button_icon\"><i class=\"icon-right-open-big\"><\/i><\/span><\/a><\/div><ul class=\"blog_slider_ul\"><li class=\"post-7980 post type-post status-publish format-standard has-post-thumbnail hentry category-cascais category-comunidade category-educacao category-eventos category-varios tag-alcabideche tag-cascais tag-jose-filipe-ribeiro tag-junta-de-freguesia-de-alcabideche tag-nuno-piteira-lopes\"><div class=\"item_wrapper\"><div class=\"image_frame scale-with-grid\"><div class=\"image_wrapper\"><a href=\"https:\/\/www.tvportugal.tv\/portal\/cerimonia-de-entrega-diplomas-merito-2026\/\"><img loading=\"lazy\" decoding=\"async\" width=\"400\" height=\"300\" src=\"https:\/\/www.tvportugal.tv\/portal\/wp-content\/uploads\/2026\/02\/Captura-de-ecra\u0303-2026-02-01-a\u0300s-12.48.30-co\u0301pia-400x300.png\" class=\"scale-with-grid wp-post-image\" alt=\"&quot;Mais uma vez estivemos aqui a proceder \u00e0 entrega das Bolsas de M\u00e9rito aos alunos que terminaram com m\u00e9dia de 17. Este ano tivemos um maior n\u00famero de alunos o que para n\u00f3s \u00e9 gratificante, \u00e9 um orgulho, de facto temos uma Freguesia cheia de talento, e esta Bolsa \u00e9 uma forma da Junta de Freguesia premiar os nossos Jovens e incentiv\u00e1-los ainda a trabalharem mais.&quot; Jos\u00e9 Filipe Ribeiro, Presidente da Junta de Freguesia de Alcabideche. Reportagem, Imagem e Edi\u00e7\u00e3o - Ant\u00f3nio Assun\u00e7\u00e3o 2026 01 30\" srcset=\"https:\/\/www.tvportugal.tv\/portal\/wp-content\/uploads\/2026\/02\/Captura-de-ecra\u0303-2026-02-01-a\u0300s-12.48.30-co\u0301pia-400x300.png 400w, https:\/\/www.tvportugal.tv\/portal\/wp-content\/uploads\/2026\/02\/Captura-de-ecra\u0303-2026-02-01-a\u0300s-12.48.30-co\u0301pia-300x225.png 300w, https:\/\/www.tvportugal.tv\/portal\/wp-content\/uploads\/2026\/02\/Captura-de-ecra\u0303-2026-02-01-a\u0300s-12.48.30-co\u0301pia-768x576.png 768w, https:\/\/www.tvportugal.tv\/portal\/wp-content\/uploads\/2026\/02\/Captura-de-ecra\u0303-2026-02-01-a\u0300s-12.48.30-co\u0301pia-195x146.png 195w, https:\/\/www.tvportugal.tv\/portal\/wp-content\/uploads\/2026\/02\/Captura-de-ecra\u0303-2026-02-01-a\u0300s-12.48.30-co\u0301pia-50x38.png 50w, https:\/\/www.tvportugal.tv\/portal\/wp-content\/uploads\/2026\/02\/Captura-de-ecra\u0303-2026-02-01-a\u0300s-12.48.30-co\u0301pia-100x75.png 100w, https:\/\/www.tvportugal.tv\/portal\/wp-content\/uploads\/2026\/02\/Captura-de-ecra\u0303-2026-02-01-a\u0300s-12.48.30-co\u0301pia-350x263.png 350w, https:\/\/www.tvportugal.tv\/portal\/wp-content\/uploads\/2026\/02\/Captura-de-ecra\u0303-2026-02-01-a\u0300s-12.48.30-co\u0301pia.png 800w\" sizes=\"auto, (max-width: 400px) 100vw, 400px\" \/><\/a><\/div><\/div><div class=\"date_label\">01\/02\/2026<\/div><div class=\"desc\"><h4><a href=\"https:\/\/www.tvportugal.tv\/portal\/cerimonia-de-entrega-diplomas-merito-2026\/\">Cerim\u00f3nia de Entrega Diplomas M\u00e9rito 2026<\/a><\/h4><hr class=\"hr_color\" \/><a href=\"https:\/\/www.tvportugal.tv\/portal\/cerimonia-de-entrega-diplomas-merito-2026\/\" class=\"button button_left button_js\"><span class=\"button_icon\"><i class=\"icon-layout\"><\/i><\/span><span class=\"button_label\">Ler mais<\/span><\/a><\/div><\/div><\/li><li class=\"post-7972 post type-post status-publish format-standard has-post-thumbnail hentry category-aniversario category-cascais category-comunidade category-festas category-varios tag-cascais tag-jose-filipe-ribeiro tag-nuno-piteira-lopes\"><div class=\"item_wrapper\"><div class=\"image_frame scale-with-grid\"><div class=\"image_wrapper\"><a href=\"https:\/\/www.tvportugal.tv\/portal\/185-aniversario-da-freguesia-de-alcabideche\/\"><img loading=\"lazy\" decoding=\"async\" width=\"400\" height=\"300\" src=\"https:\/\/www.tvportugal.tv\/portal\/wp-content\/uploads\/2026\/01\/xxxxx-1-400x300.png\" class=\"scale-with-grid wp-post-image\" alt=\"Estivemos aqui hoje a comemorar os 185 anos da Freguesia de Alcabideche, \u00e9 altura de homenagear quem muito fez pela Freguesia, ao n\u00edvel desportivo, ao n\u00edvel social (...), e \u00e9 sempre um dia importante porque \u00e9 um dia de conv\u00edvio em conjunto com as entidades sociais, culturais, desportivas da Freguesia. Reportagem, Imagem e Edi\u00e7\u00e3o - Ant\u00f3nio Assun\u00e7\u00e3o 2026 01 23\" srcset=\"https:\/\/www.tvportugal.tv\/portal\/wp-content\/uploads\/2026\/01\/xxxxx-1-400x300.png 400w, https:\/\/www.tvportugal.tv\/portal\/wp-content\/uploads\/2026\/01\/xxxxx-1-300x225.png 300w, https:\/\/www.tvportugal.tv\/portal\/wp-content\/uploads\/2026\/01\/xxxxx-1-768x576.png 768w, https:\/\/www.tvportugal.tv\/portal\/wp-content\/uploads\/2026\/01\/xxxxx-1-195x146.png 195w, https:\/\/www.tvportugal.tv\/portal\/wp-content\/uploads\/2026\/01\/xxxxx-1-50x38.png 50w, https:\/\/www.tvportugal.tv\/portal\/wp-content\/uploads\/2026\/01\/xxxxx-1-100x75.png 100w, https:\/\/www.tvportugal.tv\/portal\/wp-content\/uploads\/2026\/01\/xxxxx-1-350x263.png 350w, https:\/\/www.tvportugal.tv\/portal\/wp-content\/uploads\/2026\/01\/xxxxx-1.png 800w\" sizes=\"auto, (max-width: 400px) 100vw, 400px\" \/><\/a><\/div><\/div><div class=\"date_label\">24\/01\/2026<\/div><div class=\"desc\"><h4><a href=\"https:\/\/www.tvportugal.tv\/portal\/185-aniversario-da-freguesia-de-alcabideche\/\">185\u00ba. Anivers\u00e1rio da Freguesia de Alcabideche<\/a><\/h4><hr class=\"hr_color\" \/><a href=\"https:\/\/www.tvportugal.tv\/portal\/185-aniversario-da-freguesia-de-alcabideche\/\" class=\"button button_left button_js\"><span class=\"button_icon\"><i class=\"icon-layout\"><\/i><\/span><span class=\"button_label\">Ler mais<\/span><\/a><\/div><\/div><\/li><li class=\"post-7960 post type-post status-publish format-standard has-post-thumbnail hentry category-cascais category-comunidade category-cultura category-educacao category-eventos category-junior category-junta-de-freguesia-de-alcabideche category-varios tag-cascais tag-estoril tag-francisco-kreye tag-nuno-piteira-lopes tag-pedro-morais-soares\"><div class=\"item_wrapper\"><div class=\"image_frame scale-with-grid\"><div class=\"image_wrapper\"><a href=\"https:\/\/www.tvportugal.tv\/portal\/rascunho-autom-entrega-dos-diplomas-de-bolsas-premios-de-merito\/\"><img loading=\"lazy\" decoding=\"async\" width=\"400\" height=\"300\" src=\"https:\/\/www.tvportugal.tv\/portal\/wp-content\/uploads\/2025\/12\/Plataf-400x300.png\" class=\"scale-with-grid wp-post-image\" alt=\"\" srcset=\"https:\/\/www.tvportugal.tv\/portal\/wp-content\/uploads\/2025\/12\/Plataf-400x300.png 400w, https:\/\/www.tvportugal.tv\/portal\/wp-content\/uploads\/2025\/12\/Plataf-300x225.png 300w, https:\/\/www.tvportugal.tv\/portal\/wp-content\/uploads\/2025\/12\/Plataf-768x576.png 768w, https:\/\/www.tvportugal.tv\/portal\/wp-content\/uploads\/2025\/12\/Plataf-195x146.png 195w, https:\/\/www.tvportugal.tv\/portal\/wp-content\/uploads\/2025\/12\/Plataf-50x38.png 50w, https:\/\/www.tvportugal.tv\/portal\/wp-content\/uploads\/2025\/12\/Plataf-100x75.png 100w, https:\/\/www.tvportugal.tv\/portal\/wp-content\/uploads\/2025\/12\/Plataf-350x263.png 350w, https:\/\/www.tvportugal.tv\/portal\/wp-content\/uploads\/2025\/12\/Plataf.png 800w\" sizes=\"auto, (max-width: 400px) 100vw, 400px\" \/><\/a><\/div><\/div><div class=\"date_label\">09\/12\/2025<\/div><div class=\"desc\"><h4><a href=\"https:\/\/www.tvportugal.tv\/portal\/rascunho-autom-entrega-dos-diplomas-de-bolsas-premios-de-merito\/\">Entrega dos Diplomas de Bolsas e Pr\u00e9mios de M\u00e9rito<\/a><\/h4><hr class=\"hr_color\" \/><a href=\"https:\/\/www.tvportugal.tv\/portal\/rascunho-autom-entrega-dos-diplomas-de-bolsas-premios-de-merito\/\" class=\"button button_left button_js\"><span class=\"button_icon\"><i class=\"icon-layout\"><\/i><\/span><span class=\"button_label\">Ler mais<\/span><\/a><\/div><\/div><\/li><li class=\"post-7956 post type-post status-publish format-standard has-post-thumbnail hentry category-uncategorized\"><div class=\"item_wrapper\"><div class=\"image_frame scale-with-grid\"><div class=\"image_wrapper\"><a href=\"https:\/\/www.tvportugal.tv\/portal\/cerimonia-de-instalac%cc%a7a%cc%83o-dos-orga%cc%83os-autarquicos-2025-2029-junta-de-freguesia-d-alcabideche\/\"><img loading=\"lazy\" decoding=\"async\" width=\"400\" height=\"300\" src=\"https:\/\/www.tvportugal.tv\/portal\/wp-content\/uploads\/2025\/10\/RIBEIRO-400x300.png\" class=\"scale-with-grid wp-post-image\" alt=\"\" srcset=\"https:\/\/www.tvportugal.tv\/portal\/wp-content\/uploads\/2025\/10\/RIBEIRO-400x300.png 400w, https:\/\/www.tvportugal.tv\/portal\/wp-content\/uploads\/2025\/10\/RIBEIRO-300x225.png 300w, https:\/\/www.tvportugal.tv\/portal\/wp-content\/uploads\/2025\/10\/RIBEIRO-768x576.png 768w, https:\/\/www.tvportugal.tv\/portal\/wp-content\/uploads\/2025\/10\/RIBEIRO-195x146.png 195w, https:\/\/www.tvportugal.tv\/portal\/wp-content\/uploads\/2025\/10\/RIBEIRO-50x38.png 50w, https:\/\/www.tvportugal.tv\/portal\/wp-content\/uploads\/2025\/10\/RIBEIRO-100x75.png 100w, https:\/\/www.tvportugal.tv\/portal\/wp-content\/uploads\/2025\/10\/RIBEIRO-350x263.png 350w, https:\/\/www.tvportugal.tv\/portal\/wp-content\/uploads\/2025\/10\/RIBEIRO.png 800w\" sizes=\"auto, (max-width: 400px) 100vw, 400px\" \/><\/a><\/div><\/div><div class=\"date_label\">30\/10\/2025<\/div><div class=\"desc\"><h4><a href=\"https:\/\/www.tvportugal.tv\/portal\/cerimonia-de-instalac%cc%a7a%cc%83o-dos-orga%cc%83os-autarquicos-2025-2029-junta-de-freguesia-d-alcabideche\/\">Cerimo\u0301nia de Instalac\u0327a\u0303o dos O\u0301rga\u0303os Auta\u0301rquicos 2025\u20132029 Junta de Freguesia d Alcabideche<\/a><\/h4><hr class=\"hr_color\" \/><a href=\"https:\/\/www.tvportugal.tv\/portal\/cerimonia-de-instalac%cc%a7a%cc%83o-dos-orga%cc%83os-autarquicos-2025-2029-junta-de-freguesia-d-alcabideche\/\" class=\"button button_left button_js\"><span class=\"button_icon\"><i class=\"icon-layout\"><\/i><\/span><span class=\"button_label\">Ler mais<\/span><\/a><\/div><\/div><\/li><li class=\"post-7951 post type-post status-publish format-standard has-post-thumbnail hentry category-cascais category-comunidade category-cultura category-educacao category-eventos category-festas category-junior category-mafra category-oeiras category-saude category-senior category-sintra category-varios tag-cascais tag-frederico-pinho-de-almeida tag-jose-filipe-ribeiro tag-junta-de-freguesia-de-alcabideche tag-nuno-piteira-lopes\"><div class=\"item_wrapper\"><div class=\"image_frame scale-with-grid\"><div class=\"image_wrapper\"><a href=\"https:\/\/www.tvportugal.tv\/portal\/tradicional-sardinhada-uniao-de-freguesias-cascais-estoril\/\"><img loading=\"lazy\" decoding=\"async\" width=\"400\" height=\"300\" src=\"https:\/\/www.tvportugal.tv\/portal\/wp-content\/uploads\/2025\/06\/Sardinhada-400x300.png\" class=\"scale-with-grid wp-post-image\" alt=\"&quot;A tradi\u00e7\u00e3o a cumprir-se, s\u00e3o 800 pessoas, cerca de 100 volunt\u00e1rios a ajudar a proporcionar uma tarde diferente daquilo que \u00e9 a verdadeira sardinhada da nossa terra. A sardinhada de Cascais realizada aqui na Charneca para todos aqueles que nos ajudaram ao longo do ano. Um agradecimento a todos eles por esta bel\u00edssima festa.&quot; Pedro Morais Soares, Presidente da Uni\u00e3o de Freguesias Cascais - Estoril. Reportagem, Imagem e Edi\u00e7\" srcset=\"https:\/\/www.tvportugal.tv\/portal\/wp-content\/uploads\/2025\/06\/Sardinhada-400x300.png 400w, https:\/\/www.tvportugal.tv\/portal\/wp-content\/uploads\/2025\/06\/Sardinhada-300x225.png 300w, https:\/\/www.tvportugal.tv\/portal\/wp-content\/uploads\/2025\/06\/Sardinhada-768x576.png 768w, https:\/\/www.tvportugal.tv\/portal\/wp-content\/uploads\/2025\/06\/Sardinhada-195x146.png 195w, https:\/\/www.tvportugal.tv\/portal\/wp-content\/uploads\/2025\/06\/Sardinhada-50x38.png 50w, https:\/\/www.tvportugal.tv\/portal\/wp-content\/uploads\/2025\/06\/Sardinhada-100x75.png 100w, https:\/\/www.tvportugal.tv\/portal\/wp-content\/uploads\/2025\/06\/Sardinhada-350x263.png 350w, https:\/\/www.tvportugal.tv\/portal\/wp-content\/uploads\/2025\/06\/Sardinhada.png 800w\" sizes=\"auto, (max-width: 400px) 100vw, 400px\" \/><\/a><\/div><\/div><div class=\"date_label\">26\/06\/2025<\/div><div class=\"desc\"><h4><a href=\"https:\/\/www.tvportugal.tv\/portal\/tradicional-sardinhada-uniao-de-freguesias-cascais-estoril\/\">Tradicional Sardinhada Uni\u00e3o de Freguesias Cascais &#8211; Estoril<\/a><\/h4><hr class=\"hr_color\" \/><a href=\"https:\/\/www.tvportugal.tv\/portal\/tradicional-sardinhada-uniao-de-freguesias-cascais-estoril\/\" class=\"button button_left button_js\"><span class=\"button_icon\"><i class=\"icon-layout\"><\/i><\/span><span class=\"button_label\">Ler mais<\/span><\/a><\/div><\/div><\/li><\/ul><div class=\"slider_pagination\"><\/div><\/div>\n[\/vc_column][\/vc_row][vc_row][vc_column][vc_basic_grid post_type=&#8221;post&#8221; grid_id=&#8221;vc_gid:1477701930997-9893f95f-de7f-0&#8243;][\/vc_column][\/vc_row][vc_row][vc_column][vc_masonry_grid post_type=&#8221;post&#8221; max_items=&#8221;12&#8243; item=&#8221;basicGrid_ScaleInWithRotation&#8221; grid_id=&#8221;vc_gid:1477701934803-eb6fefd2-fff4-4&#8243;][\/vc_column][\/vc_row][vc_row][vc_column]<div class=\"Latest_news \"><ul class=\"ul-first\"><li class=\"post-7980 post type-post status-publish format-standard has-post-thumbnail hentry category-cascais category-comunidade category-educacao category-eventos category-varios tag-alcabideche tag-cascais tag-jose-filipe-ribeiro tag-junta-de-freguesia-de-alcabideche tag-nuno-piteira-lopes\"><div class=\"photo\"><a href=\"https:\/\/www.tvportugal.tv\/portal\/cerimonia-de-entrega-diplomas-merito-2026\/\"><img loading=\"lazy\" decoding=\"async\" width=\"400\" height=\"300\" src=\"https:\/\/www.tvportugal.tv\/portal\/wp-content\/uploads\/2026\/02\/Captura-de-ecra\u0303-2026-02-01-a\u0300s-12.48.30-co\u0301pia-400x300.png\" class=\"scale-with-grid wp-post-image\" alt=\"&quot;Mais uma vez estivemos aqui a proceder \u00e0 entrega das Bolsas de M\u00e9rito aos alunos que terminaram com m\u00e9dia de 17. Este ano tivemos um maior n\u00famero de alunos o que para n\u00f3s \u00e9 gratificante, \u00e9 um orgulho, de facto temos uma Freguesia cheia de talento, e esta Bolsa \u00e9 uma forma da Junta de Freguesia premiar os nossos Jovens e incentiv\u00e1-los ainda a trabalharem mais.&quot; Jos\u00e9 Filipe Ribeiro, Presidente da Junta de Freguesia de Alcabideche. Reportagem, Imagem e Edi\u00e7\u00e3o - Ant\u00f3nio Assun\u00e7\u00e3o 2026 01 30\" srcset=\"https:\/\/www.tvportugal.tv\/portal\/wp-content\/uploads\/2026\/02\/Captura-de-ecra\u0303-2026-02-01-a\u0300s-12.48.30-co\u0301pia-400x300.png 400w, https:\/\/www.tvportugal.tv\/portal\/wp-content\/uploads\/2026\/02\/Captura-de-ecra\u0303-2026-02-01-a\u0300s-12.48.30-co\u0301pia-300x225.png 300w, https:\/\/www.tvportugal.tv\/portal\/wp-content\/uploads\/2026\/02\/Captura-de-ecra\u0303-2026-02-01-a\u0300s-12.48.30-co\u0301pia-768x576.png 768w, https:\/\/www.tvportugal.tv\/portal\/wp-content\/uploads\/2026\/02\/Captura-de-ecra\u0303-2026-02-01-a\u0300s-12.48.30-co\u0301pia-195x146.png 195w, https:\/\/www.tvportugal.tv\/portal\/wp-content\/uploads\/2026\/02\/Captura-de-ecra\u0303-2026-02-01-a\u0300s-12.48.30-co\u0301pia-50x38.png 50w, https:\/\/www.tvportugal.tv\/portal\/wp-content\/uploads\/2026\/02\/Captura-de-ecra\u0303-2026-02-01-a\u0300s-12.48.30-co\u0301pia-100x75.png 100w, https:\/\/www.tvportugal.tv\/portal\/wp-content\/uploads\/2026\/02\/Captura-de-ecra\u0303-2026-02-01-a\u0300s-12.48.30-co\u0301pia-350x263.png 350w, https:\/\/www.tvportugal.tv\/portal\/wp-content\/uploads\/2026\/02\/Captura-de-ecra\u0303-2026-02-01-a\u0300s-12.48.30-co\u0301pia.png 800w\" sizes=\"auto, (max-width: 400px) 100vw, 400px\" \/><\/a><\/div><div class=\"desc\"><h5><a href=\"https:\/\/www.tvportugal.tv\/portal\/cerimonia-de-entrega-diplomas-merito-2026\/\">Cerim\u00f3nia de Entrega Diplomas M\u00e9rito 2026<\/a><\/h5><div class=\"desc_footer\"><span class=\"date\"><i class=\"icon-clock\"><\/i> 01\/02\/2026<\/span><div class=\"button-love\"><a href=\"#\" class=\"mfn-love \" data-id=\"7980\"><span class=\"icons-wrapper\"><i class=\"icon-heart-empty-fa\"><\/i><i class=\"icon-heart-fa\"><\/i><\/span><span class=\"label\">0<\/span><\/a><\/div><\/div><\/div><\/li><li class=\"post-7972 post type-post status-publish format-standard has-post-thumbnail hentry category-aniversario category-cascais category-comunidade category-festas category-varios tag-cascais tag-jose-filipe-ribeiro tag-nuno-piteira-lopes\"><div class=\"photo\"><a href=\"https:\/\/www.tvportugal.tv\/portal\/185-aniversario-da-freguesia-de-alcabideche\/\"><img loading=\"lazy\" decoding=\"async\" width=\"400\" height=\"300\" src=\"https:\/\/www.tvportugal.tv\/portal\/wp-content\/uploads\/2026\/01\/xxxxx-1-400x300.png\" class=\"scale-with-grid wp-post-image\" alt=\"Estivemos aqui hoje a comemorar os 185 anos da Freguesia de Alcabideche, \u00e9 altura de homenagear quem muito fez pela Freguesia, ao n\u00edvel desportivo, ao n\u00edvel social (...), e \u00e9 sempre um dia importante porque \u00e9 um dia de conv\u00edvio em conjunto com as entidades sociais, culturais, desportivas da Freguesia. Reportagem, Imagem e Edi\u00e7\u00e3o - Ant\u00f3nio Assun\u00e7\u00e3o 2026 01 23\" srcset=\"https:\/\/www.tvportugal.tv\/portal\/wp-content\/uploads\/2026\/01\/xxxxx-1-400x300.png 400w, https:\/\/www.tvportugal.tv\/portal\/wp-content\/uploads\/2026\/01\/xxxxx-1-300x225.png 300w, https:\/\/www.tvportugal.tv\/portal\/wp-content\/uploads\/2026\/01\/xxxxx-1-768x576.png 768w, https:\/\/www.tvportugal.tv\/portal\/wp-content\/uploads\/2026\/01\/xxxxx-1-195x146.png 195w, https:\/\/www.tvportugal.tv\/portal\/wp-content\/uploads\/2026\/01\/xxxxx-1-50x38.png 50w, https:\/\/www.tvportugal.tv\/portal\/wp-content\/uploads\/2026\/01\/xxxxx-1-100x75.png 100w, https:\/\/www.tvportugal.tv\/portal\/wp-content\/uploads\/2026\/01\/xxxxx-1-350x263.png 350w, https:\/\/www.tvportugal.tv\/portal\/wp-content\/uploads\/2026\/01\/xxxxx-1.png 800w\" sizes=\"auto, (max-width: 400px) 100vw, 400px\" \/><\/a><\/div><div class=\"desc\"><h5><a href=\"https:\/\/www.tvportugal.tv\/portal\/185-aniversario-da-freguesia-de-alcabideche\/\">185\u00ba. Anivers\u00e1rio da Freguesia de Alcabideche<\/a><\/h5><div class=\"desc_footer\"><span class=\"date\"><i class=\"icon-clock\"><\/i> 24\/01\/2026<\/span><div class=\"button-love\"><a href=\"#\" class=\"mfn-love \" data-id=\"7972\"><span class=\"icons-wrapper\"><i class=\"icon-heart-empty-fa\"><\/i><i class=\"icon-heart-fa\"><\/i><\/span><span class=\"label\">0<\/span><\/a><\/div><\/div><\/div><\/li><li class=\"post-7960 post type-post status-publish format-standard has-post-thumbnail hentry category-cascais category-comunidade category-cultura category-educacao category-eventos category-junior category-junta-de-freguesia-de-alcabideche category-varios tag-cascais tag-estoril tag-francisco-kreye tag-nuno-piteira-lopes tag-pedro-morais-soares\"><div class=\"photo\"><a href=\"https:\/\/www.tvportugal.tv\/portal\/rascunho-autom-entrega-dos-diplomas-de-bolsas-premios-de-merito\/\"><img loading=\"lazy\" decoding=\"async\" width=\"400\" height=\"300\" src=\"https:\/\/www.tvportugal.tv\/portal\/wp-content\/uploads\/2025\/12\/Plataf-400x300.png\" class=\"scale-with-grid wp-post-image\" alt=\"\" srcset=\"https:\/\/www.tvportugal.tv\/portal\/wp-content\/uploads\/2025\/12\/Plataf-400x300.png 400w, https:\/\/www.tvportugal.tv\/portal\/wp-content\/uploads\/2025\/12\/Plataf-300x225.png 300w, https:\/\/www.tvportugal.tv\/portal\/wp-content\/uploads\/2025\/12\/Plataf-768x576.png 768w, https:\/\/www.tvportugal.tv\/portal\/wp-content\/uploads\/2025\/12\/Plataf-195x146.png 195w, https:\/\/www.tvportugal.tv\/portal\/wp-content\/uploads\/2025\/12\/Plataf-50x38.png 50w, https:\/\/www.tvportugal.tv\/portal\/wp-content\/uploads\/2025\/12\/Plataf-100x75.png 100w, https:\/\/www.tvportugal.tv\/portal\/wp-content\/uploads\/2025\/12\/Plataf-350x263.png 350w, https:\/\/www.tvportugal.tv\/portal\/wp-content\/uploads\/2025\/12\/Plataf.png 800w\" sizes=\"auto, (max-width: 400px) 100vw, 400px\" \/><\/a><\/div><div class=\"desc\"><h5><a href=\"https:\/\/www.tvportugal.tv\/portal\/rascunho-autom-entrega-dos-diplomas-de-bolsas-premios-de-merito\/\">Entrega dos Diplomas de Bolsas e Pr\u00e9mios de M\u00e9rito<\/a><\/h5><div class=\"desc_footer\"><span class=\"date\"><i class=\"icon-clock\"><\/i> 09\/12\/2025<\/span><div class=\"button-love\"><a href=\"#\" class=\"mfn-love \" data-id=\"7960\"><span class=\"icons-wrapper\"><i class=\"icon-heart-empty-fa\"><\/i><i class=\"icon-heart-fa\"><\/i><\/span><span class=\"label\">0<\/span><\/a><\/div><\/div><\/div><\/li><li class=\"post-7956 post type-post status-publish format-standard has-post-thumbnail hentry category-uncategorized\"><div class=\"photo\"><a href=\"https:\/\/www.tvportugal.tv\/portal\/cerimonia-de-instalac%cc%a7a%cc%83o-dos-orga%cc%83os-autarquicos-2025-2029-junta-de-freguesia-d-alcabideche\/\"><img loading=\"lazy\" decoding=\"async\" width=\"400\" height=\"300\" src=\"https:\/\/www.tvportugal.tv\/portal\/wp-content\/uploads\/2025\/10\/RIBEIRO-400x300.png\" class=\"scale-with-grid wp-post-image\" alt=\"\" srcset=\"https:\/\/www.tvportugal.tv\/portal\/wp-content\/uploads\/2025\/10\/RIBEIRO-400x300.png 400w, https:\/\/www.tvportugal.tv\/portal\/wp-content\/uploads\/2025\/10\/RIBEIRO-300x225.png 300w, https:\/\/www.tvportugal.tv\/portal\/wp-content\/uploads\/2025\/10\/RIBEIRO-768x576.png 768w, https:\/\/www.tvportugal.tv\/portal\/wp-content\/uploads\/2025\/10\/RIBEIRO-195x146.png 195w, https:\/\/www.tvportugal.tv\/portal\/wp-content\/uploads\/2025\/10\/RIBEIRO-50x38.png 50w, https:\/\/www.tvportugal.tv\/portal\/wp-content\/uploads\/2025\/10\/RIBEIRO-100x75.png 100w, https:\/\/www.tvportugal.tv\/portal\/wp-content\/uploads\/2025\/10\/RIBEIRO-350x263.png 350w, https:\/\/www.tvportugal.tv\/portal\/wp-content\/uploads\/2025\/10\/RIBEIRO.png 800w\" sizes=\"auto, (max-width: 400px) 100vw, 400px\" \/><\/a><\/div><div class=\"desc\"><h5><a href=\"https:\/\/www.tvportugal.tv\/portal\/cerimonia-de-instalac%cc%a7a%cc%83o-dos-orga%cc%83os-autarquicos-2025-2029-junta-de-freguesia-d-alcabideche\/\">Cerimo\u0301nia de Instalac\u0327a\u0303o dos O\u0301rga\u0303os Auta\u0301rquicos 2025\u20132029 Junta de Freguesia d Alcabideche<\/a><\/h5><div class=\"desc_footer\"><span class=\"date\"><i class=\"icon-clock\"><\/i> 30\/10\/2025<\/span><div class=\"button-love\"><a href=\"#\" class=\"mfn-love \" data-id=\"7956\"><span class=\"icons-wrapper\"><i class=\"icon-heart-empty-fa\"><\/i><i class=\"icon-heart-fa\"><\/i><\/span><span class=\"label\">0<\/span><\/a><\/div><\/div><\/div><\/li><li class=\"post-7951 post type-post status-publish format-standard has-post-thumbnail hentry category-cascais category-comunidade category-cultura category-educacao category-eventos category-festas category-junior category-mafra category-oeiras category-saude category-senior category-sintra category-varios tag-cascais tag-frederico-pinho-de-almeida tag-jose-filipe-ribeiro tag-junta-de-freguesia-de-alcabideche tag-nuno-piteira-lopes\"><div class=\"photo\"><a href=\"https:\/\/www.tvportugal.tv\/portal\/tradicional-sardinhada-uniao-de-freguesias-cascais-estoril\/\"><img loading=\"lazy\" decoding=\"async\" width=\"400\" height=\"300\" src=\"https:\/\/www.tvportugal.tv\/portal\/wp-content\/uploads\/2025\/06\/Sardinhada-400x300.png\" class=\"scale-with-grid wp-post-image\" alt=\"&quot;A tradi\u00e7\u00e3o a cumprir-se, s\u00e3o 800 pessoas, cerca de 100 volunt\u00e1rios a ajudar a proporcionar uma tarde diferente daquilo que \u00e9 a verdadeira sardinhada da nossa terra. A sardinhada de Cascais realizada aqui na Charneca para todos aqueles que nos ajudaram ao longo do ano. Um agradecimento a todos eles por esta bel\u00edssima festa.&quot; Pedro Morais Soares, Presidente da Uni\u00e3o de Freguesias Cascais - Estoril. Reportagem, Imagem e Edi\u00e7\" srcset=\"https:\/\/www.tvportugal.tv\/portal\/wp-content\/uploads\/2025\/06\/Sardinhada-400x300.png 400w, https:\/\/www.tvportugal.tv\/portal\/wp-content\/uploads\/2025\/06\/Sardinhada-300x225.png 300w, https:\/\/www.tvportugal.tv\/portal\/wp-content\/uploads\/2025\/06\/Sardinhada-768x576.png 768w, https:\/\/www.tvportugal.tv\/portal\/wp-content\/uploads\/2025\/06\/Sardinhada-195x146.png 195w, https:\/\/www.tvportugal.tv\/portal\/wp-content\/uploads\/2025\/06\/Sardinhada-50x38.png 50w, https:\/\/www.tvportugal.tv\/portal\/wp-content\/uploads\/2025\/06\/Sardinhada-100x75.png 100w, https:\/\/www.tvportugal.tv\/portal\/wp-content\/uploads\/2025\/06\/Sardinhada-350x263.png 350w, https:\/\/www.tvportugal.tv\/portal\/wp-content\/uploads\/2025\/06\/Sardinhada.png 800w\" sizes=\"auto, (max-width: 400px) 100vw, 400px\" \/><\/a><\/div><div class=\"desc\"><h5><a href=\"https:\/\/www.tvportugal.tv\/portal\/tradicional-sardinhada-uniao-de-freguesias-cascais-estoril\/\">Tradicional Sardinhada Uni\u00e3o de Freguesias Cascais &#8211; Estoril<\/a><\/h5><div class=\"desc_footer\"><span class=\"date\"><i class=\"icon-clock\"><\/i> 26\/06\/2025<\/span><div class=\"button-love\"><a href=\"#\" class=\"mfn-love \" data-id=\"7951\"><span class=\"icons-wrapper\"><i class=\"icon-heart-empty-fa\"><\/i><i class=\"icon-heart-fa\"><\/i><\/span><span class=\"label\">33<\/span><\/a><\/div><\/div><\/div><\/li><li class=\"post-7934 post type-post status-publish format-standard has-post-thumbnail hentry category-cascais category-comunidade category-cultura category-educacao category-eventos category-festas category-junior category-mafra category-oeiras category-saude category-senior category-sintra category-varios tag-cascais tag-frederico-pinho-de-almeida tag-jose-filipe-ribeiro tag-junta-de-freguesia-de-alcabideche tag-nuno-piteira-lopes\"><div class=\"photo\"><a href=\"https:\/\/www.tvportugal.tv\/portal\/4-encontro-de-modelismo-ferroviario-em-alcabideche\/\"><img loading=\"lazy\" decoding=\"async\" width=\"400\" height=\"300\" src=\"https:\/\/www.tvportugal.tv\/portal\/wp-content\/uploads\/2025\/04\/Captura-de-ecra\u0303-2025-04-06-a\u0300s-14.46.36-400x300.png\" class=\"scale-with-grid wp-post-image\" alt=\"4\u00ba. Encontro de Modelismo Ferrovi\u00e1rio em Alcabideche, Jos\u00e9 Filipe Ribeiro, Presidente da Junta de Freguesia de Alcabideche\" srcset=\"https:\/\/www.tvportugal.tv\/portal\/wp-content\/uploads\/2025\/04\/Captura-de-ecra\u0303-2025-04-06-a\u0300s-14.46.36-400x300.png 400w, https:\/\/www.tvportugal.tv\/portal\/wp-content\/uploads\/2025\/04\/Captura-de-ecra\u0303-2025-04-06-a\u0300s-14.46.36-300x225.png 300w, https:\/\/www.tvportugal.tv\/portal\/wp-content\/uploads\/2025\/04\/Captura-de-ecra\u0303-2025-04-06-a\u0300s-14.46.36-768x576.png 768w, https:\/\/www.tvportugal.tv\/portal\/wp-content\/uploads\/2025\/04\/Captura-de-ecra\u0303-2025-04-06-a\u0300s-14.46.36-195x146.png 195w, https:\/\/www.tvportugal.tv\/portal\/wp-content\/uploads\/2025\/04\/Captura-de-ecra\u0303-2025-04-06-a\u0300s-14.46.36-50x38.png 50w, https:\/\/www.tvportugal.tv\/portal\/wp-content\/uploads\/2025\/04\/Captura-de-ecra\u0303-2025-04-06-a\u0300s-14.46.36-100x75.png 100w, https:\/\/www.tvportugal.tv\/portal\/wp-content\/uploads\/2025\/04\/Captura-de-ecra\u0303-2025-04-06-a\u0300s-14.46.36-350x263.png 350w, https:\/\/www.tvportugal.tv\/portal\/wp-content\/uploads\/2025\/04\/Captura-de-ecra\u0303-2025-04-06-a\u0300s-14.46.36.png 800w\" sizes=\"auto, (max-width: 400px) 100vw, 400px\" \/><\/a><\/div><div class=\"desc\"><h5><a href=\"https:\/\/www.tvportugal.tv\/portal\/4-encontro-de-modelismo-ferroviario-em-alcabideche\/\">3\u00ba. Encontro de Modelismo Ferrovi\u00e1rio em Alcabideche<\/a><\/h5><div class=\"desc_footer\"><span class=\"date\"><i class=\"icon-clock\"><\/i> 06\/04\/2025<\/span><div class=\"button-love\"><a href=\"#\" class=\"mfn-love \" data-id=\"7934\"><span class=\"icons-wrapper\"><i class=\"icon-heart-empty-fa\"><\/i><i class=\"icon-heart-fa\"><\/i><\/span><span class=\"label\">33<\/span><\/a><\/div><\/div><\/div><\/li><li class=\"post-7916 post type-post status-publish format-standard has-post-thumbnail hentry category-uncategorized\"><div class=\"photo\"><a href=\"https:\/\/www.tvportugal.tv\/portal\/184-aniversario-da-freguesia-de-alcabideche\/\"><img loading=\"lazy\" decoding=\"async\" width=\"400\" height=\"300\" src=\"https:\/\/www.tvportugal.tv\/portal\/wp-content\/uploads\/2025\/01\/Captura-de-ecra\u0303-2025-01-23-a\u0300s-18.18.35-400x300.png\" class=\"scale-with-grid wp-post-image\" alt=\"&quot;Estamos aqui hoje para comemorar os 184 anos da Freguesia, s\u00e3o 184 anos de hist\u00f3ria feitos pela popula\u00e7\u00e3o de Alcabideche e, numa altura destas h\u00e1 que felicitar todos, dar os parab\u00e9ns a todos porque de facto \u00e9 um dia de festa para todos de Alcabideche. Neste dia aproveitamos para homenagear aquelas entidades ou pessoas singulares que de alguma maneira contribu\u00edram para a hist\u00f3ria de Alcabideche.&quot;Jos\u00e9 Filipe Ribeiro, Presidente da Junta de Freguesia de Alcabideche. Reportagem, Imagem e Edi\u00e7\u00e3o - Ant\u00f3nio Assun\u00e7\u00e3o 2025 01 22\" srcset=\"https:\/\/www.tvportugal.tv\/portal\/wp-content\/uploads\/2025\/01\/Captura-de-ecra\u0303-2025-01-23-a\u0300s-18.18.35-400x300.png 400w, https:\/\/www.tvportugal.tv\/portal\/wp-content\/uploads\/2025\/01\/Captura-de-ecra\u0303-2025-01-23-a\u0300s-18.18.35-300x225.png 300w, https:\/\/www.tvportugal.tv\/portal\/wp-content\/uploads\/2025\/01\/Captura-de-ecra\u0303-2025-01-23-a\u0300s-18.18.35-768x576.png 768w, https:\/\/www.tvportugal.tv\/portal\/wp-content\/uploads\/2025\/01\/Captura-de-ecra\u0303-2025-01-23-a\u0300s-18.18.35-195x146.png 195w, https:\/\/www.tvportugal.tv\/portal\/wp-content\/uploads\/2025\/01\/Captura-de-ecra\u0303-2025-01-23-a\u0300s-18.18.35-50x38.png 50w, https:\/\/www.tvportugal.tv\/portal\/wp-content\/uploads\/2025\/01\/Captura-de-ecra\u0303-2025-01-23-a\u0300s-18.18.35-100x75.png 100w, https:\/\/www.tvportugal.tv\/portal\/wp-content\/uploads\/2025\/01\/Captura-de-ecra\u0303-2025-01-23-a\u0300s-18.18.35-350x263.png 350w, https:\/\/www.tvportugal.tv\/portal\/wp-content\/uploads\/2025\/01\/Captura-de-ecra\u0303-2025-01-23-a\u0300s-18.18.35.png 800w\" sizes=\"auto, (max-width: 400px) 100vw, 400px\" \/><\/a><\/div><div class=\"desc\"><h5><a href=\"https:\/\/www.tvportugal.tv\/portal\/184-aniversario-da-freguesia-de-alcabideche\/\">184\u00ba. Anivers\u00e1rio da Freguesia de Alcabideche<\/a><\/h5><div class=\"desc_footer\"><span class=\"date\"><i class=\"icon-clock\"><\/i> 22\/01\/2025<\/span><div class=\"button-love\"><a href=\"#\" class=\"mfn-love \" data-id=\"7916\"><span class=\"icons-wrapper\"><i class=\"icon-heart-empty-fa\"><\/i><i class=\"icon-heart-fa\"><\/i><\/span><span class=\"label\">2<\/span><\/a><\/div><\/div><\/div><\/li><li class=\"post-7907 post type-post status-publish format-standard has-post-thumbnail hentry category-cascais category-comunidade category-cultura category-educacao category-eventos category-festas category-junior category-mafra category-oeiras category-saude category-senior category-sintra category-varios tag-cascais tag-frederico-pinho-de-almeida tag-jose-filipe-ribeiro tag-junta-de-freguesia-de-alcabideche tag-nuno-piteira-lopes\"><div class=\"photo\"><a href=\"https:\/\/www.tvportugal.tv\/portal\/mensagem-de-natal-carlos-carreiras-presidente-da-camara-municipal-de-cascais-2\/\"><img loading=\"lazy\" decoding=\"async\" width=\"400\" height=\"300\" src=\"https:\/\/www.tvportugal.tv\/portal\/wp-content\/uploads\/2024\/12\/Captura-de-ecra\u0303-2024-12-19-a\u0300s-21.08.29-400x300.png\" class=\"scale-with-grid wp-post-image\" alt=\"Mensagem de Natal, Carlos Carreiras, Presidente da C\u00e2mara Municipal de Cascais, Cascais, Vila de Cascais, Carreiras\" srcset=\"https:\/\/www.tvportugal.tv\/portal\/wp-content\/uploads\/2024\/12\/Captura-de-ecra\u0303-2024-12-19-a\u0300s-21.08.29-400x300.png 400w, https:\/\/www.tvportugal.tv\/portal\/wp-content\/uploads\/2024\/12\/Captura-de-ecra\u0303-2024-12-19-a\u0300s-21.08.29-300x225.png 300w, https:\/\/www.tvportugal.tv\/portal\/wp-content\/uploads\/2024\/12\/Captura-de-ecra\u0303-2024-12-19-a\u0300s-21.08.29-768x576.png 768w, https:\/\/www.tvportugal.tv\/portal\/wp-content\/uploads\/2024\/12\/Captura-de-ecra\u0303-2024-12-19-a\u0300s-21.08.29-195x146.png 195w, https:\/\/www.tvportugal.tv\/portal\/wp-content\/uploads\/2024\/12\/Captura-de-ecra\u0303-2024-12-19-a\u0300s-21.08.29-50x38.png 50w, https:\/\/www.tvportugal.tv\/portal\/wp-content\/uploads\/2024\/12\/Captura-de-ecra\u0303-2024-12-19-a\u0300s-21.08.29-100x75.png 100w, https:\/\/www.tvportugal.tv\/portal\/wp-content\/uploads\/2024\/12\/Captura-de-ecra\u0303-2024-12-19-a\u0300s-21.08.29-350x263.png 350w, https:\/\/www.tvportugal.tv\/portal\/wp-content\/uploads\/2024\/12\/Captura-de-ecra\u0303-2024-12-19-a\u0300s-21.08.29.png 800w\" sizes=\"auto, (max-width: 400px) 100vw, 400px\" \/><\/a><\/div><div class=\"desc\"><h5><a href=\"https:\/\/www.tvportugal.tv\/portal\/mensagem-de-natal-carlos-carreiras-presidente-da-camara-municipal-de-cascais-2\/\">Mensagem de Natal | Carlos Carreiras | Presidente da C\u00e2mara Municipal de Cascais<\/a><\/h5><div class=\"desc_footer\"><span class=\"date\"><i class=\"icon-clock\"><\/i> 19\/12\/2024<\/span><div class=\"button-love\"><a href=\"#\" class=\"mfn-love \" data-id=\"7907\"><span class=\"icons-wrapper\"><i class=\"icon-heart-empty-fa\"><\/i><i class=\"icon-heart-fa\"><\/i><\/span><span class=\"label\">36<\/span><\/a><\/div><\/div><\/div><\/li><li class=\"post-7903 post type-post status-publish format-standard has-post-thumbnail hentry category-cascais category-comunidade category-cultura category-educacao category-eventos category-festas category-junior category-mafra category-oeiras category-saude category-senior category-sintra category-varios tag-cascais tag-frederico-pinho-de-almeida tag-jose-filipe-ribeiro tag-junta-de-freguesia-de-alcabideche tag-nuno-piteira-lopes\"><div class=\"photo\"><a href=\"https:\/\/www.tvportugal.tv\/portal\/almoco-dos-seniores-da-freguesia-de-alcabideche\/\"><img loading=\"lazy\" decoding=\"async\" width=\"400\" height=\"300\" src=\"https:\/\/www.tvportugal.tv\/portal\/wp-content\/uploads\/2024\/12\/Captura-de-ecra\u0303-2024-12-15-a\u0300s-15.47.26-400x300.png\" class=\"scale-with-grid wp-post-image\" alt=\"Almo\u00e7o dos Seniores da Freguesia de Alcabideche, Junta de Freguesia de Alcabideche, Jos\u00e9 Filipe Ribeiro, Malveira Arena\" srcset=\"https:\/\/www.tvportugal.tv\/portal\/wp-content\/uploads\/2024\/12\/Captura-de-ecra\u0303-2024-12-15-a\u0300s-15.47.26-400x300.png 400w, https:\/\/www.tvportugal.tv\/portal\/wp-content\/uploads\/2024\/12\/Captura-de-ecra\u0303-2024-12-15-a\u0300s-15.47.26-300x225.png 300w, https:\/\/www.tvportugal.tv\/portal\/wp-content\/uploads\/2024\/12\/Captura-de-ecra\u0303-2024-12-15-a\u0300s-15.47.26-768x576.png 768w, https:\/\/www.tvportugal.tv\/portal\/wp-content\/uploads\/2024\/12\/Captura-de-ecra\u0303-2024-12-15-a\u0300s-15.47.26-195x146.png 195w, https:\/\/www.tvportugal.tv\/portal\/wp-content\/uploads\/2024\/12\/Captura-de-ecra\u0303-2024-12-15-a\u0300s-15.47.26-50x38.png 50w, https:\/\/www.tvportugal.tv\/portal\/wp-content\/uploads\/2024\/12\/Captura-de-ecra\u0303-2024-12-15-a\u0300s-15.47.26-100x75.png 100w, https:\/\/www.tvportugal.tv\/portal\/wp-content\/uploads\/2024\/12\/Captura-de-ecra\u0303-2024-12-15-a\u0300s-15.47.26-350x263.png 350w, https:\/\/www.tvportugal.tv\/portal\/wp-content\/uploads\/2024\/12\/Captura-de-ecra\u0303-2024-12-15-a\u0300s-15.47.26.png 800w\" sizes=\"auto, (max-width: 400px) 100vw, 400px\" \/><\/a><\/div><div class=\"desc\"><h5><a href=\"https:\/\/www.tvportugal.tv\/portal\/almoco-dos-seniores-da-freguesia-de-alcabideche\/\">Almo\u00e7o dos Seniores da Freguesia de Alcabideche<\/a><\/h5><div class=\"desc_footer\"><span class=\"date\"><i class=\"icon-clock\"><\/i> 12\/12\/2024<\/span><div class=\"button-love\"><a href=\"#\" class=\"mfn-love \" data-id=\"7903\"><span class=\"icons-wrapper\"><i class=\"icon-heart-empty-fa\"><\/i><i class=\"icon-heart-fa\"><\/i><\/span><span class=\"label\">34<\/span><\/a><\/div><\/div><\/div><\/li><li class=\"post-7896 post type-post status-publish format-standard has-post-thumbnail hentry category-cascais category-comunidade category-cultura category-educacao category-eventos category-festas category-junior category-mafra category-oeiras category-saude category-senior category-sintra category-varios tag-cascais tag-frederico-pinho-de-almeida tag-jose-filipe-ribeiro tag-junta-de-freguesia-de-alcabideche tag-nuno-piteira-lopes\"><div class=\"photo\"><a href=\"https:\/\/www.tvportugal.tv\/portal\/cerimonia-de-entrega-de-diplomas-de-bolsas-e-premios-de-merito-3\/\"><img loading=\"lazy\" decoding=\"async\" width=\"400\" height=\"228\" src=\"https:\/\/www.tvportugal.tv\/portal\/wp-content\/uploads\/2024\/12\/Captura-de-ecra\u0303-2024-12-10-a\u0300s-16.51.32-400x228.png\" class=\"scale-with-grid wp-post-image\" alt=\"Cerim\u00f3nia de Entrega de Diplomas de Bolsas e Pr\u00e9mios de M\u00e9rito, Pedro Morais Soares, Junta de Freguesia Cascais Estoril\" srcset=\"https:\/\/www.tvportugal.tv\/portal\/wp-content\/uploads\/2024\/12\/Captura-de-ecra\u0303-2024-12-10-a\u0300s-16.51.32-400x228.png 400w, https:\/\/www.tvportugal.tv\/portal\/wp-content\/uploads\/2024\/12\/Captura-de-ecra\u0303-2024-12-10-a\u0300s-16.51.32-300x171.png 300w, https:\/\/www.tvportugal.tv\/portal\/wp-content\/uploads\/2024\/12\/Captura-de-ecra\u0303-2024-12-10-a\u0300s-16.51.32-1024x585.png 1024w, https:\/\/www.tvportugal.tv\/portal\/wp-content\/uploads\/2024\/12\/Captura-de-ecra\u0303-2024-12-10-a\u0300s-16.51.32-768x439.png 768w, https:\/\/www.tvportugal.tv\/portal\/wp-content\/uploads\/2024\/12\/Captura-de-ecra\u0303-2024-12-10-a\u0300s-16.51.32-1536x877.png 1536w, https:\/\/www.tvportugal.tv\/portal\/wp-content\/uploads\/2024\/12\/Captura-de-ecra\u0303-2024-12-10-a\u0300s-16.51.32-256x146.png 256w, https:\/\/www.tvportugal.tv\/portal\/wp-content\/uploads\/2024\/12\/Captura-de-ecra\u0303-2024-12-10-a\u0300s-16.51.32-50x29.png 50w, https:\/\/www.tvportugal.tv\/portal\/wp-content\/uploads\/2024\/12\/Captura-de-ecra\u0303-2024-12-10-a\u0300s-16.51.32-131x75.png 131w, https:\/\/www.tvportugal.tv\/portal\/wp-content\/uploads\/2024\/12\/Captura-de-ecra\u0303-2024-12-10-a\u0300s-16.51.32-350x200.png 350w, https:\/\/www.tvportugal.tv\/portal\/wp-content\/uploads\/2024\/12\/Captura-de-ecra\u0303-2024-12-10-a\u0300s-16.51.32.png 1548w\" sizes=\"auto, (max-width: 400px) 100vw, 400px\" \/><\/a><\/div><div class=\"desc\"><h5><a href=\"https:\/\/www.tvportugal.tv\/portal\/cerimonia-de-entrega-de-diplomas-de-bolsas-e-premios-de-merito-3\/\">Cerim\u00f3nia de Entrega de Diplomas de Bolsas e Pr\u00e9mios de M\u00e9rito &#8211; 9.\u00aaedi\u00e7\u00e3o<\/a><\/h5><div class=\"desc_footer\"><span class=\"date\"><i class=\"icon-clock\"><\/i> 08\/12\/2024<\/span><div class=\"button-love\"><a href=\"#\" class=\"mfn-love \" data-id=\"7896\"><span class=\"icons-wrapper\"><i class=\"icon-heart-empty-fa\"><\/i><i class=\"icon-heart-fa\"><\/i><\/span><span class=\"label\">33<\/span><\/a><\/div><\/div><\/div><\/li><li class=\"post-7891 post type-post status-publish format-standard has-post-thumbnail hentry category-cascais category-comunidade category-cultura category-educacao category-eventos category-festas category-junior category-mafra category-oeiras category-saude category-senior category-sintra category-varios tag-cascais tag-frederico-pinho-de-almeida tag-jose-filipe-ribeiro tag-junta-de-freguesia-de-alcabideche tag-nuno-piteira-lopes\"><div class=\"photo\"><a href=\"https:\/\/www.tvportugal.tv\/portal\/bolsas-de-merito-junta-de-freguesia-de-alcabideche-2\/\"><img loading=\"lazy\" decoding=\"async\" width=\"400\" height=\"300\" src=\"https:\/\/www.tvportugal.tv\/portal\/wp-content\/uploads\/2024\/12\/Ver-Video-400x300.png\" class=\"scale-with-grid wp-post-image\" alt=\"Bolsas de M\u00e9rito, Junta de Freguesia de Alcabideche, Cascais, Carlos Carreiras, Jos\u00e9 Filipe Ribeiro, Alcabideche\" srcset=\"https:\/\/www.tvportugal.tv\/portal\/wp-content\/uploads\/2024\/12\/Ver-Video-400x300.png 400w, https:\/\/www.tvportugal.tv\/portal\/wp-content\/uploads\/2024\/12\/Ver-Video-300x225.png 300w, https:\/\/www.tvportugal.tv\/portal\/wp-content\/uploads\/2024\/12\/Ver-Video-768x576.png 768w, https:\/\/www.tvportugal.tv\/portal\/wp-content\/uploads\/2024\/12\/Ver-Video-195x146.png 195w, https:\/\/www.tvportugal.tv\/portal\/wp-content\/uploads\/2024\/12\/Ver-Video-50x38.png 50w, https:\/\/www.tvportugal.tv\/portal\/wp-content\/uploads\/2024\/12\/Ver-Video-100x75.png 100w, https:\/\/www.tvportugal.tv\/portal\/wp-content\/uploads\/2024\/12\/Ver-Video-350x263.png 350w, https:\/\/www.tvportugal.tv\/portal\/wp-content\/uploads\/2024\/12\/Ver-Video.png 800w\" sizes=\"auto, (max-width: 400px) 100vw, 400px\" \/><\/a><\/div><div class=\"desc\"><h5><a href=\"https:\/\/www.tvportugal.tv\/portal\/bolsas-de-merito-junta-de-freguesia-de-alcabideche-2\/\">Bolsas de M\u00e9rito | Junta de Freguesia de Alcabideche<\/a><\/h5><div class=\"desc_footer\"><span class=\"date\"><i class=\"icon-clock\"><\/i> 06\/12\/2024<\/span><div class=\"button-love\"><a href=\"#\" class=\"mfn-love \" data-id=\"7891\"><span class=\"icons-wrapper\"><i class=\"icon-heart-empty-fa\"><\/i><i class=\"icon-heart-fa\"><\/i><\/span><span class=\"label\">32<\/span><\/a><\/div><\/div><\/div><\/li><li class=\"post-7881 post type-post status-publish format-standard has-post-thumbnail hentry category-cascais category-comunidade category-cultura category-educacao category-eventos category-festas category-junior category-mafra category-oeiras category-saude category-senior category-sintra category-varios tag-cascais tag-frederico-pinho-de-almeida tag-jose-filipe-ribeiro tag-junta-de-freguesia-de-alcabideche tag-nuno-piteira-lopes\"><div class=\"photo\"><a href=\"https:\/\/www.tvportugal.tv\/portal\/cerimonia-de-reconhecimento-aos-atletas-olimpicos-e-paralimpicos\/\"><img loading=\"lazy\" decoding=\"async\" width=\"400\" height=\"225\" src=\"https:\/\/www.tvportugal.tv\/portal\/wp-content\/uploads\/2024\/10\/Captura-de-ecra\u0303-2024-10-07-a\u0300s-20.33.38-400x225.png\" class=\"scale-with-grid wp-post-image\" alt=\"Cerimonia-de-reconhecimento-aos-atletas-olimpicos-e-paralimpicos, Francisco Kreye, Cascais, Carlos Carreiras\" srcset=\"https:\/\/www.tvportugal.tv\/portal\/wp-content\/uploads\/2024\/10\/Captura-de-ecra\u0303-2024-10-07-a\u0300s-20.33.38-400x225.png 400w, https:\/\/www.tvportugal.tv\/portal\/wp-content\/uploads\/2024\/10\/Captura-de-ecra\u0303-2024-10-07-a\u0300s-20.33.38-300x169.png 300w, https:\/\/www.tvportugal.tv\/portal\/wp-content\/uploads\/2024\/10\/Captura-de-ecra\u0303-2024-10-07-a\u0300s-20.33.38-1024x576.png 1024w, https:\/\/www.tvportugal.tv\/portal\/wp-content\/uploads\/2024\/10\/Captura-de-ecra\u0303-2024-10-07-a\u0300s-20.33.38-768x432.png 768w, https:\/\/www.tvportugal.tv\/portal\/wp-content\/uploads\/2024\/10\/Captura-de-ecra\u0303-2024-10-07-a\u0300s-20.33.38-260x146.png 260w, https:\/\/www.tvportugal.tv\/portal\/wp-content\/uploads\/2024\/10\/Captura-de-ecra\u0303-2024-10-07-a\u0300s-20.33.38-50x28.png 50w, https:\/\/www.tvportugal.tv\/portal\/wp-content\/uploads\/2024\/10\/Captura-de-ecra\u0303-2024-10-07-a\u0300s-20.33.38-133x75.png 133w, https:\/\/www.tvportugal.tv\/portal\/wp-content\/uploads\/2024\/10\/Captura-de-ecra\u0303-2024-10-07-a\u0300s-20.33.38-350x197.png 350w, https:\/\/www.tvportugal.tv\/portal\/wp-content\/uploads\/2024\/10\/Captura-de-ecra\u0303-2024-10-07-a\u0300s-20.33.38.png 1280w\" sizes=\"auto, (max-width: 400px) 100vw, 400px\" \/><\/a><\/div><div class=\"desc\"><h5><a href=\"https:\/\/www.tvportugal.tv\/portal\/cerimonia-de-reconhecimento-aos-atletas-olimpicos-e-paralimpicos\/\">Cerim\u00f3nia de Reconhecimento aos Atletas Ol\u00edmpicos e Paral\u00edmpicos<\/a><\/h5><div class=\"desc_footer\"><span class=\"date\"><i class=\"icon-clock\"><\/i> 07\/10\/2024<\/span><div class=\"button-love\"><a href=\"#\" class=\"mfn-love \" data-id=\"7881\"><span class=\"icons-wrapper\"><i class=\"icon-heart-empty-fa\"><\/i><i class=\"icon-heart-fa\"><\/i><\/span><span class=\"label\">31<\/span><\/a><\/div><\/div><\/div><\/li><\/ul><\/div>\n[\/vc_column][\/vc_row]<\/p>\n","protected":false},"excerpt":{"rendered":"<p>[vc_row][vc_column][\/vc_column][\/vc_row][vc_row][vc_column][vc_basic_grid post_type=&#8221;post&#8221; grid_id=&#8221;vc_gid:1477701930997-9893f95f-de7f-0&#8243;][\/vc_column][\/vc_row][vc_row][vc_column][vc_masonry_grid post_type=&#8221;post&#8221; max_items=&#8221;12&#8243; item=&#8221;basicGrid_ScaleInWithRotation&#8221; grid_id=&#8221;vc_gid:1477701934803-eb6fefd2-fff4-4&#8243;][\/vc_column][\/vc_row][vc_row][vc_column][\/vc_column][\/vc_row]<\/p>\n","protected":false},"author":1,"featured_media":0,"parent":0,"menu_order":0,"comment_status":"closed","ping_status":"closed","template":"","meta":{"footnotes":""},"class_list":["post-3188","page","type-page","status-publish","hentry"],"yoast_head":"<!-- This site is optimized with the Yoast SEO plugin v27.4 - https:\/\/yoast.com\/product\/yoast-seo-wordpress\/ -->\n<title>ARQUIVO - TV Portugal - Televis\u00e3o - Cascais - Sintra - Oeiras - Lisboa - Noticias<\/title>\n<meta name=\"robots\" content=\"index, follow, max-snippet:-1, max-image-preview:large, max-video-preview:-1\" \/>\n<link rel=\"canonical\" href=\"https:\/\/www.tvportugal.tv\/portal\/arquivo-noticias-reportagens-videos\/\" \/>\n<meta property=\"og:locale\" content=\"pt_PT\" \/>\n<meta property=\"og:type\" content=\"article\" \/>\n<meta property=\"og:title\" content=\"ARQUIVO - TV Portugal - Televis\u00e3o - Cascais - Sintra - Oeiras - Lisboa - Noticias\" \/>\n<meta property=\"og:description\" content=\"[vc_row][vc_column][\/vc_column][\/vc_row][vc_row][vc_column][vc_basic_grid post_type=&#8221;post&#8221; grid_id=&#8221;vc_gid:1477701930997-9893f95f-de7f-0&#8243;][\/vc_column][\/vc_row][vc_row][vc_column][vc_masonry_grid post_type=&#8221;post&#8221; max_items=&#8221;12&#8243; item=&#8221;basicGrid_ScaleInWithRotation&#8221; grid_id=&#8221;vc_gid:1477701934803-eb6fefd2-fff4-4&#8243;][\/vc_column][\/vc_row][vc_row][vc_column][\/vc_column][\/vc_row]\" \/>\n<meta property=\"og:url\" content=\"https:\/\/www.tvportugal.tv\/portal\/arquivo-noticias-reportagens-videos\/\" \/>\n<meta property=\"og:site_name\" content=\"TV Portugal - Televis\u00e3o - Cascais - Sintra - Oeiras - Lisboa - Noticias\" \/>\n<meta property=\"article:modified_time\" content=\"2016-10-30T14:12:40+00:00\" \/>\n<meta name=\"twitter:card\" content=\"summary_large_image\" \/>\n<script type=\"application\/ld+json\" class=\"yoast-schema-graph\">{\"@context\":\"https:\\\/\\\/schema.org\",\"@graph\":[{\"@type\":\"WebPage\",\"@id\":\"https:\\\/\\\/www.tvportugal.tv\\\/portal\\\/arquivo-noticias-reportagens-videos\\\/\",\"url\":\"https:\\\/\\\/www.tvportugal.tv\\\/portal\\\/arquivo-noticias-reportagens-videos\\\/\",\"name\":\"ARQUIVO - TV Portugal - Televis\u00e3o - Cascais - Sintra - Oeiras - Lisboa - Noticias\",\"isPartOf\":{\"@id\":\"https:\\\/\\\/www.tvportugal.tv\\\/portal\\\/#website\"},\"datePublished\":\"2016-10-28T14:41:31+00:00\",\"dateModified\":\"2016-10-30T14:12:40+00:00\",\"breadcrumb\":{\"@id\":\"https:\\\/\\\/www.tvportugal.tv\\\/portal\\\/arquivo-noticias-reportagens-videos\\\/#breadcrumb\"},\"inLanguage\":\"pt-PT\",\"potentialAction\":[{\"@type\":\"ReadAction\",\"target\":[\"https:\\\/\\\/www.tvportugal.tv\\\/portal\\\/arquivo-noticias-reportagens-videos\\\/\"]}]},{\"@type\":\"BreadcrumbList\",\"@id\":\"https:\\\/\\\/www.tvportugal.tv\\\/portal\\\/arquivo-noticias-reportagens-videos\\\/#breadcrumb\",\"itemListElement\":[{\"@type\":\"ListItem\",\"position\":1,\"name\":\"In\u00edcio\",\"item\":\"https:\\\/\\\/www.tvportugal.tv\\\/portal\\\/\"},{\"@type\":\"ListItem\",\"position\":2,\"name\":\"ARQUIVO\"}]},{\"@type\":\"WebSite\",\"@id\":\"https:\\\/\\\/www.tvportugal.tv\\\/portal\\\/#website\",\"url\":\"https:\\\/\\\/www.tvportugal.tv\\\/portal\\\/\",\"name\":\"TV Portugal - Televis\u00e3o - Cascais - Sintra - Oeiras - Lisboa - Noticias\",\"description\":\"Televis\u00e3o Cascais, Televis\u00e3o Estoril, Tv Web com produ\u00e7\u00e3o pr\u00f3pria da Regi\u00e3o de Lisboa, Televis\u00e3o On-line, Noticias de Cascais, Noticias de Sintra, Noticias de Lisboa, Videos, Reportagen\",\"potentialAction\":[{\"@type\":\"SearchAction\",\"target\":{\"@type\":\"EntryPoint\",\"urlTemplate\":\"https:\\\/\\\/www.tvportugal.tv\\\/portal\\\/?s={search_term_string}\"},\"query-input\":{\"@type\":\"PropertyValueSpecification\",\"valueRequired\":true,\"valueName\":\"search_term_string\"}}],\"inLanguage\":\"pt-PT\"}]}<\/script>\n<!-- \/ Yoast SEO plugin. -->","yoast_head_json":{"title":"ARQUIVO - TV Portugal - Televis\u00e3o - Cascais - Sintra - Oeiras - Lisboa - Noticias","robots":{"index":"index","follow":"follow","max-snippet":"max-snippet:-1","max-image-preview":"max-image-preview:large","max-video-preview":"max-video-preview:-1"},"canonical":"https:\/\/www.tvportugal.tv\/portal\/arquivo-noticias-reportagens-videos\/","og_locale":"pt_PT","og_type":"article","og_title":"ARQUIVO - TV Portugal - Televis\u00e3o - Cascais - Sintra - Oeiras - Lisboa - Noticias","og_description":"[vc_row][vc_column][\/vc_column][\/vc_row][vc_row][vc_column][vc_basic_grid post_type=&#8221;post&#8221; grid_id=&#8221;vc_gid:1477701930997-9893f95f-de7f-0&#8243;][\/vc_column][\/vc_row][vc_row][vc_column][vc_masonry_grid post_type=&#8221;post&#8221; max_items=&#8221;12&#8243; item=&#8221;basicGrid_ScaleInWithRotation&#8221; grid_id=&#8221;vc_gid:1477701934803-eb6fefd2-fff4-4&#8243;][\/vc_column][\/vc_row][vc_row][vc_column][\/vc_column][\/vc_row]","og_url":"https:\/\/www.tvportugal.tv\/portal\/arquivo-noticias-reportagens-videos\/","og_site_name":"TV Portugal - Televis\u00e3o - Cascais - Sintra - Oeiras - Lisboa - Noticias","article_modified_time":"2016-10-30T14:12:40+00:00","twitter_card":"summary_large_image","schema":{"@context":"https:\/\/schema.org","@graph":[{"@type":"WebPage","@id":"https:\/\/www.tvportugal.tv\/portal\/arquivo-noticias-reportagens-videos\/","url":"https:\/\/www.tvportugal.tv\/portal\/arquivo-noticias-reportagens-videos\/","name":"ARQUIVO - TV Portugal - Televis\u00e3o - Cascais - Sintra - Oeiras - Lisboa - Noticias","isPartOf":{"@id":"https:\/\/www.tvportugal.tv\/portal\/#website"},"datePublished":"2016-10-28T14:41:31+00:00","dateModified":"2016-10-30T14:12:40+00:00","breadcrumb":{"@id":"https:\/\/www.tvportugal.tv\/portal\/arquivo-noticias-reportagens-videos\/#breadcrumb"},"inLanguage":"pt-PT","potentialAction":[{"@type":"ReadAction","target":["https:\/\/www.tvportugal.tv\/portal\/arquivo-noticias-reportagens-videos\/"]}]},{"@type":"BreadcrumbList","@id":"https:\/\/www.tvportugal.tv\/portal\/arquivo-noticias-reportagens-videos\/#breadcrumb","itemListElement":[{"@type":"ListItem","position":1,"name":"In\u00edcio","item":"https:\/\/www.tvportugal.tv\/portal\/"},{"@type":"ListItem","position":2,"name":"ARQUIVO"}]},{"@type":"WebSite","@id":"https:\/\/www.tvportugal.tv\/portal\/#website","url":"https:\/\/www.tvportugal.tv\/portal\/","name":"TV Portugal - Televis\u00e3o - Cascais - Sintra - Oeiras - Lisboa - Noticias","description":"Televis\u00e3o Cascais, Televis\u00e3o Estoril, Tv Web com produ\u00e7\u00e3o pr\u00f3pria da Regi\u00e3o de Lisboa, Televis\u00e3o On-line, Noticias de Cascais, Noticias de Sintra, Noticias de Lisboa, Videos, Reportagen","potentialAction":[{"@type":"SearchAction","target":{"@type":"EntryPoint","urlTemplate":"https:\/\/www.tvportugal.tv\/portal\/?s={search_term_string}"},"query-input":{"@type":"PropertyValueSpecification","valueRequired":true,"valueName":"search_term_string"}}],"inLanguage":"pt-PT"}]}},"_links":{"self":[{"href":"https:\/\/www.tvportugal.tv\/portal\/wp-json\/wp\/v2\/pages\/3188","targetHints":{"allow":["GET"]}}],"collection":[{"href":"https:\/\/www.tvportugal.tv\/portal\/wp-json\/wp\/v2\/pages"}],"about":[{"href":"https:\/\/www.tvportugal.tv\/portal\/wp-json\/wp\/v2\/types\/page"}],"author":[{"embeddable":true,"href":"https:\/\/www.tvportugal.tv\/portal\/wp-json\/wp\/v2\/users\/1"}],"replies":[{"embeddable":true,"href":"https:\/\/www.tvportugal.tv\/portal\/wp-json\/wp\/v2\/comments?post=3188"}],"version-history":[{"count":9,"href":"https:\/\/www.tvportugal.tv\/portal\/wp-json\/wp\/v2\/pages\/3188\/revisions"}],"predecessor-version":[{"id":6585,"href":"https:\/\/www.tvportugal.tv\/portal\/wp-json\/wp\/v2\/pages\/3188\/revisions\/6585"}],"wp:attachment":[{"href":"https:\/\/www.tvportugal.tv\/portal\/wp-json\/wp\/v2\/media?parent=3188"}],"curies":[{"name":"wp","href":"https:\/\/api.w.org\/{rel}","templated":true}]}}